{"id":3280,"date":"2025-03-08T22:35:41","date_gmt":"2025-03-08T21:35:41","guid":{"rendered":"https:\/\/mitur.gob.sv\/travelsite\/?page_id=3280"},"modified":"2026-04-13T14:59:45","modified_gmt":"2026-04-13T12:59:45","slug":"agenda","status":"publish","type":"page","link":"https:\/\/elsalvador.travel\/esp\/en\/agenda\/","title":{"rendered":"Activities"},"content":{"rendered":"<div data-elementor-type=\"wp-page\" data-elementor-id=\"3280\" class=\"elementor elementor-3280\" data-elementor-post-type=\"page\">\n\t\t\t\t<div class=\"elementor-element elementor-element-0467679 e-flex e-con-boxed e-con e-parent\" data-id=\"0467679\" data-element_type=\"container\" data-e-type=\"container\">\n\t\t\t\t\t<div class=\"e-con-inner\">\n\t\t\t\t<div class=\"elementor-element elementor-element-63d9c81 elementor-widget elementor-widget-heading\" data-id=\"63d9c81\" data-element_type=\"widget\" data-e-type=\"widget\" data-widget_type=\"heading.default\">\n\t\t\t\t<div class=\"elementor-widget-container\">\n\t\t\t\t\t<h2 class=\"elementor-heading-title elementor-size-default\">Agenda of activities and scheduled events<\/h2>\t\t\t\t<\/div>\n\t\t\t\t<\/div>\n\t\t\t\t<div class=\"elementor-element elementor-element-5844c98 elementor-widget elementor-widget-video\" data-id=\"5844c98\" data-element_type=\"widget\" data-e-type=\"widget\" data-settings=\"{&quot;video_type&quot;:&quot;hosted&quot;,&quot;autoplay&quot;:&quot;yes&quot;,&quot;mute&quot;:&quot;yes&quot;,&quot;loop&quot;:&quot;yes&quot;}\" data-widget_type=\"video.default\">\n\t\t\t\t<div class=\"elementor-widget-container\">\n\t\t\t\t\t\t\t<div class=\"e-hosted-video elementor-wrapper elementor-open-inline\">\n\t\t\t\t\t<video class=\"elementor-video\" src=\"https:\/\/elsalvador.travel\/esp\/videos\/pais_video.mp4\" autoplay=\"\" loop=\"\" muted=\"muted\" controlslist=\"nodownload\"><\/video>\n\t\t\t\t<\/div>\n\t\t\t\t\t\t<\/div>\n\t\t\t\t<\/div>\n\t\t\t\t\t<\/div>\n\t\t\t\t<\/div>\n\t\t<div class=\"elementor-element elementor-element-16b5f15 e-flex e-con-boxed e-con e-parent\" data-id=\"16b5f15\" data-element_type=\"container\" data-e-type=\"container\" data-settings=\"{&quot;background_background&quot;:&quot;gradient&quot;}\">\n\t\t\t\t\t<div class=\"e-con-inner\">\n\t\t\t\t<div class=\"elementor-element elementor-element-f64c66c elementor-nav-menu__align-center elementor-nav-menu--dropdown-none elementor-widget elementor-widget-nav-menu\" data-id=\"f64c66c\" data-element_type=\"widget\" data-e-type=\"widget\" data-settings=\"{&quot;layout&quot;:&quot;horizontal&quot;,&quot;submenu_icon&quot;:{&quot;value&quot;:&quot;&lt;svg aria-hidden=\\&quot;true\\&quot; class=\\&quot;e-font-icon-svg e-fas-caret-down\\&quot; viewBox=\\&quot;0 0 320 512\\&quot; xmlns=\\&quot;http:\\\/\\\/www.w3.org\\\/2000\\\/svg\\&quot;&gt;&lt;path d=\\&quot;M31.3 192h257.3c17.8 0 26.7 21.5 14.1 34.1L174.1 354.8c-7.8 7.8-20.5 7.8-28.3 0L17.2 226.1C4.6 213.5 13.5 192 31.3 192z\\&quot;&gt;&lt;\\\/path&gt;&lt;\\\/svg&gt;&quot;,&quot;library&quot;:&quot;fa-solid&quot;}}\" data-widget_type=\"nav-menu.default\">\n\t\t\t\t<div class=\"elementor-widget-container\">\n\t\t\t\t\t\t\t\t<nav aria-label=\"Menu\" class=\"elementor-nav-menu--main elementor-nav-menu__container elementor-nav-menu--layout-horizontal e--pointer-framed e--animation-fade\">\n\t\t\t\t<ul id=\"menu-1-f64c66c\" class=\"elementor-nav-menu\"><li class=\"menu-item menu-item-type-custom menu-item-object-custom menu-item-has-children menu-item-19387\"><a class=\"elementor-item\">Choose activities or special scheduled events<\/a>\n<ul class=\"sub-menu elementor-nav-menu--dropdown\">\n\t<li class=\"menu-item menu-item-type-post_type menu-item-object-page menu-item-19335\"><a href=\"https:\/\/elsalvador.travel\/esp\/en\/agenda\/\" class=\"elementor-sub-item\">Activities at tourist destinations<\/a><\/li>\n\t<li class=\"menu-item menu-item-type-post_type menu-item-object-page menu-item-21608\"><a href=\"https:\/\/elsalvador.travel\/esp\/en\/agenda\/promociones-especiales\/\" class=\"elementor-sub-item\">Promociones Finde largo<\/a><\/li>\n\t<li class=\"menu-item menu-item-type-post_type menu-item-object-page menu-item-19337\"><a href=\"https:\/\/elsalvador.travel\/esp\/en\/agenda\/promociones\/\" class=\"elementor-sub-item\">Special offers at shops and hotels<\/a><\/li>\n\t<li class=\"menu-item menu-item-type-post_type menu-item-object-page menu-item-19368\"><a href=\"https:\/\/elsalvador.travel\/esp\/en\/agenda\/promociones-transporte-terrestre\/\" class=\"elementor-sub-item\">Special offers for tourism transportation<\/a><\/li>\n\t<li class=\"menu-item menu-item-type-post_type menu-item-object-page menu-item-19374\"><a href=\"https:\/\/elsalvador.travel\/esp\/en\/agenda\/promociones-aerolineas\/\" class=\"elementor-sub-item\">Special offers at airlines<\/a><\/li>\n\t<li class=\"menu-item menu-item-type-post_type menu-item-object-page menu-item-19336\"><a href=\"https:\/\/elsalvador.travel\/esp\/en\/agenda\/cruceros\/\" class=\"elementor-sub-item\">Cruise ship schedules<\/a><\/li>\n<\/ul>\n<\/li>\n<\/ul>\t\t\t<\/nav>\n\t\t\t\t\t\t<nav class=\"elementor-nav-menu--dropdown elementor-nav-menu__container\" aria-hidden=\"true\">\n\t\t\t\t<ul id=\"menu-2-f64c66c\" class=\"elementor-nav-menu\"><li class=\"menu-item menu-item-type-custom menu-item-object-custom menu-item-has-children menu-item-19387\"><a class=\"elementor-item\" tabindex=\"-1\">Choose activities or special scheduled events<\/a>\n<ul class=\"sub-menu elementor-nav-menu--dropdown\">\n\t<li class=\"menu-item menu-item-type-post_type menu-item-object-page menu-item-19335\"><a href=\"https:\/\/elsalvador.travel\/esp\/en\/agenda\/\" class=\"elementor-sub-item\" tabindex=\"-1\">Activities at tourist destinations<\/a><\/li>\n\t<li class=\"menu-item menu-item-type-post_type menu-item-object-page menu-item-21608\"><a href=\"https:\/\/elsalvador.travel\/esp\/en\/agenda\/promociones-especiales\/\" class=\"elementor-sub-item\" tabindex=\"-1\">Promociones Finde largo<\/a><\/li>\n\t<li class=\"menu-item menu-item-type-post_type menu-item-object-page menu-item-19337\"><a href=\"https:\/\/elsalvador.travel\/esp\/en\/agenda\/promociones\/\" class=\"elementor-sub-item\" tabindex=\"-1\">Special offers at shops and hotels<\/a><\/li>\n\t<li class=\"menu-item menu-item-type-post_type menu-item-object-page menu-item-19368\"><a href=\"https:\/\/elsalvador.travel\/esp\/en\/agenda\/promociones-transporte-terrestre\/\" class=\"elementor-sub-item\" tabindex=\"-1\">Special offers for tourism transportation<\/a><\/li>\n\t<li class=\"menu-item menu-item-type-post_type menu-item-object-page menu-item-19374\"><a href=\"https:\/\/elsalvador.travel\/esp\/en\/agenda\/promociones-aerolineas\/\" class=\"elementor-sub-item\" tabindex=\"-1\">Special offers at airlines<\/a><\/li>\n\t<li class=\"menu-item menu-item-type-post_type menu-item-object-page menu-item-19336\"><a href=\"https:\/\/elsalvador.travel\/esp\/en\/agenda\/cruceros\/\" class=\"elementor-sub-item\" tabindex=\"-1\">Cruise ship schedules<\/a><\/li>\n<\/ul>\n<\/li>\n<\/ul>\t\t\t<\/nav>\n\t\t\t\t\t\t<\/div>\n\t\t\t\t<\/div>\n\t\t\t\t<div class=\"elementor-element elementor-element-bd8031e elementor-widget elementor-widget-html\" data-id=\"bd8031e\" data-element_type=\"widget\" data-e-type=\"widget\" data-widget_type=\"html.default\">\n\t\t\t\t<div class=\"elementor-widget-container\">\n\t\t\t\t\t<input type=\"text\" id=\"filtro\" placeholder=\"Buscar...\" \/>\t\t\t\t<\/div>\n\t\t\t\t<\/div>\n\t\t\t\t<div class=\"elementor-element elementor-element-28b18f0 elementor-widget elementor-widget-ova_events_search_ajax\" data-id=\"28b18f0\" data-element_type=\"widget\" data-e-type=\"widget\" id=\"contenedor-items\" data-widget_type=\"ova_events_search_ajax.default\">\n\t\t\t\t<div class=\"elementor-widget-container\">\n\t\t\t\t\t\n<div class=\"ovaev-wrapper-search-ajax\">\n\t<!-- Search form -->\n\t<div class=\"ovaev-search-ajax-form search_archive_event\">\n\t\t<form action=\"https:\/\/elsalvador.travel\/esp\/en\/event\/\" method=\"POST\" name=\"search_ajax_event\" autocomplete=\"off\" data-trp-original-action=\"https:\/\/elsalvador.travel\/esp\/en\/event\/\">\n\t\t\t<div class=\"start_date\">\n\t\t\t\t<label class=\"second_font ova-label-search\">\n\t\t\t\t\tHome\t\t\t\t<\/label>\n\t\t\t\t<input\n\t\t\t\t\ttype=\"text\"\n\t\t\t\t\tid=\"ovaev_start_date_search\"\n\t\t\t\t\tclass=\"ovaev_start_date_search\"\n\t\t\t\t\tname=\"ovaev_start_date_search\"\n\t\t\t\t\tvalue=\"\"\n\t\t\t\t\tplaceholder=\"Choose Date\"\n\t\t\t\t\tdata-lang=\"es\"\n\t\t\t\t\tdata-date=\"d-m-Y\"\n\t\t\t\t\tdata-time=\"H:i\"\n\t\t\t\t\tdata-first-day=\"1\"\n\t\t\t\t\/>\n\t\t\t\t<i class=\"far fa-calendar-alt\"><\/i>\n\t\t\t<\/div>\n\t\t\t<div class=\"end_date\">\n\t\t\t\t<label class=\"second_font ova-label-search\">\n\t\t\t\t\tFin\t\t\t\t<\/label>\n\t\t\t\t<input\n\t\t\t\t\ttype=\"text\"\n\t\t\t\t\tid=\"ovaev_end_date_search\"\n\t\t\t\t\tclass=\"ovaev_end_date_search\"\n\t\t\t\t\tname=\"ovaev_end_date_search\"\n\t\t\t\t\tvalue=\"\"\n\t\t\t\t\tplaceholder=\"Choose Date\"\n\t\t\t\t\tdata-lang=\"es\"\n\t\t\t\t\tdata-date=\"d-m-Y\"\n\t\t\t\t\tdata-first-day=\"1\"\n\t\t\t\t\/>\n\t\t\t\t<i class=\"far fa-calendar-alt\"><\/i>\n\t\t\t<\/div>\n\t\t\t<div class=\"ovaev_cat_search\">\n\t\t\t\t<label class=\"second_font ova-label-search\" for=\"ovaev_type\">\n\t\t\t\t\tDepartamento\t\t\t\t<\/label>\n\t\t\t\t<select  name='ovaev_type' id='ovaev_type' class='ovaev_type'>\n\t<option value='' selected='selected'>All Categories<\/option>\n\t<option class=\"level-0\" value=\"san-salvador\">San Salvador<\/option>\n\t<option class=\"level-0\" value=\"santa-ana\">Santa Ana<\/option>\n\t<option class=\"level-0\" value=\"ahuachapan\">Ahuachap\u00e1n<\/option>\n\t<option class=\"level-0\" value=\"sonsonate\">Sonsonate<\/option>\n\t<option class=\"level-0\" value=\"chalatenango\">Chalatenango<\/option>\n\t<option class=\"level-0\" value=\"la-libertad\">La Libertad<\/option>\n\t<option class=\"level-0\" value=\"cuscatlan\">Cuscatl\u00e1n<\/option>\n\t<option class=\"level-0\" value=\"san-vicente\">San Vicente<\/option>\n\t<option class=\"level-0\" value=\"la-paz\">La Paz<\/option>\n\t<option class=\"level-0\" value=\"morazan\">Moraz\u00e1n<\/option>\n\t<option class=\"level-0\" value=\"la-union\">La Uni\u00f3n<\/option>\n\t<option class=\"level-0\" value=\"san-miguel\">San Miguel<\/option>\n\t<option class=\"level-0\" value=\"usulutan\">Usulut\u00e1n<\/option>\n\t<option class=\"level-0\" value=\"cabanas\">Caba\u00f1as<\/option>\n\t<option class=\"level-0\" value=\"destacado\">Destacado<\/option>\n\t<option class=\"level-0\" value=\"turismo-religioso\">Turismo religioso<\/option>\n\t<option class=\"level-0\" value=\"agenda\">Activities<\/option>\n<\/select>\n\t\t\t\t<i class=\"arrow_carrot-down\"><\/i>\n\t\t\t<\/div>\n\t\t<input type=\"hidden\" name=\"trp-form-language\" value=\"en\"\/><\/form>\n\t<\/div><!-- End search form -->\n\n\t<!-- Events -->\n\t<div class=\"ovaev-search-ajax-container\">\n\t\t<div class=\"search-ajax-content\">\n\t\t\t<div class=\"archive_event ovaev-search-ajax-events\">\n\t\t\t\t\n<div class=\"ovaev-content\">\n\t<div class=\"type1\">\n\t\t\t<div class=\"date-event\">\n\t\t<span class=\"date second_font\">\n\t\t\t30\t\t<\/span>\n\t\t<span class=\"month-year second_font\">\n\t\t\t<span class=\"month\">\n\t\t\t\tApr\t\t\t<\/span>\n\t\t\t<span class=\"year\">\n\t\t\t\t2026\t\t\t<\/span>\n\t\t<\/span>\n\t<\/div>\n\t\t<div class=\"desc\">\n\t\t\t\n<div class=\"event-thumbnail\">\t\n\t<a href=\"https:\/\/elsalvador.travel\/esp\/en\/event\/torneo-centroamericano-voleibol-de-playa\/\">\n\t\t\t<\/a>\n<\/div>\t\t\t<div class=\"event_post\">\n\t\t\t\t\t<div class=\"post_cat\">\n\t\t<a class=\"event_type\" href=\"https:\/\/elsalvador.travel\/esp\/en\/event_category\/agenda\/\">Activities<\/a>, <a class=\"event_type\" href=\"https:\/\/elsalvador.travel\/esp\/en\/event_category\/san-salvador\/\">San Salvador<\/a>\t<\/div>\n\n<h2 class=\"second_font event_title\">\n\t<a href=\"https:\/\/elsalvador.travel\/esp\/en\/event\/torneo-centroamericano-voleibol-de-playa\/\">\n\t\tTorneo Centroamericano Voleibol de Playa\t<\/a>\n<\/h2>\t\t\t\t<div class=\"time-event\">\n\t\t\t\t\t\t<div class=\"time equal-date\">\n\t\t<span class=\"icon-time\">\n\t\t\t<i class=\"far fa-clock icon_event\"><\/i>\n\t\t<\/span>\n\t\t\t\t\t<span class=\"time-date-child\">\n\t\t\t\t<span class=\"date-child\">\n\t\t\t\t\t30 de April de 2026 - 3 de May de 2026\t\t\t\t<\/span>\n\t\t\t<\/span>\n\t\t\t<\/div>\n\t<div class=\"venue\">\n\t\t<i class=\"fas fa-map-marker-alt icon_event\"><\/i>\n\t\t<span class=\"number\">\n\t\t\tEstadio Deportes de Playa\t\t<\/span>\n\t<\/div>\n\t<div class=\"social\" style=\"margin-top: 7px;\">\n\t\t<i class=\"fas fa-info-circle icon_event\"><\/i>\n\t\t<span class=\"number\">\n\t\t\t<a href=\"https:\/\/www.instagram.com\/indeselsalvador_\/\" target=\"_blank\">More information<\/a>\n\t\t<\/span>\n\t<\/div>\n\t\t\t\t<\/div>\n\t\t\t\t\n<div class=\"button_event\">\n\t<a class=\"view_detail second_font\" href=\"https:\/\/elsalvador.travel\/esp\/en\/event\/torneo-centroamericano-voleibol-de-playa\/\">\n\t\tMore details\t<\/a>\n<\/div>\t\t\t<\/div>\n\t\t<\/div>\n\t<\/div>\n<\/div>\n<div class=\"ovaev-content\">\n\t<div class=\"type1\">\n\t\t\t<div class=\"date-event\">\n\t\t<span class=\"date second_font\">\n\t\t\t01\t\t<\/span>\n\t\t<span class=\"month-year second_font\">\n\t\t\t<span class=\"month\">\n\t\t\t\tMay\t\t\t<\/span>\n\t\t\t<span class=\"year\">\n\t\t\t\t2026\t\t\t<\/span>\n\t\t<\/span>\n\t<\/div>\n\t\t<div class=\"desc\">\n\t\t\t\n<div class=\"event-thumbnail\">\t\n\t<a href=\"https:\/\/elsalvador.travel\/esp\/en\/event\/feria-de-artesanos\/\">\n\t\t\t<\/a>\n<\/div>\t\t\t<div class=\"event_post\">\n\t\t\t\t\t<div class=\"post_cat\">\n\t\t<a class=\"event_type\" href=\"https:\/\/elsalvador.travel\/esp\/en\/event_category\/agenda\/\">Activities<\/a>, <a class=\"event_type\" href=\"https:\/\/elsalvador.travel\/esp\/en\/event_category\/la-libertad\/\">La Libertad<\/a>\t<\/div>\n\n<h2 class=\"second_font event_title\">\n\t<a href=\"https:\/\/elsalvador.travel\/esp\/en\/event\/feria-de-artesanos\/\">\n\t\tFeria de artesanos\t<\/a>\n<\/h2>\t\t\t\t<div class=\"time-event\">\n\t\t\t\t\t\t<div class=\"time equal-date\">\n\t\t<span class=\"icon-time\">\n\t\t\t<i class=\"far fa-clock icon_event\"><\/i>\n\t\t<\/span>\n\t\t\t\t\t<span class=\"time-date-child\">\n\t\t\t\t<span class=\"date-child\">\n\t\t\t\t\t1 de May de 2026 - 3 de May de 2026\t\t\t\t<\/span>\n\t\t\t<\/span>\n\t\t\t<\/div>\n\t<div class=\"venue\">\n\t\t<i class=\"fas fa-map-marker-alt icon_event\"><\/i>\n\t\t<span class=\"number\">\n\t\t\tComplejo Tur\u00edstico del Puerto de La Libertad\t\t<\/span>\n\t<\/div>\n\t\t\t\t<\/div>\n\t\t\t\t\n<div class=\"button_event\">\n\t<a class=\"view_detail second_font\" href=\"https:\/\/elsalvador.travel\/esp\/en\/event\/feria-de-artesanos\/\">\n\t\tMore details\t<\/a>\n<\/div>\t\t\t<\/div>\n\t\t<\/div>\n\t<\/div>\n<\/div>\n<div class=\"ovaev-content\">\n\t<div class=\"type1\">\n\t\t\t<div class=\"date-event\">\n\t\t<span class=\"date second_font\">\n\t\t\t01\t\t<\/span>\n\t\t<span class=\"month-year second_font\">\n\t\t\t<span class=\"month\">\n\t\t\t\tMay\t\t\t<\/span>\n\t\t\t<span class=\"year\">\n\t\t\t\t2026\t\t\t<\/span>\n\t\t<\/span>\n\t<\/div>\n\t\t<div class=\"desc\">\n\t\t\t\n<div class=\"event-thumbnail\">\t\n\t<a href=\"https:\/\/elsalvador.travel\/esp\/en\/event\/finde-largo-plaza-universitaria\/\">\n\t\t\t<\/a>\n<\/div>\t\t\t<div class=\"event_post\">\n\t\t\t\t\t<div class=\"post_cat\">\n\t\t<a class=\"event_type\" href=\"https:\/\/elsalvador.travel\/esp\/en\/event_category\/agenda\/\">Activities<\/a>, <a class=\"event_type\" href=\"https:\/\/elsalvador.travel\/esp\/en\/event_category\/san-salvador\/\">San Salvador<\/a>\t<\/div>\n\n<h2 class=\"second_font event_title\">\n\t<a href=\"https:\/\/elsalvador.travel\/esp\/en\/event\/finde-largo-plaza-universitaria\/\">\n\t\tFinde largo &#8211; Plaza Universitaria\t<\/a>\n<\/h2>\t\t\t\t<div class=\"time-event\">\n\t\t\t\t\t\t<div class=\"time equal-date\">\n\t\t<span class=\"icon-time\">\n\t\t\t<i class=\"far fa-clock icon_event\"><\/i>\n\t\t<\/span>\n\t\t\t\t\t<span class=\"time-date-child\">\n\t\t\t\t<span class=\"date-child\">\n\t\t\t\t\t1 de May de 2026 - 3 de May de 2026\t\t\t\t<\/span>\n\t\t\t<\/span>\n\t\t\t<\/div>\n\t<div class=\"venue\">\n\t\t<i class=\"fas fa-map-marker-alt icon_event\"><\/i>\n\t\t<span class=\"number\">\n\t\t\tPlaza Universitaria, San Salvador\t\t<\/span>\n\t<\/div>\n\t<div class=\"social\" style=\"margin-top: 7px;\">\n\t\t<i class=\"fas fa-info-circle icon_event\"><\/i>\n\t\t<span class=\"number\">\n\t\t\t<a href=\"https:\/\/www.instagram.com\/plazauniversitaria\" target=\"_blank\">More information<\/a>\n\t\t<\/span>\n\t<\/div>\n\t\t\t\t<\/div>\n\t\t\t\t\n<div class=\"button_event\">\n\t<a class=\"view_detail second_font\" href=\"https:\/\/elsalvador.travel\/esp\/en\/event\/finde-largo-plaza-universitaria\/\">\n\t\tMore details\t<\/a>\n<\/div>\t\t\t<\/div>\n\t\t<\/div>\n\t<\/div>\n<\/div>\n<div class=\"ovaev-content\">\n\t<div class=\"type1\">\n\t\t\t<div class=\"date-event\">\n\t\t<span class=\"date second_font\">\n\t\t\t01\t\t<\/span>\n\t\t<span class=\"month-year second_font\">\n\t\t\t<span class=\"month\">\n\t\t\t\tMay\t\t\t<\/span>\n\t\t\t<span class=\"year\">\n\t\t\t\t2026\t\t\t<\/span>\n\t\t<\/span>\n\t<\/div>\n\t\t<div class=\"desc\">\n\t\t\t\n<div class=\"event-thumbnail\">\t\n\t<a href=\"https:\/\/elsalvador.travel\/esp\/en\/event\/agroaventura-san-ignacio\/\">\n\t\t\t<\/a>\n<\/div>\t\t\t<div class=\"event_post\">\n\t\t\t\t\t<div class=\"post_cat\">\n\t\t<a class=\"event_type\" href=\"https:\/\/elsalvador.travel\/esp\/en\/event_category\/agenda\/\">Activities<\/a>, <a class=\"event_type\" href=\"https:\/\/elsalvador.travel\/esp\/en\/event_category\/chalatenango\/\">Chalatenango<\/a>\t<\/div>\n\n<h2 class=\"second_font event_title\">\n\t<a href=\"https:\/\/elsalvador.travel\/esp\/en\/event\/agroaventura-san-ignacio\/\">\n\t\tAgroaventura &#8211; San Ignacio\t<\/a>\n<\/h2>\t\t\t\t<div class=\"time-event\">\n\t\t\t\t\t\t<div class=\"time equal-date\">\n\t\t<span class=\"icon-time\">\n\t\t\t<i class=\"far fa-clock icon_event\"><\/i>\n\t\t<\/span>\n\t\t\t\t\t<span class=\"time-date-child\">\n\t\t\t\t<span class=\"date-child\">\n\t\t\t\t\t1 de May de 2026 - 3 de May de 2026\t\t\t\t<\/span>\n\t\t\t<\/span>\n\t\t\t<\/div>\n\t<div class=\"venue\">\n\t\t<i class=\"fas fa-map-marker-alt icon_event\"><\/i>\n\t\t<span class=\"number\">\n\t\t\tCalle de Cant\u00f3n R\u00edo Chiquito, Chalatenango\t\t<\/span>\n\t<\/div>\n\t<div class=\"social\" style=\"margin-top: 7px;\">\n\t\t<i class=\"fas fa-info-circle icon_event\"><\/i>\n\t\t<span class=\"number\">\n\t\t\t<a href=\"https:\/\/www.facebook.com\/profile.php?id=100067312324255\" target=\"_blank\">More information<\/a>\n\t\t<\/span>\n\t<\/div>\n\t\t\t\t<\/div>\n\t\t\t\t\n<div class=\"button_event\">\n\t<a class=\"view_detail second_font\" href=\"https:\/\/elsalvador.travel\/esp\/en\/event\/agroaventura-san-ignacio\/\">\n\t\tMore details\t<\/a>\n<\/div>\t\t\t<\/div>\n\t\t<\/div>\n\t<\/div>\n<\/div>\n<div class=\"ovaev-content\">\n\t<div class=\"type1\">\n\t\t\t<div class=\"date-event\">\n\t\t<span class=\"date second_font\">\n\t\t\t02\t\t<\/span>\n\t\t<span class=\"month-year second_font\">\n\t\t\t<span class=\"month\">\n\t\t\t\tMay\t\t\t<\/span>\n\t\t\t<span class=\"year\">\n\t\t\t\t2026\t\t\t<\/span>\n\t\t<\/span>\n\t<\/div>\n\t\t<div class=\"desc\">\n\t\t\t\n<div class=\"event-thumbnail\">\t\n\t<a href=\"https:\/\/elsalvador.travel\/esp\/en\/event\/xxx-festival-internacional-del-globo-san-vicente\/\">\n\t\t\t<\/a>\n<\/div>\t\t\t<div class=\"event_post\">\n\t\t\t\t\t<div class=\"post_cat\">\n\t\t<a class=\"event_type\" href=\"https:\/\/elsalvador.travel\/esp\/en\/event_category\/agenda\/\">Activities<\/a>, <a class=\"event_type\" href=\"https:\/\/elsalvador.travel\/esp\/en\/event_category\/san-vicente\/\">San Vicente<\/a>\t<\/div>\n\n<h2 class=\"second_font event_title\">\n\t<a href=\"https:\/\/elsalvador.travel\/esp\/en\/event\/xxx-festival-internacional-del-globo-san-vicente\/\">\n\t\tXXX Festival Internacional del Globo &#8211; San Vicente\t<\/a>\n<\/h2>\t\t\t\t<div class=\"time-event\">\n\t\t\t\t\t\t<div class=\"time equal-date\">\n\t\t<span class=\"icon-time\">\n\t\t\t<i class=\"far fa-clock icon_event\"><\/i>\n\t\t<\/span>\n\t\t\t\t\t<span class=\"time-date-child\">\n\t\t\t\t<span class=\"date-child\">\n\t\t\t\t\t2 de May de 2026 - \t\t\t\t<\/span>\n\t\t\t<\/span>\n\t\t\t<\/div>\n\t<div class=\"venue\">\n\t\t<i class=\"fas fa-map-marker-alt icon_event\"><\/i>\n\t\t<span class=\"number\">\n\t\t\tInstalaciones de FundesArte, San Esteban Catarina, San  Vicente\t\t<\/span>\n\t<\/div>\n\t<div class=\"social\" style=\"margin-top: 7px;\">\n\t\t<i class=\"fas fa-info-circle icon_event\"><\/i>\n\t\t<span class=\"number\">\n\t\t\t<a href=\"https:\/\/www.facebook.com\/profile.php?id=61574427635887\" target=\"_blank\">More information<\/a>\n\t\t<\/span>\n\t<\/div>\n\t\t\t\t<\/div>\n\t\t\t\t\n<div class=\"button_event\">\n\t<a class=\"view_detail second_font\" href=\"https:\/\/elsalvador.travel\/esp\/en\/event\/xxx-festival-internacional-del-globo-san-vicente\/\">\n\t\tMore details\t<\/a>\n<\/div>\t\t\t<\/div>\n\t\t<\/div>\n\t<\/div>\n<\/div>\n<div class=\"ovaev-content\">\n\t<div class=\"type1\">\n\t\t\t<div class=\"date-event\">\n\t\t<span class=\"date second_font\">\n\t\t\t02\t\t<\/span>\n\t\t<span class=\"month-year second_font\">\n\t\t\t<span class=\"month\">\n\t\t\t\tMay\t\t\t<\/span>\n\t\t\t<span class=\"year\">\n\t\t\t\t2026\t\t\t<\/span>\n\t\t<\/span>\n\t<\/div>\n\t\t<div class=\"desc\">\n\t\t\t\n<div class=\"event-thumbnail\">\t\n\t<a href=\"https:\/\/elsalvador.travel\/esp\/en\/event\/clase-de-yoga\/\">\n\t\t\t<\/a>\n<\/div>\t\t\t<div class=\"event_post\">\n\t\t\t\t\t<div class=\"post_cat\">\n\t\t<a class=\"event_type\" href=\"https:\/\/elsalvador.travel\/esp\/en\/event_category\/agenda\/\">Activities<\/a>, <a class=\"event_type\" href=\"https:\/\/elsalvador.travel\/esp\/en\/event_category\/la-libertad\/\">La Libertad<\/a>\t<\/div>\n\n<h2 class=\"second_font event_title\">\n\t<a href=\"https:\/\/elsalvador.travel\/esp\/en\/event\/clase-de-yoga\/\">\n\t\tClase de Yoga\t<\/a>\n<\/h2>\t\t\t\t<div class=\"time-event\">\n\t\t\t\t\t\t<div class=\"time equal-date\">\n\t\t<span class=\"icon-time\">\n\t\t\t<i class=\"far fa-clock icon_event\"><\/i>\n\t\t<\/span>\n\t\t\t\t\t<span class=\"time-date-child\">\n\t\t\t\t<span class=\"date-child\">\n\t\t\t\t\t2 de May de 2026 - \t\t\t\t<\/span>\n\t\t\t<\/span>\n\t\t\t<\/div>\n\t<div class=\"venue\">\n\t\t<i class=\"fas fa-map-marker-alt icon_event\"><\/i>\n\t\t<span class=\"number\">\n\t\t\tParque Nacional El Boquer\u00f3n - Mirador de Cristal\t\t<\/span>\n\t<\/div>\n\t<div class=\"social\" style=\"margin-top: 7px;\">\n\t\t<i class=\"fas fa-info-circle icon_event\"><\/i>\n\t\t<span class=\"number\">\n\t\t\t<a href=\"https:\/\/www.instagram.com\/surfcity\/\" target=\"_blank\">More information<\/a>\n\t\t<\/span>\n\t<\/div>\n\t\t\t\t<\/div>\n\t\t\t\t\n<div class=\"button_event\">\n\t<a class=\"view_detail second_font\" href=\"https:\/\/elsalvador.travel\/esp\/en\/event\/clase-de-yoga\/\">\n\t\tMore details\t<\/a>\n<\/div>\t\t\t<\/div>\n\t\t<\/div>\n\t<\/div>\n<\/div>\n<div class=\"ovaev-content\">\n\t<div class=\"type1\">\n\t\t\t<div class=\"date-event\">\n\t\t<span class=\"date second_font\">\n\t\t\t02\t\t<\/span>\n\t\t<span class=\"month-year second_font\">\n\t\t\t<span class=\"month\">\n\t\t\t\tMay\t\t\t<\/span>\n\t\t\t<span class=\"year\">\n\t\t\t\t2026\t\t\t<\/span>\n\t\t<\/span>\n\t<\/div>\n\t\t<div class=\"desc\">\n\t\t\t\n<div class=\"event-thumbnail\">\t\n\t<a href=\"https:\/\/elsalvador.travel\/esp\/en\/event\/festival-4-horizontes\/\">\n\t\t\t<\/a>\n<\/div>\t\t\t<div class=\"event_post\">\n\t\t\t\t\t<div class=\"post_cat\">\n\t\t<a class=\"event_type\" href=\"https:\/\/elsalvador.travel\/esp\/en\/event_category\/agenda\/\">Activities<\/a>, <a class=\"event_type\" href=\"https:\/\/elsalvador.travel\/esp\/en\/event_category\/santa-ana\/\">Santa Ana<\/a>\t<\/div>\n\n<h2 class=\"second_font event_title\">\n\t<a href=\"https:\/\/elsalvador.travel\/esp\/en\/event\/festival-4-horizontes\/\">\n\t\tFestival 4 Horizontes\t<\/a>\n<\/h2>\t\t\t\t<div class=\"time-event\">\n\t\t\t\t\t\t<div class=\"time equal-date\">\n\t\t<span class=\"icon-time\">\n\t\t\t<i class=\"far fa-clock icon_event\"><\/i>\n\t\t<\/span>\n\t\t\t\t\t<span class=\"time-date-child\">\n\t\t\t\t<span class=\"date-child\">\n\t\t\t\t\t2 de May de 2026 - \t\t\t\t<\/span>\n\t\t\t<\/span>\n\t\t\t<\/div>\n\t<div class=\"venue\">\n\t\t<i class=\"fas fa-map-marker-alt icon_event\"><\/i>\n\t\t<span class=\"number\">\n\t\t\tParque Central de Metap\u00e1n \t\t<\/span>\n\t<\/div>\n\t<div class=\"social\" style=\"margin-top: 7px;\">\n\t\t<i class=\"fas fa-info-circle icon_event\"><\/i>\n\t\t<span class=\"number\">\n\t\t\t<a href=\"https:\/\/www.instagram.com\/p\/DXwp867lPm0\/\" target=\"_blank\">More information<\/a>\n\t\t<\/span>\n\t<\/div>\n\t\t\t\t<\/div>\n\t\t\t\t\n<div class=\"button_event\">\n\t<a class=\"view_detail second_font\" href=\"https:\/\/elsalvador.travel\/esp\/en\/event\/festival-4-horizontes\/\">\n\t\tMore details\t<\/a>\n<\/div>\t\t\t<\/div>\n\t\t<\/div>\n\t<\/div>\n<\/div>\n<div class=\"ovaev-content\">\n\t<div class=\"type1\">\n\t\t\t<div class=\"date-event\">\n\t\t<span class=\"date second_font\">\n\t\t\t02\t\t<\/span>\n\t\t<span class=\"month-year second_font\">\n\t\t\t<span class=\"month\">\n\t\t\t\tMay\t\t\t<\/span>\n\t\t\t<span class=\"year\">\n\t\t\t\t2026\t\t\t<\/span>\n\t\t<\/span>\n\t<\/div>\n\t\t<div class=\"desc\">\n\t\t\t\n<div class=\"event-thumbnail\">\t\n\t<a href=\"https:\/\/elsalvador.travel\/esp\/en\/event\/mayo-en-presidente-plaza\/\">\n\t\t\t<\/a>\n<\/div>\t\t\t<div class=\"event_post\">\n\t\t\t\t\t<div class=\"post_cat\">\n\t\t<a class=\"event_type\" href=\"https:\/\/elsalvador.travel\/esp\/en\/event_category\/agenda\/\">Activities<\/a>, <a class=\"event_type\" href=\"https:\/\/elsalvador.travel\/esp\/en\/event_category\/san-salvador\/\">San Salvador<\/a>\t<\/div>\n\n<h2 class=\"second_font event_title\">\n\t<a href=\"https:\/\/elsalvador.travel\/esp\/en\/event\/mayo-en-presidente-plaza\/\">\n\t\tMayo en Presidente Plaza\t<\/a>\n<\/h2>\t\t\t\t<div class=\"time-event\">\n\t\t\t\t\t\t<div class=\"time equal-date\">\n\t\t<span class=\"icon-time\">\n\t\t\t<i class=\"far fa-clock icon_event\"><\/i>\n\t\t<\/span>\n\t\t\t\t\t<span class=\"time-date-child\">\n\t\t\t\t<span class=\"date-child\">\n\t\t\t\t\t2 de May de 2026 - 31 de May de 2026\t\t\t\t<\/span>\n\t\t\t<\/span>\n\t\t\t<\/div>\n\t<div class=\"venue\">\n\t\t<i class=\"fas fa-map-marker-alt icon_event\"><\/i>\n\t\t<span class=\"number\">\n\t\t\tPresidente Plaza, San Salvador\t\t<\/span>\n\t<\/div>\n\t<div class=\"social\" style=\"margin-top: 7px;\">\n\t\t<i class=\"fas fa-info-circle icon_event\"><\/i>\n\t\t<span class=\"number\">\n\t\t\t<a href=\"https:\/\/www.instagram.com\/p\/DXxa7rICT8h\/\" target=\"_blank\">More information<\/a>\n\t\t<\/span>\n\t<\/div>\n\t\t\t\t<\/div>\n\t\t\t\t\n<div class=\"button_event\">\n\t<a class=\"view_detail second_font\" href=\"https:\/\/elsalvador.travel\/esp\/en\/event\/mayo-en-presidente-plaza\/\">\n\t\tMore details\t<\/a>\n<\/div>\t\t\t<\/div>\n\t\t<\/div>\n\t<\/div>\n<\/div>\n<div class=\"ovaev-content\">\n\t<div class=\"type1\">\n\t\t\t<div class=\"date-event\">\n\t\t<span class=\"date second_font\">\n\t\t\t02\t\t<\/span>\n\t\t<span class=\"month-year second_font\">\n\t\t\t<span class=\"month\">\n\t\t\t\tMay\t\t\t<\/span>\n\t\t\t<span class=\"year\">\n\t\t\t\t2026\t\t\t<\/span>\n\t\t<\/span>\n\t<\/div>\n\t\t<div class=\"desc\">\n\t\t\t\n<div class=\"event-thumbnail\">\t\n\t<a href=\"https:\/\/elsalvador.travel\/esp\/en\/event\/conmemoracion-dia-de-la-cruz-san-salvador\/\">\n\t\t\t<\/a>\n<\/div>\t\t\t<div class=\"event_post\">\n\t\t\t\t\t<div class=\"post_cat\">\n\t\t<a class=\"event_type\" href=\"https:\/\/elsalvador.travel\/esp\/en\/event_category\/agenda\/\">Activities<\/a>, <a class=\"event_type\" href=\"https:\/\/elsalvador.travel\/esp\/en\/event_category\/san-salvador\/\">San Salvador<\/a>\t<\/div>\n\n<h2 class=\"second_font event_title\">\n\t<a href=\"https:\/\/elsalvador.travel\/esp\/en\/event\/conmemoracion-dia-de-la-cruz-san-salvador\/\">\n\t\tConmemoraci\u00f3n D\u00eda de la Cruz &#8211; San Salvador\t<\/a>\n<\/h2>\t\t\t\t<div class=\"time-event\">\n\t\t\t\t\t\t<div class=\"time equal-date\">\n\t\t<span class=\"icon-time\">\n\t\t\t<i class=\"far fa-clock icon_event\"><\/i>\n\t\t<\/span>\n\t\t\t\t\t<span class=\"time-date-child\">\n\t\t\t\t<span class=\"date-child\">\n\t\t\t\t\t2 de May de 2026 - \t\t\t\t<\/span>\n\t\t\t<\/span>\n\t\t\t<\/div>\n\t<div class=\"venue\">\n\t\t<i class=\"fas fa-map-marker-alt icon_event\"><\/i>\n\t\t<span class=\"number\">\n\t\t\tLa Placita Ciudad Delgado - San Salvador\t\t<\/span>\n\t<\/div>\n\t<div class=\"social\" style=\"margin-top: 7px;\">\n\t\t<i class=\"fas fa-info-circle icon_event\"><\/i>\n\t\t<span class=\"number\">\n\t\t\t<a href=\"https:\/\/www.instagram.com\/p\/DXzDxm1kdvM\/\" target=\"_blank\">More information<\/a>\n\t\t<\/span>\n\t<\/div>\n\t\t\t\t<\/div>\n\t\t\t\t\n<div class=\"button_event\">\n\t<a class=\"view_detail second_font\" href=\"https:\/\/elsalvador.travel\/esp\/en\/event\/conmemoracion-dia-de-la-cruz-san-salvador\/\">\n\t\tMore details\t<\/a>\n<\/div>\t\t\t<\/div>\n\t\t<\/div>\n\t<\/div>\n<\/div>\n<div class=\"ovaev-content\">\n\t<div class=\"type1\">\n\t\t\t<div class=\"date-event\">\n\t\t<span class=\"date second_font\">\n\t\t\t02\t\t<\/span>\n\t\t<span class=\"month-year second_font\">\n\t\t\t<span class=\"month\">\n\t\t\t\tMay\t\t\t<\/span>\n\t\t\t<span class=\"year\">\n\t\t\t\t2026\t\t\t<\/span>\n\t\t<\/span>\n\t<\/div>\n\t\t<div class=\"desc\">\n\t\t\t\n<div class=\"event-thumbnail\">\t\n\t<a href=\"https:\/\/elsalvador.travel\/esp\/en\/event\/festival-de-los-4-horizontes-metapan\/\">\n\t\t\t<\/a>\n<\/div>\t\t\t<div class=\"event_post\">\n\t\t\t\t\t<div class=\"post_cat\">\n\t\t<a class=\"event_type\" href=\"https:\/\/elsalvador.travel\/esp\/en\/event_category\/agenda\/\">Activities<\/a>, <a class=\"event_type\" href=\"https:\/\/elsalvador.travel\/esp\/en\/event_category\/santa-ana\/\">Santa Ana<\/a>\t<\/div>\n\n<h2 class=\"second_font event_title\">\n\t<a href=\"https:\/\/elsalvador.travel\/esp\/en\/event\/festival-de-los-4-horizontes-metapan\/\">\n\t\tFestival de Los 4 Horizontes &#8211; Metap\u00e1n\t<\/a>\n<\/h2>\t\t\t\t<div class=\"time-event\">\n\t\t\t\t\t\t<div class=\"time equal-date\">\n\t\t<span class=\"icon-time\">\n\t\t\t<i class=\"far fa-clock icon_event\"><\/i>\n\t\t<\/span>\n\t\t\t\t\t<span class=\"time-date-child\">\n\t\t\t\t<span class=\"date-child\">\n\t\t\t\t\t2 de May de 2026 - \t\t\t\t<\/span>\n\t\t\t<\/span>\n\t\t\t<\/div>\n\t<div class=\"venue\">\n\t\t<i class=\"fas fa-map-marker-alt icon_event\"><\/i>\n\t\t<span class=\"number\">\n\t\t\tParque de Metap\u00e1n, Santa Ana \t\t<\/span>\n\t<\/div>\n\t<div class=\"social\" style=\"margin-top: 7px;\">\n\t\t<i class=\"fas fa-info-circle icon_event\"><\/i>\n\t\t<span class=\"number\">\n\t\t\t<a href=\"http:\/\/facebook.com\/AlcaldiadeMetapan\" target=\"_blank\">More information<\/a>\n\t\t<\/span>\n\t<\/div>\n\t\t\t\t<\/div>\n\t\t\t\t\n<div class=\"button_event\">\n\t<a class=\"view_detail second_font\" href=\"https:\/\/elsalvador.travel\/esp\/en\/event\/festival-de-los-4-horizontes-metapan\/\">\n\t\tMore details\t<\/a>\n<\/div>\t\t\t<\/div>\n\t\t<\/div>\n\t<\/div>\n<\/div>\n<div class=\"ovaev-content\">\n\t<div class=\"type1\">\n\t\t\t<div class=\"date-event\">\n\t\t<span class=\"date second_font\">\n\t\t\t03\t\t<\/span>\n\t\t<span class=\"month-year second_font\">\n\t\t\t<span class=\"month\">\n\t\t\t\tMay\t\t\t<\/span>\n\t\t\t<span class=\"year\">\n\t\t\t\t2026\t\t\t<\/span>\n\t\t<\/span>\n\t<\/div>\n\t\t<div class=\"desc\">\n\t\t\t\n<div class=\"event-thumbnail\">\t\n\t<a href=\"https:\/\/elsalvador.travel\/esp\/en\/event\/dia-de-la-cruz-la-paz\/\">\n\t\t\t<\/a>\n<\/div>\t\t\t<div class=\"event_post\">\n\t\t\t\t\t<div class=\"post_cat\">\n\t\t<a class=\"event_type\" href=\"https:\/\/elsalvador.travel\/esp\/en\/event_category\/agenda\/\">Activities<\/a>, <a class=\"event_type\" href=\"https:\/\/elsalvador.travel\/esp\/en\/event_category\/la-paz\/\">La Paz<\/a>\t<\/div>\n\n<h2 class=\"second_font event_title\">\n\t<a href=\"https:\/\/elsalvador.travel\/esp\/en\/event\/dia-de-la-cruz-la-paz\/\">\n\t\tDia de la Cruz &#8211; La Paz\t<\/a>\n<\/h2>\t\t\t\t<div class=\"time-event\">\n\t\t\t\t\t\t<div class=\"time equal-date\">\n\t\t<span class=\"icon-time\">\n\t\t\t<i class=\"far fa-clock icon_event\"><\/i>\n\t\t<\/span>\n\t\t\t\t\t<span class=\"time-date-child\">\n\t\t\t\t<span class=\"date-child\">\n\t\t\t\t\t3 de May de 2026 - \t\t\t\t<\/span>\n\t\t\t<\/span>\n\t\t\t<\/div>\n\t<div class=\"venue\">\n\t\t<i class=\"fas fa-map-marker-alt icon_event\"><\/i>\n\t\t<span class=\"number\">\n\t\t\tZona cultural frente a iglesia San Juan Bautista, San Juan Nonualco, La Paz\t\t<\/span>\n\t<\/div>\n\t<div class=\"social\" style=\"margin-top: 7px;\">\n\t\t<i class=\"fas fa-info-circle icon_event\"><\/i>\n\t\t<span class=\"number\">\n\t\t\t<a href=\"https:\/\/www.facebook.com\/share\/1LdGVixBY7\/\" target=\"_blank\">More information<\/a>\n\t\t<\/span>\n\t<\/div>\n\t\t\t\t<\/div>\n\t\t\t\t\n<div class=\"button_event\">\n\t<a class=\"view_detail second_font\" href=\"https:\/\/elsalvador.travel\/esp\/en\/event\/dia-de-la-cruz-la-paz\/\">\n\t\tMore details\t<\/a>\n<\/div>\t\t\t<\/div>\n\t\t<\/div>\n\t<\/div>\n<\/div>\n<div class=\"ovaev-content\">\n\t<div class=\"type1\">\n\t\t\t<div class=\"date-event\">\n\t\t<span class=\"date second_font\">\n\t\t\t03\t\t<\/span>\n\t\t<span class=\"month-year second_font\">\n\t\t\t<span class=\"month\">\n\t\t\t\tMay\t\t\t<\/span>\n\t\t\t<span class=\"year\">\n\t\t\t\t2026\t\t\t<\/span>\n\t\t<\/span>\n\t<\/div>\n\t\t<div class=\"desc\">\n\t\t\t\n<div class=\"event-thumbnail\">\t\n\t<a href=\"https:\/\/elsalvador.travel\/esp\/en\/event\/dia-de-la-cruz-en-el-parque-cuscatlan\/\">\n\t\t\t<\/a>\n<\/div>\t\t\t<div class=\"event_post\">\n\t\t\t\t\t<div class=\"post_cat\">\n\t\t<a class=\"event_type\" href=\"https:\/\/elsalvador.travel\/esp\/en\/event_category\/agenda\/\">Activities<\/a>, <a class=\"event_type\" href=\"https:\/\/elsalvador.travel\/esp\/en\/event_category\/san-salvador\/\">San Salvador<\/a>\t<\/div>\n\n<h2 class=\"second_font event_title\">\n\t<a href=\"https:\/\/elsalvador.travel\/esp\/en\/event\/dia-de-la-cruz-en-el-parque-cuscatlan\/\">\n\t\tD\u00eda de la Cruz en el Parque Cuscatl\u00e1n\t<\/a>\n<\/h2>\t\t\t\t<div class=\"time-event\">\n\t\t\t\t\t\t<div class=\"time equal-date\">\n\t\t<span class=\"icon-time\">\n\t\t\t<i class=\"far fa-clock icon_event\"><\/i>\n\t\t<\/span>\n\t\t\t\t\t<span class=\"time-date-child\">\n\t\t\t\t<span class=\"date-child\">\n\t\t\t\t\t3 de May de 2026 - \t\t\t\t<\/span>\n\t\t\t<\/span>\n\t\t\t<\/div>\n\t<div class=\"venue\">\n\t\t<i class=\"fas fa-map-marker-alt icon_event\"><\/i>\n\t\t<span class=\"number\">\n\t\t\tParque Cuscatl\u00e1n, San Salvador\t\t<\/span>\n\t<\/div>\n\t<div class=\"social\" style=\"margin-top: 7px;\">\n\t\t<i class=\"fas fa-info-circle icon_event\"><\/i>\n\t\t<span class=\"number\">\n\t\t\t<a href=\"https:\/\/www.instagram.com\/p\/DXpBx_4Ddg7\/\" target=\"_blank\">More information<\/a>\n\t\t<\/span>\n\t<\/div>\n\t\t\t\t<\/div>\n\t\t\t\t\n<div class=\"button_event\">\n\t<a class=\"view_detail second_font\" href=\"https:\/\/elsalvador.travel\/esp\/en\/event\/dia-de-la-cruz-en-el-parque-cuscatlan\/\">\n\t\tMore details\t<\/a>\n<\/div>\t\t\t<\/div>\n\t\t<\/div>\n\t<\/div>\n<\/div>\n<div class=\"ovaev-content\">\n\t<div class=\"type1\">\n\t\t\t<div class=\"date-event\">\n\t\t<span class=\"date second_font\">\n\t\t\t03\t\t<\/span>\n\t\t<span class=\"month-year second_font\">\n\t\t\t<span class=\"month\">\n\t\t\t\tMay\t\t\t<\/span>\n\t\t\t<span class=\"year\">\n\t\t\t\t2026\t\t\t<\/span>\n\t\t<\/span>\n\t<\/div>\n\t\t<div class=\"desc\">\n\t\t\t\n<div class=\"event-thumbnail\">\t\n\t<a href=\"https:\/\/elsalvador.travel\/esp\/en\/event\/dia-de-la-cruz-en-antiguo-cuscatlan\/\">\n\t\t\t<\/a>\n<\/div>\t\t\t<div class=\"event_post\">\n\t\t\t\t\t<div class=\"post_cat\">\n\t\t<a class=\"event_type\" href=\"https:\/\/elsalvador.travel\/esp\/en\/event_category\/agenda\/\">Activities<\/a>, <a class=\"event_type\" href=\"https:\/\/elsalvador.travel\/esp\/en\/event_category\/la-libertad\/\">La Libertad<\/a>\t<\/div>\n\n<h2 class=\"second_font event_title\">\n\t<a href=\"https:\/\/elsalvador.travel\/esp\/en\/event\/dia-de-la-cruz-en-antiguo-cuscatlan\/\">\n\t\tD\u00eda de la Cruz en Antiguo Cuscatl\u00e1n\t<\/a>\n<\/h2>\t\t\t\t<div class=\"time-event\">\n\t\t\t\t\t\t<div class=\"time equal-date\">\n\t\t<span class=\"icon-time\">\n\t\t\t<i class=\"far fa-clock icon_event\"><\/i>\n\t\t<\/span>\n\t\t\t\t\t<span class=\"time-date-child\">\n\t\t\t\t<span class=\"date-child\">\n\t\t\t\t\t3 de May de 2026 - \t\t\t\t<\/span>\n\t\t\t<\/span>\n\t\t\t<\/div>\n\t<div class=\"venue\">\n\t\t<i class=\"fas fa-map-marker-alt icon_event\"><\/i>\n\t\t<span class=\"number\">\n\t\t\tAntiguo Cuscatl\u00e1n, La Libertad\t\t<\/span>\n\t<\/div>\n\t<div class=\"social\" style=\"margin-top: 7px;\">\n\t\t<i class=\"fas fa-info-circle icon_event\"><\/i>\n\t\t<span class=\"number\">\n\t\t\t<a href=\"https:\/\/www.instagram.com\/p\/DXsb2cmlCff\/\" target=\"_blank\">More information<\/a>\n\t\t<\/span>\n\t<\/div>\n\t\t\t\t<\/div>\n\t\t\t\t\n<div class=\"button_event\">\n\t<a class=\"view_detail second_font\" href=\"https:\/\/elsalvador.travel\/esp\/en\/event\/dia-de-la-cruz-en-antiguo-cuscatlan\/\">\n\t\tMore details\t<\/a>\n<\/div>\t\t\t<\/div>\n\t\t<\/div>\n\t<\/div>\n<\/div>\n<div class=\"ovaev-content\">\n\t<div class=\"type1\">\n\t\t\t<div class=\"date-event\">\n\t\t<span class=\"date second_font\">\n\t\t\t04\t\t<\/span>\n\t\t<span class=\"month-year second_font\">\n\t\t\t<span class=\"month\">\n\t\t\t\tMay\t\t\t<\/span>\n\t\t\t<span class=\"year\">\n\t\t\t\t2026\t\t\t<\/span>\n\t\t<\/span>\n\t<\/div>\n\t\t<div class=\"desc\">\n\t\t\t\n<div class=\"event-thumbnail\">\t\n\t<a href=\"https:\/\/elsalvador.travel\/esp\/en\/event\/festival-de-las-flores-y-las-palmas\/\">\n\t\t\t<\/a>\n<\/div>\t\t\t<div class=\"event_post\">\n\t\t\t\t\t<div class=\"post_cat\">\n\t\t<a class=\"event_type\" href=\"https:\/\/elsalvador.travel\/esp\/en\/event_category\/agenda\/\">Activities<\/a>, <a class=\"event_type\" href=\"https:\/\/elsalvador.travel\/esp\/en\/event_category\/san-salvador\/\">San Salvador<\/a>\t<\/div>\n\n<h2 class=\"second_font event_title\">\n\t<a href=\"https:\/\/elsalvador.travel\/esp\/en\/event\/festival-de-las-flores-y-las-palmas\/\">\n\t\tFestival de Las Flores y Las Palmas\t<\/a>\n<\/h2>\t\t\t\t<div class=\"time-event\">\n\t\t\t\t\t\t<div class=\"time equal-date\">\n\t\t<span class=\"icon-time\">\n\t\t\t<i class=\"far fa-clock icon_event\"><\/i>\n\t\t<\/span>\n\t\t\t\t\t<span class=\"time-date-child\">\n\t\t\t\t<span class=\"date-child\">\n\t\t\t\t\t4 de May de 2026 - 11 de May de 2026\t\t\t\t<\/span>\n\t\t\t<\/span>\n\t\t\t<\/div>\n\t<div class=\"venue\">\n\t\t<i class=\"fas fa-map-marker-alt icon_event\"><\/i>\n\t\t<span class=\"number\">\n\t\t\tDistrito de Panchimalco\t\t<\/span>\n\t<\/div>\n\t<div class=\"social\" style=\"margin-top: 7px;\">\n\t\t<i class=\"fas fa-info-circle icon_event\"><\/i>\n\t\t<span class=\"number\">\n\t\t\t<a href=\"https:\/\/www.facebook.com\/AlcaldiaDePanchimalco\" target=\"_blank\">More information<\/a>\n\t\t<\/span>\n\t<\/div>\n\t\t\t\t<\/div>\n\t\t\t\t\n<div class=\"button_event\">\n\t<a class=\"view_detail second_font\" href=\"https:\/\/elsalvador.travel\/esp\/en\/event\/festival-de-las-flores-y-las-palmas\/\">\n\t\tMore details\t<\/a>\n<\/div>\t\t\t<\/div>\n\t\t<\/div>\n\t<\/div>\n<\/div>\n<div class=\"ovaev-content\">\n\t<div class=\"type1\">\n\t\t\t<div class=\"date-event\">\n\t\t<span class=\"date second_font\">\n\t\t\t07\t\t<\/span>\n\t\t<span class=\"month-year second_font\">\n\t\t\t<span class=\"month\">\n\t\t\t\tMay\t\t\t<\/span>\n\t\t\t<span class=\"year\">\n\t\t\t\t2026\t\t\t<\/span>\n\t\t<\/span>\n\t<\/div>\n\t\t<div class=\"desc\">\n\t\t\t\n<div class=\"event-thumbnail\">\t\n\t<a href=\"https:\/\/elsalvador.travel\/esp\/en\/event\/miguel-bose\/\">\n\t\t\t<\/a>\n<\/div>\t\t\t<div class=\"event_post\">\n\t\t\t\t\t<div class=\"post_cat\">\n\t\t<a class=\"event_type\" href=\"https:\/\/elsalvador.travel\/esp\/en\/event_category\/agenda\/\">Activities<\/a>, <a class=\"event_type\" href=\"https:\/\/elsalvador.travel\/esp\/en\/event_category\/san-salvador\/\">San Salvador<\/a>\t<\/div>\n\n<h2 class=\"second_font event_title\">\n\t<a href=\"https:\/\/elsalvador.travel\/esp\/en\/event\/miguel-bose\/\">\n\t\tConcierto Miguel Bos\u00e9\t<\/a>\n<\/h2>\t\t\t\t<div class=\"time-event\">\n\t\t\t\t\t\t<div class=\"time equal-date\">\n\t\t<span class=\"icon-time\">\n\t\t\t<i class=\"far fa-clock icon_event\"><\/i>\n\t\t<\/span>\n\t\t\t\t\t<span class=\"time-date-child\">\n\t\t\t\t<span class=\"date-child\">\n\t\t\t\t\tMay 7, 2026 - \t\t\t\t<\/span>\n\t\t\t<\/span>\n\t\t\t<\/div>\n\t<div class=\"social\" style=\"margin-top: 7px;\">\n\t\t<i class=\"fas fa-info-circle icon_event\"><\/i>\n\t\t<span class=\"number\">\n\t\t\t<a href=\"https:\/\/www.instagram.com\/p\/DUMBcPuDxPn\/?img_index=2&amp;igsh=ZTVncTE2NzEwMjQx\" target=\"_blank\">More information<\/a>\n\t\t<\/span>\n\t<\/div>\n\t\t\t\t<\/div>\n\t\t\t\t\n<div class=\"button_event\">\n\t<a class=\"view_detail second_font\" href=\"https:\/\/elsalvador.travel\/esp\/en\/event\/miguel-bose\/\">\n\t\tMore details\t<\/a>\n<\/div>\t\t\t<\/div>\n\t\t<\/div>\n\t<\/div>\n<\/div>\n<div class=\"ovaev-content\">\n\t<div class=\"type1\">\n\t\t\t<div class=\"date-event\">\n\t\t<span class=\"date second_font\">\n\t\t\t09\t\t<\/span>\n\t\t<span class=\"month-year second_font\">\n\t\t\t<span class=\"month\">\n\t\t\t\tMay\t\t\t<\/span>\n\t\t\t<span class=\"year\">\n\t\t\t\t2026\t\t\t<\/span>\n\t\t<\/span>\n\t<\/div>\n\t\t<div class=\"desc\">\n\t\t\t\n<div class=\"event-thumbnail\">\t\n\t<a href=\"https:\/\/elsalvador.travel\/esp\/en\/event\/celebracion-del-dia-de-la-madre-chalatenango\/\">\n\t\t\t<\/a>\n<\/div>\t\t\t<div class=\"event_post\">\n\t\t\t\t\t<div class=\"post_cat\">\n\t\t<a class=\"event_type\" href=\"https:\/\/elsalvador.travel\/esp\/en\/event_category\/agenda\/\">Activities<\/a>, <a class=\"event_type\" href=\"https:\/\/elsalvador.travel\/esp\/en\/event_category\/chalatenango\/\">Chalatenango<\/a>\t<\/div>\n\n<h2 class=\"second_font event_title\">\n\t<a href=\"https:\/\/elsalvador.travel\/esp\/en\/event\/celebracion-del-dia-de-la-madre-chalatenango\/\">\n\t\tCelebraci\u00f3n del D\u00eda de La Madre &#8211; Chalatenango\t<\/a>\n<\/h2>\t\t\t\t<div class=\"time-event\">\n\t\t\t\t\t\t<div class=\"time equal-date\">\n\t\t<span class=\"icon-time\">\n\t\t\t<i class=\"far fa-clock icon_event\"><\/i>\n\t\t<\/span>\n\t\t\t\t\t<span class=\"time-date-child\">\n\t\t\t\t<span class=\"date-child\">\n\t\t\t\t\t9 de May de 2026 - \t\t\t\t<\/span>\n\t\t\t<\/span>\n\t\t\t<\/div>\n\t<div class=\"venue\">\n\t\t<i class=\"fas fa-map-marker-alt icon_event\"><\/i>\n\t\t<span class=\"number\">\n\t\t\tLa P\u00e9rgola de San Ignacio, Chalatenango \t\t<\/span>\n\t<\/div>\n\t<div class=\"social\" style=\"margin-top: 7px;\">\n\t\t<i class=\"fas fa-info-circle icon_event\"><\/i>\n\t\t<span class=\"number\">\n\t\t\t<a href=\"https:\/\/www.facebook.com\/profile.php?id=100091488064694\" target=\"_blank\">More information<\/a>\n\t\t<\/span>\n\t<\/div>\n\t\t\t\t<\/div>\n\t\t\t\t\n<div class=\"button_event\">\n\t<a class=\"view_detail second_font\" href=\"https:\/\/elsalvador.travel\/esp\/en\/event\/celebracion-del-dia-de-la-madre-chalatenango\/\">\n\t\tMore details\t<\/a>\n<\/div>\t\t\t<\/div>\n\t\t<\/div>\n\t<\/div>\n<\/div>\n<div class=\"ovaev-content\">\n\t<div class=\"type1\">\n\t\t\t<div class=\"date-event\">\n\t\t<span class=\"date second_font\">\n\t\t\t09\t\t<\/span>\n\t\t<span class=\"month-year second_font\">\n\t\t\t<span class=\"month\">\n\t\t\t\tMay\t\t\t<\/span>\n\t\t\t<span class=\"year\">\n\t\t\t\t2026\t\t\t<\/span>\n\t\t<\/span>\n\t<\/div>\n\t\t<div class=\"desc\">\n\t\t\t\n<div class=\"event-thumbnail\">\t\n\t<a href=\"https:\/\/elsalvador.travel\/esp\/en\/event\/noches-al-pie-de-montana-morazan\/\">\n\t\t\t<\/a>\n<\/div>\t\t\t<div class=\"event_post\">\n\t\t\t\t\t<div class=\"post_cat\">\n\t\t<a class=\"event_type\" href=\"https:\/\/elsalvador.travel\/esp\/en\/event_category\/agenda\/\">Activities<\/a>, <a class=\"event_type\" href=\"https:\/\/elsalvador.travel\/esp\/en\/event_category\/morazan\/\">Moraz\u00e1n<\/a>\t<\/div>\n\n<h2 class=\"second_font event_title\">\n\t<a href=\"https:\/\/elsalvador.travel\/esp\/en\/event\/noches-al-pie-de-montana-morazan\/\">\n\t\tNoches al Pie de Monta\u00f1a &#8211; Moraz\u00e1n\t<\/a>\n<\/h2>\t\t\t\t<div class=\"time-event\">\n\t\t\t\t\t\t<div class=\"time equal-date\">\n\t\t<span class=\"icon-time\">\n\t\t\t<i class=\"far fa-clock icon_event\"><\/i>\n\t\t<\/span>\n\t\t\t\t\t<span class=\"time-date-child\">\n\t\t\t\t<span class=\"date-child\">\n\t\t\t\t\t9 de May de 2026 - \t\t\t\t<\/span>\n\t\t\t<\/span>\n\t\t\t<\/div>\n\t<div class=\"venue\">\n\t\t<i class=\"fas fa-map-marker-alt icon_event\"><\/i>\n\t\t<span class=\"number\">\n\t\t\tParque Central de Arambala, Moraz\u00e1n \t\t<\/span>\n\t<\/div>\n\t\t\t\t<\/div>\n\t\t\t\t\n<div class=\"button_event\">\n\t<a class=\"view_detail second_font\" href=\"https:\/\/elsalvador.travel\/esp\/en\/event\/noches-al-pie-de-montana-morazan\/\">\n\t\tMore details\t<\/a>\n<\/div>\t\t\t<\/div>\n\t\t<\/div>\n\t<\/div>\n<\/div>\n<div class=\"ovaev-content\">\n\t<div class=\"type1\">\n\t\t\t<div class=\"date-event\">\n\t\t<span class=\"date second_font\">\n\t\t\t09\t\t<\/span>\n\t\t<span class=\"month-year second_font\">\n\t\t\t<span class=\"month\">\n\t\t\t\tMay\t\t\t<\/span>\n\t\t\t<span class=\"year\">\n\t\t\t\t2026\t\t\t<\/span>\n\t\t<\/span>\n\t<\/div>\n\t\t<div class=\"desc\">\n\t\t\t\n<div class=\"event-thumbnail\">\t\n\t<a href=\"https:\/\/elsalvador.travel\/esp\/en\/event\/volver-a-ti-by-spa-ceylon-clase-de-masaje-y-ceremonia-del-te\/\">\n\t\t\t<\/a>\n<\/div>\t\t\t<div class=\"event_post\">\n\t\t\t\t\t<div class=\"post_cat\">\n\t\t<a class=\"event_type\" href=\"https:\/\/elsalvador.travel\/esp\/en\/event_category\/agenda\/\">Activities<\/a>, <a class=\"event_type\" href=\"https:\/\/elsalvador.travel\/esp\/en\/event_category\/san-salvador\/\">San Salvador<\/a>\t<\/div>\n\n<h2 class=\"second_font event_title\">\n\t<a href=\"https:\/\/elsalvador.travel\/esp\/en\/event\/volver-a-ti-by-spa-ceylon-clase-de-masaje-y-ceremonia-del-te\/\">\n\t\tVolver a ti by Spa Ceylon &#8211; Clase de masaje y ceremonia del t\u00e9\t<\/a>\n<\/h2>\t\t\t\t<div class=\"time-event\">\n\t\t\t\t\t\t<div class=\"time equal-date\">\n\t\t<span class=\"icon-time\">\n\t\t\t<i class=\"far fa-clock icon_event\"><\/i>\n\t\t<\/span>\n\t\t\t\t\t<span class=\"time-date-child\">\n\t\t\t\t<span class=\"date-child\">\n\t\t\t\t\t9 de May de 2026 - \t\t\t\t<\/span>\n\t\t\t<\/span>\n\t\t\t<\/div>\n\t<div class=\"venue\">\n\t\t<i class=\"fas fa-map-marker-alt icon_event\"><\/i>\n\t\t<span class=\"number\">\n\t\t\tHyatt Centric, Sal\u00f3n Las Pilas\t\t<\/span>\n\t<\/div>\n\t<div class=\"social\" style=\"margin-top: 7px;\">\n\t\t<i class=\"fas fa-info-circle icon_event\"><\/i>\n\t\t<span class=\"number\">\n\t\t\t<a href=\"https:\/\/www.instagram.com\/hyattcentricsansalvador\/\" target=\"_blank\">More information<\/a>\n\t\t<\/span>\n\t<\/div>\n\t\t\t\t<\/div>\n\t\t\t\t\n<div class=\"button_event\">\n\t<a class=\"view_detail second_font\" href=\"https:\/\/elsalvador.travel\/esp\/en\/event\/volver-a-ti-by-spa-ceylon-clase-de-masaje-y-ceremonia-del-te\/\">\n\t\tMore details\t<\/a>\n<\/div>\t\t\t<\/div>\n\t\t<\/div>\n\t<\/div>\n<\/div>\n<div class=\"ovaev-content\">\n\t<div class=\"type1\">\n\t\t\t<div class=\"date-event\">\n\t\t<span class=\"date second_font\">\n\t\t\t11\t\t<\/span>\n\t\t<span class=\"month-year second_font\">\n\t\t\t<span class=\"month\">\n\t\t\t\tMay\t\t\t<\/span>\n\t\t\t<span class=\"year\">\n\t\t\t\t2026\t\t\t<\/span>\n\t\t<\/span>\n\t<\/div>\n\t\t<div class=\"desc\">\n\t\t\t\n<div class=\"event-thumbnail\">\t\n\t<a href=\"https:\/\/elsalvador.travel\/esp\/en\/event\/torneo-de-ajedrez\/\">\n\t\t\t<\/a>\n<\/div>\t\t\t<div class=\"event_post\">\n\t\t\t\t\t<div class=\"post_cat\">\n\t\t<a class=\"event_type\" href=\"https:\/\/elsalvador.travel\/esp\/en\/event_category\/agenda\/\">Activities<\/a>, <a class=\"event_type\" href=\"https:\/\/elsalvador.travel\/esp\/en\/event_category\/sonsonate\/\">Sonsonate<\/a>\t<\/div>\n\n<h2 class=\"second_font event_title\">\n\t<a href=\"https:\/\/elsalvador.travel\/esp\/en\/event\/torneo-de-ajedrez\/\">\n\t\tTorneo de ajedrez\t<\/a>\n<\/h2>\t\t\t\t<div class=\"time-event\">\n\t\t\t\t\t\t<div class=\"time equal-date\">\n\t\t<span class=\"icon-time\">\n\t\t\t<i class=\"far fa-clock icon_event\"><\/i>\n\t\t<\/span>\n\t\t\t\t\t<span class=\"time-date-child\">\n\t\t\t\t<span class=\"date-child\">\n\t\t\t\t\tMay 11, 2026 - May 18, 2026\t\t\t\t<\/span>\n\t\t\t<\/span>\n\t\t\t<\/div>\n\t<div class=\"venue\">\n\t\t<i class=\"fas fa-map-marker-alt icon_event\"><\/i>\n\t\t<span class=\"number\">\n\t\t\tDecameron Hotel\t\t<\/span>\n\t<\/div>\n\t<div class=\"social\" style=\"margin-top: 7px;\">\n\t\t<i class=\"fas fa-info-circle icon_event\"><\/i>\n\t\t<span class=\"number\">\n\t\t\t<a href=\"https:\/\/www.facebook.com\/FSAjedrez\/?locale=es_LA\" target=\"_blank\">More information<\/a>\n\t\t<\/span>\n\t<\/div>\n\t\t\t\t<\/div>\n\t\t\t\t\n<div class=\"button_event\">\n\t<a class=\"view_detail second_font\" href=\"https:\/\/elsalvador.travel\/esp\/en\/event\/torneo-de-ajedrez\/\">\n\t\tMore details\t<\/a>\n<\/div>\t\t\t<\/div>\n\t\t<\/div>\n\t<\/div>\n<\/div>\n<div class=\"ovaev-content\">\n\t<div class=\"type1\">\n\t\t\t<div class=\"date-event\">\n\t\t<span class=\"date second_font\">\n\t\t\t15\t\t<\/span>\n\t\t<span class=\"month-year second_font\">\n\t\t\t<span class=\"month\">\n\t\t\t\tMay\t\t\t<\/span>\n\t\t\t<span class=\"year\">\n\t\t\t\t2026\t\t\t<\/span>\n\t\t<\/span>\n\t<\/div>\n\t\t<div class=\"desc\">\n\t\t\t\n<div class=\"event-thumbnail\">\t\n\t<a href=\"https:\/\/elsalvador.travel\/esp\/en\/event\/concierto-sebastian-yatra\/\">\n\t\t\t<\/a>\n<\/div>\t\t\t<div class=\"event_post\">\n\t\t\t\t\t<div class=\"post_cat\">\n\t\t<a class=\"event_type\" href=\"https:\/\/elsalvador.travel\/esp\/en\/event_category\/agenda\/\">Activities<\/a>, <a class=\"event_type\" href=\"https:\/\/elsalvador.travel\/esp\/en\/event_category\/san-salvador\/\">San Salvador<\/a>\t<\/div>\n\n<h2 class=\"second_font event_title\">\n\t<a href=\"https:\/\/elsalvador.travel\/esp\/en\/event\/concierto-sebastian-yatra\/\">\n\t\tConcierto Sebasti\u00e1n Yatra\t<\/a>\n<\/h2>\t\t\t\t<div class=\"time-event\">\n\t\t\t\t\t\t<div class=\"time equal-date\">\n\t\t<span class=\"icon-time\">\n\t\t\t<i class=\"far fa-clock icon_event\"><\/i>\n\t\t<\/span>\n\t\t\t\t\t<span class=\"time-date-child\">\n\t\t\t\t<span class=\"date-child\">\n\t\t\t\t\tMay 15, 2026 \t\t\t\t<\/span>\n\t\t\t<\/span>\n\t\t\t<\/div>\n\t<div class=\"venue\">\n\t\t<i class=\"fas fa-map-marker-alt icon_event\"><\/i>\n\t\t<span class=\"number\">\n\t\t\tCuscatl\u00e1n Sports Complex\t\t<\/span>\n\t<\/div>\n\t<div class=\"social\" style=\"margin-top: 7px;\">\n\t\t<i class=\"fas fa-info-circle icon_event\"><\/i>\n\t\t<span class=\"number\">\n\t\t\t<a href=\"https:\/\/www.facebook.com\/OficialSebastianYatra\/posts\/pfbid026MigAgRtkGDfJpgHWNYCahj1meh59ct3YiQGwYZZ7i2eTVcoXiGA4TNUcv96Uaicl?rdid=tHxF8eFg0kfNcCt7#\" target=\"_blank\">More information<\/a>\n\t\t<\/span>\n\t<\/div>\n\t\t\t\t<\/div>\n\t\t\t\t\n<div class=\"button_event\">\n\t<a class=\"view_detail second_font\" href=\"https:\/\/elsalvador.travel\/esp\/en\/event\/concierto-sebastian-yatra\/\">\n\t\tMore details\t<\/a>\n<\/div>\t\t\t<\/div>\n\t\t<\/div>\n\t<\/div>\n<\/div>\n<div class=\"ovaev-content\">\n\t<div class=\"type1\">\n\t\t\t<div class=\"date-event\">\n\t\t<span class=\"date second_font\">\n\t\t\t16\t\t<\/span>\n\t\t<span class=\"month-year second_font\">\n\t\t\t<span class=\"month\">\n\t\t\t\tMay\t\t\t<\/span>\n\t\t\t<span class=\"year\">\n\t\t\t\t2026\t\t\t<\/span>\n\t\t<\/span>\n\t<\/div>\n\t\t<div class=\"desc\">\n\t\t\t\n<div class=\"event-thumbnail\">\t\n\t<a href=\"https:\/\/elsalvador.travel\/esp\/en\/event\/pilates-wellness-morning\/\">\n\t\t\t<\/a>\n<\/div>\t\t\t<div class=\"event_post\">\n\t\t\t\t\t<div class=\"post_cat\">\n\t\t<a class=\"event_type\" href=\"https:\/\/elsalvador.travel\/esp\/en\/event_category\/agenda\/\">Activities<\/a>, <a class=\"event_type\" href=\"https:\/\/elsalvador.travel\/esp\/en\/event_category\/san-salvador\/\">San Salvador<\/a>\t<\/div>\n\n<h2 class=\"second_font event_title\">\n\t<a href=\"https:\/\/elsalvador.travel\/esp\/en\/event\/pilates-wellness-morning\/\">\n\t\tPilates &#038; wellness morning\t<\/a>\n<\/h2>\t\t\t\t<div class=\"time-event\">\n\t\t\t\t\t\t<div class=\"time equal-date\">\n\t\t<span class=\"icon-time\">\n\t\t\t<i class=\"far fa-clock icon_event\"><\/i>\n\t\t<\/span>\n\t\t\t\t\t<span class=\"time-date-child\">\n\t\t\t\t<span class=\"date-child\">\n\t\t\t\t\tMay 16, 2026 - \t\t\t\t<\/span>\n\t\t\t<\/span>\n\t\t\t<\/div>\n\t<div class=\"venue\">\n\t\t<i class=\"fas fa-map-marker-alt icon_event\"><\/i>\n\t\t<span class=\"number\">\n\t\t\tHyatt Centric\t\t<\/span>\n\t<\/div>\n\t<div class=\"social\" style=\"margin-top: 7px;\">\n\t\t<i class=\"fas fa-info-circle icon_event\"><\/i>\n\t\t<span class=\"number\">\n\t\t\t<a href=\"https:\/\/www.instagram.com\/hyattcentricsansalvador\/\" target=\"_blank\">More information<\/a>\n\t\t<\/span>\n\t<\/div>\n\t\t\t\t<\/div>\n\t\t\t\t\n<div class=\"button_event\">\n\t<a class=\"view_detail second_font\" href=\"https:\/\/elsalvador.travel\/esp\/en\/event\/pilates-wellness-morning\/\">\n\t\tMore details\t<\/a>\n<\/div>\t\t\t<\/div>\n\t\t<\/div>\n\t<\/div>\n<\/div>\n<div class=\"ovaev-content\">\n\t<div class=\"type1\">\n\t\t\t<div class=\"date-event\">\n\t\t<span class=\"date second_font\">\n\t\t\t16\t\t<\/span>\n\t\t<span class=\"month-year second_font\">\n\t\t\t<span class=\"month\">\n\t\t\t\tMay\t\t\t<\/span>\n\t\t\t<span class=\"year\">\n\t\t\t\t2026\t\t\t<\/span>\n\t\t<\/span>\n\t<\/div>\n\t\t<div class=\"desc\">\n\t\t\t\n<div class=\"event-thumbnail\">\t\n\t<a href=\"https:\/\/elsalvador.travel\/esp\/en\/event\/hermanos-de-leche-ft-hyatt\/\">\n\t\t\t<\/a>\n<\/div>\t\t\t<div class=\"event_post\">\n\t\t\t\t\t<div class=\"post_cat\">\n\t\t<a class=\"event_type\" href=\"https:\/\/elsalvador.travel\/esp\/en\/event_category\/agenda\/\">Activities<\/a>, <a class=\"event_type\" href=\"https:\/\/elsalvador.travel\/esp\/en\/event_category\/san-salvador\/\">San Salvador<\/a>\t<\/div>\n\n<h2 class=\"second_font event_title\">\n\t<a href=\"https:\/\/elsalvador.travel\/esp\/en\/event\/hermanos-de-leche-ft-hyatt\/\">\n\t\tHermanos de leche Ft. Hyatt\t<\/a>\n<\/h2>\t\t\t\t<div class=\"time-event\">\n\t\t\t\t\t\t<div class=\"time equal-date\">\n\t\t<span class=\"icon-time\">\n\t\t\t<i class=\"far fa-clock icon_event\"><\/i>\n\t\t<\/span>\n\t\t\t\t\t<span class=\"time-date-child\">\n\t\t\t\t<span class=\"date-child\">\n\t\t\t\t\tMay 16, 2026 - \t\t\t\t<\/span>\n\t\t\t<\/span>\n\t\t\t<\/div>\n\t<div class=\"venue\">\n\t\t<i class=\"fas fa-map-marker-alt icon_event\"><\/i>\n\t\t<span class=\"number\">\n\t\t\tHyatt Centric\t\t<\/span>\n\t<\/div>\n\t<div class=\"social\" style=\"margin-top: 7px;\">\n\t\t<i class=\"fas fa-info-circle icon_event\"><\/i>\n\t\t<span class=\"number\">\n\t\t\t<a href=\"https:\/\/www.instagram.com\/hyattcentricsansalvador\/\" target=\"_blank\">More information<\/a>\n\t\t<\/span>\n\t<\/div>\n\t\t\t\t<\/div>\n\t\t\t\t\n<div class=\"button_event\">\n\t<a class=\"view_detail second_font\" href=\"https:\/\/elsalvador.travel\/esp\/en\/event\/hermanos-de-leche-ft-hyatt\/\">\n\t\tMore details\t<\/a>\n<\/div>\t\t\t<\/div>\n\t\t<\/div>\n\t<\/div>\n<\/div>\n<div class=\"ovaev-content\">\n\t<div class=\"type1\">\n\t\t\t<div class=\"date-event\">\n\t\t<span class=\"date second_font\">\n\t\t\t16\t\t<\/span>\n\t\t<span class=\"month-year second_font\">\n\t\t\t<span class=\"month\">\n\t\t\t\tMay\t\t\t<\/span>\n\t\t\t<span class=\"year\">\n\t\t\t\t2026\t\t\t<\/span>\n\t\t<\/span>\n\t<\/div>\n\t\t<div class=\"desc\">\n\t\t\t\n<div class=\"event-thumbnail\">\t\n\t<a href=\"https:\/\/elsalvador.travel\/esp\/en\/event\/concierto-marco-antonio-solis\/\">\n\t\t\t<\/a>\n<\/div>\t\t\t<div class=\"event_post\">\n\t\t\t\t\t<div class=\"post_cat\">\n\t\t<a class=\"event_type\" href=\"https:\/\/elsalvador.travel\/esp\/en\/event_category\/agenda\/\">Activities<\/a>, <a class=\"event_type\" href=\"https:\/\/elsalvador.travel\/esp\/en\/event_category\/san-salvador\/\">San Salvador<\/a>\t<\/div>\n\n<h2 class=\"second_font event_title\">\n\t<a href=\"https:\/\/elsalvador.travel\/esp\/en\/event\/concierto-marco-antonio-solis\/\">\n\t\tMarco Antonio Sol\u00eds in Concert\t<\/a>\n<\/h2>\t\t\t\t<div class=\"time-event\">\n\t\t\t\t\t\t<div class=\"time equal-date\">\n\t\t<span class=\"icon-time\">\n\t\t\t<i class=\"far fa-clock icon_event\"><\/i>\n\t\t<\/span>\n\t\t\t\t\t<span class=\"time-date-child\">\n\t\t\t\t<span class=\"date-child\">\n\t\t\t\t\tMay 16, 2026 - \t\t\t\t<\/span>\n\t\t\t<\/span>\n\t\t\t<\/div>\n\t<div class=\"social\" style=\"margin-top: 7px;\">\n\t\t<i class=\"fas fa-info-circle icon_event\"><\/i>\n\t\t<span class=\"number\">\n\t\t\t<a href=\"https:\/\/www.facebook.com\/marcoantoniosolis\/posts\/pfbid02ENRA8yG3bCXi39xtw8NucXgBv9KRopwKFRTkshRoZqzL6vGA65C2yUjheCEtNKAul?rdid=uShnPoF6FDu32KDK#\" target=\"_blank\">More information<\/a>\n\t\t<\/span>\n\t<\/div>\n\t\t\t\t<\/div>\n\t\t\t\t\n<div class=\"button_event\">\n\t<a class=\"view_detail second_font\" href=\"https:\/\/elsalvador.travel\/esp\/en\/event\/concierto-marco-antonio-solis\/\">\n\t\tMore details\t<\/a>\n<\/div>\t\t\t<\/div>\n\t\t<\/div>\n\t<\/div>\n<\/div>\n<div class=\"ovaev-content\">\n\t<div class=\"type1\">\n\t\t\t<div class=\"date-event\">\n\t\t<span class=\"date second_font\">\n\t\t\t17\t\t<\/span>\n\t\t<span class=\"month-year second_font\">\n\t\t\t<span class=\"month\">\n\t\t\t\tMay\t\t\t<\/span>\n\t\t\t<span class=\"year\">\n\t\t\t\t2026\t\t\t<\/span>\n\t\t<\/span>\n\t<\/div>\n\t\t<div class=\"desc\">\n\t\t\t\n<div class=\"event-thumbnail\">\t\n\t<a href=\"https:\/\/elsalvador.travel\/esp\/en\/event\/festival-del-dia-de-la-fruta-san-juan-opico\/\">\n\t\t\t<\/a>\n<\/div>\t\t\t<div class=\"event_post\">\n\t\t\t\t\t<div class=\"post_cat\">\n\t\t<a class=\"event_type\" href=\"https:\/\/elsalvador.travel\/esp\/en\/event_category\/agenda\/\">Activities<\/a>, <a class=\"event_type\" href=\"https:\/\/elsalvador.travel\/esp\/en\/event_category\/la-libertad\/\">La Libertad<\/a>\t<\/div>\n\n<h2 class=\"second_font event_title\">\n\t<a href=\"https:\/\/elsalvador.travel\/esp\/en\/event\/festival-del-dia-de-la-fruta-san-juan-opico\/\">\n\t\tFestival del D\u00eda de la Fruta &#8211; San Juan Opico\t<\/a>\n<\/h2>\t\t\t\t<div class=\"time-event\">\n\t\t\t\t\t\t<div class=\"time equal-date\">\n\t\t<span class=\"icon-time\">\n\t\t\t<i class=\"far fa-clock icon_event\"><\/i>\n\t\t<\/span>\n\t\t\t\t\t<span class=\"time-date-child\">\n\t\t\t\t<span class=\"date-child\">\n\t\t\t\t\t17 de May de 2026 - \t\t\t\t<\/span>\n\t\t\t<\/span>\n\t\t\t<\/div>\n\t<div class=\"venue\">\n\t\t<i class=\"fas fa-map-marker-alt icon_event\"><\/i>\n\t\t<span class=\"number\">\n\t\t\tParque Central de San Juan Opico, La Libertad\t\t<\/span>\n\t<\/div>\n\t\t\t\t<\/div>\n\t\t\t\t\n<div class=\"button_event\">\n\t<a class=\"view_detail second_font\" href=\"https:\/\/elsalvador.travel\/esp\/en\/event\/festival-del-dia-de-la-fruta-san-juan-opico\/\">\n\t\tMore details\t<\/a>\n<\/div>\t\t\t<\/div>\n\t\t<\/div>\n\t<\/div>\n<\/div>\n<div class=\"ovaev-content\">\n\t<div class=\"type1\">\n\t\t\t<div class=\"date-event\">\n\t\t<span class=\"date second_font\">\n\t\t\t20\t\t<\/span>\n\t\t<span class=\"month-year second_font\">\n\t\t\t<span class=\"month\">\n\t\t\t\tMay\t\t\t<\/span>\n\t\t\t<span class=\"year\">\n\t\t\t\t2026\t\t\t<\/span>\n\t\t<\/span>\n\t<\/div>\n\t\t<div class=\"desc\">\n\t\t\t\n<div class=\"event-thumbnail\">\t\n\t<a href=\"https:\/\/elsalvador.travel\/esp\/en\/event\/wine-dinner-2\/\">\n\t\t\t<\/a>\n<\/div>\t\t\t<div class=\"event_post\">\n\t\t\t\t\t<div class=\"post_cat\">\n\t\t<a class=\"event_type\" href=\"https:\/\/elsalvador.travel\/esp\/en\/event_category\/agenda\/\">Activities<\/a>, <a class=\"event_type\" href=\"https:\/\/elsalvador.travel\/esp\/en\/event_category\/san-salvador\/\">San Salvador<\/a>\t<\/div>\n\n<h2 class=\"second_font event_title\">\n\t<a href=\"https:\/\/elsalvador.travel\/esp\/en\/event\/wine-dinner-2\/\">\n\t\tWine Dinner\t<\/a>\n<\/h2>\t\t\t\t<div class=\"time-event\">\n\t\t\t\t\t\t<div class=\"time equal-date\">\n\t\t<span class=\"icon-time\">\n\t\t\t<i class=\"far fa-clock icon_event\"><\/i>\n\t\t<\/span>\n\t\t\t\t\t<span class=\"time-date-child\">\n\t\t\t\t<span class=\"date-child\">\n\t\t\t\t\tMay 20, 2026 - \t\t\t\t<\/span>\n\t\t\t<\/span>\n\t\t\t<\/div>\n\t<div class=\"social\" style=\"margin-top: 7px;\">\n\t\t<i class=\"fas fa-info-circle icon_event\"><\/i>\n\t\t<span class=\"number\">\n\t\t\t<a href=\"https:\/\/www.instagram.com\/cheffortheworld\/\" target=\"_blank\">More information<\/a>\n\t\t<\/span>\n\t<\/div>\n\t\t\t\t<\/div>\n\t\t\t\t\n<div class=\"button_event\">\n\t<a class=\"view_detail second_font\" href=\"https:\/\/elsalvador.travel\/esp\/en\/event\/wine-dinner-2\/\">\n\t\tMore details\t<\/a>\n<\/div>\t\t\t<\/div>\n\t\t<\/div>\n\t<\/div>\n<\/div>\n<div class=\"ovaev-content\">\n\t<div class=\"type1\">\n\t\t\t<div class=\"date-event\">\n\t\t<span class=\"date second_font\">\n\t\t\t22\t\t<\/span>\n\t\t<span class=\"month-year second_font\">\n\t\t\t<span class=\"month\">\n\t\t\t\tMay\t\t\t<\/span>\n\t\t\t<span class=\"year\">\n\t\t\t\t2026\t\t\t<\/span>\n\t\t<\/span>\n\t<\/div>\n\t\t<div class=\"desc\">\n\t\t\t\n<div class=\"event-thumbnail\">\t\n\t<a href=\"https:\/\/elsalvador.travel\/esp\/en\/event\/jesse-joy\/\">\n\t\t\t<\/a>\n<\/div>\t\t\t<div class=\"event_post\">\n\t\t\t\t\t<div class=\"post_cat\">\n\t\t<a class=\"event_type\" href=\"https:\/\/elsalvador.travel\/esp\/en\/event_category\/agenda\/\">Activities<\/a>, <a class=\"event_type\" href=\"https:\/\/elsalvador.travel\/esp\/en\/event_category\/san-salvador\/\">San Salvador<\/a>\t<\/div>\n\n<h2 class=\"second_font event_title\">\n\t<a href=\"https:\/\/elsalvador.travel\/esp\/en\/event\/jesse-joy\/\">\n\t\tJesse &#038; Joy\t<\/a>\n<\/h2>\t\t\t\t<div class=\"time-event\">\n\t\t\t\t\t\t<div class=\"time equal-date\">\n\t\t<span class=\"icon-time\">\n\t\t\t<i class=\"far fa-clock icon_event\"><\/i>\n\t\t<\/span>\n\t\t\t\t\t<span class=\"time-date-child\">\n\t\t\t\t<span class=\"date-child\">\n\t\t\t\t\tMay 22, 2026 - \t\t\t\t<\/span>\n\t\t\t<\/span>\n\t\t\t<\/div>\n\t<div class=\"venue\">\n\t\t<i class=\"fas fa-map-marker-alt icon_event\"><\/i>\n\t\t<span class=\"number\">\n\t\t\tCuscatl\u00e1n Stadium Complex\t\t<\/span>\n\t<\/div>\n\t<div class=\"social\" style=\"margin-top: 7px;\">\n\t\t<i class=\"fas fa-info-circle icon_event\"><\/i>\n\t\t<span class=\"number\">\n\t\t\t<a href=\"https:\/\/www.instagram.com\/reel\/DWkF6QjjwX6\/\" target=\"_blank\">More information<\/a>\n\t\t<\/span>\n\t<\/div>\n\t\t\t\t<\/div>\n\t\t\t\t\n<div class=\"button_event\">\n\t<a class=\"view_detail second_font\" href=\"https:\/\/elsalvador.travel\/esp\/en\/event\/jesse-joy\/\">\n\t\tMore details\t<\/a>\n<\/div>\t\t\t<\/div>\n\t\t<\/div>\n\t<\/div>\n<\/div>\n<div class=\"ovaev-content\">\n\t<div class=\"type1\">\n\t\t\t<div class=\"date-event\">\n\t\t<span class=\"date second_font\">\n\t\t\t22\t\t<\/span>\n\t\t<span class=\"month-year second_font\">\n\t\t\t<span class=\"month\">\n\t\t\t\tMay\t\t\t<\/span>\n\t\t\t<span class=\"year\">\n\t\t\t\t2026\t\t\t<\/span>\n\t\t<\/span>\n\t<\/div>\n\t\t<div class=\"desc\">\n\t\t\t\n<div class=\"event-thumbnail\">\t\n\t<a href=\"https:\/\/elsalvador.travel\/esp\/en\/event\/noche-de-aceleracion-biker-9\/\">\n\t\t\t<\/a>\n<\/div>\t\t\t<div class=\"event_post\">\n\t\t\t\t\t<div class=\"post_cat\">\n\t\t<a class=\"event_type\" href=\"https:\/\/elsalvador.travel\/esp\/en\/event_category\/agenda\/\">Activities<\/a>, <a class=\"event_type\" href=\"https:\/\/elsalvador.travel\/esp\/en\/event_category\/san-salvador\/\">San Salvador<\/a>\t<\/div>\n\n<h2 class=\"second_font event_title\">\n\t<a href=\"https:\/\/elsalvador.travel\/esp\/en\/event\/noche-de-aceleracion-biker-9\/\">\n\t\tBiker Acceleration Night\t<\/a>\n<\/h2>\t\t\t\t<div class=\"time-event\">\n\t\t\t\t\t\t<div class=\"time equal-date\">\n\t\t<span class=\"icon-time\">\n\t\t\t<i class=\"far fa-clock icon_event\"><\/i>\n\t\t<\/span>\n\t\t\t\t\t<span class=\"time-date-child\">\n\t\t\t\t<span class=\"date-child\">\n\t\t\t\t\tMay 22, 2026 - \t\t\t\t<\/span>\n\t\t\t<\/span>\n\t\t\t<\/div>\n\t<div class=\"venue\">\n\t\t<i class=\"fas fa-map-marker-alt icon_event\"><\/i>\n\t\t<span class=\"number\">\n\t\t\tEl Jabal\u00ed Race Circuit\t\t<\/span>\n\t<\/div>\n\t<div class=\"social\" style=\"margin-top: 7px;\">\n\t\t<i class=\"fas fa-info-circle icon_event\"><\/i>\n\t\t<span class=\"number\">\n\t\t\t<a href=\"https:\/\/www.facebook.com\/AutodromoElJabali\/\" target=\"_blank\">More information<\/a>\n\t\t<\/span>\n\t<\/div>\n\t\t\t\t<\/div>\n\t\t\t\t\n<div class=\"button_event\">\n\t<a class=\"view_detail second_font\" href=\"https:\/\/elsalvador.travel\/esp\/en\/event\/noche-de-aceleracion-biker-9\/\">\n\t\tMore details\t<\/a>\n<\/div>\t\t\t<\/div>\n\t\t<\/div>\n\t<\/div>\n<\/div>\n<div class=\"ovaev-content\">\n\t<div class=\"type1\">\n\t\t\t<div class=\"date-event\">\n\t\t<span class=\"date second_font\">\n\t\t\t22\t\t<\/span>\n\t\t<span class=\"month-year second_font\">\n\t\t\t<span class=\"month\">\n\t\t\t\tMay\t\t\t<\/span>\n\t\t\t<span class=\"year\">\n\t\t\t\t2026\t\t\t<\/span>\n\t\t<\/span>\n\t<\/div>\n\t\t<div class=\"desc\">\n\t\t\t\n<div class=\"event-thumbnail\">\t\n\t<a href=\"https:\/\/elsalvador.travel\/esp\/en\/event\/regata-internacional-2026\/\">\n\t\t\t<\/a>\n<\/div>\t\t\t<div class=\"event_post\">\n\t\t\t\t\t<div class=\"post_cat\">\n\t\t<a class=\"event_type\" href=\"https:\/\/elsalvador.travel\/esp\/en\/event_category\/agenda\/\">Activities<\/a>, <a class=\"event_type\" href=\"https:\/\/elsalvador.travel\/esp\/en\/event_category\/san-salvador\/\">San Salvador<\/a>\t<\/div>\n\n<h2 class=\"second_font event_title\">\n\t<a href=\"https:\/\/elsalvador.travel\/esp\/en\/event\/regata-internacional-2026\/\">\n\t\tRegata Internacional 2026\t<\/a>\n<\/h2>\t\t\t\t<div class=\"time-event\">\n\t\t\t\t\t\t<div class=\"time equal-date\">\n\t\t<span class=\"icon-time\">\n\t\t\t<i class=\"far fa-clock icon_event\"><\/i>\n\t\t<\/span>\n\t\t\t\t\t<span class=\"time-date-child\">\n\t\t\t\t<span class=\"date-child\">\n\t\t\t\t\tMay 22, 2026 - May 24, 2026\t\t\t\t<\/span>\n\t\t\t<\/span>\n\t\t\t<\/div>\n\t<div class=\"venue\">\n\t\t<i class=\"fas fa-map-marker-alt icon_event\"><\/i>\n\t\t<span class=\"number\">\n\t\t\tIlopango Lake\t\t<\/span>\n\t<\/div>\n\t<div class=\"social\" style=\"margin-top: 7px;\">\n\t\t<i class=\"fas fa-info-circle icon_event\"><\/i>\n\t\t<span class=\"number\">\n\t\t\t<a href=\"https:\/\/www.instagram.com\/club_salvadoreno\/\" target=\"_blank\">More information<\/a>\n\t\t<\/span>\n\t<\/div>\n\t\t\t\t<\/div>\n\t\t\t\t\n<div class=\"button_event\">\n\t<a class=\"view_detail second_font\" href=\"https:\/\/elsalvador.travel\/esp\/en\/event\/regata-internacional-2026\/\">\n\t\tMore details\t<\/a>\n<\/div>\t\t\t<\/div>\n\t\t<\/div>\n\t<\/div>\n<\/div>\n<div class=\"ovaev-content\">\n\t<div class=\"type1\">\n\t\t\t<div class=\"date-event\">\n\t\t<span class=\"date second_font\">\n\t\t\t22\t\t<\/span>\n\t\t<span class=\"month-year second_font\">\n\t\t\t<span class=\"month\">\n\t\t\t\tMay\t\t\t<\/span>\n\t\t\t<span class=\"year\">\n\t\t\t\t2026\t\t\t<\/span>\n\t\t<\/span>\n\t<\/div>\n\t\t<div class=\"desc\">\n\t\t\t\n<div class=\"event-thumbnail\">\t\n\t<a href=\"https:\/\/elsalvador.travel\/esp\/en\/event\/copa-la-fe\/\">\n\t\t\t<\/a>\n<\/div>\t\t\t<div class=\"event_post\">\n\t\t\t\t\t<div class=\"post_cat\">\n\t\t<a class=\"event_type\" href=\"https:\/\/elsalvador.travel\/esp\/en\/event_category\/agenda\/\">Activities<\/a>, <a class=\"event_type\" href=\"https:\/\/elsalvador.travel\/esp\/en\/event_category\/la-libertad\/\">La Libertad<\/a>\t<\/div>\n\n<h2 class=\"second_font event_title\">\n\t<a href=\"https:\/\/elsalvador.travel\/esp\/en\/event\/copa-la-fe\/\">\n\t\tLa Fe Cup\t<\/a>\n<\/h2>\t\t\t\t<div class=\"time-event\">\n\t\t\t\t\t\t<div class=\"time equal-date\">\n\t\t<span class=\"icon-time\">\n\t\t\t<i class=\"far fa-clock icon_event\"><\/i>\n\t\t<\/span>\n\t\t\t\t\t<span class=\"time-date-child\">\n\t\t\t\t<span class=\"date-child\">\n\t\t\t\t\tMay 22, 2026 - May 24, 2026\t\t\t\t<\/span>\n\t\t\t<\/span>\n\t\t\t<\/div>\n\t<div class=\"social\" style=\"margin-top: 7px;\">\n\t\t<i class=\"fas fa-info-circle icon_event\"><\/i>\n\t\t<span class=\"number\">\n\t\t\t<a href=\"https:\/\/www.facebook.com\/CopaLaFeTorneoInternacional\/\" target=\"_blank\">More information<\/a>\n\t\t<\/span>\n\t<\/div>\n\t\t\t\t<\/div>\n\t\t\t\t\n<div class=\"button_event\">\n\t<a class=\"view_detail second_font\" href=\"https:\/\/elsalvador.travel\/esp\/en\/event\/copa-la-fe\/\">\n\t\tMore details\t<\/a>\n<\/div>\t\t\t<\/div>\n\t\t<\/div>\n\t<\/div>\n<\/div>\n<div class=\"ovaev-content\">\n\t<div class=\"type1\">\n\t\t\t<div class=\"date-event\">\n\t\t<span class=\"date second_font\">\n\t\t\t23\t\t<\/span>\n\t\t<span class=\"month-year second_font\">\n\t\t\t<span class=\"month\">\n\t\t\t\tMay\t\t\t<\/span>\n\t\t\t<span class=\"year\">\n\t\t\t\t2026\t\t\t<\/span>\n\t\t<\/span>\n\t<\/div>\n\t\t<div class=\"desc\">\n\t\t\t\n<div class=\"event-thumbnail\">\t\n\t<a href=\"https:\/\/elsalvador.travel\/esp\/en\/event\/1er-festival-smoda\/\">\n\t\t\t<\/a>\n<\/div>\t\t\t<div class=\"event_post\">\n\t\t\t\t\t<div class=\"post_cat\">\n\t\t<a class=\"event_type\" href=\"https:\/\/elsalvador.travel\/esp\/en\/event_category\/agenda\/\">Activities<\/a>, <a class=\"event_type\" href=\"https:\/\/elsalvador.travel\/esp\/en\/event_category\/la-paz\/\">La Paz<\/a>\t<\/div>\n\n<h2 class=\"second_font event_title\">\n\t<a href=\"https:\/\/elsalvador.travel\/esp\/en\/event\/1er-festival-smoda\/\">\n\t\t1er Festival Smoda\t<\/a>\n<\/h2>\t\t\t\t<div class=\"time-event\">\n\t\t\t\t\t\t<div class=\"time equal-date\">\n\t\t<span class=\"icon-time\">\n\t\t\t<i class=\"far fa-clock icon_event\"><\/i>\n\t\t<\/span>\n\t\t\t\t\t<span class=\"time-date-child\">\n\t\t\t\t<span class=\"date-child\">\n\t\t\t\t\t23 de May de 2026 - 24 de May de 2026\t\t\t\t<\/span>\n\t\t\t<\/span>\n\t\t\t<\/div>\n\t<div class=\"venue\">\n\t\t<i class=\"fas fa-map-marker-alt icon_event\"><\/i>\n\t\t<span class=\"number\">\n\t\t\tParque Recreativo Costa del Sol\t\t<\/span>\n\t<\/div>\n\t<div class=\"social\" style=\"margin-top: 7px;\">\n\t\t<i class=\"fas fa-info-circle icon_event\"><\/i>\n\t\t<span class=\"number\">\n\t\t\t<a href=\"https:\/\/www.conamype.gob.sv\/\" target=\"_blank\">More information<\/a>\n\t\t<\/span>\n\t<\/div>\n\t\t\t\t<\/div>\n\t\t\t\t\n<div class=\"button_event\">\n\t<a class=\"view_detail second_font\" href=\"https:\/\/elsalvador.travel\/esp\/en\/event\/1er-festival-smoda\/\">\n\t\tMore details\t<\/a>\n<\/div>\t\t\t<\/div>\n\t\t<\/div>\n\t<\/div>\n<\/div>\n<div class=\"ovaev-content\">\n\t<div class=\"type1\">\n\t\t\t<div class=\"date-event\">\n\t\t<span class=\"date second_font\">\n\t\t\t23\t\t<\/span>\n\t\t<span class=\"month-year second_font\">\n\t\t\t<span class=\"month\">\n\t\t\t\tMay\t\t\t<\/span>\n\t\t\t<span class=\"year\">\n\t\t\t\t2026\t\t\t<\/span>\n\t\t<\/span>\n\t<\/div>\n\t\t<div class=\"desc\">\n\t\t\t\n<div class=\"event-thumbnail\">\t\n\t<a href=\"https:\/\/elsalvador.travel\/esp\/en\/event\/bootcamp-for-reset\/\">\n\t\t\t<\/a>\n<\/div>\t\t\t<div class=\"event_post\">\n\t\t\t\t\t<div class=\"post_cat\">\n\t\t<a class=\"event_type\" href=\"https:\/\/elsalvador.travel\/esp\/en\/event_category\/agenda\/\">Activities<\/a>, <a class=\"event_type\" href=\"https:\/\/elsalvador.travel\/esp\/en\/event_category\/san-salvador\/\">San Salvador<\/a>\t<\/div>\n\n<h2 class=\"second_font event_title\">\n\t<a href=\"https:\/\/elsalvador.travel\/esp\/en\/event\/bootcamp-for-reset\/\">\n\t\tBootcamp for Reset\t<\/a>\n<\/h2>\t\t\t\t<div class=\"time-event\">\n\t\t\t\t\t\t<div class=\"time equal-date\">\n\t\t<span class=\"icon-time\">\n\t\t\t<i class=\"far fa-clock icon_event\"><\/i>\n\t\t<\/span>\n\t\t\t\t\t<span class=\"time-date-child\">\n\t\t\t\t<span class=\"date-child\">\n\t\t\t\t\t23 de May de 2026 - \t\t\t\t<\/span>\n\t\t\t<\/span>\n\t\t\t<\/div>\n\t<div class=\"venue\">\n\t\t<i class=\"fas fa-map-marker-alt icon_event\"><\/i>\n\t\t<span class=\"number\">\n\t\t\tHyatt Centric\t\t<\/span>\n\t<\/div>\n\t<div class=\"social\" style=\"margin-top: 7px;\">\n\t\t<i class=\"fas fa-info-circle icon_event\"><\/i>\n\t\t<span class=\"number\">\n\t\t\t<a href=\"https:\/\/www.instagram.com\/hyattcentricsansalvador\/\" target=\"_blank\">More information<\/a>\n\t\t<\/span>\n\t<\/div>\n\t\t\t\t<\/div>\n\t\t\t\t\n<div class=\"button_event\">\n\t<a class=\"view_detail second_font\" href=\"https:\/\/elsalvador.travel\/esp\/en\/event\/bootcamp-for-reset\/\">\n\t\tMore details\t<\/a>\n<\/div>\t\t\t<\/div>\n\t\t<\/div>\n\t<\/div>\n<\/div>\n<div class=\"ovaev-content\">\n\t<div class=\"type1\">\n\t\t\t<div class=\"date-event\">\n\t\t<span class=\"date second_font\">\n\t\t\t26\t\t<\/span>\n\t\t<span class=\"month-year second_font\">\n\t\t\t<span class=\"month\">\n\t\t\t\tMay\t\t\t<\/span>\n\t\t\t<span class=\"year\">\n\t\t\t\t2026\t\t\t<\/span>\n\t\t<\/span>\n\t<\/div>\n\t\t<div class=\"desc\">\n\t\t\t\n<div class=\"event-thumbnail\">\t\n\t<a href=\"https:\/\/elsalvador.travel\/esp\/en\/event\/xxviii-congreso-interamericano-de-profesionales-administrativos\/\">\n\t\t\t<\/a>\n<\/div>\t\t\t<div class=\"event_post\">\n\t\t\t\t\t<div class=\"post_cat\">\n\t\t<a class=\"event_type\" href=\"https:\/\/elsalvador.travel\/esp\/en\/event_category\/agenda\/\">Activities<\/a>, <a class=\"event_type\" href=\"https:\/\/elsalvador.travel\/esp\/en\/event_category\/san-salvador\/\">San Salvador<\/a>\t<\/div>\n\n<h2 class=\"second_font event_title\">\n\t<a href=\"https:\/\/elsalvador.travel\/esp\/en\/event\/xxviii-congreso-interamericano-de-profesionales-administrativos\/\">\n\t\tXXVIII Inter-American Congress of Administrative Professionals\t<\/a>\n<\/h2>\t\t\t\t<div class=\"time-event\">\n\t\t\t\t\t\t<div class=\"time equal-date\">\n\t\t<span class=\"icon-time\">\n\t\t\t<i class=\"far fa-clock icon_event\"><\/i>\n\t\t<\/span>\n\t\t\t\t\t<span class=\"time-date-child\">\n\t\t\t\t<span class=\"date-child\">\n\t\t\t\t\tMay 26, 2026 - May 30, 2026\t\t\t\t<\/span>\n\t\t\t<\/span>\n\t\t\t<\/div>\n\t<div class=\"social\" style=\"margin-top: 7px;\">\n\t\t<i class=\"fas fa-info-circle icon_event\"><\/i>\n\t\t<span class=\"number\">\n\t\t\t<a href=\"https:\/\/www.facebook.com\/aseselsalvador2015\/posts\/bolet%C3%ADn-informativo-sobre-el-xxviii-congreso-interamericano-de-profesionales-adm\/1257862626369150\/\" target=\"_blank\">More information<\/a>\n\t\t<\/span>\n\t<\/div>\n\t\t\t\t<\/div>\n\t\t\t\t\n<div class=\"button_event\">\n\t<a class=\"view_detail second_font\" href=\"https:\/\/elsalvador.travel\/esp\/en\/event\/xxviii-congreso-interamericano-de-profesionales-administrativos\/\">\n\t\tMore details\t<\/a>\n<\/div>\t\t\t<\/div>\n\t\t<\/div>\n\t<\/div>\n<\/div>\n<div class=\"ovaev-content\">\n\t<div class=\"type1\">\n\t\t\t<div class=\"date-event\">\n\t\t<span class=\"date second_font\">\n\t\t\t28\t\t<\/span>\n\t\t<span class=\"month-year second_font\">\n\t\t\t<span class=\"month\">\n\t\t\t\tMay\t\t\t<\/span>\n\t\t\t<span class=\"year\">\n\t\t\t\t2026\t\t\t<\/span>\n\t\t<\/span>\n\t<\/div>\n\t\t<div class=\"desc\">\n\t\t\t\n<div class=\"event-thumbnail\">\t\n\t<a href=\"https:\/\/elsalvador.travel\/esp\/en\/event\/norceca-mayor-volley-ball-de-playa\/\">\n\t\t\t<\/a>\n<\/div>\t\t\t<div class=\"event_post\">\n\t\t\t\t\t<div class=\"post_cat\">\n\t\t<a class=\"event_type\" href=\"https:\/\/elsalvador.travel\/esp\/en\/event_category\/agenda\/\">Activities<\/a>, <a class=\"event_type\" href=\"https:\/\/elsalvador.travel\/esp\/en\/event_category\/san-salvador\/\">San Salvador<\/a>\t<\/div>\n\n<h2 class=\"second_font event_title\">\n\t<a href=\"https:\/\/elsalvador.travel\/esp\/en\/event\/norceca-mayor-volley-ball-de-playa\/\">\n\t\tNORCECA Senior Beach Volleyball\t<\/a>\n<\/h2>\t\t\t\t<div class=\"time-event\">\n\t\t\t\t\t\t<div class=\"time equal-date\">\n\t\t<span class=\"icon-time\">\n\t\t\t<i class=\"far fa-clock icon_event\"><\/i>\n\t\t<\/span>\n\t\t\t\t\t<span class=\"time-date-child\">\n\t\t\t\t<span class=\"date-child\">\n\t\t\t\t\tMay 28, 2026 - June 1, 2026\t\t\t\t<\/span>\n\t\t\t<\/span>\n\t\t\t<\/div>\n\t<div class=\"social\" style=\"margin-top: 7px;\">\n\t\t<i class=\"fas fa-info-circle icon_event\"><\/i>\n\t\t<span class=\"number\">\n\t\t\t<a href=\"https:\/\/norceca.info\/\" target=\"_blank\">More information<\/a>\n\t\t<\/span>\n\t<\/div>\n\t\t\t\t<\/div>\n\t\t\t\t\n<div class=\"button_event\">\n\t<a class=\"view_detail second_font\" href=\"https:\/\/elsalvador.travel\/esp\/en\/event\/norceca-mayor-volley-ball-de-playa\/\">\n\t\tMore details\t<\/a>\n<\/div>\t\t\t<\/div>\n\t\t<\/div>\n\t<\/div>\n<\/div>\n<div class=\"ovaev-content\">\n\t<div class=\"type1\">\n\t\t\t<div class=\"date-event\">\n\t\t<span class=\"date second_font\">\n\t\t\t30\t\t<\/span>\n\t\t<span class=\"month-year second_font\">\n\t\t\t<span class=\"month\">\n\t\t\t\tMay\t\t\t<\/span>\n\t\t\t<span class=\"year\">\n\t\t\t\t2026\t\t\t<\/span>\n\t\t<\/span>\n\t<\/div>\n\t\t<div class=\"desc\">\n\t\t\t\n<div class=\"event-thumbnail\">\t\n\t<a href=\"https:\/\/elsalvador.travel\/esp\/en\/event\/floreser-yoga-sound-massage-flores\/\">\n\t\t\t<\/a>\n<\/div>\t\t\t<div class=\"event_post\">\n\t\t\t\t\t<div class=\"post_cat\">\n\t\t<a class=\"event_type\" href=\"https:\/\/elsalvador.travel\/esp\/en\/event_category\/agenda\/\">Activities<\/a>, <a class=\"event_type\" href=\"https:\/\/elsalvador.travel\/esp\/en\/event_category\/san-salvador\/\">San Salvador<\/a>\t<\/div>\n\n<h2 class=\"second_font event_title\">\n\t<a href=\"https:\/\/elsalvador.travel\/esp\/en\/event\/floreser-yoga-sound-massage-flores\/\">\n\t\tFloreSER &#8211; Yoga sound massage &#038; flores\t<\/a>\n<\/h2>\t\t\t\t<div class=\"time-event\">\n\t\t\t\t\t\t<div class=\"time equal-date\">\n\t\t<span class=\"icon-time\">\n\t\t\t<i class=\"far fa-clock icon_event\"><\/i>\n\t\t<\/span>\n\t\t\t\t\t<span class=\"time-date-child\">\n\t\t\t\t<span class=\"date-child\">\n\t\t\t\t\t30 de May de 2026 - \t\t\t\t<\/span>\n\t\t\t<\/span>\n\t\t\t<\/div>\n\t<div class=\"venue\">\n\t\t<i class=\"fas fa-map-marker-alt icon_event\"><\/i>\n\t\t<span class=\"number\">\n\t\t\tHyatt Centric\t\t<\/span>\n\t<\/div>\n\t<div class=\"social\" style=\"margin-top: 7px;\">\n\t\t<i class=\"fas fa-info-circle icon_event\"><\/i>\n\t\t<span class=\"number\">\n\t\t\t<a href=\"https:\/\/www.instagram.com\/hyattcentricsansalvador\/\" target=\"_blank\">More information<\/a>\n\t\t<\/span>\n\t<\/div>\n\t\t\t\t<\/div>\n\t\t\t\t\n<div class=\"button_event\">\n\t<a class=\"view_detail second_font\" href=\"https:\/\/elsalvador.travel\/esp\/en\/event\/floreser-yoga-sound-massage-flores\/\">\n\t\tMore details\t<\/a>\n<\/div>\t\t\t<\/div>\n\t\t<\/div>\n\t<\/div>\n<\/div>\n<div class=\"ovaev-content\">\n\t<div class=\"type1\">\n\t\t\t<div class=\"date-event\">\n\t\t<span class=\"date second_font\">\n\t\t\t31\t\t<\/span>\n\t\t<span class=\"month-year second_font\">\n\t\t\t<span class=\"month\">\n\t\t\t\tMay\t\t\t<\/span>\n\t\t\t<span class=\"year\">\n\t\t\t\t2026\t\t\t<\/span>\n\t\t<\/span>\n\t<\/div>\n\t\t<div class=\"desc\">\n\t\t\t\n<div class=\"event-thumbnail\">\t\n\t<a href=\"https:\/\/elsalvador.travel\/esp\/en\/event\/decimo-festival-del-cangrejo-san-vicente\/\">\n\t\t\t<\/a>\n<\/div>\t\t\t<div class=\"event_post\">\n\t\t\t\t\t<div class=\"post_cat\">\n\t\t<a class=\"event_type\" href=\"https:\/\/elsalvador.travel\/esp\/en\/event_category\/agenda\/\">Activities<\/a>, <a class=\"event_type\" href=\"https:\/\/elsalvador.travel\/esp\/en\/event_category\/san-vicente\/\">San Vicente<\/a>\t<\/div>\n\n<h2 class=\"second_font event_title\">\n\t<a href=\"https:\/\/elsalvador.travel\/esp\/en\/event\/decimo-festival-del-cangrejo-san-vicente\/\">\n\t\tD\u00e9cimo Festival del Cangrejo &#8211; San Vicente\t<\/a>\n<\/h2>\t\t\t\t<div class=\"time-event\">\n\t\t\t\t\t\t<div class=\"time equal-date\">\n\t\t<span class=\"icon-time\">\n\t\t\t<i class=\"far fa-clock icon_event\"><\/i>\n\t\t<\/span>\n\t\t\t\t\t<span class=\"time-date-child\">\n\t\t\t\t<span class=\"date-child\">\n\t\t\t\t\t31 de May de 2026 - \t\t\t\t<\/span>\n\t\t\t<\/span>\n\t\t\t<\/div>\n\t<div class=\"venue\">\n\t\t<i class=\"fas fa-map-marker-alt icon_event\"><\/i>\n\t\t<span class=\"number\">\n\t\t\tArea Ecoturistica de la Pita, Tecoluca, San Vicente\t\t<\/span>\n\t<\/div>\n\t<div class=\"social\" style=\"margin-top: 7px;\">\n\t\t<i class=\"fas fa-info-circle icon_event\"><\/i>\n\t\t<span class=\"number\">\n\t\t\t<a href=\"https:\/\/www.facebook.com\/share\/1Gy5nctQuD\/\" target=\"_blank\">More information<\/a>\n\t\t<\/span>\n\t<\/div>\n\t\t\t\t<\/div>\n\t\t\t\t\n<div class=\"button_event\">\n\t<a class=\"view_detail second_font\" href=\"https:\/\/elsalvador.travel\/esp\/en\/event\/decimo-festival-del-cangrejo-san-vicente\/\">\n\t\tMore details\t<\/a>\n<\/div>\t\t\t<\/div>\n\t\t<\/div>\n\t<\/div>\n<\/div>\n<div class=\"ovaev-content\">\n\t<div class=\"type1\">\n\t\t\t<div class=\"date-event\">\n\t\t<span class=\"date second_font\">\n\t\t\t31\t\t<\/span>\n\t\t<span class=\"month-year second_font\">\n\t\t\t<span class=\"month\">\n\t\t\t\tMay\t\t\t<\/span>\n\t\t\t<span class=\"year\">\n\t\t\t\t2026\t\t\t<\/span>\n\t\t<\/span>\n\t<\/div>\n\t\t<div class=\"desc\">\n\t\t\t\n<div class=\"event-thumbnail\">\t\n\t<a href=\"https:\/\/elsalvador.travel\/esp\/en\/event\/3-horas-del-el-salvador\/\">\n\t\t\t<\/a>\n<\/div>\t\t\t<div class=\"event_post\">\n\t\t\t\t\t<div class=\"post_cat\">\n\t\t<a class=\"event_type\" href=\"https:\/\/elsalvador.travel\/esp\/en\/event_category\/agenda\/\">Activities<\/a>, <a class=\"event_type\" href=\"https:\/\/elsalvador.travel\/esp\/en\/event_category\/la-libertad\/\">La Libertad<\/a>\t<\/div>\n\n<h2 class=\"second_font event_title\">\n\t<a href=\"https:\/\/elsalvador.travel\/esp\/en\/event\/3-horas-del-el-salvador\/\">\n\t\t3 Horas de El Salvador\t<\/a>\n<\/h2>\t\t\t\t<div class=\"time-event\">\n\t\t\t\t\t\t<div class=\"time equal-date\">\n\t\t<span class=\"icon-time\">\n\t\t\t<i class=\"far fa-clock icon_event\"><\/i>\n\t\t<\/span>\n\t\t\t\t\t<span class=\"time-date-child\">\n\t\t\t\t<span class=\"date-child\">\n\t\t\t\t\t31 de May de 2026 - \t\t\t\t<\/span>\n\t\t\t<\/span>\n\t\t\t<\/div>\n\t<div class=\"venue\">\n\t\t<i class=\"fas fa-map-marker-alt icon_event\"><\/i>\n\t\t<span class=\"number\">\n\t\t\tEl Jabal\u00ed Race Circuit\t\t<\/span>\n\t<\/div>\n\t<div class=\"social\" style=\"margin-top: 7px;\">\n\t\t<i class=\"fas fa-info-circle icon_event\"><\/i>\n\t\t<span class=\"number\">\n\t\t\t<a href=\"https:\/\/www.instagram.com\/reel\/DXcahdPyG8w\/\" target=\"_blank\">More information<\/a>\n\t\t<\/span>\n\t<\/div>\n\t\t\t\t<\/div>\n\t\t\t\t\n<div class=\"button_event\">\n\t<a class=\"view_detail second_font\" href=\"https:\/\/elsalvador.travel\/esp\/en\/event\/3-horas-del-el-salvador\/\">\n\t\tMore details\t<\/a>\n<\/div>\t\t\t<\/div>\n\t\t<\/div>\n\t<\/div>\n<\/div>\n<div class=\"ovaev-content\">\n\t<div class=\"type1\">\n\t\t\t<div class=\"date-event\">\n\t\t<span class=\"date second_font\">\n\t\t\t05\t\t<\/span>\n\t\t<span class=\"month-year second_font\">\n\t\t\t<span class=\"month\">\n\t\t\t\tJun\t\t\t<\/span>\n\t\t\t<span class=\"year\">\n\t\t\t\t2026\t\t\t<\/span>\n\t\t<\/span>\n\t<\/div>\n\t\t<div class=\"desc\">\n\t\t\t\n<div class=\"event-thumbnail\">\t\n\t<a href=\"https:\/\/elsalvador.travel\/esp\/en\/event\/surf-city-el-salvador-pro\/\">\n\t\t\t<\/a>\n<\/div>\t\t\t<div class=\"event_post\">\n\t\t\t\t\t<div class=\"post_cat\">\n\t\t<a class=\"event_type\" href=\"https:\/\/elsalvador.travel\/esp\/en\/event_category\/agenda\/\">Activities<\/a>, <a class=\"event_type\" href=\"https:\/\/elsalvador.travel\/esp\/en\/event_category\/la-libertad\/\">La Libertad<\/a>\t<\/div>\n\n<h2 class=\"second_font event_title\">\n\t<a href=\"https:\/\/elsalvador.travel\/esp\/en\/event\/surf-city-el-salvador-pro\/\">\n\t\tSurf City El Salvador Pro\t<\/a>\n<\/h2>\t\t\t\t<div class=\"time-event\">\n\t\t\t\t\t\t<div class=\"time equal-date\">\n\t\t<span class=\"icon-time\">\n\t\t\t<i class=\"far fa-clock icon_event\"><\/i>\n\t\t<\/span>\n\t\t\t\t\t<span class=\"time-date-child\">\n\t\t\t\t<span class=\"date-child\">\n\t\t\t\t\tJune 5, 2026 - June 15, 2026\t\t\t\t<\/span>\n\t\t\t<\/span>\n\t\t\t<\/div>\n\t<div class=\"venue\">\n\t\t<i class=\"fas fa-map-marker-alt icon_event\"><\/i>\n\t\t<span class=\"number\">\n\t\t\tPunta Roca\t\t<\/span>\n\t<\/div>\n\t<div class=\"social\" style=\"margin-top: 7px;\">\n\t\t<i class=\"fas fa-info-circle icon_event\"><\/i>\n\t\t<span class=\"number\">\n\t\t\t<a href=\"https:\/\/www.instagram.com\/surfcity\/\" target=\"_blank\">More information<\/a>\n\t\t<\/span>\n\t<\/div>\n\t\t\t\t<\/div>\n\t\t\t\t\n<div class=\"button_event\">\n\t<a class=\"view_detail second_font\" href=\"https:\/\/elsalvador.travel\/esp\/en\/event\/surf-city-el-salvador-pro\/\">\n\t\tMore details\t<\/a>\n<\/div>\t\t\t<\/div>\n\t\t<\/div>\n\t<\/div>\n<\/div>\n<div class=\"ovaev-content\">\n\t<div class=\"type1\">\n\t\t\t<div class=\"date-event\">\n\t\t<span class=\"date second_font\">\n\t\t\t12\t\t<\/span>\n\t\t<span class=\"month-year second_font\">\n\t\t\t<span class=\"month\">\n\t\t\t\tJun\t\t\t<\/span>\n\t\t\t<span class=\"year\">\n\t\t\t\t2026\t\t\t<\/span>\n\t\t<\/span>\n\t<\/div>\n\t\t<div class=\"desc\">\n\t\t\t\n<div class=\"event-thumbnail\">\t\n\t<a href=\"https:\/\/elsalvador.travel\/esp\/en\/event\/noche-de-aceleracion-biker-10\/\">\n\t\t\t<\/a>\n<\/div>\t\t\t<div class=\"event_post\">\n\t\t\t\t\t<div class=\"post_cat\">\n\t\t<a class=\"event_type\" href=\"https:\/\/elsalvador.travel\/esp\/en\/event_category\/agenda\/\">Activities<\/a>, <a class=\"event_type\" href=\"https:\/\/elsalvador.travel\/esp\/en\/event_category\/san-salvador\/\">San Salvador<\/a>\t<\/div>\n\n<h2 class=\"second_font event_title\">\n\t<a href=\"https:\/\/elsalvador.travel\/esp\/en\/event\/noche-de-aceleracion-biker-10\/\">\n\t\tBiker Acceleration Night\t<\/a>\n<\/h2>\t\t\t\t<div class=\"time-event\">\n\t\t\t\t\t\t<div class=\"time equal-date\">\n\t\t<span class=\"icon-time\">\n\t\t\t<i class=\"far fa-clock icon_event\"><\/i>\n\t\t<\/span>\n\t\t\t\t\t<span class=\"time-date-child\">\n\t\t\t\t<span class=\"date-child\">\n\t\t\t\t\tJune 12, 2026 \t\t\t\t<\/span>\n\t\t\t<\/span>\n\t\t\t<\/div>\n\t<div class=\"venue\">\n\t\t<i class=\"fas fa-map-marker-alt icon_event\"><\/i>\n\t\t<span class=\"number\">\n\t\t\tEl Jabal\u00ed Race Circuit\t\t<\/span>\n\t<\/div>\n\t<div class=\"social\" style=\"margin-top: 7px;\">\n\t\t<i class=\"fas fa-info-circle icon_event\"><\/i>\n\t\t<span class=\"number\">\n\t\t\t<a href=\"https:\/\/www.facebook.com\/AutodromoElJabali\/\" target=\"_blank\">More information<\/a>\n\t\t<\/span>\n\t<\/div>\n\t\t\t\t<\/div>\n\t\t\t\t\n<div class=\"button_event\">\n\t<a class=\"view_detail second_font\" href=\"https:\/\/elsalvador.travel\/esp\/en\/event\/noche-de-aceleracion-biker-10\/\">\n\t\tMore details\t<\/a>\n<\/div>\t\t\t<\/div>\n\t\t<\/div>\n\t<\/div>\n<\/div>\n<div class=\"ovaev-content\">\n\t<div class=\"type1\">\n\t\t\t<div class=\"date-event\">\n\t\t<span class=\"date second_font\">\n\t\t\t20\t\t<\/span>\n\t\t<span class=\"month-year second_font\">\n\t\t\t<span class=\"month\">\n\t\t\t\tJun\t\t\t<\/span>\n\t\t\t<span class=\"year\">\n\t\t\t\t2026\t\t\t<\/span>\n\t\t<\/span>\n\t<\/div>\n\t\t<div class=\"desc\">\n\t\t\t\n<div class=\"event-thumbnail\">\t\n\t<a href=\"https:\/\/elsalvador.travel\/esp\/en\/event\/fecha-automovilismo-direct-english\/\">\n\t\t\t<\/a>\n<\/div>\t\t\t<div class=\"event_post\">\n\t\t\t\t\t<div class=\"post_cat\">\n\t\t<a class=\"event_type\" href=\"https:\/\/elsalvador.travel\/esp\/en\/event_category\/agenda\/\">Activities<\/a>, <a class=\"event_type\" href=\"https:\/\/elsalvador.travel\/esp\/en\/event_category\/san-salvador\/\">San Salvador<\/a>\t<\/div>\n\n<h2 class=\"second_font event_title\">\n\t<a href=\"https:\/\/elsalvador.travel\/esp\/en\/event\/fecha-automovilismo-direct-english\/\">\n\t\tDirect English Motorsports Event\t<\/a>\n<\/h2>\t\t\t\t<div class=\"time-event\">\n\t\t\t\t\t\t<div class=\"time equal-date\">\n\t\t<span class=\"icon-time\">\n\t\t\t<i class=\"far fa-clock icon_event\"><\/i>\n\t\t<\/span>\n\t\t\t\t\t<span class=\"time-date-child\">\n\t\t\t\t<span class=\"date-child\">\n\t\t\t\t\tJune 20, 2026 - \t\t\t\t<\/span>\n\t\t\t<\/span>\n\t\t\t<\/div>\n\t<div class=\"venue\">\n\t\t<i class=\"fas fa-map-marker-alt icon_event\"><\/i>\n\t\t<span class=\"number\">\n\t\t\tEl Jabal\u00ed Race Circuit\t\t<\/span>\n\t<\/div>\n\t<div class=\"social\" style=\"margin-top: 7px;\">\n\t\t<i class=\"fas fa-info-circle icon_event\"><\/i>\n\t\t<span class=\"number\">\n\t\t\t<a href=\"https:\/\/www.facebook.com\/AutodromoElJabali\/\" target=\"_blank\">More information<\/a>\n\t\t<\/span>\n\t<\/div>\n\t\t\t\t<\/div>\n\t\t\t\t\n<div class=\"button_event\">\n\t<a class=\"view_detail second_font\" href=\"https:\/\/elsalvador.travel\/esp\/en\/event\/fecha-automovilismo-direct-english\/\">\n\t\tMore details\t<\/a>\n<\/div>\t\t\t<\/div>\n\t\t<\/div>\n\t<\/div>\n<\/div>\n<div class=\"ovaev-content\">\n\t<div class=\"type1\">\n\t\t\t<div class=\"date-event\">\n\t\t<span class=\"date second_font\">\n\t\t\t26\t\t<\/span>\n\t\t<span class=\"month-year second_font\">\n\t\t\t<span class=\"month\">\n\t\t\t\tJun\t\t\t<\/span>\n\t\t\t<span class=\"year\">\n\t\t\t\t2026\t\t\t<\/span>\n\t\t<\/span>\n\t<\/div>\n\t\t<div class=\"desc\">\n\t\t\t\n<div class=\"event-thumbnail\">\t\n\t<a href=\"https:\/\/elsalvador.travel\/esp\/en\/event\/noche-de-aceleracion-biker\/\">\n\t\t\t<\/a>\n<\/div>\t\t\t<div class=\"event_post\">\n\t\t\t\t\t<div class=\"post_cat\">\n\t\t<a class=\"event_type\" href=\"https:\/\/elsalvador.travel\/esp\/en\/event_category\/agenda\/\">Activities<\/a>, <a class=\"event_type\" href=\"https:\/\/elsalvador.travel\/esp\/en\/event_category\/san-salvador\/\">San Salvador<\/a>\t<\/div>\n\n<h2 class=\"second_font event_title\">\n\t<a href=\"https:\/\/elsalvador.travel\/esp\/en\/event\/noche-de-aceleracion-biker\/\">\n\t\tBiker Acceleration Night\t<\/a>\n<\/h2>\t\t\t\t<div class=\"time-event\">\n\t\t\t\t\t\t<div class=\"time equal-date\">\n\t\t<span class=\"icon-time\">\n\t\t\t<i class=\"far fa-clock icon_event\"><\/i>\n\t\t<\/span>\n\t\t\t\t\t<span class=\"time-date-child\">\n\t\t\t\t<span class=\"date-child\">\n\t\t\t\t\tJune 26, 2026 - \t\t\t\t<\/span>\n\t\t\t<\/span>\n\t\t\t<\/div>\n\t<div class=\"venue\">\n\t\t<i class=\"fas fa-map-marker-alt icon_event\"><\/i>\n\t\t<span class=\"number\">\n\t\t\tEl Jabal\u00ed Race Circuit\t\t<\/span>\n\t<\/div>\n\t<div class=\"social\" style=\"margin-top: 7px;\">\n\t\t<i class=\"fas fa-info-circle icon_event\"><\/i>\n\t\t<span class=\"number\">\n\t\t\t<a href=\"https:\/\/www.facebook.com\/AutodromoElJabali\/\" target=\"_blank\">More information<\/a>\n\t\t<\/span>\n\t<\/div>\n\t\t\t\t<\/div>\n\t\t\t\t\n<div class=\"button_event\">\n\t<a class=\"view_detail second_font\" href=\"https:\/\/elsalvador.travel\/esp\/en\/event\/noche-de-aceleracion-biker\/\">\n\t\tMore details\t<\/a>\n<\/div>\t\t\t<\/div>\n\t\t<\/div>\n\t<\/div>\n<\/div>\n<div class=\"ovaev-content\">\n\t<div class=\"type1\">\n\t\t\t<div class=\"date-event\">\n\t\t<span class=\"date second_font\">\n\t\t\t10\t\t<\/span>\n\t\t<span class=\"month-year second_font\">\n\t\t\t<span class=\"month\">\n\t\t\t\tJul\t\t\t<\/span>\n\t\t\t<span class=\"year\">\n\t\t\t\t2026\t\t\t<\/span>\n\t\t<\/span>\n\t<\/div>\n\t\t<div class=\"desc\">\n\t\t\t\n<div class=\"event-thumbnail\">\t\n\t<a href=\"https:\/\/elsalvador.travel\/esp\/en\/event\/noche-de-aceleracion-biker-11\/\">\n\t\t\t<\/a>\n<\/div>\t\t\t<div class=\"event_post\">\n\t\t\t\t\t<div class=\"post_cat\">\n\t\t<a class=\"event_type\" href=\"https:\/\/elsalvador.travel\/esp\/en\/event_category\/agenda\/\">Activities<\/a>, <a class=\"event_type\" href=\"https:\/\/elsalvador.travel\/esp\/en\/event_category\/san-salvador\/\">San Salvador<\/a>\t<\/div>\n\n<h2 class=\"second_font event_title\">\n\t<a href=\"https:\/\/elsalvador.travel\/esp\/en\/event\/noche-de-aceleracion-biker-11\/\">\n\t\tBiker Acceleration Night\t<\/a>\n<\/h2>\t\t\t\t<div class=\"time-event\">\n\t\t\t\t\t\t<div class=\"time equal-date\">\n\t\t<span class=\"icon-time\">\n\t\t\t<i class=\"far fa-clock icon_event\"><\/i>\n\t\t<\/span>\n\t\t\t\t\t<span class=\"time-date-child\">\n\t\t\t\t<span class=\"date-child\">\n\t\t\t\t\tJuly 10, 2026 - \t\t\t\t<\/span>\n\t\t\t<\/span>\n\t\t\t<\/div>\n\t<div class=\"venue\">\n\t\t<i class=\"fas fa-map-marker-alt icon_event\"><\/i>\n\t\t<span class=\"number\">\n\t\t\tEl Jabal\u00ed Race Circuit\t\t<\/span>\n\t<\/div>\n\t<div class=\"social\" style=\"margin-top: 7px;\">\n\t\t<i class=\"fas fa-info-circle icon_event\"><\/i>\n\t\t<span class=\"number\">\n\t\t\t<a href=\"https:\/\/www.facebook.com\/AutodromoElJabali\/\" target=\"_blank\">More information<\/a>\n\t\t<\/span>\n\t<\/div>\n\t\t\t\t<\/div>\n\t\t\t\t\n<div class=\"button_event\">\n\t<a class=\"view_detail second_font\" href=\"https:\/\/elsalvador.travel\/esp\/en\/event\/noche-de-aceleracion-biker-11\/\">\n\t\tMore details\t<\/a>\n<\/div>\t\t\t<\/div>\n\t\t<\/div>\n\t<\/div>\n<\/div>\n<div class=\"ovaev-content\">\n\t<div class=\"type1\">\n\t\t\t<div class=\"date-event\">\n\t\t<span class=\"date second_font\">\n\t\t\t24\t\t<\/span>\n\t\t<span class=\"month-year second_font\">\n\t\t\t<span class=\"month\">\n\t\t\t\tJul\t\t\t<\/span>\n\t\t\t<span class=\"year\">\n\t\t\t\t2026\t\t\t<\/span>\n\t\t<\/span>\n\t<\/div>\n\t\t<div class=\"desc\">\n\t\t\t\n<div class=\"event-thumbnail\">\t\n\t<a href=\"https:\/\/elsalvador.travel\/esp\/en\/event\/noche-de-aceleracion-biker-12\/\">\n\t\t\t<\/a>\n<\/div>\t\t\t<div class=\"event_post\">\n\t\t\t\t\t<div class=\"post_cat\">\n\t\t<a class=\"event_type\" href=\"https:\/\/elsalvador.travel\/esp\/en\/event_category\/agenda\/\">Activities<\/a>, <a class=\"event_type\" href=\"https:\/\/elsalvador.travel\/esp\/en\/event_category\/la-libertad\/\">La Libertad<\/a>\t<\/div>\n\n<h2 class=\"second_font event_title\">\n\t<a href=\"https:\/\/elsalvador.travel\/esp\/en\/event\/noche-de-aceleracion-biker-12\/\">\n\t\tBiker Acceleration Night\t<\/a>\n<\/h2>\t\t\t\t<div class=\"time-event\">\n\t\t\t\t\t\t<div class=\"time equal-date\">\n\t\t<span class=\"icon-time\">\n\t\t\t<i class=\"far fa-clock icon_event\"><\/i>\n\t\t<\/span>\n\t\t\t\t\t<span class=\"time-date-child\">\n\t\t\t\t<span class=\"date-child\">\n\t\t\t\t\tJuly 24, 2026 - \t\t\t\t<\/span>\n\t\t\t<\/span>\n\t\t\t<\/div>\n\t<div class=\"venue\">\n\t\t<i class=\"fas fa-map-marker-alt icon_event\"><\/i>\n\t\t<span class=\"number\">\n\t\t\tEl Jabal\u00ed Race Circuit\t\t<\/span>\n\t<\/div>\n\t<div class=\"social\" style=\"margin-top: 7px;\">\n\t\t<i class=\"fas fa-info-circle icon_event\"><\/i>\n\t\t<span class=\"number\">\n\t\t\t<a href=\"https:\/\/www.facebook.com\/AutodromoElJabali\/\" target=\"_blank\">More information<\/a>\n\t\t<\/span>\n\t<\/div>\n\t\t\t\t<\/div>\n\t\t\t\t\n<div class=\"button_event\">\n\t<a class=\"view_detail second_font\" href=\"https:\/\/elsalvador.travel\/esp\/en\/event\/noche-de-aceleracion-biker-12\/\">\n\t\tMore details\t<\/a>\n<\/div>\t\t\t<\/div>\n\t\t<\/div>\n\t<\/div>\n<\/div>\n<div class=\"ovaev-content\">\n\t<div class=\"type1\">\n\t\t\t<div class=\"date-event\">\n\t\t<span class=\"date second_font\">\n\t\t\t01\t\t<\/span>\n\t\t<span class=\"month-year second_font\">\n\t\t\t<span class=\"month\">\n\t\t\t\tAug\t\t\t<\/span>\n\t\t\t<span class=\"year\">\n\t\t\t\t2026\t\t\t<\/span>\n\t\t<\/span>\n\t<\/div>\n\t\t<div class=\"desc\">\n\t\t\t\n<div class=\"event-thumbnail\">\t\n\t<a href=\"https:\/\/elsalvador.travel\/esp\/en\/event\/2do-festival-smoda\/\">\n\t\t\t<\/a>\n<\/div>\t\t\t<div class=\"event_post\">\n\t\t\t\t\t<div class=\"post_cat\">\n\t\t<a class=\"event_type\" href=\"https:\/\/elsalvador.travel\/esp\/en\/event_category\/agenda\/\">Activities<\/a>\t<\/div>\n\n<h2 class=\"second_font event_title\">\n\t<a href=\"https:\/\/elsalvador.travel\/esp\/en\/event\/2do-festival-smoda\/\">\n\t\t2do Festival Smoda\t<\/a>\n<\/h2>\t\t\t\t<div class=\"time-event\">\n\t\t\t\t\t\t<div class=\"time equal-date\">\n\t\t<span class=\"icon-time\">\n\t\t\t<i class=\"far fa-clock icon_event\"><\/i>\n\t\t<\/span>\n\t\t\t\t\t<span class=\"time-date-child\">\n\t\t\t\t<span class=\"date-child\">\n\t\t\t\t\t1 de August de 2026 - 2 de August de 2026\t\t\t\t<\/span>\n\t\t\t<\/span>\n\t\t\t<\/div>\n\t<div class=\"social\" style=\"margin-top: 7px;\">\n\t\t<i class=\"fas fa-info-circle icon_event\"><\/i>\n\t\t<span class=\"number\">\n\t\t\t<a href=\"https:\/\/www.conamype.gob.sv\/\" target=\"_blank\">More information<\/a>\n\t\t<\/span>\n\t<\/div>\n\t\t\t\t<\/div>\n\t\t\t\t\n<div class=\"button_event\">\n\t<a class=\"view_detail second_font\" href=\"https:\/\/elsalvador.travel\/esp\/en\/event\/2do-festival-smoda\/\">\n\t\tMore details\t<\/a>\n<\/div>\t\t\t<\/div>\n\t\t<\/div>\n\t<\/div>\n<\/div>\n<div class=\"ovaev-content\">\n\t<div class=\"type1\">\n\t\t\t<div class=\"date-event\">\n\t\t<span class=\"date second_font\">\n\t\t\t01\t\t<\/span>\n\t\t<span class=\"month-year second_font\">\n\t\t\t<span class=\"month\">\n\t\t\t\tAug\t\t\t<\/span>\n\t\t\t<span class=\"year\">\n\t\t\t\t2026\t\t\t<\/span>\n\t\t<\/span>\n\t<\/div>\n\t\t<div class=\"desc\">\n\t\t\t\n<div class=\"event-thumbnail\">\t\n\t<a href=\"https:\/\/elsalvador.travel\/esp\/en\/event\/vacaciones-agostinas\/\">\n\t\t\t<\/a>\n<\/div>\t\t\t<div class=\"event_post\">\n\t\t\t\t\t<div class=\"post_cat\">\n\t\t<a class=\"event_type\" href=\"https:\/\/elsalvador.travel\/esp\/en\/event_category\/agenda\/\">Activities<\/a>, <a class=\"event_type\" href=\"https:\/\/elsalvador.travel\/esp\/en\/event_category\/san-salvador\/\">San Salvador<\/a>\t<\/div>\n\n<h2 class=\"second_font event_title\">\n\t<a href=\"https:\/\/elsalvador.travel\/esp\/en\/event\/vacaciones-agostinas\/\">\n\t\tVacaciones Agostinas\t<\/a>\n<\/h2>\t\t\t\t<div class=\"time-event\">\n\t\t\t\t\t\t<div class=\"time equal-date\">\n\t\t<span class=\"icon-time\">\n\t\t\t<i class=\"far fa-clock icon_event\"><\/i>\n\t\t<\/span>\n\t\t\t\t\t<span class=\"time-date-child\">\n\t\t\t\t<span class=\"date-child\">\n\t\t\t\t\t1 de August de 2026 - 6 de August de 2026\t\t\t\t<\/span>\n\t\t\t<\/span>\n\t\t\t<\/div>\n\t<div class=\"social\" style=\"margin-top: 7px;\">\n\t\t<i class=\"fas fa-info-circle icon_event\"><\/i>\n\t\t<span class=\"number\">\n\t\t\t<a href=\"https:\/\/www.instagram.com\/elsalvadortravel\/\" target=\"_blank\">More information<\/a>\n\t\t<\/span>\n\t<\/div>\n\t\t\t\t<\/div>\n\t\t\t\t\n<div class=\"button_event\">\n\t<a class=\"view_detail second_font\" href=\"https:\/\/elsalvador.travel\/esp\/en\/event\/vacaciones-agostinas\/\">\n\t\tMore details\t<\/a>\n<\/div>\t\t\t<\/div>\n\t\t<\/div>\n\t<\/div>\n<\/div>\n<div class=\"ovaev-content\">\n\t<div class=\"type1\">\n\t\t\t<div class=\"date-event\">\n\t\t<span class=\"date second_font\">\n\t\t\t15\t\t<\/span>\n\t\t<span class=\"month-year second_font\">\n\t\t\t<span class=\"month\">\n\t\t\t\tAug\t\t\t<\/span>\n\t\t\t<span class=\"year\">\n\t\t\t\t2026\t\t\t<\/span>\n\t\t<\/span>\n\t<\/div>\n\t\t<div class=\"desc\">\n\t\t\t\n<div class=\"event-thumbnail\">\t\n\t<a href=\"https:\/\/elsalvador.travel\/esp\/en\/event\/concierto-mocedades\/\">\n\t\t\t<\/a>\n<\/div>\t\t\t<div class=\"event_post\">\n\t\t\t\t\t<div class=\"post_cat\">\n\t\t<a class=\"event_type\" href=\"https:\/\/elsalvador.travel\/esp\/en\/event_category\/agenda\/\">Activities<\/a>, <a class=\"event_type\" href=\"https:\/\/elsalvador.travel\/esp\/en\/event_category\/san-salvador\/\">San Salvador<\/a>\t<\/div>\n\n<h2 class=\"second_font event_title\">\n\t<a href=\"https:\/\/elsalvador.travel\/esp\/en\/event\/concierto-mocedades\/\">\n\t\tConcierto Mocedades\t<\/a>\n<\/h2>\t\t\t\t<div class=\"time-event\">\n\t\t\t\t\t\t<div class=\"time equal-date\">\n\t\t<span class=\"icon-time\">\n\t\t\t<i class=\"far fa-clock icon_event\"><\/i>\n\t\t<\/span>\n\t\t\t\t\t<span class=\"time-date-child\">\n\t\t\t\t<span class=\"date-child\">\n\t\t\t\t\t15 de August de 2026 - \t\t\t\t<\/span>\n\t\t\t<\/span>\n\t\t\t<\/div>\n\t<div class=\"social\" style=\"margin-top: 7px;\">\n\t\t<i class=\"fas fa-info-circle icon_event\"><\/i>\n\t\t<span class=\"number\">\n\t\t\t<a href=\"https:\/\/www.instagram.com\/p\/DVhVmbcDDpz\" target=\"_blank\">More information<\/a>\n\t\t<\/span>\n\t<\/div>\n\t\t\t\t<\/div>\n\t\t\t\t\n<div class=\"button_event\">\n\t<a class=\"view_detail second_font\" href=\"https:\/\/elsalvador.travel\/esp\/en\/event\/concierto-mocedades\/\">\n\t\tMore details\t<\/a>\n<\/div>\t\t\t<\/div>\n\t\t<\/div>\n\t<\/div>\n<\/div>\n<div class=\"ovaev-content\">\n\t<div class=\"type1\">\n\t\t\t<div class=\"date-event\">\n\t\t<span class=\"date second_font\">\n\t\t\t21\t\t<\/span>\n\t\t<span class=\"month-year second_font\">\n\t\t\t<span class=\"month\">\n\t\t\t\tAug\t\t\t<\/span>\n\t\t\t<span class=\"year\">\n\t\t\t\t2026\t\t\t<\/span>\n\t\t<\/span>\n\t<\/div>\n\t\t<div class=\"desc\">\n\t\t\t\n<div class=\"event-thumbnail\">\t\n\t<a href=\"https:\/\/elsalvador.travel\/esp\/en\/event\/noche-de-aceleracion-biker-13\/\">\n\t\t\t<\/a>\n<\/div>\t\t\t<div class=\"event_post\">\n\t\t\t\t\t<div class=\"post_cat\">\n\t\t<a class=\"event_type\" href=\"https:\/\/elsalvador.travel\/esp\/en\/event_category\/agenda\/\">Activities<\/a>, <a class=\"event_type\" href=\"https:\/\/elsalvador.travel\/esp\/en\/event_category\/la-libertad\/\">La Libertad<\/a>\t<\/div>\n\n<h2 class=\"second_font event_title\">\n\t<a href=\"https:\/\/elsalvador.travel\/esp\/en\/event\/noche-de-aceleracion-biker-13\/\">\n\t\tBiker Acceleration Night\t<\/a>\n<\/h2>\t\t\t\t<div class=\"time-event\">\n\t\t\t\t\t\t<div class=\"time equal-date\">\n\t\t<span class=\"icon-time\">\n\t\t\t<i class=\"far fa-clock icon_event\"><\/i>\n\t\t<\/span>\n\t\t\t\t\t<span class=\"time-date-child\">\n\t\t\t\t<span class=\"date-child\">\n\t\t\t\t\tJuly 21, 2026 - \t\t\t\t<\/span>\n\t\t\t<\/span>\n\t\t\t<\/div>\n\t<div class=\"venue\">\n\t\t<i class=\"fas fa-map-marker-alt icon_event\"><\/i>\n\t\t<span class=\"number\">\n\t\t\tEl Jabal\u00ed Race Circuit\t\t<\/span>\n\t<\/div>\n\t<div class=\"social\" style=\"margin-top: 7px;\">\n\t\t<i class=\"fas fa-info-circle icon_event\"><\/i>\n\t\t<span class=\"number\">\n\t\t\t<a href=\"https:\/\/www.facebook.com\/AutodromoElJabali\/\" target=\"_blank\">More information<\/a>\n\t\t<\/span>\n\t<\/div>\n\t\t\t\t<\/div>\n\t\t\t\t\n<div class=\"button_event\">\n\t<a class=\"view_detail second_font\" href=\"https:\/\/elsalvador.travel\/esp\/en\/event\/noche-de-aceleracion-biker-13\/\">\n\t\tMore details\t<\/a>\n<\/div>\t\t\t<\/div>\n\t\t<\/div>\n\t<\/div>\n<\/div>\n<div class=\"ovaev-content\">\n\t<div class=\"type1\">\n\t\t\t<div class=\"date-event\">\n\t\t<span class=\"date second_font\">\n\t\t\t03\t\t<\/span>\n\t\t<span class=\"month-year second_font\">\n\t\t\t<span class=\"month\">\n\t\t\t\tSep\t\t\t<\/span>\n\t\t\t<span class=\"year\">\n\t\t\t\t2026\t\t\t<\/span>\n\t\t<\/span>\n\t<\/div>\n\t\t<div class=\"desc\">\n\t\t\t\n<div class=\"event-thumbnail\">\t\n\t<a href=\"https:\/\/elsalvador.travel\/esp\/en\/event\/latin-dance-festival\/\">\n\t\t\t<\/a>\n<\/div>\t\t\t<div class=\"event_post\">\n\t\t\t\t\t<div class=\"post_cat\">\n\t\t<a class=\"event_type\" href=\"https:\/\/elsalvador.travel\/esp\/en\/event_category\/agenda\/\">Activities<\/a>, <a class=\"event_type\" href=\"https:\/\/elsalvador.travel\/esp\/en\/event_category\/la-paz\/\">La Paz<\/a>\t<\/div>\n\n<h2 class=\"second_font event_title\">\n\t<a href=\"https:\/\/elsalvador.travel\/esp\/en\/event\/latin-dance-festival\/\">\n\t\tLatin Dance Festival\t<\/a>\n<\/h2>\t\t\t\t<div class=\"time-event\">\n\t\t\t\t\t\t<div class=\"time equal-date\">\n\t\t<span class=\"icon-time\">\n\t\t\t<i class=\"far fa-clock icon_event\"><\/i>\n\t\t<\/span>\n\t\t\t\t\t<span class=\"time-date-child\">\n\t\t\t\t<span class=\"date-child\">\n\t\t\t\t\t3 de September de 2026 - 6 de September de 2026\t\t\t\t<\/span>\n\t\t\t<\/span>\n\t\t\t<\/div>\n\t<div class=\"venue\">\n\t\t<i class=\"fas fa-map-marker-alt icon_event\"><\/i>\n\t\t<span class=\"number\">\n\t\t\tHotel Tesoro Beach, Costa del Sol\t\t<\/span>\n\t<\/div>\n\t<div class=\"social\" style=\"margin-top: 7px;\">\n\t\t<i class=\"fas fa-info-circle icon_event\"><\/i>\n\t\t<span class=\"number\">\n\t\t\t<a href=\"https:\/\/www.instagram.com\/p\/DTD-FqMFQ9G\/\" target=\"_blank\">More information<\/a>\n\t\t<\/span>\n\t<\/div>\n\t\t\t\t<\/div>\n\t\t\t\t\n<div class=\"button_event\">\n\t<a class=\"view_detail second_font\" href=\"https:\/\/elsalvador.travel\/esp\/en\/event\/latin-dance-festival\/\">\n\t\tMore details\t<\/a>\n<\/div>\t\t\t<\/div>\n\t\t<\/div>\n\t<\/div>\n<\/div>\n<div class=\"ovaev-content\">\n\t<div class=\"type1\">\n\t\t\t<div class=\"date-event\">\n\t\t<span class=\"date second_font\">\n\t\t\t04\t\t<\/span>\n\t\t<span class=\"month-year second_font\">\n\t\t\t<span class=\"month\">\n\t\t\t\tSep\t\t\t<\/span>\n\t\t\t<span class=\"year\">\n\t\t\t\t2026\t\t\t<\/span>\n\t\t<\/span>\n\t<\/div>\n\t\t<div class=\"desc\">\n\t\t\t\n<div class=\"event-thumbnail\">\t\n\t<a href=\"https:\/\/elsalvador.travel\/esp\/en\/event\/surf-city-el-salvador-isa-world-junior-surfing-championship\/\">\n\t\t\t<\/a>\n<\/div>\t\t\t<div class=\"event_post\">\n\t\t\t\t\t<div class=\"post_cat\">\n\t\t<a class=\"event_type\" href=\"https:\/\/elsalvador.travel\/esp\/en\/event_category\/agenda\/\">Activities<\/a>, <a class=\"event_type\" href=\"https:\/\/elsalvador.travel\/esp\/en\/event_category\/la-libertad\/\">La Libertad<\/a>\t<\/div>\n\n<h2 class=\"second_font event_title\">\n\t<a href=\"https:\/\/elsalvador.travel\/esp\/en\/event\/surf-city-el-salvador-isa-world-junior-surfing-championship\/\">\n\t\tSurf City El Salvador ISA World Junior Surfing Championship\t<\/a>\n<\/h2>\t\t\t\t<div class=\"time-event\">\n\t\t\t\t\t\t<div class=\"time equal-date\">\n\t\t<span class=\"icon-time\">\n\t\t\t<i class=\"far fa-clock icon_event\"><\/i>\n\t\t<\/span>\n\t\t\t\t\t<span class=\"time-date-child\">\n\t\t\t\t<span class=\"date-child\">\n\t\t\t\t\t4 de September de 2026 - 13 de September de 2026\t\t\t\t<\/span>\n\t\t\t<\/span>\n\t\t\t<\/div>\n\t<div class=\"social\" style=\"margin-top: 7px;\">\n\t\t<i class=\"fas fa-info-circle icon_event\"><\/i>\n\t\t<span class=\"number\">\n\t\t\t<a href=\"https:\/\/www.instagram.com\/p\/DU03uUDDzPO\/\" target=\"_blank\">More information<\/a>\n\t\t<\/span>\n\t<\/div>\n\t\t\t\t<\/div>\n\t\t\t\t\n<div class=\"button_event\">\n\t<a class=\"view_detail second_font\" href=\"https:\/\/elsalvador.travel\/esp\/en\/event\/surf-city-el-salvador-isa-world-junior-surfing-championship\/\">\n\t\tMore details\t<\/a>\n<\/div>\t\t\t<\/div>\n\t\t<\/div>\n\t<\/div>\n<\/div>\n<div class=\"ovaev-content\">\n\t<div class=\"type1\">\n\t\t\t<div class=\"date-event\">\n\t\t<span class=\"date second_font\">\n\t\t\t05\t\t<\/span>\n\t\t<span class=\"month-year second_font\">\n\t\t\t<span class=\"month\">\n\t\t\t\tSep\t\t\t<\/span>\n\t\t\t<span class=\"year\">\n\t\t\t\t2026\t\t\t<\/span>\n\t\t<\/span>\n\t<\/div>\n\t\t<div class=\"desc\">\n\t\t\t\n<div class=\"event-thumbnail\">\t\n\t<a href=\"https:\/\/elsalvador.travel\/esp\/en\/event\/concierto-caifanes\/\">\n\t\t\t<\/a>\n<\/div>\t\t\t<div class=\"event_post\">\n\t\t\t\t\t<div class=\"post_cat\">\n\t\t<a class=\"event_type\" href=\"https:\/\/elsalvador.travel\/esp\/en\/event_category\/agenda\/\">Activities<\/a>, <a class=\"event_type\" href=\"https:\/\/elsalvador.travel\/esp\/en\/event_category\/san-salvador\/\">San Salvador<\/a>\t<\/div>\n\n<h2 class=\"second_font event_title\">\n\t<a href=\"https:\/\/elsalvador.travel\/esp\/en\/event\/concierto-caifanes\/\">\n\t\tCaifanes in Concert\t<\/a>\n<\/h2>\t\t\t\t<div class=\"time-event\">\n\t\t\t\t\t\t<div class=\"time equal-date\">\n\t\t<span class=\"icon-time\">\n\t\t\t<i class=\"far fa-clock icon_event\"><\/i>\n\t\t<\/span>\n\t\t\t\t\t<span class=\"time-date-child\">\n\t\t\t\t<span class=\"date-child\">\n\t\t\t\t\tSeptember 5, 2026 - \t\t\t\t<\/span>\n\t\t\t<\/span>\n\t\t\t<\/div>\n\t<div class=\"venue\">\n\t\t<i class=\"fas fa-map-marker-alt icon_event\"><\/i>\n\t\t<span class=\"number\">\n\t\t\tJos\u00e9 Adolfo Pineda National Gymnasium\t\t<\/span>\n\t<\/div>\n\t<div class=\"social\" style=\"margin-top: 7px;\">\n\t\t<i class=\"fas fa-info-circle icon_event\"><\/i>\n\t\t<span class=\"number\">\n\t\t\t<a href=\"https:\/\/www.facebook.com\/photo.php?fbid=1411780706977879&amp;set=a.287640736058554&amp;type=3&amp;ref=embed_post\" target=\"_blank\">More information<\/a>\n\t\t<\/span>\n\t<\/div>\n\t\t\t\t<\/div>\n\t\t\t\t\n<div class=\"button_event\">\n\t<a class=\"view_detail second_font\" href=\"https:\/\/elsalvador.travel\/esp\/en\/event\/concierto-caifanes\/\">\n\t\tMore details\t<\/a>\n<\/div>\t\t\t<\/div>\n\t\t<\/div>\n\t<\/div>\n<\/div>\n<div class=\"ovaev-content\">\n\t<div class=\"type1\">\n\t\t\t<div class=\"date-event\">\n\t\t<span class=\"date second_font\">\n\t\t\t10\t\t<\/span>\n\t\t<span class=\"month-year second_font\">\n\t\t\t<span class=\"month\">\n\t\t\t\tSep\t\t\t<\/span>\n\t\t\t<span class=\"year\">\n\t\t\t\t2026\t\t\t<\/span>\n\t\t<\/span>\n\t<\/div>\n\t\t<div class=\"desc\">\n\t\t\t\n<div class=\"event-thumbnail\">\t\n\t<a href=\"https:\/\/elsalvador.travel\/esp\/en\/event\/concierto-pablo-alboran\/\">\n\t\t\t<\/a>\n<\/div>\t\t\t<div class=\"event_post\">\n\t\t\t\t\t<div class=\"post_cat\">\n\t\t<a class=\"event_type\" href=\"https:\/\/elsalvador.travel\/esp\/en\/event_category\/agenda\/\">Activities<\/a>, <a class=\"event_type\" href=\"https:\/\/elsalvador.travel\/esp\/en\/event_category\/san-salvador\/\">San Salvador<\/a>\t<\/div>\n\n<h2 class=\"second_font event_title\">\n\t<a href=\"https:\/\/elsalvador.travel\/esp\/en\/event\/concierto-pablo-alboran\/\">\n\t\tPablo Albor\u00e1n in Concert\t<\/a>\n<\/h2>\t\t\t\t<div class=\"time-event\">\n\t\t\t\t\t\t<div class=\"time equal-date\">\n\t\t<span class=\"icon-time\">\n\t\t\t<i class=\"far fa-clock icon_event\"><\/i>\n\t\t<\/span>\n\t\t\t\t\t<span class=\"time-date-child\">\n\t\t\t\t<span class=\"date-child\">\n\t\t\t\t\tSeptember 10, 2026 - \t\t\t\t<\/span>\n\t\t\t<\/span>\n\t\t\t<\/div>\n\t<div class=\"social\" style=\"margin-top: 7px;\">\n\t\t<i class=\"fas fa-info-circle icon_event\"><\/i>\n\t\t<span class=\"number\">\n\t\t\t<a href=\"https:\/\/www.instagram.com\/p\/DTN0QGmCNvh\/?igsh=MWdvcG56cjZ3eWRzdQ==\" target=\"_blank\">More information<\/a>\n\t\t<\/span>\n\t<\/div>\n\t\t\t\t<\/div>\n\t\t\t\t\n<div class=\"button_event\">\n\t<a class=\"view_detail second_font\" href=\"https:\/\/elsalvador.travel\/esp\/en\/event\/concierto-pablo-alboran\/\">\n\t\tMore details\t<\/a>\n<\/div>\t\t\t<\/div>\n\t\t<\/div>\n\t<\/div>\n<\/div>\n<div class=\"ovaev-content\">\n\t<div class=\"type1\">\n\t\t\t<div class=\"date-event\">\n\t\t<span class=\"date second_font\">\n\t\t\t12\t\t<\/span>\n\t\t<span class=\"month-year second_font\">\n\t\t\t<span class=\"month\">\n\t\t\t\tSep\t\t\t<\/span>\n\t\t\t<span class=\"year\">\n\t\t\t\t2026\t\t\t<\/span>\n\t\t<\/span>\n\t<\/div>\n\t\t<div class=\"desc\">\n\t\t\t\n<div class=\"event-thumbnail\">\t\n\t<a href=\"https:\/\/elsalvador.travel\/esp\/en\/event\/concierto-tini\/\">\n\t\t\t<\/a>\n<\/div>\t\t\t<div class=\"event_post\">\n\t\t\t\t\t<div class=\"post_cat\">\n\t\t<a class=\"event_type\" href=\"https:\/\/elsalvador.travel\/esp\/en\/event_category\/agenda\/\">Activities<\/a>, <a class=\"event_type\" href=\"https:\/\/elsalvador.travel\/esp\/en\/event_category\/san-salvador\/\">San Salvador<\/a>\t<\/div>\n\n<h2 class=\"second_font event_title\">\n\t<a href=\"https:\/\/elsalvador.travel\/esp\/en\/event\/concierto-tini\/\">\n\t\tConcierto Tini\t<\/a>\n<\/h2>\t\t\t\t<div class=\"time-event\">\n\t\t\t\t\t\t<div class=\"time equal-date\">\n\t\t<span class=\"icon-time\">\n\t\t\t<i class=\"far fa-clock icon_event\"><\/i>\n\t\t<\/span>\n\t\t\t\t\t<span class=\"time-date-child\">\n\t\t\t\t<span class=\"date-child\">\n\t\t\t\t\t12 de September de 2026 - \t\t\t\t<\/span>\n\t\t\t<\/span>\n\t\t\t<\/div>\n\t<div class=\"social\" style=\"margin-top: 7px;\">\n\t\t<i class=\"fas fa-info-circle icon_event\"><\/i>\n\t\t<span class=\"number\">\n\t\t\t<a href=\"https:\/\/www.instagram.com\/p\/DXNTnvtDnNV\/\" target=\"_blank\">More information<\/a>\n\t\t<\/span>\n\t<\/div>\n\t\t\t\t<\/div>\n\t\t\t\t\n<div class=\"button_event\">\n\t<a class=\"view_detail second_font\" href=\"https:\/\/elsalvador.travel\/esp\/en\/event\/concierto-tini\/\">\n\t\tMore details\t<\/a>\n<\/div>\t\t\t<\/div>\n\t\t<\/div>\n\t<\/div>\n<\/div>\n<div class=\"ovaev-content\">\n\t<div class=\"type1\">\n\t\t\t<div class=\"date-event\">\n\t\t<span class=\"date second_font\">\n\t\t\t27\t\t<\/span>\n\t\t<span class=\"month-year second_font\">\n\t\t\t<span class=\"month\">\n\t\t\t\tSep\t\t\t<\/span>\n\t\t\t<span class=\"year\">\n\t\t\t\t2026\t\t\t<\/span>\n\t\t<\/span>\n\t<\/div>\n\t\t<div class=\"desc\">\n\t\t\t\n<div class=\"event-thumbnail\">\t\n\t<a href=\"https:\/\/elsalvador.travel\/esp\/en\/event\/dia-mundial-del-turismo\/\">\n\t\t\t<\/a>\n<\/div>\t\t\t<div class=\"event_post\">\n\t\t\t\t\t<div class=\"post_cat\">\n\t\t<a class=\"event_type\" href=\"https:\/\/elsalvador.travel\/esp\/en\/event_category\/agenda\/\">Activities<\/a>, <a class=\"event_type\" href=\"https:\/\/elsalvador.travel\/esp\/en\/event_category\/san-salvador\/\">San Salvador<\/a>\t<\/div>\n\n<h2 class=\"second_font event_title\">\n\t<a href=\"https:\/\/elsalvador.travel\/esp\/en\/event\/dia-mundial-del-turismo\/\">\n\t\tWorld Tourism Day\t<\/a>\n<\/h2>\t\t\t\t<div class=\"time-event\">\n\t\t\t\t\t\t<div class=\"time equal-date\">\n\t\t<span class=\"icon-time\">\n\t\t\t<i class=\"far fa-clock icon_event\"><\/i>\n\t\t<\/span>\n\t\t\t\t\t<span class=\"time-date-child\">\n\t\t\t\t<span class=\"date-child\">\n\t\t\t\t\tSeptember 27, 2026 - \t\t\t\t<\/span>\n\t\t\t<\/span>\n\t\t\t<\/div>\n\t<div class=\"social\" style=\"margin-top: 7px;\">\n\t\t<i class=\"fas fa-info-circle icon_event\"><\/i>\n\t\t<span class=\"number\">\n\t\t\t<a href=\"https:\/\/www.mitur.gob.sv\/el-salvador-sera-sede-del-dia-mundial-del-turismo-2026\/\" target=\"_blank\">More information<\/a>\n\t\t<\/span>\n\t<\/div>\n\t\t\t\t<\/div>\n\t\t\t\t\n<div class=\"button_event\">\n\t<a class=\"view_detail second_font\" href=\"https:\/\/elsalvador.travel\/esp\/en\/event\/dia-mundial-del-turismo\/\">\n\t\tMore details\t<\/a>\n<\/div>\t\t\t<\/div>\n\t\t<\/div>\n\t<\/div>\n<\/div>\n<div class=\"ovaev-content\">\n\t<div class=\"type1\">\n\t\t\t<div class=\"date-event\">\n\t\t<span class=\"date second_font\">\n\t\t\t03\t\t<\/span>\n\t\t<span class=\"month-year second_font\">\n\t\t\t<span class=\"month\">\n\t\t\t\tOct\t\t\t<\/span>\n\t\t\t<span class=\"year\">\n\t\t\t\t2026\t\t\t<\/span>\n\t\t<\/span>\n\t<\/div>\n\t\t<div class=\"desc\">\n\t\t\t\n<div class=\"event-thumbnail\">\t\n\t<a href=\"https:\/\/elsalvador.travel\/esp\/en\/event\/concierto-ricardo-montaner\/\">\n\t\t\t<\/a>\n<\/div>\t\t\t<div class=\"event_post\">\n\t\t\t\t\t<div class=\"post_cat\">\n\t\t<a class=\"event_type\" href=\"https:\/\/elsalvador.travel\/esp\/en\/event_category\/agenda\/\">Activities<\/a>, <a class=\"event_type\" href=\"https:\/\/elsalvador.travel\/esp\/en\/event_category\/san-salvador\/\">San Salvador<\/a>\t<\/div>\n\n<h2 class=\"second_font event_title\">\n\t<a href=\"https:\/\/elsalvador.travel\/esp\/en\/event\/concierto-ricardo-montaner\/\">\n\t\tConcierto Ricardo Montaner\t<\/a>\n<\/h2>\t\t\t\t<div class=\"time-event\">\n\t\t\t\t\t\t<div class=\"time equal-date\">\n\t\t<span class=\"icon-time\">\n\t\t\t<i class=\"far fa-clock icon_event\"><\/i>\n\t\t<\/span>\n\t\t\t\t\t<span class=\"time-date-child\">\n\t\t\t\t<span class=\"date-child\">\n\t\t\t\t\t3 de October de 2026 - \t\t\t\t<\/span>\n\t\t\t<\/span>\n\t\t\t<\/div>\n\t<div class=\"venue\">\n\t\t<i class=\"fas fa-map-marker-alt icon_event\"><\/i>\n\t\t<span class=\"number\">\n\t\t\tJos\u00e9 Adolfo Pineda National Gymnasium\t\t<\/span>\n\t<\/div>\n\t<div class=\"social\" style=\"margin-top: 7px;\">\n\t\t<i class=\"fas fa-info-circle icon_event\"><\/i>\n\t\t<span class=\"number\">\n\t\t\t<a href=\"https:\/\/www.instagram.com\/p\/DVtgpajDipb\/\" target=\"_blank\">More information<\/a>\n\t\t<\/span>\n\t<\/div>\n\t\t\t\t<\/div>\n\t\t\t\t\n<div class=\"button_event\">\n\t<a class=\"view_detail second_font\" href=\"https:\/\/elsalvador.travel\/esp\/en\/event\/concierto-ricardo-montaner\/\">\n\t\tMore details\t<\/a>\n<\/div>\t\t\t<\/div>\n\t\t<\/div>\n\t<\/div>\n<\/div>\n<div class=\"ovaev-content\">\n\t<div class=\"type1\">\n\t\t\t<div class=\"date-event\">\n\t\t<span class=\"date second_font\">\n\t\t\t05\t\t<\/span>\n\t\t<span class=\"month-year second_font\">\n\t\t\t<span class=\"month\">\n\t\t\t\tOct\t\t\t<\/span>\n\t\t\t<span class=\"year\">\n\t\t\t\t2026\t\t\t<\/span>\n\t\t<\/span>\n\t<\/div>\n\t\t<div class=\"desc\">\n\t\t\t\n<div class=\"event-thumbnail\">\t\n\t<a href=\"https:\/\/elsalvador.travel\/esp\/en\/event\/iron-maiden\/\">\n\t\t\t<\/a>\n<\/div>\t\t\t<div class=\"event_post\">\n\t\t\t\t\t<div class=\"post_cat\">\n\t\t<a class=\"event_type\" href=\"https:\/\/elsalvador.travel\/esp\/en\/event_category\/agenda\/\">Activities<\/a>, <a class=\"event_type\" href=\"https:\/\/elsalvador.travel\/esp\/en\/event_category\/san-salvador\/\">San Salvador<\/a>\t<\/div>\n\n<h2 class=\"second_font event_title\">\n\t<a href=\"https:\/\/elsalvador.travel\/esp\/en\/event\/iron-maiden\/\">\n\t\tIron Maiden in Concert\t<\/a>\n<\/h2>\t\t\t\t<div class=\"time-event\">\n\t\t\t\t\t\t<div class=\"time equal-date\">\n\t\t<span class=\"icon-time\">\n\t\t\t<i class=\"far fa-clock icon_event\"><\/i>\n\t\t<\/span>\n\t\t\t\t\t<span class=\"time-date-child\">\n\t\t\t\t<span class=\"date-child\">\n\t\t\t\t\tOct 5, 2026 - \t\t\t\t<\/span>\n\t\t\t<\/span>\n\t\t\t<\/div>\n\t<div class=\"venue\">\n\t\t<i class=\"fas fa-map-marker-alt icon_event\"><\/i>\n\t\t<span class=\"number\">\n\t\t\tJorge M\u00e1gico Gonz\u00e1lez Stadium\t\t<\/span>\n\t<\/div>\n\t<div class=\"social\" style=\"margin-top: 7px;\">\n\t\t<i class=\"fas fa-info-circle icon_event\"><\/i>\n\t\t<span class=\"number\">\n\t\t\t<a href=\"https:\/\/funcapital.com\/\" target=\"_blank\">More information<\/a>\n\t\t<\/span>\n\t<\/div>\n\t\t\t\t<\/div>\n\t\t\t\t\n<div class=\"button_event\">\n\t<a class=\"view_detail second_font\" href=\"https:\/\/elsalvador.travel\/esp\/en\/event\/iron-maiden\/\">\n\t\tMore details\t<\/a>\n<\/div>\t\t\t<\/div>\n\t\t<\/div>\n\t<\/div>\n<\/div>\n<div class=\"ovaev-content\">\n\t<div class=\"type1\">\n\t\t\t<div class=\"date-event\">\n\t\t<span class=\"date second_font\">\n\t\t\t16\t\t<\/span>\n\t\t<span class=\"month-year second_font\">\n\t\t\t<span class=\"month\">\n\t\t\t\tOct\t\t\t<\/span>\n\t\t\t<span class=\"year\">\n\t\t\t\t2026\t\t\t<\/span>\n\t\t<\/span>\n\t<\/div>\n\t\t<div class=\"desc\">\n\t\t\t\n<div class=\"event-thumbnail\">\t\n\t<a href=\"https:\/\/elsalvador.travel\/esp\/en\/event\/concierto-humbe\/\">\n\t\t\t<\/a>\n<\/div>\t\t\t<div class=\"event_post\">\n\t\t\t\t\t<div class=\"post_cat\">\n\t\t<a class=\"event_type\" href=\"https:\/\/elsalvador.travel\/esp\/en\/event_category\/agenda\/\">Activities<\/a>, <a class=\"event_type\" href=\"https:\/\/elsalvador.travel\/esp\/en\/event_category\/san-salvador\/\">San Salvador<\/a>\t<\/div>\n\n<h2 class=\"second_font event_title\">\n\t<a href=\"https:\/\/elsalvador.travel\/esp\/en\/event\/concierto-humbe\/\">\n\t\tConcierto Humbe\t<\/a>\n<\/h2>\t\t\t\t<div class=\"time-event\">\n\t\t\t\t\t\t<div class=\"time equal-date\">\n\t\t<span class=\"icon-time\">\n\t\t\t<i class=\"far fa-clock icon_event\"><\/i>\n\t\t<\/span>\n\t\t\t\t\t<span class=\"time-date-child\">\n\t\t\t\t<span class=\"date-child\">\n\t\t\t\t\t16 de October de 2026 - \t\t\t\t<\/span>\n\t\t\t<\/span>\n\t\t\t<\/div>\n\t<div class=\"venue\">\n\t\t<i class=\"fas fa-map-marker-alt icon_event\"><\/i>\n\t\t<span class=\"number\">\n\t\t\tCuscatl\u00e1n Stadium Complex\t\t<\/span>\n\t<\/div>\n\t<div class=\"social\" style=\"margin-top: 7px;\">\n\t\t<i class=\"fas fa-info-circle icon_event\"><\/i>\n\t\t<span class=\"number\">\n\t\t\t<a href=\"https:\/\/www.instagram.com\/p\/DUixMD6Ec7F\/\" target=\"_blank\">More information<\/a>\n\t\t<\/span>\n\t<\/div>\n\t\t\t\t<\/div>\n\t\t\t\t\n<div class=\"button_event\">\n\t<a class=\"view_detail second_font\" href=\"https:\/\/elsalvador.travel\/esp\/en\/event\/concierto-humbe\/\">\n\t\tMore details\t<\/a>\n<\/div>\t\t\t<\/div>\n\t\t<\/div>\n\t<\/div>\n<\/div>\n<div class=\"ovaev-content\">\n\t<div class=\"type1\">\n\t\t\t<div class=\"date-event\">\n\t\t<span class=\"date second_font\">\n\t\t\t16\t\t<\/span>\n\t\t<span class=\"month-year second_font\">\n\t\t\t<span class=\"month\">\n\t\t\t\tOct\t\t\t<\/span>\n\t\t\t<span class=\"year\">\n\t\t\t\t2026\t\t\t<\/span>\n\t\t<\/span>\n\t<\/div>\n\t\t<div class=\"desc\">\n\t\t\t\n<div class=\"event-thumbnail\">\t\n\t<a href=\"https:\/\/elsalvador.travel\/esp\/en\/event\/oceanman-el-salvador\/\">\n\t\t\t<\/a>\n<\/div>\t\t\t<div class=\"event_post\">\n\t\t\t\t\t<div class=\"post_cat\">\n\t\t<a class=\"event_type\" href=\"https:\/\/elsalvador.travel\/esp\/en\/event_category\/agenda\/\">Activities<\/a>, <a class=\"event_type\" href=\"https:\/\/elsalvador.travel\/esp\/en\/event_category\/san-salvador\/\">San Salvador<\/a>\t<\/div>\n\n<h2 class=\"second_font event_title\">\n\t<a href=\"https:\/\/elsalvador.travel\/esp\/en\/event\/oceanman-el-salvador\/\">\n\t\tOceanman El Salvador\t<\/a>\n<\/h2>\t\t\t\t<div class=\"time-event\">\n\t\t\t\t\t\t<div class=\"time equal-date\">\n\t\t<span class=\"icon-time\">\n\t\t\t<i class=\"far fa-clock icon_event\"><\/i>\n\t\t<\/span>\n\t\t\t\t\t<span class=\"time-date-child\">\n\t\t\t\t<span class=\"date-child\">\n\t\t\t\t\t16 de October de 2026 - 18 de October de 2026\t\t\t\t<\/span>\n\t\t\t<\/span>\n\t\t\t<\/div>\n\t<div class=\"venue\">\n\t\t<i class=\"fas fa-map-marker-alt icon_event\"><\/i>\n\t\t<span class=\"number\">\n\t\t\tIlopango Lake\t\t<\/span>\n\t<\/div>\n\t<div class=\"social\" style=\"margin-top: 7px;\">\n\t\t<i class=\"fas fa-info-circle icon_event\"><\/i>\n\t\t<span class=\"number\">\n\t\t\t<a href=\"https:\/\/www.instagram.com\/oceanman_el_salvador\" target=\"_blank\">More information<\/a>\n\t\t<\/span>\n\t<\/div>\n\t\t\t\t<\/div>\n\t\t\t\t\n<div class=\"button_event\">\n\t<a class=\"view_detail second_font\" href=\"https:\/\/elsalvador.travel\/esp\/en\/event\/oceanman-el-salvador\/\">\n\t\tMore details\t<\/a>\n<\/div>\t\t\t<\/div>\n\t\t<\/div>\n\t<\/div>\n<\/div>\n<div class=\"ovaev-content\">\n\t<div class=\"type1\">\n\t\t\t<div class=\"date-event\">\n\t\t<span class=\"date second_font\">\n\t\t\t27\t\t<\/span>\n\t\t<span class=\"month-year second_font\">\n\t\t\t<span class=\"month\">\n\t\t\t\tOct\t\t\t<\/span>\n\t\t\t<span class=\"year\">\n\t\t\t\t2026\t\t\t<\/span>\n\t\t<\/span>\n\t<\/div>\n\t\t<div class=\"desc\">\n\t\t\t\n<div class=\"event-thumbnail\">\t\n\t<a href=\"https:\/\/elsalvador.travel\/esp\/en\/event\/lacqua-el-salvador-2026\/\">\n\t\t\t<\/a>\n<\/div>\t\t\t<div class=\"event_post\">\n\t\t\t\t\t<div class=\"post_cat\">\n\t\t<a class=\"event_type\" href=\"https:\/\/elsalvador.travel\/esp\/en\/event_category\/agenda\/\">Activities<\/a>, <a class=\"event_type\" href=\"https:\/\/elsalvador.travel\/esp\/en\/event_category\/san-salvador\/\">San Salvador<\/a>\t<\/div>\n\n<h2 class=\"second_font event_title\">\n\t<a href=\"https:\/\/elsalvador.travel\/esp\/en\/event\/lacqua-el-salvador-2026\/\">\n\t\tLACQUA El Salvador 2026\t<\/a>\n<\/h2>\t\t\t\t<div class=\"time-event\">\n\t\t\t\t\t\t<div class=\"time equal-date\">\n\t\t<span class=\"icon-time\">\n\t\t\t<i class=\"far fa-clock icon_event\"><\/i>\n\t\t<\/span>\n\t\t\t\t\t<span class=\"time-date-child\">\n\t\t\t\t<span class=\"date-child\">\n\t\t\t\t\t27 de October de 2026 - 30 de October de 2026\t\t\t\t<\/span>\n\t\t\t<\/span>\n\t\t\t<\/div>\n\t<div class=\"social\" style=\"margin-top: 7px;\">\n\t\t<i class=\"fas fa-info-circle icon_event\"><\/i>\n\t\t<span class=\"number\">\n\t\t\t<a href=\"https:\/\/www.instagram.com\/p\/DWhz17NkiYg\/\" target=\"_blank\">More information<\/a>\n\t\t<\/span>\n\t<\/div>\n\t\t\t\t<\/div>\n\t\t\t\t\n<div class=\"button_event\">\n\t<a class=\"view_detail second_font\" href=\"https:\/\/elsalvador.travel\/esp\/en\/event\/lacqua-el-salvador-2026\/\">\n\t\tMore details\t<\/a>\n<\/div>\t\t\t<\/div>\n\t\t<\/div>\n\t<\/div>\n<\/div>\n<div class=\"ovaev-content\">\n\t<div class=\"type1\">\n\t\t\t<div class=\"date-event\">\n\t\t<span class=\"date second_font\">\n\t\t\t06\t\t<\/span>\n\t\t<span class=\"month-year second_font\">\n\t\t\t<span class=\"month\">\n\t\t\t\tNov\t\t\t<\/span>\n\t\t\t<span class=\"year\">\n\t\t\t\t2026\t\t\t<\/span>\n\t\t<\/span>\n\t<\/div>\n\t\t<div class=\"desc\">\n\t\t\t\n<div class=\"event-thumbnail\">\t\n\t<a href=\"https:\/\/elsalvador.travel\/esp\/en\/event\/surf-and-summit-run-series-la-cordillera-challenge\/\">\n\t\t\t<\/a>\n<\/div>\t\t\t<div class=\"event_post\">\n\t\t\t\t\t<div class=\"post_cat\">\n\t\t<a class=\"event_type\" href=\"https:\/\/elsalvador.travel\/esp\/en\/event_category\/agenda\/\">Activities<\/a>, <a class=\"event_type\" href=\"https:\/\/elsalvador.travel\/esp\/en\/event_category\/santa-ana\/\">Santa Ana<\/a>, <a class=\"event_type\" href=\"https:\/\/elsalvador.travel\/esp\/en\/event_category\/sonsonate\/\">Sonsonate<\/a>\t<\/div>\n\n<h2 class=\"second_font event_title\">\n\t<a href=\"https:\/\/elsalvador.travel\/esp\/en\/event\/surf-and-summit-run-series-la-cordillera-challenge\/\">\n\t\tSurf and Summit Run Series: La Cordillera Challenge\t<\/a>\n<\/h2>\t\t\t\t<div class=\"time-event\">\n\t\t\t\t\t\t<div class=\"time equal-date\">\n\t\t<span class=\"icon-time\">\n\t\t\t<i class=\"far fa-clock icon_event\"><\/i>\n\t\t<\/span>\n\t\t\t\t\t<span class=\"time-date-child\">\n\t\t\t\t<span class=\"date-child\">\n\t\t\t\t\tNovember 6 - November 8, 2026\t\t\t\t<\/span>\n\t\t\t<\/span>\n\t\t\t<\/div>\n\t<div class=\"venue\">\n\t\t<i class=\"fas fa-map-marker-alt icon_event\"><\/i>\n\t\t<span class=\"number\">\n\t\t\tIzalco Volcano, Cerro Verde and Ilamatepec Volcano\t\t<\/span>\n\t<\/div>\n\t<div class=\"social\" style=\"margin-top: 7px;\">\n\t\t<i class=\"fas fa-info-circle icon_event\"><\/i>\n\t\t<span class=\"number\">\n\t\t\t<a href=\"https:\/\/lacordillerachallenge.com\/\" target=\"_blank\">More information<\/a>\n\t\t<\/span>\n\t<\/div>\n\t\t\t\t<\/div>\n\t\t\t\t\n<div class=\"button_event\">\n\t<a class=\"view_detail second_font\" href=\"https:\/\/elsalvador.travel\/esp\/en\/event\/surf-and-summit-run-series-la-cordillera-challenge\/\">\n\t\tMore details\t<\/a>\n<\/div>\t\t\t<\/div>\n\t\t<\/div>\n\t<\/div>\n<\/div>\n<div class=\"ovaev-content\">\n\t<div class=\"type1\">\n\t\t\t<div class=\"date-event\">\n\t\t<span class=\"date second_font\">\n\t\t\t13\t\t<\/span>\n\t\t<span class=\"month-year second_font\">\n\t\t\t<span class=\"month\">\n\t\t\t\tNov\t\t\t<\/span>\n\t\t\t<span class=\"year\">\n\t\t\t\t2026\t\t\t<\/span>\n\t\t<\/span>\n\t<\/div>\n\t\t<div class=\"desc\">\n\t\t\t\n<div class=\"event-thumbnail\">\t\n\t<a href=\"https:\/\/elsalvador.travel\/esp\/en\/event\/surf-city-el-salvador-isa-world-longboard-championship\/\">\n\t\t\t<\/a>\n<\/div>\t\t\t<div class=\"event_post\">\n\t\t\t\t\t<div class=\"post_cat\">\n\t\t<a class=\"event_type\" href=\"https:\/\/elsalvador.travel\/esp\/en\/event_category\/agenda\/\">Activities<\/a>, <a class=\"event_type\" href=\"https:\/\/elsalvador.travel\/esp\/en\/event_category\/la-libertad\/\">La Libertad<\/a>\t<\/div>\n\n<h2 class=\"second_font event_title\">\n\t<a href=\"https:\/\/elsalvador.travel\/esp\/en\/event\/surf-city-el-salvador-isa-world-longboard-championship\/\">\n\t\tSurf City El Salvador ISA World Longboard Championship\t<\/a>\n<\/h2>\t\t\t\t<div class=\"time-event\">\n\t\t\t\t\t\t<div class=\"time equal-date\">\n\t\t<span class=\"icon-time\">\n\t\t\t<i class=\"far fa-clock icon_event\"><\/i>\n\t\t<\/span>\n\t\t\t\t\t<span class=\"time-date-child\">\n\t\t\t\t<span class=\"date-child\">\n\t\t\t\t\t13 de November de 2026 - 19 de November de 2026\t\t\t\t<\/span>\n\t\t\t<\/span>\n\t\t\t<\/div>\n\t<div class=\"social\" style=\"margin-top: 7px;\">\n\t\t<i class=\"fas fa-info-circle icon_event\"><\/i>\n\t\t<span class=\"number\">\n\t\t\t<a href=\"https:\/\/www.instagram.com\/p\/DU03uUDDzPO\/\" target=\"_blank\">More information<\/a>\n\t\t<\/span>\n\t<\/div>\n\t\t\t\t<\/div>\n\t\t\t\t\n<div class=\"button_event\">\n\t<a class=\"view_detail second_font\" href=\"https:\/\/elsalvador.travel\/esp\/en\/event\/surf-city-el-salvador-isa-world-longboard-championship\/\">\n\t\tMore details\t<\/a>\n<\/div>\t\t\t<\/div>\n\t\t<\/div>\n\t<\/div>\n<\/div>\n<div class=\"ovaev-content\">\n\t<div class=\"type1\">\n\t\t\t<div class=\"date-event\">\n\t\t<span class=\"date second_font\">\n\t\t\t21\t\t<\/span>\n\t\t<span class=\"month-year second_font\">\n\t\t\t<span class=\"month\">\n\t\t\t\tNov\t\t\t<\/span>\n\t\t\t<span class=\"year\">\n\t\t\t\t2026\t\t\t<\/span>\n\t\t<\/span>\n\t<\/div>\n\t\t<div class=\"desc\">\n\t\t\t\n<div class=\"event-thumbnail\">\t\n\t<a href=\"https:\/\/elsalvador.travel\/esp\/en\/event\/3er-festival-smoda\/\">\n\t\t\t<\/a>\n<\/div>\t\t\t<div class=\"event_post\">\n\t\t\t\t\t<div class=\"post_cat\">\n\t\t<a class=\"event_type\" href=\"https:\/\/elsalvador.travel\/esp\/en\/event_category\/agenda\/\">Activities<\/a>\t<\/div>\n\n<h2 class=\"second_font event_title\">\n\t<a href=\"https:\/\/elsalvador.travel\/esp\/en\/event\/3er-festival-smoda\/\">\n\t\t3er Festival Smoda\t<\/a>\n<\/h2>\t\t\t\t<div class=\"time-event\">\n\t\t\t\t\t\t<div class=\"time equal-date\">\n\t\t<span class=\"icon-time\">\n\t\t\t<i class=\"far fa-clock icon_event\"><\/i>\n\t\t<\/span>\n\t\t\t\t\t<span class=\"time-date-child\">\n\t\t\t\t<span class=\"date-child\">\n\t\t\t\t\t21 de November de 2026 - \t\t\t\t<\/span>\n\t\t\t<\/span>\n\t\t\t<\/div>\n\t<div class=\"social\" style=\"margin-top: 7px;\">\n\t\t<i class=\"fas fa-info-circle icon_event\"><\/i>\n\t\t<span class=\"number\">\n\t\t\t<a href=\"https:\/\/www.conamype.gob.sv\/\" target=\"_blank\">More information<\/a>\n\t\t<\/span>\n\t<\/div>\n\t\t\t\t<\/div>\n\t\t\t\t\n<div class=\"button_event\">\n\t<a class=\"view_detail second_font\" href=\"https:\/\/elsalvador.travel\/esp\/en\/event\/3er-festival-smoda\/\">\n\t\tMore details\t<\/a>\n<\/div>\t\t\t<\/div>\n\t\t<\/div>\n\t<\/div>\n<\/div>\n<div class=\"ovaev-content\">\n\t<div class=\"type1\">\n\t\t\t<div class=\"date-event\">\n\t\t<span class=\"date second_font\">\n\t\t\t04\t\t<\/span>\n\t\t<span class=\"month-year second_font\">\n\t\t\t<span class=\"month\">\n\t\t\t\tDec\t\t\t<\/span>\n\t\t\t<span class=\"year\">\n\t\t\t\t2026\t\t\t<\/span>\n\t\t<\/span>\n\t<\/div>\n\t\t<div class=\"desc\">\n\t\t\t\n<div class=\"event-thumbnail\">\t\n\t<a href=\"https:\/\/elsalvador.travel\/esp\/en\/event\/wds-championship\/\">\n\t\t\t<\/a>\n<\/div>\t\t\t<div class=\"event_post\">\n\t\t\t\t\t<div class=\"post_cat\">\n\t\t<a class=\"event_type\" href=\"https:\/\/elsalvador.travel\/esp\/en\/event_category\/agenda\/\">Activities<\/a>, <a class=\"event_type\" href=\"https:\/\/elsalvador.travel\/esp\/en\/event_category\/la-libertad\/\">La Libertad<\/a>\t<\/div>\n\n<h2 class=\"second_font event_title\">\n\t<a href=\"https:\/\/elsalvador.travel\/esp\/en\/event\/wds-championship\/\">\n\t\tWDS Championship\t<\/a>\n<\/h2>\t\t\t\t<div class=\"time-event\">\n\t\t\t\t\t\t<div class=\"time equal-date\">\n\t\t<span class=\"icon-time\">\n\t\t\t<i class=\"far fa-clock icon_event\"><\/i>\n\t\t<\/span>\n\t\t\t\t\t<span class=\"time-date-child\">\n\t\t\t\t<span class=\"date-child\">\n\t\t\t\t\t4 de December de 2026 - 6 de December de 2026\t\t\t\t<\/span>\n\t\t\t<\/span>\n\t\t\t<\/div>\n\t<div class=\"venue\">\n\t\t<i class=\"fas fa-map-marker-alt icon_event\"><\/i>\n\t\t<span class=\"number\">\n\t\t\tTamanique\t\t<\/span>\n\t<\/div>\n\t<div class=\"social\" style=\"margin-top: 7px;\">\n\t\t<i class=\"fas fa-info-circle icon_event\"><\/i>\n\t\t<span class=\"number\">\n\t\t\t<a href=\"https:\/\/www.instagram.com\/p\/DUySNo7jT3u\" target=\"_blank\">More information<\/a>\n\t\t<\/span>\n\t<\/div>\n\t\t\t\t<\/div>\n\t\t\t\t\n<div class=\"button_event\">\n\t<a class=\"view_detail second_font\" href=\"https:\/\/elsalvador.travel\/esp\/en\/event\/wds-championship\/\">\n\t\tMore details\t<\/a>\n<\/div>\t\t\t<\/div>\n\t\t<\/div>\n\t<\/div>\n<\/div>\n<div class=\"ovaev-content\">\n\t<div class=\"type1\">\n\t\t\t<div class=\"date-event\">\n\t\t<span class=\"date second_font\">\n\t\t\t24\t\t<\/span>\n\t\t<span class=\"month-year second_font\">\n\t\t\t<span class=\"month\">\n\t\t\t\tDec\t\t\t<\/span>\n\t\t\t<span class=\"year\">\n\t\t\t\t2026\t\t\t<\/span>\n\t\t<\/span>\n\t<\/div>\n\t\t<div class=\"desc\">\n\t\t\t\n<div class=\"event-thumbnail\">\t\n\t<a href=\"https:\/\/elsalvador.travel\/esp\/en\/event\/navidad-2026\/\">\n\t\t\t<\/a>\n<\/div>\t\t\t<div class=\"event_post\">\n\t\t\t\t\t<div class=\"post_cat\">\n\t\t<a class=\"event_type\" href=\"https:\/\/elsalvador.travel\/esp\/en\/event_category\/agenda\/\">Activities<\/a>, <a class=\"event_type\" href=\"https:\/\/elsalvador.travel\/esp\/en\/event_category\/san-salvador\/\">San Salvador<\/a>\t<\/div>\n\n<h2 class=\"second_font event_title\">\n\t<a href=\"https:\/\/elsalvador.travel\/esp\/en\/event\/navidad-2026\/\">\n\t\tNavidad 2026\t<\/a>\n<\/h2>\t\t\t\t<div class=\"time-event\">\n\t\t\t\t\t\t<div class=\"time equal-date\">\n\t\t<span class=\"icon-time\">\n\t\t\t<i class=\"far fa-clock icon_event\"><\/i>\n\t\t<\/span>\n\t\t\t\t\t<span class=\"time-date-child\">\n\t\t\t\t<span class=\"date-child\">\n\t\t\t\t\t24 de December de 2026 - 1 de January de 2027\t\t\t\t<\/span>\n\t\t\t<\/span>\n\t\t\t<\/div>\n\t<div class=\"social\" style=\"margin-top: 7px;\">\n\t\t<i class=\"fas fa-info-circle icon_event\"><\/i>\n\t\t<span class=\"number\">\n\t\t\t<a href=\"https:\/\/www.instagram.com\/elsalvadortravel\/\" target=\"_blank\">More information<\/a>\n\t\t<\/span>\n\t<\/div>\n\t\t\t\t<\/div>\n\t\t\t\t\n<div class=\"button_event\">\n\t<a class=\"view_detail second_font\" href=\"https:\/\/elsalvador.travel\/esp\/en\/event\/navidad-2026\/\">\n\t\tMore details\t<\/a>\n<\/div>\t\t\t<\/div>\n\t\t<\/div>\n\t<\/div>\n<\/div>\t\t\t<\/div>\n\t\t\t<div class=\"data-events\"\n\t\t\t\tdata-layout=\"\"\n\t\t\t\tdata-column=\"\"\n\t\t\t\tdata-per-page=\"\"\n\t\t\t\tdata-order=\"\"\n\t\t\t\tdata-orderby=\"\"\n\t\t\t\tdata-category-slug=\"\"\n\t\t\t\tdata-time-event=\"\">\n\t\t\t<\/div>\n\t\t<\/div>\n\t\t<div class=\"wrap_loader\">\n\t\t\t<svg class=\"loader\" width=\"50\" height=\"50\">\n\t\t\t\t<circle cx=\"25\" cy=\"25\" r=\"10\" stroke=\"#a1a1a1\"\/>\n\t\t\t\t<circle cx=\"25\" cy=\"25\" r=\"20\" stroke=\"#a1a1a1\"\/>\n\t\t\t<\/svg>\n\t\t<\/div>\n\t<\/div><!-- End events -->\n\n\t<!-- Pagination -->\n\t<div class=\"search-ajax-pagination-wrapper\">\n\t\t\t<\/div><!-- END pagination -->\n<\/div>\n\t\t\t\t<\/div>\n\t\t\t\t<\/div>\n\t\t\t\t\t<\/div>\n\t\t\t\t<\/div>\n\t\t\t\t<\/div>","protected":false},"excerpt":{"rendered":"<p>Agenda de actividades y horarios especiales https:\/\/elsalvador.travel\/esp\/videos\/pais_video.mp4 Inicio Fin Departamento All CategoriesSan SalvadorSanta AnaAhuachap\u00e1nSonsonateChalatenangoLa LibertadCuscatl\u00e1nSan VicenteLa PazMoraz\u00e1nLa Uni\u00f3nSan MiguelUsulut\u00e1nCaba\u00f1asDestacadoTurismo religiosoAgenda 16 Abr 2026 Agenda, San Salvador Concierto Mon Laferte 16 de abril de 2026 &#8211; Parque de Pelotas Saturnino Bengoa M\u00e1s informaci\u00f3n More details 18 Abr 2026 Agenda, La Paz Expomango Ichanmichen 2026 18 de [&hellip;]<\/p>\n","protected":false},"author":1,"featured_media":4180,"parent":0,"menu_order":0,"comment_status":"closed","ping_status":"closed","template":"","meta":{"_acf_changed":false,"footnotes":""},"class_list":["post-3280","page","type-page","status-publish","has-post-thumbnail","hentry"],"acf":[],"publishpress_future_action":{"enabled":false,"date":"2026-05-09 04:01:10","action":"change-status","newStatus":"draft","terms":[],"taxonomy":"","extraData":[]},"publishpress_future_workflow_manual_trigger":{"enabledWorkflows":[]},"_links":{"self":[{"href":"https:\/\/elsalvador.travel\/esp\/en\/wp-json\/wp\/v2\/pages\/3280","targetHints":{"allow":["GET"]}}],"collection":[{"href":"https:\/\/elsalvador.travel\/esp\/en\/wp-json\/wp\/v2\/pages"}],"about":[{"href":"https:\/\/elsalvador.travel\/esp\/en\/wp-json\/wp\/v2\/types\/page"}],"author":[{"embeddable":true,"href":"https:\/\/elsalvador.travel\/esp\/en\/wp-json\/wp\/v2\/users\/1"}],"replies":[{"embeddable":true,"href":"https:\/\/elsalvador.travel\/esp\/en\/wp-json\/wp\/v2\/comments?post=3280"}],"version-history":[{"count":654,"href":"https:\/\/elsalvador.travel\/esp\/en\/wp-json\/wp\/v2\/pages\/3280\/revisions"}],"predecessor-version":[{"id":21320,"href":"https:\/\/elsalvador.travel\/esp\/en\/wp-json\/wp\/v2\/pages\/3280\/revisions\/21320"}],"wp:featuredmedia":[{"embeddable":true,"href":"https:\/\/elsalvador.travel\/esp\/en\/wp-json\/wp\/v2\/media\/4180"}],"wp:attachment":[{"href":"https:\/\/elsalvador.travel\/esp\/en\/wp-json\/wp\/v2\/media?parent=3280"}],"curies":[{"name":"wp","href":"https:\/\/api.w.org\/{rel}","templated":true}]}}