{"id":17272,"date":"2025-08-28T22:39:26","date_gmt":"2025-08-28T20:39:26","guid":{"rendered":"https:\/\/elsalvador.travel\/esp\/?page_id=17272"},"modified":"2025-11-01T15:17:55","modified_gmt":"2025-11-01T14:17:55","slug":"eventos","status":"publish","type":"page","link":"https:\/\/elsalvador.travel\/esp\/en\/eventos\/","title":{"rendered":"Eventos"},"content":{"rendered":"\t\t<div data-elementor-type=\"wp-page\" data-elementor-id=\"17272\" class=\"elementor elementor-17272\" data-elementor-post-type=\"page\">\n\t\t\t\t<div class=\"elementor-element elementor-element-5d0cfab e-flex e-con-boxed e-con e-parent\" data-id=\"5d0cfab\" data-element_type=\"container\" data-e-type=\"container\">\n\t\t\t\t\t<div class=\"e-con-inner\">\n\t\t\t\t<div class=\"elementor-element elementor-element-d6bbee5 elementor-widget elementor-widget-heading\" data-id=\"d6bbee5\" data-element_type=\"widget\" data-e-type=\"widget\" data-widget_type=\"heading.default\">\n\t\t\t\t<div class=\"elementor-widget-container\">\n\t\t\t\t\t<h2 class=\"elementor-heading-title elementor-size-default\">Agenda de actividades<\/h2>\t\t\t\t<\/div>\n\t\t\t\t<\/div>\n\t\t\t\t<div class=\"elementor-element elementor-element-9a33a40 elementor-widget elementor-widget-heading\" data-id=\"9a33a40\" data-element_type=\"widget\" data-e-type=\"widget\" data-widget_type=\"heading.default\">\n\t\t\t\t<div class=\"elementor-widget-container\">\n\t\t\t\t\t<h2 class=\"elementor-heading-title elementor-size-default\">2025<\/h2>\t\t\t\t<\/div>\n\t\t\t\t<\/div>\n\t\t\t\t<div class=\"elementor-element elementor-element-bb90313 elementor-widget elementor-widget-ova_events_search_ajax\" data-id=\"bb90313\" data-element_type=\"widget\" data-e-type=\"widget\" data-widget_type=\"ova_events_search_ajax.default\">\n\t\t\t\t<div class=\"elementor-widget-container\">\n\t\t\t\t\t\n<div class=\"ovaev-wrapper-search-ajax\">\n\t<!-- Search form -->\n\t<div class=\"ovaev-search-ajax-form search_archive_event\">\n\t\t<form action=\"https:\/\/elsalvador.travel\/esp\/en\/event\/\" method=\"POST\" name=\"search_ajax_event\" autocomplete=\"off\">\n\t\t\t<div class=\"start_date\">\n\t\t\t\t<label class=\"second_font ova-label-search\">\n\t\t\t\t\tInicio\t\t\t\t<\/label>\n\t\t\t\t<input\n\t\t\t\t\ttype=\"text\"\n\t\t\t\t\tid=\"ovaev_start_date_search\"\n\t\t\t\t\tclass=\"ovaev_start_date_search\"\n\t\t\t\t\tname=\"ovaev_start_date_search\"\n\t\t\t\t\tvalue=\"\"\n\t\t\t\t\tplaceholder=\"Choose Date\"\n\t\t\t\t\tdata-lang=\"es\"\n\t\t\t\t\tdata-date=\"d-m-Y\"\n\t\t\t\t\tdata-time=\"H:i\"\n\t\t\t\t\tdata-first-day=\"1\"\n\t\t\t\t\/>\n\t\t\t\t<i class=\"far fa-calendar-alt\"><\/i>\n\t\t\t<\/div>\n\t\t\t<div class=\"end_date\">\n\t\t\t\t<label class=\"second_font ova-label-search\">\n\t\t\t\t\tFin\t\t\t\t<\/label>\n\t\t\t\t<input\n\t\t\t\t\ttype=\"text\"\n\t\t\t\t\tid=\"ovaev_end_date_search\"\n\t\t\t\t\tclass=\"ovaev_end_date_search\"\n\t\t\t\t\tname=\"ovaev_end_date_search\"\n\t\t\t\t\tvalue=\"\"\n\t\t\t\t\tplaceholder=\"Choose Date\"\n\t\t\t\t\tdata-lang=\"es\"\n\t\t\t\t\tdata-date=\"d-m-Y\"\n\t\t\t\t\tdata-first-day=\"1\"\n\t\t\t\t\/>\n\t\t\t\t<i class=\"far fa-calendar-alt\"><\/i>\n\t\t\t<\/div>\n\t\t\t<div class=\"ovaev_cat_search\">\n\t\t\t\t<label class=\"second_font ova-label-search\" for=\"ovaev_type\">\n\t\t\t\t\tDepartamento\t\t\t\t<\/label>\n\t\t\t\t<select  name='ovaev_type' id='ovaev_type' class='ovaev_type'>\n\t<option value='' selected='selected'>All Categories<\/option>\n\t<option class=\"level-0\" value=\"san-salvador\">San Salvador<\/option>\n\t<option class=\"level-0\" value=\"santa-ana\">Santa Ana<\/option>\n\t<option class=\"level-0\" value=\"ahuachapan\">Ahuachap\u00e1n<\/option>\n\t<option class=\"level-0\" value=\"sonsonate\">Sonsonate<\/option>\n\t<option class=\"level-0\" value=\"chalatenango\">Chalatenango<\/option>\n\t<option class=\"level-0\" value=\"la-libertad\">La Libertad<\/option>\n\t<option class=\"level-0\" value=\"cuscatlan\">Cuscatl\u00e1n<\/option>\n\t<option class=\"level-0\" value=\"san-vicente\">San Vicente<\/option>\n\t<option class=\"level-0\" value=\"la-paz\">La Paz<\/option>\n\t<option class=\"level-0\" value=\"morazan\">Moraz\u00e1n<\/option>\n\t<option class=\"level-0\" value=\"la-union\">La Uni\u00f3n<\/option>\n\t<option class=\"level-0\" value=\"san-miguel\">San Miguel<\/option>\n\t<option class=\"level-0\" value=\"usulutan\">Usulut\u00e1n<\/option>\n\t<option class=\"level-0\" value=\"cabanas\">Caba\u00f1as<\/option>\n\t<option class=\"level-0\" value=\"destacado\">Destacado<\/option>\n\t<option class=\"level-0\" value=\"turismo-religioso\">Turismo religioso<\/option>\n\t<option class=\"level-0\" value=\"agenda\">Agenda<\/option>\n<\/select>\n\t\t\t\t<i class=\"arrow_carrot-down \"><\/i>\n\t\t\t<\/div>\n\t\t<\/form>\n\t<\/div><!-- End search form -->\n\n\t<!-- Events -->\n\t<div class=\"ovaev-search-ajax-container\">\n\t\t<div class=\"search-ajax-content\">\n\t\t\t<div class=\"archive_event ovaev-search-ajax-events \">\n\t\t\t\t\n<div class=\"ovaev-content\">\n\t<div class=\"type1\">\n\t\t\t<div class=\"date-event\">\n\t\t<span class=\"date second_font\">\n\t\t\t26\t\t<\/span>\n\t\t<span class=\"month-year second_font\">\n\t\t\t<span class=\"month\">\n\t\t\t\tApr\t\t\t<\/span>\n\t\t\t<span class=\"year\">\n\t\t\t\t2026\t\t\t<\/span>\n\t\t<\/span>\n\t<\/div>\n\t\t<div class=\"desc\">\n\t\t\t\n<div class=\"event-thumbnail\">\t\n\t<a href=\"https:\/\/elsalvador.travel\/esp\/en\/event\/4to-festival-del-cafe-chalatenango-2026\/\">\n\t\t\t<\/a>\n<\/div>\t\t\t<div class=\"event_post\">\n\t\t\t\t\t<div class=\"post_cat\">\n\t\t<a class=\"event_type\" href=\"https:\/\/elsalvador.travel\/esp\/en\/event_category\/agenda\/\">Agenda<\/a>, <a class=\"event_type\" href=\"https:\/\/elsalvador.travel\/esp\/en\/event_category\/chalatenango\/\">Chalatenango<\/a>\t<\/div>\n\n<h2 class=\"second_font event_title\">\n\t<a href=\"https:\/\/elsalvador.travel\/esp\/en\/event\/4to-festival-del-cafe-chalatenango-2026\/\">\n\t\t4to Festival del Caf\u00e9 &#8211; Chalatenango 2026\t<\/a>\n<\/h2>\t\t\t\t<div class=\"time-event\">\n\t\t\t\t\t\t<div class=\"time equal-date\">\n\t\t<span class=\"icon-time\">\n\t\t\t<i class=\"far fa-clock icon_event\"><\/i>\n\t\t<\/span>\n\t\t\t\t\t<span class=\"time-date-child\">\n\t\t\t\t<span class=\"date-child\">\n\t\t\t\t\t26 de April de 2026 - \t\t\t\t<\/span>\n\t\t\t<\/span>\n\t\t\t<\/div>\n\t<div class=\"venue\">\n\t\t<i class=\"fas fa-map-marker-alt icon_event\"><\/i>\n\t\t<span class=\"number\">\n\t\t\tCatedral de Chalatenango \t\t<\/span>\n\t<\/div>\n\t<div class=\"social\" style=\"margin-top: 7px;\">\n\t\t<i class=\"fas fa-info-circle icon_event\"><\/i>\n\t\t<span class=\"number\">\n\t\t\t<a href=\"https:\/\/www.facebook.com\/profile.php?id=100064063030752&amp;locale=es_LA\" target=\"_blank\">M\u00e1s informaci\u00f3n<\/a>\n\t\t<\/span>\n\t<\/div>\n\t\t\t\t<\/div>\n\t\t\t\t\n<div class=\"button_event\">\n\t<a class=\"view_detail second_font\" href=\"https:\/\/elsalvador.travel\/esp\/en\/event\/4to-festival-del-cafe-chalatenango-2026\/\">\n\t\tMore details\t<\/a>\n<\/div>\t\t\t<\/div>\n\t\t<\/div>\n\t<\/div>\n<\/div>\n<div class=\"ovaev-content\">\n\t<div class=\"type1\">\n\t\t\t<div class=\"date-event\">\n\t\t<span class=\"date second_font\">\n\t\t\t26\t\t<\/span>\n\t\t<span class=\"month-year second_font\">\n\t\t\t<span class=\"month\">\n\t\t\t\tApr\t\t\t<\/span>\n\t\t\t<span class=\"year\">\n\t\t\t\t2026\t\t\t<\/span>\n\t\t<\/span>\n\t<\/div>\n\t\t<div class=\"desc\">\n\t\t\t\n<div class=\"event-thumbnail\">\t\n\t<a href=\"https:\/\/elsalvador.travel\/esp\/en\/event\/dia-internacional-de-la-danza\/\">\n\t\t\t<\/a>\n<\/div>\t\t\t<div class=\"event_post\">\n\t\t\t\t\t<div class=\"post_cat\">\n\t\t<a class=\"event_type\" href=\"https:\/\/elsalvador.travel\/esp\/en\/event_category\/agenda\/\">Agenda<\/a>, <a class=\"event_type\" href=\"https:\/\/elsalvador.travel\/esp\/en\/event_category\/san-salvador\/\">San Salvador<\/a>\t<\/div>\n\n<h2 class=\"second_font event_title\">\n\t<a href=\"https:\/\/elsalvador.travel\/esp\/en\/event\/dia-internacional-de-la-danza\/\">\n\t\tD\u00eda Internacional de la Danza\t<\/a>\n<\/h2>\t\t\t\t<div class=\"time-event\">\n\t\t\t\t\t\t<div class=\"time equal-date\">\n\t\t<span class=\"icon-time\">\n\t\t\t<i class=\"far fa-clock icon_event\"><\/i>\n\t\t<\/span>\n\t\t\t\t\t<span class=\"time-date-child\">\n\t\t\t\t<span class=\"date-child\">\n\t\t\t\t\t26 de April de 2026 - \t\t\t\t<\/span>\n\t\t\t<\/span>\n\t\t\t<\/div>\n\t<div class=\"venue\">\n\t\t<i class=\"fas fa-map-marker-alt icon_event\"><\/i>\n\t\t<span class=\"number\">\n\t\t\tCentro Hist\u00f3rico de San Salvador\t\t<\/span>\n\t<\/div>\n\t<div class=\"social\" style=\"margin-top: 7px;\">\n\t\t<i class=\"fas fa-info-circle icon_event\"><\/i>\n\t\t<span class=\"number\">\n\t\t\t<a href=\"https:\/\/www.facebook.com\/share\/p\/17F4Vxz47g\/?mibextid=wwXIfr\" target=\"_blank\">M\u00e1s informaci\u00f3n<\/a>\n\t\t<\/span>\n\t<\/div>\n\t\t\t\t<\/div>\n\t\t\t\t\n<div class=\"button_event\">\n\t<a class=\"view_detail second_font\" href=\"https:\/\/elsalvador.travel\/esp\/en\/event\/dia-internacional-de-la-danza\/\">\n\t\tMore details\t<\/a>\n<\/div>\t\t\t<\/div>\n\t\t<\/div>\n\t<\/div>\n<\/div>\n<div class=\"ovaev-content\">\n\t<div class=\"type1\">\n\t\t\t<div class=\"date-event\">\n\t\t<span class=\"date second_font\">\n\t\t\t26\t\t<\/span>\n\t\t<span class=\"month-year second_font\">\n\t\t\t<span class=\"month\">\n\t\t\t\tApr\t\t\t<\/span>\n\t\t\t<span class=\"year\">\n\t\t\t\t2026\t\t\t<\/span>\n\t\t<\/span>\n\t<\/div>\n\t\t<div class=\"desc\">\n\t\t\t\n<div class=\"event-thumbnail\">\t\n\t<a href=\"https:\/\/elsalvador.travel\/esp\/en\/event\/campeonato-4t-karting\/\">\n\t\t\t<\/a>\n<\/div>\t\t\t<div class=\"event_post\">\n\t\t\t\t\t<div class=\"post_cat\">\n\t\t<a class=\"event_type\" href=\"https:\/\/elsalvador.travel\/esp\/en\/event_category\/agenda\/\">Agenda<\/a>, <a class=\"event_type\" href=\"https:\/\/elsalvador.travel\/esp\/en\/event_category\/san-salvador\/\">San Salvador<\/a>\t<\/div>\n\n<h2 class=\"second_font event_title\">\n\t<a href=\"https:\/\/elsalvador.travel\/esp\/en\/event\/campeonato-4t-karting\/\">\n\t\tCampeonato 4T Karting\t<\/a>\n<\/h2>\t\t\t\t<div class=\"time-event\">\n\t\t\t\t\t\t<div class=\"time equal-date\">\n\t\t<span class=\"icon-time\">\n\t\t\t<i class=\"far fa-clock icon_event\"><\/i>\n\t\t<\/span>\n\t\t\t\t\t<span class=\"time-date-child\">\n\t\t\t\t<span class=\"date-child\">\n\t\t\t\t\t26 de April de 2026 - \t\t\t\t<\/span>\n\t\t\t<\/span>\n\t\t\t<\/div>\n\t<div class=\"venue\">\n\t\t<i class=\"fas fa-map-marker-alt icon_event\"><\/i>\n\t\t<span class=\"number\">\n\t\t\tAut\u00f3dromo El Jabal\u00ed\t\t<\/span>\n\t<\/div>\n\t<div class=\"social\" style=\"margin-top: 7px;\">\n\t\t<i class=\"fas fa-info-circle icon_event\"><\/i>\n\t\t<span class=\"number\">\n\t\t\t<a href=\"https:\/\/www.facebook.com\/AutodromoElJabali\/\" target=\"_blank\">M\u00e1s informaci\u00f3n<\/a>\n\t\t<\/span>\n\t<\/div>\n\t\t\t\t<\/div>\n\t\t\t\t\n<div class=\"button_event\">\n\t<a class=\"view_detail second_font\" href=\"https:\/\/elsalvador.travel\/esp\/en\/event\/campeonato-4t-karting\/\">\n\t\tMore details\t<\/a>\n<\/div>\t\t\t<\/div>\n\t\t<\/div>\n\t<\/div>\n<\/div>\n<div class=\"ovaev-content\">\n\t<div class=\"type1\">\n\t\t\t<div class=\"date-event\">\n\t\t<span class=\"date second_font\">\n\t\t\t30\t\t<\/span>\n\t\t<span class=\"month-year second_font\">\n\t\t\t<span class=\"month\">\n\t\t\t\tApr\t\t\t<\/span>\n\t\t\t<span class=\"year\">\n\t\t\t\t2026\t\t\t<\/span>\n\t\t<\/span>\n\t<\/div>\n\t\t<div class=\"desc\">\n\t\t\t\n<div class=\"event-thumbnail\">\t\n\t<a href=\"https:\/\/elsalvador.travel\/esp\/en\/event\/el-dia-nacional-de-la-salsa\/\">\n\t\t\t<\/a>\n<\/div>\t\t\t<div class=\"event_post\">\n\t\t\t\t\t<div class=\"post_cat\">\n\t\t<a class=\"event_type\" href=\"https:\/\/elsalvador.travel\/esp\/en\/event_category\/agenda\/\">Agenda<\/a>, <a class=\"event_type\" href=\"https:\/\/elsalvador.travel\/esp\/en\/event_category\/san-salvador\/\">San Salvador<\/a>\t<\/div>\n\n<h2 class=\"second_font event_title\">\n\t<a href=\"https:\/\/elsalvador.travel\/esp\/en\/event\/el-dia-nacional-de-la-salsa\/\">\n\t\tDIA NACIONAL DE LA SALSA\t<\/a>\n<\/h2>\t\t\t\t<div class=\"time-event\">\n\t\t\t\t\t\t<div class=\"time equal-date\">\n\t\t<span class=\"icon-time\">\n\t\t\t<i class=\"far fa-clock icon_event\"><\/i>\n\t\t<\/span>\n\t\t\t\t\t<span class=\"time-date-child\">\n\t\t\t\t<span class=\"date-child\">\n\t\t\t\t\t30 de April de 2026 - \t\t\t\t<\/span>\n\t\t\t<\/span>\n\t\t\t<\/div>\n\t<div class=\"venue\">\n\t\t<i class=\"fas fa-map-marker-alt icon_event\"><\/i>\n\t\t<span class=\"number\">\n\t\t\tHotel Real Intercontinental \t\t<\/span>\n\t<\/div>\n\t<div class=\"social\" style=\"margin-top: 7px;\">\n\t\t<i class=\"fas fa-info-circle icon_event\"><\/i>\n\t\t<span class=\"number\">\n\t\t\t<a href=\"https:\/\/www.instagram.com\/reel\/DUbufDYDpoL\/\" target=\"_blank\">M\u00e1s informaci\u00f3n<\/a>\n\t\t<\/span>\n\t<\/div>\n\t\t\t\t<\/div>\n\t\t\t\t\n<div class=\"button_event\">\n\t<a class=\"view_detail second_font\" href=\"https:\/\/elsalvador.travel\/esp\/en\/event\/el-dia-nacional-de-la-salsa\/\">\n\t\tMore details\t<\/a>\n<\/div>\t\t\t<\/div>\n\t\t<\/div>\n\t<\/div>\n<\/div>\n<div class=\"ovaev-content\">\n\t<div class=\"type1\">\n\t\t\t<div class=\"date-event\">\n\t\t<span class=\"date second_font\">\n\t\t\t01\t\t<\/span>\n\t\t<span class=\"month-year second_font\">\n\t\t\t<span class=\"month\">\n\t\t\t\tMay\t\t\t<\/span>\n\t\t\t<span class=\"year\">\n\t\t\t\t2026\t\t\t<\/span>\n\t\t<\/span>\n\t<\/div>\n\t\t<div class=\"desc\">\n\t\t\t\n<div class=\"event-thumbnail\">\t\n\t<a href=\"https:\/\/elsalvador.travel\/esp\/en\/event\/conicerto-grupo-frontera\/\">\n\t\t\t<\/a>\n<\/div>\t\t\t<div class=\"event_post\">\n\t\t\t\t\t<div class=\"post_cat\">\n\t\t<a class=\"event_type\" href=\"https:\/\/elsalvador.travel\/esp\/en\/event_category\/agenda\/\">Agenda<\/a>, <a class=\"event_type\" href=\"https:\/\/elsalvador.travel\/esp\/en\/event_category\/san-salvador\/\">San Salvador<\/a>\t<\/div>\n\n<h2 class=\"second_font event_title\">\n\t<a href=\"https:\/\/elsalvador.travel\/esp\/en\/event\/conicerto-grupo-frontera\/\">\n\t\tConcierto Grupo Frontera\t<\/a>\n<\/h2>\t\t\t\t<div class=\"time-event\">\n\t\t\t\t\t\t<div class=\"time equal-date\">\n\t\t<span class=\"icon-time\">\n\t\t\t<i class=\"far fa-clock icon_event\"><\/i>\n\t\t<\/span>\n\t\t\t\t\t<span class=\"time-date-child\">\n\t\t\t\t<span class=\"date-child\">\n\t\t\t\t\t1 de May de 2026 - \t\t\t\t<\/span>\n\t\t\t<\/span>\n\t\t\t<\/div>\n\t<div class=\"venue\">\n\t\t<i class=\"fas fa-map-marker-alt icon_event\"><\/i>\n\t\t<span class=\"number\">\n\t\t\tComplejo Estadio Cuscatl\u00e1n\t\t<\/span>\n\t<\/div>\n\t<div class=\"social\" style=\"margin-top: 7px;\">\n\t\t<i class=\"fas fa-info-circle icon_event\"><\/i>\n\t\t<span class=\"number\">\n\t\t\t<a href=\"https:\/\/www.instagram.com\/p\/DURJSldkcc0\/\" target=\"_blank\">M\u00e1s informaci\u00f3n<\/a>\n\t\t<\/span>\n\t<\/div>\n\t\t\t\t<\/div>\n\t\t\t\t\n<div class=\"button_event\">\n\t<a class=\"view_detail second_font\" href=\"https:\/\/elsalvador.travel\/esp\/en\/event\/conicerto-grupo-frontera\/\">\n\t\tMore details\t<\/a>\n<\/div>\t\t\t<\/div>\n\t\t<\/div>\n\t<\/div>\n<\/div>\n<div class=\"ovaev-content\">\n\t<div class=\"type1\">\n\t\t\t<div class=\"date-event\">\n\t\t<span class=\"date second_font\">\n\t\t\t01\t\t<\/span>\n\t\t<span class=\"month-year second_font\">\n\t\t\t<span class=\"month\">\n\t\t\t\tMay\t\t\t<\/span>\n\t\t\t<span class=\"year\">\n\t\t\t\t2026\t\t\t<\/span>\n\t\t<\/span>\n\t<\/div>\n\t\t<div class=\"desc\">\n\t\t\t\n<div class=\"event-thumbnail\">\t\n\t<a href=\"https:\/\/elsalvador.travel\/esp\/en\/event\/agroaventura-san-ignacio\/\">\n\t\t\t<\/a>\n<\/div>\t\t\t<div class=\"event_post\">\n\t\t\t\t\t<div class=\"post_cat\">\n\t\t<a class=\"event_type\" href=\"https:\/\/elsalvador.travel\/esp\/en\/event_category\/agenda\/\">Agenda<\/a>, <a class=\"event_type\" href=\"https:\/\/elsalvador.travel\/esp\/en\/event_category\/chalatenango\/\">Chalatenango<\/a>\t<\/div>\n\n<h2 class=\"second_font event_title\">\n\t<a href=\"https:\/\/elsalvador.travel\/esp\/en\/event\/agroaventura-san-ignacio\/\">\n\t\tAgroaventura &#8211; San Ignacio\t<\/a>\n<\/h2>\t\t\t\t<div class=\"time-event\">\n\t\t\t\t\t\t<div class=\"time equal-date\">\n\t\t<span class=\"icon-time\">\n\t\t\t<i class=\"far fa-clock icon_event\"><\/i>\n\t\t<\/span>\n\t\t\t\t\t<span class=\"time-date-child\">\n\t\t\t\t<span class=\"date-child\">\n\t\t\t\t\t1 de May de 2026 - 3 de May de 2026\t\t\t\t<\/span>\n\t\t\t<\/span>\n\t\t\t<\/div>\n\t<div class=\"venue\">\n\t\t<i class=\"fas fa-map-marker-alt icon_event\"><\/i>\n\t\t<span class=\"number\">\n\t\t\tCalle de Cant\u00f3n R\u00edo Chiquito, Chalatenango\t\t<\/span>\n\t<\/div>\n\t<div class=\"social\" style=\"margin-top: 7px;\">\n\t\t<i class=\"fas fa-info-circle icon_event\"><\/i>\n\t\t<span class=\"number\">\n\t\t\t<a href=\"https:\/\/www.facebook.com\/profile.php?id=100067312324255\" target=\"_blank\">M\u00e1s informaci\u00f3n<\/a>\n\t\t<\/span>\n\t<\/div>\n\t\t\t\t<\/div>\n\t\t\t\t\n<div class=\"button_event\">\n\t<a class=\"view_detail second_font\" href=\"https:\/\/elsalvador.travel\/esp\/en\/event\/agroaventura-san-ignacio\/\">\n\t\tMore details\t<\/a>\n<\/div>\t\t\t<\/div>\n\t\t<\/div>\n\t<\/div>\n<\/div>\n<div class=\"ovaev-content\">\n\t<div class=\"type1\">\n\t\t\t<div class=\"date-event\">\n\t\t<span class=\"date second_font\">\n\t\t\t02\t\t<\/span>\n\t\t<span class=\"month-year second_font\">\n\t\t\t<span class=\"month\">\n\t\t\t\tMay\t\t\t<\/span>\n\t\t\t<span class=\"year\">\n\t\t\t\t2026\t\t\t<\/span>\n\t\t<\/span>\n\t<\/div>\n\t\t<div class=\"desc\">\n\t\t\t\n<div class=\"event-thumbnail\">\t\n\t<a href=\"https:\/\/elsalvador.travel\/esp\/en\/event\/xxx-festival-internacional-del-globo-san-vicente\/\">\n\t\t\t<\/a>\n<\/div>\t\t\t<div class=\"event_post\">\n\t\t\t\t\t<div class=\"post_cat\">\n\t\t<a class=\"event_type\" href=\"https:\/\/elsalvador.travel\/esp\/en\/event_category\/agenda\/\">Agenda<\/a>, <a class=\"event_type\" href=\"https:\/\/elsalvador.travel\/esp\/en\/event_category\/san-vicente\/\">San Vicente<\/a>\t<\/div>\n\n<h2 class=\"second_font event_title\">\n\t<a href=\"https:\/\/elsalvador.travel\/esp\/en\/event\/xxx-festival-internacional-del-globo-san-vicente\/\">\n\t\tXXX Festival Internacional del Globo &#8211; San Vicente\t<\/a>\n<\/h2>\t\t\t\t<div class=\"time-event\">\n\t\t\t\t\t\t<div class=\"time equal-date\">\n\t\t<span class=\"icon-time\">\n\t\t\t<i class=\"far fa-clock icon_event\"><\/i>\n\t\t<\/span>\n\t\t\t\t\t<span class=\"time-date-child\">\n\t\t\t\t<span class=\"date-child\">\n\t\t\t\t\t2 de May de 2026 - \t\t\t\t<\/span>\n\t\t\t<\/span>\n\t\t\t<\/div>\n\t<div class=\"venue\">\n\t\t<i class=\"fas fa-map-marker-alt icon_event\"><\/i>\n\t\t<span class=\"number\">\n\t\t\tInstalaciones de FundesArte, San Esteban Catarina, San  Vicente\t\t<\/span>\n\t<\/div>\n\t<div class=\"social\" style=\"margin-top: 7px;\">\n\t\t<i class=\"fas fa-info-circle icon_event\"><\/i>\n\t\t<span class=\"number\">\n\t\t\t<a href=\"https:\/\/www.facebook.com\/profile.php?id=61574427635887\" target=\"_blank\">M\u00e1s informaci\u00f3n<\/a>\n\t\t<\/span>\n\t<\/div>\n\t\t\t\t<\/div>\n\t\t\t\t\n<div class=\"button_event\">\n\t<a class=\"view_detail second_font\" href=\"https:\/\/elsalvador.travel\/esp\/en\/event\/xxx-festival-internacional-del-globo-san-vicente\/\">\n\t\tMore details\t<\/a>\n<\/div>\t\t\t<\/div>\n\t\t<\/div>\n\t<\/div>\n<\/div>\n<div class=\"ovaev-content\">\n\t<div class=\"type1\">\n\t\t\t<div class=\"date-event\">\n\t\t<span class=\"date second_font\">\n\t\t\t02\t\t<\/span>\n\t\t<span class=\"month-year second_font\">\n\t\t\t<span class=\"month\">\n\t\t\t\tMay\t\t\t<\/span>\n\t\t\t<span class=\"year\">\n\t\t\t\t2026\t\t\t<\/span>\n\t\t<\/span>\n\t<\/div>\n\t\t<div class=\"desc\">\n\t\t\t\n<div class=\"event-thumbnail\">\t\n\t<a href=\"https:\/\/elsalvador.travel\/esp\/en\/event\/festival-de-los-4-horizontes-metapan\/\">\n\t\t\t<\/a>\n<\/div>\t\t\t<div class=\"event_post\">\n\t\t\t\t\t<div class=\"post_cat\">\n\t\t<a class=\"event_type\" href=\"https:\/\/elsalvador.travel\/esp\/en\/event_category\/agenda\/\">Agenda<\/a>, <a class=\"event_type\" href=\"https:\/\/elsalvador.travel\/esp\/en\/event_category\/santa-ana\/\">Santa Ana<\/a>\t<\/div>\n\n<h2 class=\"second_font event_title\">\n\t<a href=\"https:\/\/elsalvador.travel\/esp\/en\/event\/festival-de-los-4-horizontes-metapan\/\">\n\t\tFestival de Los 4 Horizontes &#8211; Metap\u00e1n\t<\/a>\n<\/h2>\t\t\t\t<div class=\"time-event\">\n\t\t\t\t\t\t<div class=\"time equal-date\">\n\t\t<span class=\"icon-time\">\n\t\t\t<i class=\"far fa-clock icon_event\"><\/i>\n\t\t<\/span>\n\t\t\t\t\t<span class=\"time-date-child\">\n\t\t\t\t<span class=\"date-child\">\n\t\t\t\t\t2 de May de 2026 - \t\t\t\t<\/span>\n\t\t\t<\/span>\n\t\t\t<\/div>\n\t<div class=\"venue\">\n\t\t<i class=\"fas fa-map-marker-alt icon_event\"><\/i>\n\t\t<span class=\"number\">\n\t\t\tParque de Metap\u00e1n, Santa Ana \t\t<\/span>\n\t<\/div>\n\t<div class=\"social\" style=\"margin-top: 7px;\">\n\t\t<i class=\"fas fa-info-circle icon_event\"><\/i>\n\t\t<span class=\"number\">\n\t\t\t<a href=\"http:\/\/facebook.com\/AlcaldiadeMetapan\" target=\"_blank\">M\u00e1s informaci\u00f3n<\/a>\n\t\t<\/span>\n\t<\/div>\n\t\t\t\t<\/div>\n\t\t\t\t\n<div class=\"button_event\">\n\t<a class=\"view_detail second_font\" href=\"https:\/\/elsalvador.travel\/esp\/en\/event\/festival-de-los-4-horizontes-metapan\/\">\n\t\tMore details\t<\/a>\n<\/div>\t\t\t<\/div>\n\t\t<\/div>\n\t<\/div>\n<\/div>\n<div class=\"ovaev-content\">\n\t<div class=\"type1\">\n\t\t\t<div class=\"date-event\">\n\t\t<span class=\"date second_font\">\n\t\t\t03\t\t<\/span>\n\t\t<span class=\"month-year second_font\">\n\t\t\t<span class=\"month\">\n\t\t\t\tMay\t\t\t<\/span>\n\t\t\t<span class=\"year\">\n\t\t\t\t2026\t\t\t<\/span>\n\t\t<\/span>\n\t<\/div>\n\t\t<div class=\"desc\">\n\t\t\t\n<div class=\"event-thumbnail\">\t\n\t<a href=\"https:\/\/elsalvador.travel\/esp\/en\/event\/dia-de-la-cruz-la-paz\/\">\n\t\t\t<\/a>\n<\/div>\t\t\t<div class=\"event_post\">\n\t\t\t\t\t<div class=\"post_cat\">\n\t\t<a class=\"event_type\" href=\"https:\/\/elsalvador.travel\/esp\/en\/event_category\/agenda\/\">Agenda<\/a>, <a class=\"event_type\" href=\"https:\/\/elsalvador.travel\/esp\/en\/event_category\/la-paz\/\">La Paz<\/a>\t<\/div>\n\n<h2 class=\"second_font event_title\">\n\t<a href=\"https:\/\/elsalvador.travel\/esp\/en\/event\/dia-de-la-cruz-la-paz\/\">\n\t\tDia de la cruz &#8211; La Paz\t<\/a>\n<\/h2>\t\t\t\t<div class=\"time-event\">\n\t\t\t\t\t\t<div class=\"time equal-date\">\n\t\t<span class=\"icon-time\">\n\t\t\t<i class=\"far fa-clock icon_event\"><\/i>\n\t\t<\/span>\n\t\t\t\t\t<span class=\"time-date-child\">\n\t\t\t\t<span class=\"date-child\">\n\t\t\t\t\t3 de May de 2026 - \t\t\t\t<\/span>\n\t\t\t<\/span>\n\t\t\t<\/div>\n\t<div class=\"venue\">\n\t\t<i class=\"fas fa-map-marker-alt icon_event\"><\/i>\n\t\t<span class=\"number\">\n\t\t\tZona cultural frente a iglesia San Juan Bautista, San Juan Nonualco, La Paz\t\t<\/span>\n\t<\/div>\n\t<div class=\"social\" style=\"margin-top: 7px;\">\n\t\t<i class=\"fas fa-info-circle icon_event\"><\/i>\n\t\t<span class=\"number\">\n\t\t\t<a href=\"https:\/\/www.facebook.com\/share\/1LdGVixBY7\/\" target=\"_blank\">M\u00e1s informaci\u00f3n<\/a>\n\t\t<\/span>\n\t<\/div>\n\t\t\t\t<\/div>\n\t\t\t\t\n<div class=\"button_event\">\n\t<a class=\"view_detail second_font\" href=\"https:\/\/elsalvador.travel\/esp\/en\/event\/dia-de-la-cruz-la-paz\/\">\n\t\tMore details\t<\/a>\n<\/div>\t\t\t<\/div>\n\t\t<\/div>\n\t<\/div>\n<\/div>\n<div class=\"ovaev-content\">\n\t<div class=\"type1\">\n\t\t\t<div class=\"date-event\">\n\t\t<span class=\"date second_font\">\n\t\t\t04\t\t<\/span>\n\t\t<span class=\"month-year second_font\">\n\t\t\t<span class=\"month\">\n\t\t\t\tMay\t\t\t<\/span>\n\t\t\t<span class=\"year\">\n\t\t\t\t2026\t\t\t<\/span>\n\t\t<\/span>\n\t<\/div>\n\t\t<div class=\"desc\">\n\t\t\t\n<div class=\"event-thumbnail\">\t\n\t<a href=\"https:\/\/elsalvador.travel\/esp\/en\/event\/festival-de-las-flores-y-las-palmas\/\">\n\t\t\t<\/a>\n<\/div>\t\t\t<div class=\"event_post\">\n\t\t\t\t\t<div class=\"post_cat\">\n\t\t<a class=\"event_type\" href=\"https:\/\/elsalvador.travel\/esp\/en\/event_category\/agenda\/\">Agenda<\/a>, <a class=\"event_type\" href=\"https:\/\/elsalvador.travel\/esp\/en\/event_category\/san-salvador\/\">San Salvador<\/a>\t<\/div>\n\n<h2 class=\"second_font event_title\">\n\t<a href=\"https:\/\/elsalvador.travel\/esp\/en\/event\/festival-de-las-flores-y-las-palmas\/\">\n\t\tFestival de Las Flores y Las Palmas\t<\/a>\n<\/h2>\t\t\t\t<div class=\"time-event\">\n\t\t\t\t\t\t<div class=\"time equal-date\">\n\t\t<span class=\"icon-time\">\n\t\t\t<i class=\"far fa-clock icon_event\"><\/i>\n\t\t<\/span>\n\t\t\t\t\t<span class=\"time-date-child\">\n\t\t\t\t<span class=\"date-child\">\n\t\t\t\t\t4 de May de 2026 - 11 de May de 2026\t\t\t\t<\/span>\n\t\t\t<\/span>\n\t\t\t<\/div>\n\t<div class=\"venue\">\n\t\t<i class=\"fas fa-map-marker-alt icon_event\"><\/i>\n\t\t<span class=\"number\">\n\t\t\tDistrito de Panchimalco\t\t<\/span>\n\t<\/div>\n\t<div class=\"social\" style=\"margin-top: 7px;\">\n\t\t<i class=\"fas fa-info-circle icon_event\"><\/i>\n\t\t<span class=\"number\">\n\t\t\t<a href=\"https:\/\/www.facebook.com\/AlcaldiaDePanchimalco\" target=\"_blank\">M\u00e1s informaci\u00f3n<\/a>\n\t\t<\/span>\n\t<\/div>\n\t\t\t\t<\/div>\n\t\t\t\t\n<div class=\"button_event\">\n\t<a class=\"view_detail second_font\" href=\"https:\/\/elsalvador.travel\/esp\/en\/event\/festival-de-las-flores-y-las-palmas\/\">\n\t\tMore details\t<\/a>\n<\/div>\t\t\t<\/div>\n\t\t<\/div>\n\t<\/div>\n<\/div>\n<div class=\"ovaev-content\">\n\t<div class=\"type1\">\n\t\t\t<div class=\"date-event\">\n\t\t<span class=\"date second_font\">\n\t\t\t07\t\t<\/span>\n\t\t<span class=\"month-year second_font\">\n\t\t\t<span class=\"month\">\n\t\t\t\tMay\t\t\t<\/span>\n\t\t\t<span class=\"year\">\n\t\t\t\t2026\t\t\t<\/span>\n\t\t<\/span>\n\t<\/div>\n\t\t<div class=\"desc\">\n\t\t\t\n<div class=\"event-thumbnail\">\t\n\t<a href=\"https:\/\/elsalvador.travel\/esp\/en\/event\/miguel-bose\/\">\n\t\t\t<\/a>\n<\/div>\t\t\t<div class=\"event_post\">\n\t\t\t\t\t<div class=\"post_cat\">\n\t\t<a class=\"event_type\" href=\"https:\/\/elsalvador.travel\/esp\/en\/event_category\/agenda\/\">Agenda<\/a>, <a class=\"event_type\" href=\"https:\/\/elsalvador.travel\/esp\/en\/event_category\/san-salvador\/\">San Salvador<\/a>\t<\/div>\n\n<h2 class=\"second_font event_title\">\n\t<a href=\"https:\/\/elsalvador.travel\/esp\/en\/event\/miguel-bose\/\">\n\t\tConcierto Miguel Bos\u00e9\t<\/a>\n<\/h2>\t\t\t\t<div class=\"time-event\">\n\t\t\t\t\t\t<div class=\"time equal-date\">\n\t\t<span class=\"icon-time\">\n\t\t\t<i class=\"far fa-clock icon_event\"><\/i>\n\t\t<\/span>\n\t\t\t\t\t<span class=\"time-date-child\">\n\t\t\t\t<span class=\"date-child\">\n\t\t\t\t\t7 de May de 2026 - \t\t\t\t<\/span>\n\t\t\t<\/span>\n\t\t\t<\/div>\n\t<div class=\"social\" style=\"margin-top: 7px;\">\n\t\t<i class=\"fas fa-info-circle icon_event\"><\/i>\n\t\t<span class=\"number\">\n\t\t\t<a href=\"https:\/\/www.instagram.com\/p\/DUMBcPuDxPn\/?img_index=2&amp;igsh=ZTVncTE2NzEwMjQx\" target=\"_blank\">M\u00e1s informaci\u00f3n<\/a>\n\t\t<\/span>\n\t<\/div>\n\t\t\t\t<\/div>\n\t\t\t\t\n<div class=\"button_event\">\n\t<a class=\"view_detail second_font\" href=\"https:\/\/elsalvador.travel\/esp\/en\/event\/miguel-bose\/\">\n\t\tMore details\t<\/a>\n<\/div>\t\t\t<\/div>\n\t\t<\/div>\n\t<\/div>\n<\/div>\n<div class=\"ovaev-content\">\n\t<div class=\"type1\">\n\t\t\t<div class=\"date-event\">\n\t\t<span class=\"date second_font\">\n\t\t\t09\t\t<\/span>\n\t\t<span class=\"month-year second_font\">\n\t\t\t<span class=\"month\">\n\t\t\t\tMay\t\t\t<\/span>\n\t\t\t<span class=\"year\">\n\t\t\t\t2026\t\t\t<\/span>\n\t\t<\/span>\n\t<\/div>\n\t\t<div class=\"desc\">\n\t\t\t\n<div class=\"event-thumbnail\">\t\n\t<a href=\"https:\/\/elsalvador.travel\/esp\/en\/event\/celebracion-del-dia-de-la-madre-chalatenango\/\">\n\t\t\t<\/a>\n<\/div>\t\t\t<div class=\"event_post\">\n\t\t\t\t\t<div class=\"post_cat\">\n\t\t<a class=\"event_type\" href=\"https:\/\/elsalvador.travel\/esp\/en\/event_category\/agenda\/\">Agenda<\/a>, <a class=\"event_type\" href=\"https:\/\/elsalvador.travel\/esp\/en\/event_category\/chalatenango\/\">Chalatenango<\/a>\t<\/div>\n\n<h2 class=\"second_font event_title\">\n\t<a href=\"https:\/\/elsalvador.travel\/esp\/en\/event\/celebracion-del-dia-de-la-madre-chalatenango\/\">\n\t\tCelebraci\u00f3n del D\u00eda de La Madre &#8211; Chalatenango\t<\/a>\n<\/h2>\t\t\t\t<div class=\"time-event\">\n\t\t\t\t\t\t<div class=\"time equal-date\">\n\t\t<span class=\"icon-time\">\n\t\t\t<i class=\"far fa-clock icon_event\"><\/i>\n\t\t<\/span>\n\t\t\t\t\t<span class=\"time-date-child\">\n\t\t\t\t<span class=\"date-child\">\n\t\t\t\t\t9 de May de 2026 - \t\t\t\t<\/span>\n\t\t\t<\/span>\n\t\t\t<\/div>\n\t<div class=\"venue\">\n\t\t<i class=\"fas fa-map-marker-alt icon_event\"><\/i>\n\t\t<span class=\"number\">\n\t\t\tLa P\u00e9rgola de San Ignacio, Chalatenango \t\t<\/span>\n\t<\/div>\n\t<div class=\"social\" style=\"margin-top: 7px;\">\n\t\t<i class=\"fas fa-info-circle icon_event\"><\/i>\n\t\t<span class=\"number\">\n\t\t\t<a href=\"https:\/\/www.facebook.com\/profile.php?id=100091488064694\" target=\"_blank\">M\u00e1s informaci\u00f3n<\/a>\n\t\t<\/span>\n\t<\/div>\n\t\t\t\t<\/div>\n\t\t\t\t\n<div class=\"button_event\">\n\t<a class=\"view_detail second_font\" href=\"https:\/\/elsalvador.travel\/esp\/en\/event\/celebracion-del-dia-de-la-madre-chalatenango\/\">\n\t\tMore details\t<\/a>\n<\/div>\t\t\t<\/div>\n\t\t<\/div>\n\t<\/div>\n<\/div>\n<div class=\"ovaev-content\">\n\t<div class=\"type1\">\n\t\t\t<div class=\"date-event\">\n\t\t<span class=\"date second_font\">\n\t\t\t09\t\t<\/span>\n\t\t<span class=\"month-year second_font\">\n\t\t\t<span class=\"month\">\n\t\t\t\tMay\t\t\t<\/span>\n\t\t\t<span class=\"year\">\n\t\t\t\t2026\t\t\t<\/span>\n\t\t<\/span>\n\t<\/div>\n\t\t<div class=\"desc\">\n\t\t\t\n<div class=\"event-thumbnail\">\t\n\t<a href=\"https:\/\/elsalvador.travel\/esp\/en\/event\/noches-al-pie-de-montana-morazan\/\">\n\t\t\t<\/a>\n<\/div>\t\t\t<div class=\"event_post\">\n\t\t\t\t\t<div class=\"post_cat\">\n\t\t<a class=\"event_type\" href=\"https:\/\/elsalvador.travel\/esp\/en\/event_category\/agenda\/\">Agenda<\/a>, <a class=\"event_type\" href=\"https:\/\/elsalvador.travel\/esp\/en\/event_category\/morazan\/\">Moraz\u00e1n<\/a>\t<\/div>\n\n<h2 class=\"second_font event_title\">\n\t<a href=\"https:\/\/elsalvador.travel\/esp\/en\/event\/noches-al-pie-de-montana-morazan\/\">\n\t\tNoches al Pie de Monta\u00f1a &#8211; Moraz\u00e1n\t<\/a>\n<\/h2>\t\t\t\t<div class=\"time-event\">\n\t\t\t\t\t\t<div class=\"time equal-date\">\n\t\t<span class=\"icon-time\">\n\t\t\t<i class=\"far fa-clock icon_event\"><\/i>\n\t\t<\/span>\n\t\t\t\t\t<span class=\"time-date-child\">\n\t\t\t\t<span class=\"date-child\">\n\t\t\t\t\t9 de May de 2026 - \t\t\t\t<\/span>\n\t\t\t<\/span>\n\t\t\t<\/div>\n\t<div class=\"venue\">\n\t\t<i class=\"fas fa-map-marker-alt icon_event\"><\/i>\n\t\t<span class=\"number\">\n\t\t\tParque Central de Arambala, Moraz\u00e1n \t\t<\/span>\n\t<\/div>\n\t\t\t\t<\/div>\n\t\t\t\t\n<div class=\"button_event\">\n\t<a class=\"view_detail second_font\" href=\"https:\/\/elsalvador.travel\/esp\/en\/event\/noches-al-pie-de-montana-morazan\/\">\n\t\tMore details\t<\/a>\n<\/div>\t\t\t<\/div>\n\t\t<\/div>\n\t<\/div>\n<\/div>\n<div class=\"ovaev-content\">\n\t<div class=\"type1\">\n\t\t\t<div class=\"date-event\">\n\t\t<span class=\"date second_font\">\n\t\t\t11\t\t<\/span>\n\t\t<span class=\"month-year second_font\">\n\t\t\t<span class=\"month\">\n\t\t\t\tMay\t\t\t<\/span>\n\t\t\t<span class=\"year\">\n\t\t\t\t2026\t\t\t<\/span>\n\t\t<\/span>\n\t<\/div>\n\t\t<div class=\"desc\">\n\t\t\t\n<div class=\"event-thumbnail\">\t\n\t<a href=\"https:\/\/elsalvador.travel\/esp\/en\/event\/torneo-de-ajedrez\/\">\n\t\t\t<\/a>\n<\/div>\t\t\t<div class=\"event_post\">\n\t\t\t\t\t<div class=\"post_cat\">\n\t\t<a class=\"event_type\" href=\"https:\/\/elsalvador.travel\/esp\/en\/event_category\/agenda\/\">Agenda<\/a>, <a class=\"event_type\" href=\"https:\/\/elsalvador.travel\/esp\/en\/event_category\/sonsonate\/\">Sonsonate<\/a>\t<\/div>\n\n<h2 class=\"second_font event_title\">\n\t<a href=\"https:\/\/elsalvador.travel\/esp\/en\/event\/torneo-de-ajedrez\/\">\n\t\tTorneo de ajedr\u00e9z\t<\/a>\n<\/h2>\t\t\t\t<div class=\"time-event\">\n\t\t\t\t\t\t<div class=\"time equal-date\">\n\t\t<span class=\"icon-time\">\n\t\t\t<i class=\"far fa-clock icon_event\"><\/i>\n\t\t<\/span>\n\t\t\t\t\t<span class=\"time-date-child\">\n\t\t\t\t<span class=\"date-child\">\n\t\t\t\t\t11 de May de 2026 - 18 de May de 2026\t\t\t\t<\/span>\n\t\t\t<\/span>\n\t\t\t<\/div>\n\t<div class=\"venue\">\n\t\t<i class=\"fas fa-map-marker-alt icon_event\"><\/i>\n\t\t<span class=\"number\">\n\t\t\tHotel Decameron\t\t<\/span>\n\t<\/div>\n\t<div class=\"social\" style=\"margin-top: 7px;\">\n\t\t<i class=\"fas fa-info-circle icon_event\"><\/i>\n\t\t<span class=\"number\">\n\t\t\t<a href=\"https:\/\/www.facebook.com\/FSAjedrez\/?locale=es_LA\" target=\"_blank\">M\u00e1s informaci\u00f3n<\/a>\n\t\t<\/span>\n\t<\/div>\n\t\t\t\t<\/div>\n\t\t\t\t\n<div class=\"button_event\">\n\t<a class=\"view_detail second_font\" href=\"https:\/\/elsalvador.travel\/esp\/en\/event\/torneo-de-ajedrez\/\">\n\t\tMore details\t<\/a>\n<\/div>\t\t\t<\/div>\n\t\t<\/div>\n\t<\/div>\n<\/div>\n<div class=\"ovaev-content\">\n\t<div class=\"type1\">\n\t\t\t<div class=\"date-event\">\n\t\t<span class=\"date second_font\">\n\t\t\t15\t\t<\/span>\n\t\t<span class=\"month-year second_font\">\n\t\t\t<span class=\"month\">\n\t\t\t\tMay\t\t\t<\/span>\n\t\t\t<span class=\"year\">\n\t\t\t\t2026\t\t\t<\/span>\n\t\t<\/span>\n\t<\/div>\n\t\t<div class=\"desc\">\n\t\t\t\n<div class=\"event-thumbnail\">\t\n\t<a href=\"https:\/\/elsalvador.travel\/esp\/en\/event\/concierto-sebastian-yatra\/\">\n\t\t\t<\/a>\n<\/div>\t\t\t<div class=\"event_post\">\n\t\t\t\t\t<div class=\"post_cat\">\n\t\t<a class=\"event_type\" href=\"https:\/\/elsalvador.travel\/esp\/en\/event_category\/agenda\/\">Agenda<\/a>, <a class=\"event_type\" href=\"https:\/\/elsalvador.travel\/esp\/en\/event_category\/san-salvador\/\">San Salvador<\/a>\t<\/div>\n\n<h2 class=\"second_font event_title\">\n\t<a href=\"https:\/\/elsalvador.travel\/esp\/en\/event\/concierto-sebastian-yatra\/\">\n\t\tConcierto Sebasti\u00e1n Yatra\t<\/a>\n<\/h2>\t\t\t\t<div class=\"time-event\">\n\t\t\t\t\t\t<div class=\"time equal-date\">\n\t\t<span class=\"icon-time\">\n\t\t\t<i class=\"far fa-clock icon_event\"><\/i>\n\t\t<\/span>\n\t\t\t\t\t<span class=\"time-date-child\">\n\t\t\t\t<span class=\"date-child\">\n\t\t\t\t\t15 de May de 2026 - \t\t\t\t<\/span>\n\t\t\t<\/span>\n\t\t\t<\/div>\n\t<div class=\"venue\">\n\t\t<i class=\"fas fa-map-marker-alt icon_event\"><\/i>\n\t\t<span class=\"number\">\n\t\t\tComplejo Deportivo Cuscatl\u00e1n\t\t<\/span>\n\t<\/div>\n\t<div class=\"social\" style=\"margin-top: 7px;\">\n\t\t<i class=\"fas fa-info-circle icon_event\"><\/i>\n\t\t<span class=\"number\">\n\t\t\t<a href=\"https:\/\/www.facebook.com\/OficialSebastianYatra\/posts\/pfbid026MigAgRtkGDfJpgHWNYCahj1meh59ct3YiQGwYZZ7i2eTVcoXiGA4TNUcv96Uaicl?rdid=tHxF8eFg0kfNcCt7#\" target=\"_blank\">M\u00e1s informaci\u00f3n<\/a>\n\t\t<\/span>\n\t<\/div>\n\t\t\t\t<\/div>\n\t\t\t\t\n<div class=\"button_event\">\n\t<a class=\"view_detail second_font\" href=\"https:\/\/elsalvador.travel\/esp\/en\/event\/concierto-sebastian-yatra\/\">\n\t\tMore details\t<\/a>\n<\/div>\t\t\t<\/div>\n\t\t<\/div>\n\t<\/div>\n<\/div>\n<div class=\"ovaev-content\">\n\t<div class=\"type1\">\n\t\t\t<div class=\"date-event\">\n\t\t<span class=\"date second_font\">\n\t\t\t16\t\t<\/span>\n\t\t<span class=\"month-year second_font\">\n\t\t\t<span class=\"month\">\n\t\t\t\tMay\t\t\t<\/span>\n\t\t\t<span class=\"year\">\n\t\t\t\t2026\t\t\t<\/span>\n\t\t<\/span>\n\t<\/div>\n\t\t<div class=\"desc\">\n\t\t\t\n<div class=\"event-thumbnail\">\t\n\t<a href=\"https:\/\/elsalvador.travel\/esp\/en\/event\/concierto-marco-antonio-solis\/\">\n\t\t\t<\/a>\n<\/div>\t\t\t<div class=\"event_post\">\n\t\t\t\t\t<div class=\"post_cat\">\n\t\t<a class=\"event_type\" href=\"https:\/\/elsalvador.travel\/esp\/en\/event_category\/agenda\/\">Agenda<\/a>, <a class=\"event_type\" href=\"https:\/\/elsalvador.travel\/esp\/en\/event_category\/san-salvador\/\">San Salvador<\/a>\t<\/div>\n\n<h2 class=\"second_font event_title\">\n\t<a href=\"https:\/\/elsalvador.travel\/esp\/en\/event\/concierto-marco-antonio-solis\/\">\n\t\tConcierto Marco Antonio Sol\u00eds\t<\/a>\n<\/h2>\t\t\t\t<div class=\"time-event\">\n\t\t\t\t\t\t<div class=\"time equal-date\">\n\t\t<span class=\"icon-time\">\n\t\t\t<i class=\"far fa-clock icon_event\"><\/i>\n\t\t<\/span>\n\t\t\t\t\t<span class=\"time-date-child\">\n\t\t\t\t<span class=\"date-child\">\n\t\t\t\t\t16 de May de 2026 - \t\t\t\t<\/span>\n\t\t\t<\/span>\n\t\t\t<\/div>\n\t<div class=\"social\" style=\"margin-top: 7px;\">\n\t\t<i class=\"fas fa-info-circle icon_event\"><\/i>\n\t\t<span class=\"number\">\n\t\t\t<a href=\"https:\/\/www.facebook.com\/marcoantoniosolis\/posts\/pfbid02ENRA8yG3bCXi39xtw8NucXgBv9KRopwKFRTkshRoZqzL6vGA65C2yUjheCEtNKAul?rdid=uShnPoF6FDu32KDK#\" target=\"_blank\">M\u00e1s informaci\u00f3n<\/a>\n\t\t<\/span>\n\t<\/div>\n\t\t\t\t<\/div>\n\t\t\t\t\n<div class=\"button_event\">\n\t<a class=\"view_detail second_font\" href=\"https:\/\/elsalvador.travel\/esp\/en\/event\/concierto-marco-antonio-solis\/\">\n\t\tMore details\t<\/a>\n<\/div>\t\t\t<\/div>\n\t\t<\/div>\n\t<\/div>\n<\/div>\n<div class=\"ovaev-content\">\n\t<div class=\"type1\">\n\t\t\t<div class=\"date-event\">\n\t\t<span class=\"date second_font\">\n\t\t\t17\t\t<\/span>\n\t\t<span class=\"month-year second_font\">\n\t\t\t<span class=\"month\">\n\t\t\t\tMay\t\t\t<\/span>\n\t\t\t<span class=\"year\">\n\t\t\t\t2026\t\t\t<\/span>\n\t\t<\/span>\n\t<\/div>\n\t\t<div class=\"desc\">\n\t\t\t\n<div class=\"event-thumbnail\">\t\n\t<a href=\"https:\/\/elsalvador.travel\/esp\/en\/event\/festival-del-dia-de-la-fruta-san-juan-opico\/\">\n\t\t\t<\/a>\n<\/div>\t\t\t<div class=\"event_post\">\n\t\t\t\t\t<div class=\"post_cat\">\n\t\t<a class=\"event_type\" href=\"https:\/\/elsalvador.travel\/esp\/en\/event_category\/agenda\/\">Agenda<\/a>, <a class=\"event_type\" href=\"https:\/\/elsalvador.travel\/esp\/en\/event_category\/la-libertad\/\">La Libertad<\/a>\t<\/div>\n\n<h2 class=\"second_font event_title\">\n\t<a href=\"https:\/\/elsalvador.travel\/esp\/en\/event\/festival-del-dia-de-la-fruta-san-juan-opico\/\">\n\t\tFestival del D\u00eda de la Fruta &#8211; San Juan Opico\t<\/a>\n<\/h2>\t\t\t\t<div class=\"time-event\">\n\t\t\t\t\t\t<div class=\"time equal-date\">\n\t\t<span class=\"icon-time\">\n\t\t\t<i class=\"far fa-clock icon_event\"><\/i>\n\t\t<\/span>\n\t\t\t\t\t<span class=\"time-date-child\">\n\t\t\t\t<span class=\"date-child\">\n\t\t\t\t\t17 de May de 2026 - \t\t\t\t<\/span>\n\t\t\t<\/span>\n\t\t\t<\/div>\n\t<div class=\"venue\">\n\t\t<i class=\"fas fa-map-marker-alt icon_event\"><\/i>\n\t\t<span class=\"number\">\n\t\t\tParque Central de San Juan Opico, La Libertad\t\t<\/span>\n\t<\/div>\n\t\t\t\t<\/div>\n\t\t\t\t\n<div class=\"button_event\">\n\t<a class=\"view_detail second_font\" href=\"https:\/\/elsalvador.travel\/esp\/en\/event\/festival-del-dia-de-la-fruta-san-juan-opico\/\">\n\t\tMore details\t<\/a>\n<\/div>\t\t\t<\/div>\n\t\t<\/div>\n\t<\/div>\n<\/div>\n<div class=\"ovaev-content\">\n\t<div class=\"type1\">\n\t\t\t<div class=\"date-event\">\n\t\t<span class=\"date second_font\">\n\t\t\t20\t\t<\/span>\n\t\t<span class=\"month-year second_font\">\n\t\t\t<span class=\"month\">\n\t\t\t\tMay\t\t\t<\/span>\n\t\t\t<span class=\"year\">\n\t\t\t\t2026\t\t\t<\/span>\n\t\t<\/span>\n\t<\/div>\n\t\t<div class=\"desc\">\n\t\t\t\n<div class=\"event-thumbnail\">\t\n\t<a href=\"https:\/\/elsalvador.travel\/esp\/en\/event\/wine-dinner-2\/\">\n\t\t\t<\/a>\n<\/div>\t\t\t<div class=\"event_post\">\n\t\t\t\t\t<div class=\"post_cat\">\n\t\t<a class=\"event_type\" href=\"https:\/\/elsalvador.travel\/esp\/en\/event_category\/agenda\/\">Agenda<\/a>, <a class=\"event_type\" href=\"https:\/\/elsalvador.travel\/esp\/en\/event_category\/san-salvador\/\">San Salvador<\/a>\t<\/div>\n\n<h2 class=\"second_font event_title\">\n\t<a href=\"https:\/\/elsalvador.travel\/esp\/en\/event\/wine-dinner-2\/\">\n\t\tWine Dinner\t<\/a>\n<\/h2>\t\t\t\t<div class=\"time-event\">\n\t\t\t\t\t\t<div class=\"time equal-date\">\n\t\t<span class=\"icon-time\">\n\t\t\t<i class=\"far fa-clock icon_event\"><\/i>\n\t\t<\/span>\n\t\t\t\t\t<span class=\"time-date-child\">\n\t\t\t\t<span class=\"date-child\">\n\t\t\t\t\t20 de May de 2026 - \t\t\t\t<\/span>\n\t\t\t<\/span>\n\t\t\t<\/div>\n\t<div class=\"social\" style=\"margin-top: 7px;\">\n\t\t<i class=\"fas fa-info-circle icon_event\"><\/i>\n\t\t<span class=\"number\">\n\t\t\t<a href=\"https:\/\/www.instagram.com\/cheffortheworld\/\" target=\"_blank\">M\u00e1s informaci\u00f3n<\/a>\n\t\t<\/span>\n\t<\/div>\n\t\t\t\t<\/div>\n\t\t\t\t\n<div class=\"button_event\">\n\t<a class=\"view_detail second_font\" href=\"https:\/\/elsalvador.travel\/esp\/en\/event\/wine-dinner-2\/\">\n\t\tMore details\t<\/a>\n<\/div>\t\t\t<\/div>\n\t\t<\/div>\n\t<\/div>\n<\/div>\n<div class=\"ovaev-content\">\n\t<div class=\"type1\">\n\t\t\t<div class=\"date-event\">\n\t\t<span class=\"date second_font\">\n\t\t\t22\t\t<\/span>\n\t\t<span class=\"month-year second_font\">\n\t\t\t<span class=\"month\">\n\t\t\t\tMay\t\t\t<\/span>\n\t\t\t<span class=\"year\">\n\t\t\t\t2026\t\t\t<\/span>\n\t\t<\/span>\n\t<\/div>\n\t\t<div class=\"desc\">\n\t\t\t\n<div class=\"event-thumbnail\">\t\n\t<a href=\"https:\/\/elsalvador.travel\/esp\/en\/event\/jesse-joy\/\">\n\t\t\t<\/a>\n<\/div>\t\t\t<div class=\"event_post\">\n\t\t\t\t\t<div class=\"post_cat\">\n\t\t<a class=\"event_type\" href=\"https:\/\/elsalvador.travel\/esp\/en\/event_category\/agenda\/\">Agenda<\/a>, <a class=\"event_type\" href=\"https:\/\/elsalvador.travel\/esp\/en\/event_category\/san-salvador\/\">San Salvador<\/a>\t<\/div>\n\n<h2 class=\"second_font event_title\">\n\t<a href=\"https:\/\/elsalvador.travel\/esp\/en\/event\/jesse-joy\/\">\n\t\tJesse &#038; Joy\t<\/a>\n<\/h2>\t\t\t\t<div class=\"time-event\">\n\t\t\t\t\t\t<div class=\"time equal-date\">\n\t\t<span class=\"icon-time\">\n\t\t\t<i class=\"far fa-clock icon_event\"><\/i>\n\t\t<\/span>\n\t\t\t\t\t<span class=\"time-date-child\">\n\t\t\t\t<span class=\"date-child\">\n\t\t\t\t\t22 de May de 2026 - \t\t\t\t<\/span>\n\t\t\t<\/span>\n\t\t\t<\/div>\n\t<div class=\"venue\">\n\t\t<i class=\"fas fa-map-marker-alt icon_event\"><\/i>\n\t\t<span class=\"number\">\n\t\t\tComplejo Estadio Cuscatl\u00e1n\t\t<\/span>\n\t<\/div>\n\t<div class=\"social\" style=\"margin-top: 7px;\">\n\t\t<i class=\"fas fa-info-circle icon_event\"><\/i>\n\t\t<span class=\"number\">\n\t\t\t<a href=\"https:\/\/www.instagram.com\/reel\/DWkF6QjjwX6\/\" target=\"_blank\">M\u00e1s informaci\u00f3n<\/a>\n\t\t<\/span>\n\t<\/div>\n\t\t\t\t<\/div>\n\t\t\t\t\n<div class=\"button_event\">\n\t<a class=\"view_detail second_font\" href=\"https:\/\/elsalvador.travel\/esp\/en\/event\/jesse-joy\/\">\n\t\tMore details\t<\/a>\n<\/div>\t\t\t<\/div>\n\t\t<\/div>\n\t<\/div>\n<\/div>\n<div class=\"ovaev-content\">\n\t<div class=\"type1\">\n\t\t\t<div class=\"date-event\">\n\t\t<span class=\"date second_font\">\n\t\t\t22\t\t<\/span>\n\t\t<span class=\"month-year second_font\">\n\t\t\t<span class=\"month\">\n\t\t\t\tMay\t\t\t<\/span>\n\t\t\t<span class=\"year\">\n\t\t\t\t2026\t\t\t<\/span>\n\t\t<\/span>\n\t<\/div>\n\t\t<div class=\"desc\">\n\t\t\t\n<div class=\"event-thumbnail\">\t\n\t<a href=\"https:\/\/elsalvador.travel\/esp\/en\/event\/noche-de-aceleracion-biker-9\/\">\n\t\t\t<\/a>\n<\/div>\t\t\t<div class=\"event_post\">\n\t\t\t\t\t<div class=\"post_cat\">\n\t\t<a class=\"event_type\" href=\"https:\/\/elsalvador.travel\/esp\/en\/event_category\/agenda\/\">Agenda<\/a>, <a class=\"event_type\" href=\"https:\/\/elsalvador.travel\/esp\/en\/event_category\/san-salvador\/\">San Salvador<\/a>\t<\/div>\n\n<h2 class=\"second_font event_title\">\n\t<a href=\"https:\/\/elsalvador.travel\/esp\/en\/event\/noche-de-aceleracion-biker-9\/\">\n\t\tNoche de Aceleraci\u00f3n Biker\t<\/a>\n<\/h2>\t\t\t\t<div class=\"time-event\">\n\t\t\t\t\t\t<div class=\"time equal-date\">\n\t\t<span class=\"icon-time\">\n\t\t\t<i class=\"far fa-clock icon_event\"><\/i>\n\t\t<\/span>\n\t\t\t\t\t<span class=\"time-date-child\">\n\t\t\t\t<span class=\"date-child\">\n\t\t\t\t\t22 de May de 2026 - \t\t\t\t<\/span>\n\t\t\t<\/span>\n\t\t\t<\/div>\n\t<div class=\"venue\">\n\t\t<i class=\"fas fa-map-marker-alt icon_event\"><\/i>\n\t\t<span class=\"number\">\n\t\t\tAut\u00f3dromo El Jabal\u00ed\t\t<\/span>\n\t<\/div>\n\t<div class=\"social\" style=\"margin-top: 7px;\">\n\t\t<i class=\"fas fa-info-circle icon_event\"><\/i>\n\t\t<span class=\"number\">\n\t\t\t<a href=\"https:\/\/www.facebook.com\/AutodromoElJabali\/\" target=\"_blank\">M\u00e1s informaci\u00f3n<\/a>\n\t\t<\/span>\n\t<\/div>\n\t\t\t\t<\/div>\n\t\t\t\t\n<div class=\"button_event\">\n\t<a class=\"view_detail second_font\" href=\"https:\/\/elsalvador.travel\/esp\/en\/event\/noche-de-aceleracion-biker-9\/\">\n\t\tMore details\t<\/a>\n<\/div>\t\t\t<\/div>\n\t\t<\/div>\n\t<\/div>\n<\/div>\n<div class=\"ovaev-content\">\n\t<div class=\"type1\">\n\t\t\t<div class=\"date-event\">\n\t\t<span class=\"date second_font\">\n\t\t\t22\t\t<\/span>\n\t\t<span class=\"month-year second_font\">\n\t\t\t<span class=\"month\">\n\t\t\t\tMay\t\t\t<\/span>\n\t\t\t<span class=\"year\">\n\t\t\t\t2026\t\t\t<\/span>\n\t\t<\/span>\n\t<\/div>\n\t\t<div class=\"desc\">\n\t\t\t\n<div class=\"event-thumbnail\">\t\n\t<a href=\"https:\/\/elsalvador.travel\/esp\/en\/event\/copa-la-fe\/\">\n\t\t\t<\/a>\n<\/div>\t\t\t<div class=\"event_post\">\n\t\t\t\t\t<div class=\"post_cat\">\n\t\t<a class=\"event_type\" href=\"https:\/\/elsalvador.travel\/esp\/en\/event_category\/agenda\/\">Agenda<\/a>, <a class=\"event_type\" href=\"https:\/\/elsalvador.travel\/esp\/en\/event_category\/la-libertad\/\">La Libertad<\/a>\t<\/div>\n\n<h2 class=\"second_font event_title\">\n\t<a href=\"https:\/\/elsalvador.travel\/esp\/en\/event\/copa-la-fe\/\">\n\t\tCopa la F\u00e9\t<\/a>\n<\/h2>\t\t\t\t<div class=\"time-event\">\n\t\t\t\t\t\t<div class=\"time equal-date\">\n\t\t<span class=\"icon-time\">\n\t\t\t<i class=\"far fa-clock icon_event\"><\/i>\n\t\t<\/span>\n\t\t\t\t\t<span class=\"time-date-child\">\n\t\t\t\t<span class=\"date-child\">\n\t\t\t\t\t22 de May de 2026 - 24 de May de 2026\t\t\t\t<\/span>\n\t\t\t<\/span>\n\t\t\t<\/div>\n\t<div class=\"social\" style=\"margin-top: 7px;\">\n\t\t<i class=\"fas fa-info-circle icon_event\"><\/i>\n\t\t<span class=\"number\">\n\t\t\t<a href=\"https:\/\/www.facebook.com\/CopaLaFeTorneoInternacional\/\" target=\"_blank\">M\u00e1s informaci\u00f3n<\/a>\n\t\t<\/span>\n\t<\/div>\n\t\t\t\t<\/div>\n\t\t\t\t\n<div class=\"button_event\">\n\t<a class=\"view_detail second_font\" href=\"https:\/\/elsalvador.travel\/esp\/en\/event\/copa-la-fe\/\">\n\t\tMore details\t<\/a>\n<\/div>\t\t\t<\/div>\n\t\t<\/div>\n\t<\/div>\n<\/div>\n<div class=\"ovaev-content\">\n\t<div class=\"type1\">\n\t\t\t<div class=\"date-event\">\n\t\t<span class=\"date second_font\">\n\t\t\t23\t\t<\/span>\n\t\t<span class=\"month-year second_font\">\n\t\t\t<span class=\"month\">\n\t\t\t\tMay\t\t\t<\/span>\n\t\t\t<span class=\"year\">\n\t\t\t\t2026\t\t\t<\/span>\n\t\t<\/span>\n\t<\/div>\n\t\t<div class=\"desc\">\n\t\t\t\n<div class=\"event-thumbnail\">\t\n\t<a href=\"https:\/\/elsalvador.travel\/esp\/en\/event\/1er-festival-smoda\/\">\n\t\t\t<\/a>\n<\/div>\t\t\t<div class=\"event_post\">\n\t\t\t\t\t<div class=\"post_cat\">\n\t\t<a class=\"event_type\" href=\"https:\/\/elsalvador.travel\/esp\/en\/event_category\/agenda\/\">Agenda<\/a>, <a class=\"event_type\" href=\"https:\/\/elsalvador.travel\/esp\/en\/event_category\/la-paz\/\">La Paz<\/a>\t<\/div>\n\n<h2 class=\"second_font event_title\">\n\t<a href=\"https:\/\/elsalvador.travel\/esp\/en\/event\/1er-festival-smoda\/\">\n\t\t1er Festival Smoda\t<\/a>\n<\/h2>\t\t\t\t<div class=\"time-event\">\n\t\t\t\t\t\t<div class=\"time equal-date\">\n\t\t<span class=\"icon-time\">\n\t\t\t<i class=\"far fa-clock icon_event\"><\/i>\n\t\t<\/span>\n\t\t\t\t\t<span class=\"time-date-child\">\n\t\t\t\t<span class=\"date-child\">\n\t\t\t\t\t23 de May de 2026 - 24 de May de 2026\t\t\t\t<\/span>\n\t\t\t<\/span>\n\t\t\t<\/div>\n\t<div class=\"venue\">\n\t\t<i class=\"fas fa-map-marker-alt icon_event\"><\/i>\n\t\t<span class=\"number\">\n\t\t\tParque Recreativo Costa del Sol\t\t<\/span>\n\t<\/div>\n\t<div class=\"social\" style=\"margin-top: 7px;\">\n\t\t<i class=\"fas fa-info-circle icon_event\"><\/i>\n\t\t<span class=\"number\">\n\t\t\t<a href=\"https:\/\/www.conamype.gob.sv\/\" target=\"_blank\">M\u00e1s informaci\u00f3n<\/a>\n\t\t<\/span>\n\t<\/div>\n\t\t\t\t<\/div>\n\t\t\t\t\n<div class=\"button_event\">\n\t<a class=\"view_detail second_font\" href=\"https:\/\/elsalvador.travel\/esp\/en\/event\/1er-festival-smoda\/\">\n\t\tMore details\t<\/a>\n<\/div>\t\t\t<\/div>\n\t\t<\/div>\n\t<\/div>\n<\/div>\n<div class=\"ovaev-content\">\n\t<div class=\"type1\">\n\t\t\t<div class=\"date-event\">\n\t\t<span class=\"date second_font\">\n\t\t\t26\t\t<\/span>\n\t\t<span class=\"month-year second_font\">\n\t\t\t<span class=\"month\">\n\t\t\t\tMay\t\t\t<\/span>\n\t\t\t<span class=\"year\">\n\t\t\t\t2026\t\t\t<\/span>\n\t\t<\/span>\n\t<\/div>\n\t\t<div class=\"desc\">\n\t\t\t\n<div class=\"event-thumbnail\">\t\n\t<a href=\"https:\/\/elsalvador.travel\/esp\/en\/event\/xxviii-congreso-interamericano-de-profesionales-administrativos\/\">\n\t\t\t<\/a>\n<\/div>\t\t\t<div class=\"event_post\">\n\t\t\t\t\t<div class=\"post_cat\">\n\t\t<a class=\"event_type\" href=\"https:\/\/elsalvador.travel\/esp\/en\/event_category\/agenda\/\">Agenda<\/a>, <a class=\"event_type\" href=\"https:\/\/elsalvador.travel\/esp\/en\/event_category\/san-salvador\/\">San Salvador<\/a>\t<\/div>\n\n<h2 class=\"second_font event_title\">\n\t<a href=\"https:\/\/elsalvador.travel\/esp\/en\/event\/xxviii-congreso-interamericano-de-profesionales-administrativos\/\">\n\t\tXXVIII Congreso Interamericano de Profesionales Administrativos\t<\/a>\n<\/h2>\t\t\t\t<div class=\"time-event\">\n\t\t\t\t\t\t<div class=\"time equal-date\">\n\t\t<span class=\"icon-time\">\n\t\t\t<i class=\"far fa-clock icon_event\"><\/i>\n\t\t<\/span>\n\t\t\t\t\t<span class=\"time-date-child\">\n\t\t\t\t<span class=\"date-child\">\n\t\t\t\t\t26 de May de 2026 - 30 de May de 2026\t\t\t\t<\/span>\n\t\t\t<\/span>\n\t\t\t<\/div>\n\t<div class=\"social\" style=\"margin-top: 7px;\">\n\t\t<i class=\"fas fa-info-circle icon_event\"><\/i>\n\t\t<span class=\"number\">\n\t\t\t<a href=\"https:\/\/www.facebook.com\/aseselsalvador2015\/posts\/bolet%C3%ADn-informativo-sobre-el-xxviii-congreso-interamericano-de-profesionales-adm\/1257862626369150\/\" target=\"_blank\">M\u00e1s informaci\u00f3n<\/a>\n\t\t<\/span>\n\t<\/div>\n\t\t\t\t<\/div>\n\t\t\t\t\n<div class=\"button_event\">\n\t<a class=\"view_detail second_font\" href=\"https:\/\/elsalvador.travel\/esp\/en\/event\/xxviii-congreso-interamericano-de-profesionales-administrativos\/\">\n\t\tMore details\t<\/a>\n<\/div>\t\t\t<\/div>\n\t\t<\/div>\n\t<\/div>\n<\/div>\n<div class=\"ovaev-content\">\n\t<div class=\"type1\">\n\t\t\t<div class=\"date-event\">\n\t\t<span class=\"date second_font\">\n\t\t\t28\t\t<\/span>\n\t\t<span class=\"month-year second_font\">\n\t\t\t<span class=\"month\">\n\t\t\t\tMay\t\t\t<\/span>\n\t\t\t<span class=\"year\">\n\t\t\t\t2026\t\t\t<\/span>\n\t\t<\/span>\n\t<\/div>\n\t\t<div class=\"desc\">\n\t\t\t\n<div class=\"event-thumbnail\">\t\n\t<a href=\"https:\/\/elsalvador.travel\/esp\/en\/event\/norceca-mayor-volley-ball-de-playa\/\">\n\t\t\t<\/a>\n<\/div>\t\t\t<div class=\"event_post\">\n\t\t\t\t\t<div class=\"post_cat\">\n\t\t<a class=\"event_type\" href=\"https:\/\/elsalvador.travel\/esp\/en\/event_category\/agenda\/\">Agenda<\/a>, <a class=\"event_type\" href=\"https:\/\/elsalvador.travel\/esp\/en\/event_category\/san-salvador\/\">San Salvador<\/a>\t<\/div>\n\n<h2 class=\"second_font event_title\">\n\t<a href=\"https:\/\/elsalvador.travel\/esp\/en\/event\/norceca-mayor-volley-ball-de-playa\/\">\n\t\tNORCECA Mayor Volley Ball de Playa\t<\/a>\n<\/h2>\t\t\t\t<div class=\"time-event\">\n\t\t\t\t\t\t<div class=\"time equal-date\">\n\t\t<span class=\"icon-time\">\n\t\t\t<i class=\"far fa-clock icon_event\"><\/i>\n\t\t<\/span>\n\t\t\t\t\t<span class=\"time-date-child\">\n\t\t\t\t<span class=\"date-child\">\n\t\t\t\t\t28 de May de 2026 - 1 de June de 2026\t\t\t\t<\/span>\n\t\t\t<\/span>\n\t\t\t<\/div>\n\t<div class=\"social\" style=\"margin-top: 7px;\">\n\t\t<i class=\"fas fa-info-circle icon_event\"><\/i>\n\t\t<span class=\"number\">\n\t\t\t<a href=\"https:\/\/norceca.info\/\" target=\"_blank\">M\u00e1s informaci\u00f3n<\/a>\n\t\t<\/span>\n\t<\/div>\n\t\t\t\t<\/div>\n\t\t\t\t\n<div class=\"button_event\">\n\t<a class=\"view_detail second_font\" href=\"https:\/\/elsalvador.travel\/esp\/en\/event\/norceca-mayor-volley-ball-de-playa\/\">\n\t\tMore details\t<\/a>\n<\/div>\t\t\t<\/div>\n\t\t<\/div>\n\t<\/div>\n<\/div>\n<div class=\"ovaev-content\">\n\t<div class=\"type1\">\n\t\t\t<div class=\"date-event\">\n\t\t<span class=\"date second_font\">\n\t\t\t31\t\t<\/span>\n\t\t<span class=\"month-year second_font\">\n\t\t\t<span class=\"month\">\n\t\t\t\tMay\t\t\t<\/span>\n\t\t\t<span class=\"year\">\n\t\t\t\t2026\t\t\t<\/span>\n\t\t<\/span>\n\t<\/div>\n\t\t<div class=\"desc\">\n\t\t\t\n<div class=\"event-thumbnail\">\t\n\t<a href=\"https:\/\/elsalvador.travel\/esp\/en\/event\/decimo-festival-del-cangrejo-san-vicente\/\">\n\t\t\t<\/a>\n<\/div>\t\t\t<div class=\"event_post\">\n\t\t\t\t\t<div class=\"post_cat\">\n\t\t<a class=\"event_type\" href=\"https:\/\/elsalvador.travel\/esp\/en\/event_category\/agenda\/\">Agenda<\/a>, <a class=\"event_type\" href=\"https:\/\/elsalvador.travel\/esp\/en\/event_category\/san-vicente\/\">San Vicente<\/a>\t<\/div>\n\n<h2 class=\"second_font event_title\">\n\t<a href=\"https:\/\/elsalvador.travel\/esp\/en\/event\/decimo-festival-del-cangrejo-san-vicente\/\">\n\t\tD\u00e9cimo Festival del Cangrejo &#8211; San Vicente\t<\/a>\n<\/h2>\t\t\t\t<div class=\"time-event\">\n\t\t\t\t\t\t<div class=\"time equal-date\">\n\t\t<span class=\"icon-time\">\n\t\t\t<i class=\"far fa-clock icon_event\"><\/i>\n\t\t<\/span>\n\t\t\t\t\t<span class=\"time-date-child\">\n\t\t\t\t<span class=\"date-child\">\n\t\t\t\t\t31 de May de 2026 - \t\t\t\t<\/span>\n\t\t\t<\/span>\n\t\t\t<\/div>\n\t<div class=\"venue\">\n\t\t<i class=\"fas fa-map-marker-alt icon_event\"><\/i>\n\t\t<span class=\"number\">\n\t\t\tArea Ecoturistica de la Pita, Tecoluca, San Vicente\t\t<\/span>\n\t<\/div>\n\t<div class=\"social\" style=\"margin-top: 7px;\">\n\t\t<i class=\"fas fa-info-circle icon_event\"><\/i>\n\t\t<span class=\"number\">\n\t\t\t<a href=\"https:\/\/www.facebook.com\/share\/1Gy5nctQuD\/\" target=\"_blank\">M\u00e1s informaci\u00f3n<\/a>\n\t\t<\/span>\n\t<\/div>\n\t\t\t\t<\/div>\n\t\t\t\t\n<div class=\"button_event\">\n\t<a class=\"view_detail second_font\" href=\"https:\/\/elsalvador.travel\/esp\/en\/event\/decimo-festival-del-cangrejo-san-vicente\/\">\n\t\tMore details\t<\/a>\n<\/div>\t\t\t<\/div>\n\t\t<\/div>\n\t<\/div>\n<\/div>\n<div class=\"ovaev-content\">\n\t<div class=\"type1\">\n\t\t\t<div class=\"date-event\">\n\t\t<span class=\"date second_font\">\n\t\t\t31\t\t<\/span>\n\t\t<span class=\"month-year second_font\">\n\t\t\t<span class=\"month\">\n\t\t\t\tMay\t\t\t<\/span>\n\t\t\t<span class=\"year\">\n\t\t\t\t2026\t\t\t<\/span>\n\t\t<\/span>\n\t<\/div>\n\t\t<div class=\"desc\">\n\t\t\t\n<div class=\"event-thumbnail\">\t\n\t<a href=\"https:\/\/elsalvador.travel\/esp\/en\/event\/3-horas-del-el-salvador\/\">\n\t\t\t<\/a>\n<\/div>\t\t\t<div class=\"event_post\">\n\t\t\t\t\t<div class=\"post_cat\">\n\t\t<a class=\"event_type\" href=\"https:\/\/elsalvador.travel\/esp\/en\/event_category\/agenda\/\">Agenda<\/a>, <a class=\"event_type\" href=\"https:\/\/elsalvador.travel\/esp\/en\/event_category\/la-libertad\/\">La Libertad<\/a>\t<\/div>\n\n<h2 class=\"second_font event_title\">\n\t<a href=\"https:\/\/elsalvador.travel\/esp\/en\/event\/3-horas-del-el-salvador\/\">\n\t\t3 Horas del El Salvador\t<\/a>\n<\/h2>\t\t\t\t<div class=\"time-event\">\n\t\t\t\t\t\t<div class=\"time equal-date\">\n\t\t<span class=\"icon-time\">\n\t\t\t<i class=\"far fa-clock icon_event\"><\/i>\n\t\t<\/span>\n\t\t\t\t\t<span class=\"time-date-child\">\n\t\t\t\t<span class=\"date-child\">\n\t\t\t\t\t31 de May de 2026 - \t\t\t\t<\/span>\n\t\t\t<\/span>\n\t\t\t<\/div>\n\t<div class=\"venue\">\n\t\t<i class=\"fas fa-map-marker-alt icon_event\"><\/i>\n\t\t<span class=\"number\">\n\t\t\tAut\u00f3dromo El Jabal\u00ed\t\t<\/span>\n\t<\/div>\n\t<div class=\"social\" style=\"margin-top: 7px;\">\n\t\t<i class=\"fas fa-info-circle icon_event\"><\/i>\n\t\t<span class=\"number\">\n\t\t\t<a href=\"https:\/\/www.instagram.com\/reel\/DXcahdPyG8w\/\" target=\"_blank\">M\u00e1s informaci\u00f3n<\/a>\n\t\t<\/span>\n\t<\/div>\n\t\t\t\t<\/div>\n\t\t\t\t\n<div class=\"button_event\">\n\t<a class=\"view_detail second_font\" href=\"https:\/\/elsalvador.travel\/esp\/en\/event\/3-horas-del-el-salvador\/\">\n\t\tMore details\t<\/a>\n<\/div>\t\t\t<\/div>\n\t\t<\/div>\n\t<\/div>\n<\/div>\n<div class=\"ovaev-content\">\n\t<div class=\"type1\">\n\t\t\t<div class=\"date-event\">\n\t\t<span class=\"date second_font\">\n\t\t\t05\t\t<\/span>\n\t\t<span class=\"month-year second_font\">\n\t\t\t<span class=\"month\">\n\t\t\t\tJun\t\t\t<\/span>\n\t\t\t<span class=\"year\">\n\t\t\t\t2026\t\t\t<\/span>\n\t\t<\/span>\n\t<\/div>\n\t\t<div class=\"desc\">\n\t\t\t\n<div class=\"event-thumbnail\">\t\n\t<a href=\"https:\/\/elsalvador.travel\/esp\/en\/event\/surf-city-el-salvador-pro\/\">\n\t\t\t<\/a>\n<\/div>\t\t\t<div class=\"event_post\">\n\t\t\t\t\t<div class=\"post_cat\">\n\t\t<a class=\"event_type\" href=\"https:\/\/elsalvador.travel\/esp\/en\/event_category\/agenda\/\">Agenda<\/a>, <a class=\"event_type\" href=\"https:\/\/elsalvador.travel\/esp\/en\/event_category\/la-libertad\/\">La Libertad<\/a>\t<\/div>\n\n<h2 class=\"second_font event_title\">\n\t<a href=\"https:\/\/elsalvador.travel\/esp\/en\/event\/surf-city-el-salvador-pro\/\">\n\t\tSurf City El Salvador Pro\t<\/a>\n<\/h2>\t\t\t\t<div class=\"time-event\">\n\t\t\t\t\t\t<div class=\"time equal-date\">\n\t\t<span class=\"icon-time\">\n\t\t\t<i class=\"far fa-clock icon_event\"><\/i>\n\t\t<\/span>\n\t\t\t\t\t<span class=\"time-date-child\">\n\t\t\t\t<span class=\"date-child\">\n\t\t\t\t\t5 de June de 2026 - 15 de June de 2026\t\t\t\t<\/span>\n\t\t\t<\/span>\n\t\t\t<\/div>\n\t<div class=\"venue\">\n\t\t<i class=\"fas fa-map-marker-alt icon_event\"><\/i>\n\t\t<span class=\"number\">\n\t\t\tPunta Roca\t\t<\/span>\n\t<\/div>\n\t<div class=\"social\" style=\"margin-top: 7px;\">\n\t\t<i class=\"fas fa-info-circle icon_event\"><\/i>\n\t\t<span class=\"number\">\n\t\t\t<a href=\"https:\/\/www.instagram.com\/surfcity\/\" target=\"_blank\">M\u00e1s informaci\u00f3n<\/a>\n\t\t<\/span>\n\t<\/div>\n\t\t\t\t<\/div>\n\t\t\t\t\n<div class=\"button_event\">\n\t<a class=\"view_detail second_font\" href=\"https:\/\/elsalvador.travel\/esp\/en\/event\/surf-city-el-salvador-pro\/\">\n\t\tMore details\t<\/a>\n<\/div>\t\t\t<\/div>\n\t\t<\/div>\n\t<\/div>\n<\/div>\n<div class=\"ovaev-content\">\n\t<div class=\"type1\">\n\t\t\t<div class=\"date-event\">\n\t\t<span class=\"date second_font\">\n\t\t\t12\t\t<\/span>\n\t\t<span class=\"month-year second_font\">\n\t\t\t<span class=\"month\">\n\t\t\t\tJun\t\t\t<\/span>\n\t\t\t<span class=\"year\">\n\t\t\t\t2026\t\t\t<\/span>\n\t\t<\/span>\n\t<\/div>\n\t\t<div class=\"desc\">\n\t\t\t\n<div class=\"event-thumbnail\">\t\n\t<a href=\"https:\/\/elsalvador.travel\/esp\/en\/event\/noche-de-aceleracion-biker-10\/\">\n\t\t\t<\/a>\n<\/div>\t\t\t<div class=\"event_post\">\n\t\t\t\t\t<div class=\"post_cat\">\n\t\t<a class=\"event_type\" href=\"https:\/\/elsalvador.travel\/esp\/en\/event_category\/agenda\/\">Agenda<\/a>, <a class=\"event_type\" href=\"https:\/\/elsalvador.travel\/esp\/en\/event_category\/san-salvador\/\">San Salvador<\/a>\t<\/div>\n\n<h2 class=\"second_font event_title\">\n\t<a href=\"https:\/\/elsalvador.travel\/esp\/en\/event\/noche-de-aceleracion-biker-10\/\">\n\t\tNoche de Aceleraci\u00f3n Biker\t<\/a>\n<\/h2>\t\t\t\t<div class=\"time-event\">\n\t\t\t\t\t\t<div class=\"time equal-date\">\n\t\t<span class=\"icon-time\">\n\t\t\t<i class=\"far fa-clock icon_event\"><\/i>\n\t\t<\/span>\n\t\t\t\t\t<span class=\"time-date-child\">\n\t\t\t\t<span class=\"date-child\">\n\t\t\t\t\t12 de June de 2026 - \t\t\t\t<\/span>\n\t\t\t<\/span>\n\t\t\t<\/div>\n\t<div class=\"venue\">\n\t\t<i class=\"fas fa-map-marker-alt icon_event\"><\/i>\n\t\t<span class=\"number\">\n\t\t\tAut\u00f3dromo El Jabal\u00ed\t\t<\/span>\n\t<\/div>\n\t<div class=\"social\" style=\"margin-top: 7px;\">\n\t\t<i class=\"fas fa-info-circle icon_event\"><\/i>\n\t\t<span class=\"number\">\n\t\t\t<a href=\"https:\/\/www.facebook.com\/AutodromoElJabali\/\" target=\"_blank\">M\u00e1s informaci\u00f3n<\/a>\n\t\t<\/span>\n\t<\/div>\n\t\t\t\t<\/div>\n\t\t\t\t\n<div class=\"button_event\">\n\t<a class=\"view_detail second_font\" href=\"https:\/\/elsalvador.travel\/esp\/en\/event\/noche-de-aceleracion-biker-10\/\">\n\t\tMore details\t<\/a>\n<\/div>\t\t\t<\/div>\n\t\t<\/div>\n\t<\/div>\n<\/div>\n<div class=\"ovaev-content\">\n\t<div class=\"type1\">\n\t\t\t<div class=\"date-event\">\n\t\t<span class=\"date second_font\">\n\t\t\t20\t\t<\/span>\n\t\t<span class=\"month-year second_font\">\n\t\t\t<span class=\"month\">\n\t\t\t\tJun\t\t\t<\/span>\n\t\t\t<span class=\"year\">\n\t\t\t\t2026\t\t\t<\/span>\n\t\t<\/span>\n\t<\/div>\n\t\t<div class=\"desc\">\n\t\t\t\n<div class=\"event-thumbnail\">\t\n\t<a href=\"https:\/\/elsalvador.travel\/esp\/en\/event\/fecha-automovilismo-direct-english\/\">\n\t\t\t<\/a>\n<\/div>\t\t\t<div class=\"event_post\">\n\t\t\t\t\t<div class=\"post_cat\">\n\t\t<a class=\"event_type\" href=\"https:\/\/elsalvador.travel\/esp\/en\/event_category\/agenda\/\">Agenda<\/a>, <a class=\"event_type\" href=\"https:\/\/elsalvador.travel\/esp\/en\/event_category\/san-salvador\/\">San Salvador<\/a>\t<\/div>\n\n<h2 class=\"second_font event_title\">\n\t<a href=\"https:\/\/elsalvador.travel\/esp\/en\/event\/fecha-automovilismo-direct-english\/\">\n\t\tFecha Automovilismo Direct English\t<\/a>\n<\/h2>\t\t\t\t<div class=\"time-event\">\n\t\t\t\t\t\t<div class=\"time equal-date\">\n\t\t<span class=\"icon-time\">\n\t\t\t<i class=\"far fa-clock icon_event\"><\/i>\n\t\t<\/span>\n\t\t\t\t\t<span class=\"time-date-child\">\n\t\t\t\t<span class=\"date-child\">\n\t\t\t\t\t20 de June de 2026 - \t\t\t\t<\/span>\n\t\t\t<\/span>\n\t\t\t<\/div>\n\t<div class=\"venue\">\n\t\t<i class=\"fas fa-map-marker-alt icon_event\"><\/i>\n\t\t<span class=\"number\">\n\t\t\tAut\u00f3dromo El Jabal\u00ed\t\t<\/span>\n\t<\/div>\n\t<div class=\"social\" style=\"margin-top: 7px;\">\n\t\t<i class=\"fas fa-info-circle icon_event\"><\/i>\n\t\t<span class=\"number\">\n\t\t\t<a href=\"https:\/\/www.facebook.com\/AutodromoElJabali\/\" target=\"_blank\">M\u00e1s informaci\u00f3n<\/a>\n\t\t<\/span>\n\t<\/div>\n\t\t\t\t<\/div>\n\t\t\t\t\n<div class=\"button_event\">\n\t<a class=\"view_detail second_font\" href=\"https:\/\/elsalvador.travel\/esp\/en\/event\/fecha-automovilismo-direct-english\/\">\n\t\tMore details\t<\/a>\n<\/div>\t\t\t<\/div>\n\t\t<\/div>\n\t<\/div>\n<\/div>\n<div class=\"ovaev-content\">\n\t<div class=\"type1\">\n\t\t\t<div class=\"date-event\">\n\t\t<span class=\"date second_font\">\n\t\t\t26\t\t<\/span>\n\t\t<span class=\"month-year second_font\">\n\t\t\t<span class=\"month\">\n\t\t\t\tJun\t\t\t<\/span>\n\t\t\t<span class=\"year\">\n\t\t\t\t2026\t\t\t<\/span>\n\t\t<\/span>\n\t<\/div>\n\t\t<div class=\"desc\">\n\t\t\t\n<div class=\"event-thumbnail\">\t\n\t<a href=\"https:\/\/elsalvador.travel\/esp\/en\/event\/noche-de-aceleracion-biker\/\">\n\t\t\t<\/a>\n<\/div>\t\t\t<div class=\"event_post\">\n\t\t\t\t\t<div class=\"post_cat\">\n\t\t<a class=\"event_type\" href=\"https:\/\/elsalvador.travel\/esp\/en\/event_category\/agenda\/\">Agenda<\/a>, <a class=\"event_type\" href=\"https:\/\/elsalvador.travel\/esp\/en\/event_category\/san-salvador\/\">San Salvador<\/a>\t<\/div>\n\n<h2 class=\"second_font event_title\">\n\t<a href=\"https:\/\/elsalvador.travel\/esp\/en\/event\/noche-de-aceleracion-biker\/\">\n\t\tNoche de Aceleraci\u00f3n Biker\t<\/a>\n<\/h2>\t\t\t\t<div class=\"time-event\">\n\t\t\t\t\t\t<div class=\"time equal-date\">\n\t\t<span class=\"icon-time\">\n\t\t\t<i class=\"far fa-clock icon_event\"><\/i>\n\t\t<\/span>\n\t\t\t\t\t<span class=\"time-date-child\">\n\t\t\t\t<span class=\"date-child\">\n\t\t\t\t\t26 de June de 2026 - \t\t\t\t<\/span>\n\t\t\t<\/span>\n\t\t\t<\/div>\n\t<div class=\"venue\">\n\t\t<i class=\"fas fa-map-marker-alt icon_event\"><\/i>\n\t\t<span class=\"number\">\n\t\t\tAut\u00f3dromo El Jabal\u00ed\t\t<\/span>\n\t<\/div>\n\t<div class=\"social\" style=\"margin-top: 7px;\">\n\t\t<i class=\"fas fa-info-circle icon_event\"><\/i>\n\t\t<span class=\"number\">\n\t\t\t<a href=\"https:\/\/www.facebook.com\/AutodromoElJabali\/\" target=\"_blank\">M\u00e1s informaci\u00f3n<\/a>\n\t\t<\/span>\n\t<\/div>\n\t\t\t\t<\/div>\n\t\t\t\t\n<div class=\"button_event\">\n\t<a class=\"view_detail second_font\" href=\"https:\/\/elsalvador.travel\/esp\/en\/event\/noche-de-aceleracion-biker\/\">\n\t\tMore details\t<\/a>\n<\/div>\t\t\t<\/div>\n\t\t<\/div>\n\t<\/div>\n<\/div>\n<div class=\"ovaev-content\">\n\t<div class=\"type1\">\n\t\t\t<div class=\"date-event\">\n\t\t<span class=\"date second_font\">\n\t\t\t10\t\t<\/span>\n\t\t<span class=\"month-year second_font\">\n\t\t\t<span class=\"month\">\n\t\t\t\tJul\t\t\t<\/span>\n\t\t\t<span class=\"year\">\n\t\t\t\t2026\t\t\t<\/span>\n\t\t<\/span>\n\t<\/div>\n\t\t<div class=\"desc\">\n\t\t\t\n<div class=\"event-thumbnail\">\t\n\t<a href=\"https:\/\/elsalvador.travel\/esp\/en\/event\/noche-de-aceleracion-biker-11\/\">\n\t\t\t<\/a>\n<\/div>\t\t\t<div class=\"event_post\">\n\t\t\t\t\t<div class=\"post_cat\">\n\t\t<a class=\"event_type\" href=\"https:\/\/elsalvador.travel\/esp\/en\/event_category\/agenda\/\">Agenda<\/a>, <a class=\"event_type\" href=\"https:\/\/elsalvador.travel\/esp\/en\/event_category\/san-salvador\/\">San Salvador<\/a>\t<\/div>\n\n<h2 class=\"second_font event_title\">\n\t<a href=\"https:\/\/elsalvador.travel\/esp\/en\/event\/noche-de-aceleracion-biker-11\/\">\n\t\tNoche de Aceleraci\u00f3n Biker\t<\/a>\n<\/h2>\t\t\t\t<div class=\"time-event\">\n\t\t\t\t\t\t<div class=\"time equal-date\">\n\t\t<span class=\"icon-time\">\n\t\t\t<i class=\"far fa-clock icon_event\"><\/i>\n\t\t<\/span>\n\t\t\t\t\t<span class=\"time-date-child\">\n\t\t\t\t<span class=\"date-child\">\n\t\t\t\t\t10 de July de 2026 - \t\t\t\t<\/span>\n\t\t\t<\/span>\n\t\t\t<\/div>\n\t<div class=\"venue\">\n\t\t<i class=\"fas fa-map-marker-alt icon_event\"><\/i>\n\t\t<span class=\"number\">\n\t\t\tAut\u00f3dromo El Jabal\u00ed\t\t<\/span>\n\t<\/div>\n\t<div class=\"social\" style=\"margin-top: 7px;\">\n\t\t<i class=\"fas fa-info-circle icon_event\"><\/i>\n\t\t<span class=\"number\">\n\t\t\t<a href=\"https:\/\/www.facebook.com\/AutodromoElJabali\/\" target=\"_blank\">M\u00e1s informaci\u00f3n<\/a>\n\t\t<\/span>\n\t<\/div>\n\t\t\t\t<\/div>\n\t\t\t\t\n<div class=\"button_event\">\n\t<a class=\"view_detail second_font\" href=\"https:\/\/elsalvador.travel\/esp\/en\/event\/noche-de-aceleracion-biker-11\/\">\n\t\tMore details\t<\/a>\n<\/div>\t\t\t<\/div>\n\t\t<\/div>\n\t<\/div>\n<\/div>\n<div class=\"ovaev-content\">\n\t<div class=\"type1\">\n\t\t\t<div class=\"date-event\">\n\t\t<span class=\"date second_font\">\n\t\t\t24\t\t<\/span>\n\t\t<span class=\"month-year second_font\">\n\t\t\t<span class=\"month\">\n\t\t\t\tJul\t\t\t<\/span>\n\t\t\t<span class=\"year\">\n\t\t\t\t2026\t\t\t<\/span>\n\t\t<\/span>\n\t<\/div>\n\t\t<div class=\"desc\">\n\t\t\t\n<div class=\"event-thumbnail\">\t\n\t<a href=\"https:\/\/elsalvador.travel\/esp\/en\/event\/noche-de-aceleracion-biker-12\/\">\n\t\t\t<\/a>\n<\/div>\t\t\t<div class=\"event_post\">\n\t\t\t\t\t<div class=\"post_cat\">\n\t\t<a class=\"event_type\" href=\"https:\/\/elsalvador.travel\/esp\/en\/event_category\/agenda\/\">Agenda<\/a>, <a class=\"event_type\" href=\"https:\/\/elsalvador.travel\/esp\/en\/event_category\/la-libertad\/\">La Libertad<\/a>\t<\/div>\n\n<h2 class=\"second_font event_title\">\n\t<a href=\"https:\/\/elsalvador.travel\/esp\/en\/event\/noche-de-aceleracion-biker-12\/\">\n\t\tNoche de Aceleraci\u00f3n Biker\t<\/a>\n<\/h2>\t\t\t\t<div class=\"time-event\">\n\t\t\t\t\t\t<div class=\"time equal-date\">\n\t\t<span class=\"icon-time\">\n\t\t\t<i class=\"far fa-clock icon_event\"><\/i>\n\t\t<\/span>\n\t\t\t\t\t<span class=\"time-date-child\">\n\t\t\t\t<span class=\"date-child\">\n\t\t\t\t\t24 de July de 2026 - \t\t\t\t<\/span>\n\t\t\t<\/span>\n\t\t\t<\/div>\n\t<div class=\"venue\">\n\t\t<i class=\"fas fa-map-marker-alt icon_event\"><\/i>\n\t\t<span class=\"number\">\n\t\t\tAut\u00f3dromo El Jabal\u00ed\t\t<\/span>\n\t<\/div>\n\t<div class=\"social\" style=\"margin-top: 7px;\">\n\t\t<i class=\"fas fa-info-circle icon_event\"><\/i>\n\t\t<span class=\"number\">\n\t\t\t<a href=\"https:\/\/www.facebook.com\/AutodromoElJabali\/\" target=\"_blank\">M\u00e1s informaci\u00f3n<\/a>\n\t\t<\/span>\n\t<\/div>\n\t\t\t\t<\/div>\n\t\t\t\t\n<div class=\"button_event\">\n\t<a class=\"view_detail second_font\" href=\"https:\/\/elsalvador.travel\/esp\/en\/event\/noche-de-aceleracion-biker-12\/\">\n\t\tMore details\t<\/a>\n<\/div>\t\t\t<\/div>\n\t\t<\/div>\n\t<\/div>\n<\/div>\n<div class=\"ovaev-content\">\n\t<div class=\"type1\">\n\t\t\t<div class=\"date-event\">\n\t\t<span class=\"date second_font\">\n\t\t\t01\t\t<\/span>\n\t\t<span class=\"month-year second_font\">\n\t\t\t<span class=\"month\">\n\t\t\t\tAug\t\t\t<\/span>\n\t\t\t<span class=\"year\">\n\t\t\t\t2026\t\t\t<\/span>\n\t\t<\/span>\n\t<\/div>\n\t\t<div class=\"desc\">\n\t\t\t\n<div class=\"event-thumbnail\">\t\n\t<a href=\"https:\/\/elsalvador.travel\/esp\/en\/event\/2do-festival-smoda\/\">\n\t\t\t<\/a>\n<\/div>\t\t\t<div class=\"event_post\">\n\t\t\t\t\t<div class=\"post_cat\">\n\t\t<a class=\"event_type\" href=\"https:\/\/elsalvador.travel\/esp\/en\/event_category\/agenda\/\">Agenda<\/a>\t<\/div>\n\n<h2 class=\"second_font event_title\">\n\t<a href=\"https:\/\/elsalvador.travel\/esp\/en\/event\/2do-festival-smoda\/\">\n\t\t2do Festival Smoda\t<\/a>\n<\/h2>\t\t\t\t<div class=\"time-event\">\n\t\t\t\t\t\t<div class=\"time equal-date\">\n\t\t<span class=\"icon-time\">\n\t\t\t<i class=\"far fa-clock icon_event\"><\/i>\n\t\t<\/span>\n\t\t\t\t\t<span class=\"time-date-child\">\n\t\t\t\t<span class=\"date-child\">\n\t\t\t\t\t1 de August de 2026 - 2 de August de 2026\t\t\t\t<\/span>\n\t\t\t<\/span>\n\t\t\t<\/div>\n\t<div class=\"social\" style=\"margin-top: 7px;\">\n\t\t<i class=\"fas fa-info-circle icon_event\"><\/i>\n\t\t<span class=\"number\">\n\t\t\t<a href=\"https:\/\/www.conamype.gob.sv\/\" target=\"_blank\">M\u00e1s informaci\u00f3n<\/a>\n\t\t<\/span>\n\t<\/div>\n\t\t\t\t<\/div>\n\t\t\t\t\n<div class=\"button_event\">\n\t<a class=\"view_detail second_font\" href=\"https:\/\/elsalvador.travel\/esp\/en\/event\/2do-festival-smoda\/\">\n\t\tMore details\t<\/a>\n<\/div>\t\t\t<\/div>\n\t\t<\/div>\n\t<\/div>\n<\/div>\n<div class=\"ovaev-content\">\n\t<div class=\"type1\">\n\t\t\t<div class=\"date-event\">\n\t\t<span class=\"date second_font\">\n\t\t\t01\t\t<\/span>\n\t\t<span class=\"month-year second_font\">\n\t\t\t<span class=\"month\">\n\t\t\t\tAug\t\t\t<\/span>\n\t\t\t<span class=\"year\">\n\t\t\t\t2026\t\t\t<\/span>\n\t\t<\/span>\n\t<\/div>\n\t\t<div class=\"desc\">\n\t\t\t\n<div class=\"event-thumbnail\">\t\n\t<a href=\"https:\/\/elsalvador.travel\/esp\/en\/event\/vacaciones-agostinas\/\">\n\t\t\t<\/a>\n<\/div>\t\t\t<div class=\"event_post\">\n\t\t\t\t\t<div class=\"post_cat\">\n\t\t<a class=\"event_type\" href=\"https:\/\/elsalvador.travel\/esp\/en\/event_category\/agenda\/\">Agenda<\/a>, <a class=\"event_type\" href=\"https:\/\/elsalvador.travel\/esp\/en\/event_category\/san-salvador\/\">San Salvador<\/a>\t<\/div>\n\n<h2 class=\"second_font event_title\">\n\t<a href=\"https:\/\/elsalvador.travel\/esp\/en\/event\/vacaciones-agostinas\/\">\n\t\tVacaciones Agostinas\t<\/a>\n<\/h2>\t\t\t\t<div class=\"time-event\">\n\t\t\t\t\t\t<div class=\"time equal-date\">\n\t\t<span class=\"icon-time\">\n\t\t\t<i class=\"far fa-clock icon_event\"><\/i>\n\t\t<\/span>\n\t\t\t\t\t<span class=\"time-date-child\">\n\t\t\t\t<span class=\"date-child\">\n\t\t\t\t\t1 de August de 2026 - 6 de August de 2026\t\t\t\t<\/span>\n\t\t\t<\/span>\n\t\t\t<\/div>\n\t<div class=\"social\" style=\"margin-top: 7px;\">\n\t\t<i class=\"fas fa-info-circle icon_event\"><\/i>\n\t\t<span class=\"number\">\n\t\t\t<a href=\"https:\/\/www.instagram.com\/elsalvadortravel\/\" target=\"_blank\">M\u00e1s informaci\u00f3n<\/a>\n\t\t<\/span>\n\t<\/div>\n\t\t\t\t<\/div>\n\t\t\t\t\n<div class=\"button_event\">\n\t<a class=\"view_detail second_font\" href=\"https:\/\/elsalvador.travel\/esp\/en\/event\/vacaciones-agostinas\/\">\n\t\tMore details\t<\/a>\n<\/div>\t\t\t<\/div>\n\t\t<\/div>\n\t<\/div>\n<\/div>\n<div class=\"ovaev-content\">\n\t<div class=\"type1\">\n\t\t\t<div class=\"date-event\">\n\t\t<span class=\"date second_font\">\n\t\t\t15\t\t<\/span>\n\t\t<span class=\"month-year second_font\">\n\t\t\t<span class=\"month\">\n\t\t\t\tAug\t\t\t<\/span>\n\t\t\t<span class=\"year\">\n\t\t\t\t2026\t\t\t<\/span>\n\t\t<\/span>\n\t<\/div>\n\t\t<div class=\"desc\">\n\t\t\t\n<div class=\"event-thumbnail\">\t\n\t<a href=\"https:\/\/elsalvador.travel\/esp\/en\/event\/concierto-mocedades\/\">\n\t\t\t<\/a>\n<\/div>\t\t\t<div class=\"event_post\">\n\t\t\t\t\t<div class=\"post_cat\">\n\t\t<a class=\"event_type\" href=\"https:\/\/elsalvador.travel\/esp\/en\/event_category\/agenda\/\">Agenda<\/a>, <a class=\"event_type\" href=\"https:\/\/elsalvador.travel\/esp\/en\/event_category\/san-salvador\/\">San Salvador<\/a>\t<\/div>\n\n<h2 class=\"second_font event_title\">\n\t<a href=\"https:\/\/elsalvador.travel\/esp\/en\/event\/concierto-mocedades\/\">\n\t\tConcierto Mocedades\t<\/a>\n<\/h2>\t\t\t\t<div class=\"time-event\">\n\t\t\t\t\t\t<div class=\"time equal-date\">\n\t\t<span class=\"icon-time\">\n\t\t\t<i class=\"far fa-clock icon_event\"><\/i>\n\t\t<\/span>\n\t\t\t\t\t<span class=\"time-date-child\">\n\t\t\t\t<span class=\"date-child\">\n\t\t\t\t\t15 de August de 2026 - \t\t\t\t<\/span>\n\t\t\t<\/span>\n\t\t\t<\/div>\n\t<div class=\"social\" style=\"margin-top: 7px;\">\n\t\t<i class=\"fas fa-info-circle icon_event\"><\/i>\n\t\t<span class=\"number\">\n\t\t\t<a href=\"https:\/\/www.instagram.com\/p\/DVhVmbcDDpz\" target=\"_blank\">M\u00e1s informaci\u00f3n<\/a>\n\t\t<\/span>\n\t<\/div>\n\t\t\t\t<\/div>\n\t\t\t\t\n<div class=\"button_event\">\n\t<a class=\"view_detail second_font\" href=\"https:\/\/elsalvador.travel\/esp\/en\/event\/concierto-mocedades\/\">\n\t\tMore details\t<\/a>\n<\/div>\t\t\t<\/div>\n\t\t<\/div>\n\t<\/div>\n<\/div>\n<div class=\"ovaev-content\">\n\t<div class=\"type1\">\n\t\t\t<div class=\"date-event\">\n\t\t<span class=\"date second_font\">\n\t\t\t21\t\t<\/span>\n\t\t<span class=\"month-year second_font\">\n\t\t\t<span class=\"month\">\n\t\t\t\tAug\t\t\t<\/span>\n\t\t\t<span class=\"year\">\n\t\t\t\t2026\t\t\t<\/span>\n\t\t<\/span>\n\t<\/div>\n\t\t<div class=\"desc\">\n\t\t\t\n<div class=\"event-thumbnail\">\t\n\t<a href=\"https:\/\/elsalvador.travel\/esp\/en\/event\/noche-de-aceleracion-biker-13\/\">\n\t\t\t<\/a>\n<\/div>\t\t\t<div class=\"event_post\">\n\t\t\t\t\t<div class=\"post_cat\">\n\t\t<a class=\"event_type\" href=\"https:\/\/elsalvador.travel\/esp\/en\/event_category\/agenda\/\">Agenda<\/a>, <a class=\"event_type\" href=\"https:\/\/elsalvador.travel\/esp\/en\/event_category\/la-libertad\/\">La Libertad<\/a>\t<\/div>\n\n<h2 class=\"second_font event_title\">\n\t<a href=\"https:\/\/elsalvador.travel\/esp\/en\/event\/noche-de-aceleracion-biker-13\/\">\n\t\tNoche de Aceleraci\u00f3n Biker\t<\/a>\n<\/h2>\t\t\t\t<div class=\"time-event\">\n\t\t\t\t\t\t<div class=\"time equal-date\">\n\t\t<span class=\"icon-time\">\n\t\t\t<i class=\"far fa-clock icon_event\"><\/i>\n\t\t<\/span>\n\t\t\t\t\t<span class=\"time-date-child\">\n\t\t\t\t<span class=\"date-child\">\n\t\t\t\t\t21 de August de 2026 - \t\t\t\t<\/span>\n\t\t\t<\/span>\n\t\t\t<\/div>\n\t<div class=\"venue\">\n\t\t<i class=\"fas fa-map-marker-alt icon_event\"><\/i>\n\t\t<span class=\"number\">\n\t\t\tAut\u00f3dromo El Jabal\u00ed\t\t<\/span>\n\t<\/div>\n\t<div class=\"social\" style=\"margin-top: 7px;\">\n\t\t<i class=\"fas fa-info-circle icon_event\"><\/i>\n\t\t<span class=\"number\">\n\t\t\t<a href=\"https:\/\/www.facebook.com\/AutodromoElJabali\/\" target=\"_blank\">M\u00e1s informaci\u00f3n<\/a>\n\t\t<\/span>\n\t<\/div>\n\t\t\t\t<\/div>\n\t\t\t\t\n<div class=\"button_event\">\n\t<a class=\"view_detail second_font\" href=\"https:\/\/elsalvador.travel\/esp\/en\/event\/noche-de-aceleracion-biker-13\/\">\n\t\tMore details\t<\/a>\n<\/div>\t\t\t<\/div>\n\t\t<\/div>\n\t<\/div>\n<\/div>\n<div class=\"ovaev-content\">\n\t<div class=\"type1\">\n\t\t\t<div class=\"date-event\">\n\t\t<span class=\"date second_font\">\n\t\t\t03\t\t<\/span>\n\t\t<span class=\"month-year second_font\">\n\t\t\t<span class=\"month\">\n\t\t\t\tSep\t\t\t<\/span>\n\t\t\t<span class=\"year\">\n\t\t\t\t2026\t\t\t<\/span>\n\t\t<\/span>\n\t<\/div>\n\t\t<div class=\"desc\">\n\t\t\t\n<div class=\"event-thumbnail\">\t\n\t<a href=\"https:\/\/elsalvador.travel\/esp\/en\/event\/latin-dance-festival\/\">\n\t\t\t<\/a>\n<\/div>\t\t\t<div class=\"event_post\">\n\t\t\t\t\t<div class=\"post_cat\">\n\t\t<a class=\"event_type\" href=\"https:\/\/elsalvador.travel\/esp\/en\/event_category\/agenda\/\">Agenda<\/a>, <a class=\"event_type\" href=\"https:\/\/elsalvador.travel\/esp\/en\/event_category\/la-paz\/\">La Paz<\/a>\t<\/div>\n\n<h2 class=\"second_font event_title\">\n\t<a href=\"https:\/\/elsalvador.travel\/esp\/en\/event\/latin-dance-festival\/\">\n\t\tLatin Dance Festival\t<\/a>\n<\/h2>\t\t\t\t<div class=\"time-event\">\n\t\t\t\t\t\t<div class=\"time equal-date\">\n\t\t<span class=\"icon-time\">\n\t\t\t<i class=\"far fa-clock icon_event\"><\/i>\n\t\t<\/span>\n\t\t\t\t\t<span class=\"time-date-child\">\n\t\t\t\t<span class=\"date-child\">\n\t\t\t\t\t3 de September de 2026 - 6 de September de 2026\t\t\t\t<\/span>\n\t\t\t<\/span>\n\t\t\t<\/div>\n\t<div class=\"venue\">\n\t\t<i class=\"fas fa-map-marker-alt icon_event\"><\/i>\n\t\t<span class=\"number\">\n\t\t\tHotel Tesoro Beach, Costa del Sol\t\t<\/span>\n\t<\/div>\n\t<div class=\"social\" style=\"margin-top: 7px;\">\n\t\t<i class=\"fas fa-info-circle icon_event\"><\/i>\n\t\t<span class=\"number\">\n\t\t\t<a href=\"https:\/\/www.instagram.com\/p\/DTD-FqMFQ9G\/\" target=\"_blank\">M\u00e1s informaci\u00f3n<\/a>\n\t\t<\/span>\n\t<\/div>\n\t\t\t\t<\/div>\n\t\t\t\t\n<div class=\"button_event\">\n\t<a class=\"view_detail second_font\" href=\"https:\/\/elsalvador.travel\/esp\/en\/event\/latin-dance-festival\/\">\n\t\tMore details\t<\/a>\n<\/div>\t\t\t<\/div>\n\t\t<\/div>\n\t<\/div>\n<\/div>\n<div class=\"ovaev-content\">\n\t<div class=\"type1\">\n\t\t\t<div class=\"date-event\">\n\t\t<span class=\"date second_font\">\n\t\t\t04\t\t<\/span>\n\t\t<span class=\"month-year second_font\">\n\t\t\t<span class=\"month\">\n\t\t\t\tSep\t\t\t<\/span>\n\t\t\t<span class=\"year\">\n\t\t\t\t2026\t\t\t<\/span>\n\t\t<\/span>\n\t<\/div>\n\t\t<div class=\"desc\">\n\t\t\t\n<div class=\"event-thumbnail\">\t\n\t<a href=\"https:\/\/elsalvador.travel\/esp\/en\/event\/surf-city-el-salvador-isa-world-junior-surfing-championship\/\">\n\t\t\t<\/a>\n<\/div>\t\t\t<div class=\"event_post\">\n\t\t\t\t\t<div class=\"post_cat\">\n\t\t<a class=\"event_type\" href=\"https:\/\/elsalvador.travel\/esp\/en\/event_category\/agenda\/\">Agenda<\/a>, <a class=\"event_type\" href=\"https:\/\/elsalvador.travel\/esp\/en\/event_category\/la-libertad\/\">La Libertad<\/a>\t<\/div>\n\n<h2 class=\"second_font event_title\">\n\t<a href=\"https:\/\/elsalvador.travel\/esp\/en\/event\/surf-city-el-salvador-isa-world-junior-surfing-championship\/\">\n\t\tSurf City El Salvador ISA World Junior Surfing Championship\t<\/a>\n<\/h2>\t\t\t\t<div class=\"time-event\">\n\t\t\t\t\t\t<div class=\"time equal-date\">\n\t\t<span class=\"icon-time\">\n\t\t\t<i class=\"far fa-clock icon_event\"><\/i>\n\t\t<\/span>\n\t\t\t\t\t<span class=\"time-date-child\">\n\t\t\t\t<span class=\"date-child\">\n\t\t\t\t\t4 de September de 2026 - 13 de September de 2026\t\t\t\t<\/span>\n\t\t\t<\/span>\n\t\t\t<\/div>\n\t<div class=\"social\" style=\"margin-top: 7px;\">\n\t\t<i class=\"fas fa-info-circle icon_event\"><\/i>\n\t\t<span class=\"number\">\n\t\t\t<a href=\"https:\/\/www.instagram.com\/p\/DU03uUDDzPO\/\" target=\"_blank\">M\u00e1s informaci\u00f3n<\/a>\n\t\t<\/span>\n\t<\/div>\n\t\t\t\t<\/div>\n\t\t\t\t\n<div class=\"button_event\">\n\t<a class=\"view_detail second_font\" href=\"https:\/\/elsalvador.travel\/esp\/en\/event\/surf-city-el-salvador-isa-world-junior-surfing-championship\/\">\n\t\tMore details\t<\/a>\n<\/div>\t\t\t<\/div>\n\t\t<\/div>\n\t<\/div>\n<\/div>\n<div class=\"ovaev-content\">\n\t<div class=\"type1\">\n\t\t\t<div class=\"date-event\">\n\t\t<span class=\"date second_font\">\n\t\t\t05\t\t<\/span>\n\t\t<span class=\"month-year second_font\">\n\t\t\t<span class=\"month\">\n\t\t\t\tSep\t\t\t<\/span>\n\t\t\t<span class=\"year\">\n\t\t\t\t2026\t\t\t<\/span>\n\t\t<\/span>\n\t<\/div>\n\t\t<div class=\"desc\">\n\t\t\t\n<div class=\"event-thumbnail\">\t\n\t<a href=\"https:\/\/elsalvador.travel\/esp\/en\/event\/concierto-caifanes\/\">\n\t\t\t<\/a>\n<\/div>\t\t\t<div class=\"event_post\">\n\t\t\t\t\t<div class=\"post_cat\">\n\t\t<a class=\"event_type\" href=\"https:\/\/elsalvador.travel\/esp\/en\/event_category\/agenda\/\">Agenda<\/a>, <a class=\"event_type\" href=\"https:\/\/elsalvador.travel\/esp\/en\/event_category\/san-salvador\/\">San Salvador<\/a>\t<\/div>\n\n<h2 class=\"second_font event_title\">\n\t<a href=\"https:\/\/elsalvador.travel\/esp\/en\/event\/concierto-caifanes\/\">\n\t\tConcierto Caifanes\t<\/a>\n<\/h2>\t\t\t\t<div class=\"time-event\">\n\t\t\t\t\t\t<div class=\"time equal-date\">\n\t\t<span class=\"icon-time\">\n\t\t\t<i class=\"far fa-clock icon_event\"><\/i>\n\t\t<\/span>\n\t\t\t\t\t<span class=\"time-date-child\">\n\t\t\t\t<span class=\"date-child\">\n\t\t\t\t\t5 de September de 2026 - \t\t\t\t<\/span>\n\t\t\t<\/span>\n\t\t\t<\/div>\n\t<div class=\"venue\">\n\t\t<i class=\"fas fa-map-marker-alt icon_event\"><\/i>\n\t\t<span class=\"number\">\n\t\t\tGimnasio Nacional Jos\u00e9 Adolfo Pineda\t\t<\/span>\n\t<\/div>\n\t<div class=\"social\" style=\"margin-top: 7px;\">\n\t\t<i class=\"fas fa-info-circle icon_event\"><\/i>\n\t\t<span class=\"number\">\n\t\t\t<a href=\"https:\/\/www.facebook.com\/photo.php?fbid=1411780706977879&amp;set=a.287640736058554&amp;type=3&amp;ref=embed_post\" target=\"_blank\">M\u00e1s informaci\u00f3n<\/a>\n\t\t<\/span>\n\t<\/div>\n\t\t\t\t<\/div>\n\t\t\t\t\n<div class=\"button_event\">\n\t<a class=\"view_detail second_font\" href=\"https:\/\/elsalvador.travel\/esp\/en\/event\/concierto-caifanes\/\">\n\t\tMore details\t<\/a>\n<\/div>\t\t\t<\/div>\n\t\t<\/div>\n\t<\/div>\n<\/div>\n<div class=\"ovaev-content\">\n\t<div class=\"type1\">\n\t\t\t<div class=\"date-event\">\n\t\t<span class=\"date second_font\">\n\t\t\t10\t\t<\/span>\n\t\t<span class=\"month-year second_font\">\n\t\t\t<span class=\"month\">\n\t\t\t\tSep\t\t\t<\/span>\n\t\t\t<span class=\"year\">\n\t\t\t\t2026\t\t\t<\/span>\n\t\t<\/span>\n\t<\/div>\n\t\t<div class=\"desc\">\n\t\t\t\n<div class=\"event-thumbnail\">\t\n\t<a href=\"https:\/\/elsalvador.travel\/esp\/en\/event\/concierto-pablo-alboran\/\">\n\t\t\t<\/a>\n<\/div>\t\t\t<div class=\"event_post\">\n\t\t\t\t\t<div class=\"post_cat\">\n\t\t<a class=\"event_type\" href=\"https:\/\/elsalvador.travel\/esp\/en\/event_category\/agenda\/\">Agenda<\/a>, <a class=\"event_type\" href=\"https:\/\/elsalvador.travel\/esp\/en\/event_category\/san-salvador\/\">San Salvador<\/a>\t<\/div>\n\n<h2 class=\"second_font event_title\">\n\t<a href=\"https:\/\/elsalvador.travel\/esp\/en\/event\/concierto-pablo-alboran\/\">\n\t\tConcierto Pablo Albor\u00e1n\t<\/a>\n<\/h2>\t\t\t\t<div class=\"time-event\">\n\t\t\t\t\t\t<div class=\"time equal-date\">\n\t\t<span class=\"icon-time\">\n\t\t\t<i class=\"far fa-clock icon_event\"><\/i>\n\t\t<\/span>\n\t\t\t\t\t<span class=\"time-date-child\">\n\t\t\t\t<span class=\"date-child\">\n\t\t\t\t\t10 de September de 2026 - \t\t\t\t<\/span>\n\t\t\t<\/span>\n\t\t\t<\/div>\n\t<div class=\"social\" style=\"margin-top: 7px;\">\n\t\t<i class=\"fas fa-info-circle icon_event\"><\/i>\n\t\t<span class=\"number\">\n\t\t\t<a href=\"https:\/\/www.instagram.com\/p\/DTN0QGmCNvh\/?igsh=MWdvcG56cjZ3eWRzdQ==\" target=\"_blank\">M\u00e1s informaci\u00f3n<\/a>\n\t\t<\/span>\n\t<\/div>\n\t\t\t\t<\/div>\n\t\t\t\t\n<div class=\"button_event\">\n\t<a class=\"view_detail second_font\" href=\"https:\/\/elsalvador.travel\/esp\/en\/event\/concierto-pablo-alboran\/\">\n\t\tMore details\t<\/a>\n<\/div>\t\t\t<\/div>\n\t\t<\/div>\n\t<\/div>\n<\/div>\n<div class=\"ovaev-content\">\n\t<div class=\"type1\">\n\t\t\t<div class=\"date-event\">\n\t\t<span class=\"date second_font\">\n\t\t\t12\t\t<\/span>\n\t\t<span class=\"month-year second_font\">\n\t\t\t<span class=\"month\">\n\t\t\t\tSep\t\t\t<\/span>\n\t\t\t<span class=\"year\">\n\t\t\t\t2026\t\t\t<\/span>\n\t\t<\/span>\n\t<\/div>\n\t\t<div class=\"desc\">\n\t\t\t\n<div class=\"event-thumbnail\">\t\n\t<a href=\"https:\/\/elsalvador.travel\/esp\/en\/event\/concierto-tini\/\">\n\t\t\t<\/a>\n<\/div>\t\t\t<div class=\"event_post\">\n\t\t\t\t\t<div class=\"post_cat\">\n\t\t<a class=\"event_type\" href=\"https:\/\/elsalvador.travel\/esp\/en\/event_category\/agenda\/\">Agenda<\/a>, <a class=\"event_type\" href=\"https:\/\/elsalvador.travel\/esp\/en\/event_category\/san-salvador\/\">San Salvador<\/a>\t<\/div>\n\n<h2 class=\"second_font event_title\">\n\t<a href=\"https:\/\/elsalvador.travel\/esp\/en\/event\/concierto-tini\/\">\n\t\tConcierto Tini\t<\/a>\n<\/h2>\t\t\t\t<div class=\"time-event\">\n\t\t\t\t\t\t<div class=\"time equal-date\">\n\t\t<span class=\"icon-time\">\n\t\t\t<i class=\"far fa-clock icon_event\"><\/i>\n\t\t<\/span>\n\t\t\t\t\t<span class=\"time-date-child\">\n\t\t\t\t<span class=\"date-child\">\n\t\t\t\t\t12 de September de 2026 - \t\t\t\t<\/span>\n\t\t\t<\/span>\n\t\t\t<\/div>\n\t<div class=\"social\" style=\"margin-top: 7px;\">\n\t\t<i class=\"fas fa-info-circle icon_event\"><\/i>\n\t\t<span class=\"number\">\n\t\t\t<a href=\"https:\/\/www.instagram.com\/p\/DXNTnvtDnNV\/\" target=\"_blank\">M\u00e1s informaci\u00f3n<\/a>\n\t\t<\/span>\n\t<\/div>\n\t\t\t\t<\/div>\n\t\t\t\t\n<div class=\"button_event\">\n\t<a class=\"view_detail second_font\" href=\"https:\/\/elsalvador.travel\/esp\/en\/event\/concierto-tini\/\">\n\t\tMore details\t<\/a>\n<\/div>\t\t\t<\/div>\n\t\t<\/div>\n\t<\/div>\n<\/div>\n<div class=\"ovaev-content\">\n\t<div class=\"type1\">\n\t\t\t<div class=\"date-event\">\n\t\t<span class=\"date second_font\">\n\t\t\t27\t\t<\/span>\n\t\t<span class=\"month-year second_font\">\n\t\t\t<span class=\"month\">\n\t\t\t\tSep\t\t\t<\/span>\n\t\t\t<span class=\"year\">\n\t\t\t\t2026\t\t\t<\/span>\n\t\t<\/span>\n\t<\/div>\n\t\t<div class=\"desc\">\n\t\t\t\n<div class=\"event-thumbnail\">\t\n\t<a href=\"https:\/\/elsalvador.travel\/esp\/en\/event\/dia-mundial-del-turismo\/\">\n\t\t\t<\/a>\n<\/div>\t\t\t<div class=\"event_post\">\n\t\t\t\t\t<div class=\"post_cat\">\n\t\t<a class=\"event_type\" href=\"https:\/\/elsalvador.travel\/esp\/en\/event_category\/agenda\/\">Agenda<\/a>, <a class=\"event_type\" href=\"https:\/\/elsalvador.travel\/esp\/en\/event_category\/san-salvador\/\">San Salvador<\/a>\t<\/div>\n\n<h2 class=\"second_font event_title\">\n\t<a href=\"https:\/\/elsalvador.travel\/esp\/en\/event\/dia-mundial-del-turismo\/\">\n\t\tD\u00eda Mundial del Turismo\t<\/a>\n<\/h2>\t\t\t\t<div class=\"time-event\">\n\t\t\t\t\t\t<div class=\"time equal-date\">\n\t\t<span class=\"icon-time\">\n\t\t\t<i class=\"far fa-clock icon_event\"><\/i>\n\t\t<\/span>\n\t\t\t\t\t<span class=\"time-date-child\">\n\t\t\t\t<span class=\"date-child\">\n\t\t\t\t\t27 de September de 2026 - \t\t\t\t<\/span>\n\t\t\t<\/span>\n\t\t\t<\/div>\n\t<div class=\"social\" style=\"margin-top: 7px;\">\n\t\t<i class=\"fas fa-info-circle icon_event\"><\/i>\n\t\t<span class=\"number\">\n\t\t\t<a href=\"https:\/\/www.mitur.gob.sv\/el-salvador-sera-sede-del-dia-mundial-del-turismo-2026\/\" target=\"_blank\">M\u00e1s informaci\u00f3n<\/a>\n\t\t<\/span>\n\t<\/div>\n\t\t\t\t<\/div>\n\t\t\t\t\n<div class=\"button_event\">\n\t<a class=\"view_detail second_font\" href=\"https:\/\/elsalvador.travel\/esp\/en\/event\/dia-mundial-del-turismo\/\">\n\t\tMore details\t<\/a>\n<\/div>\t\t\t<\/div>\n\t\t<\/div>\n\t<\/div>\n<\/div>\n<div class=\"ovaev-content\">\n\t<div class=\"type1\">\n\t\t\t<div class=\"date-event\">\n\t\t<span class=\"date second_font\">\n\t\t\t03\t\t<\/span>\n\t\t<span class=\"month-year second_font\">\n\t\t\t<span class=\"month\">\n\t\t\t\tOct\t\t\t<\/span>\n\t\t\t<span class=\"year\">\n\t\t\t\t2026\t\t\t<\/span>\n\t\t<\/span>\n\t<\/div>\n\t\t<div class=\"desc\">\n\t\t\t\n<div class=\"event-thumbnail\">\t\n\t<a href=\"https:\/\/elsalvador.travel\/esp\/en\/event\/concierto-ricardo-montaner\/\">\n\t\t\t<\/a>\n<\/div>\t\t\t<div class=\"event_post\">\n\t\t\t\t\t<div class=\"post_cat\">\n\t\t<a class=\"event_type\" href=\"https:\/\/elsalvador.travel\/esp\/en\/event_category\/agenda\/\">Agenda<\/a>, <a class=\"event_type\" href=\"https:\/\/elsalvador.travel\/esp\/en\/event_category\/san-salvador\/\">San Salvador<\/a>\t<\/div>\n\n<h2 class=\"second_font event_title\">\n\t<a href=\"https:\/\/elsalvador.travel\/esp\/en\/event\/concierto-ricardo-montaner\/\">\n\t\tConcierto Ricardo Montaner\t<\/a>\n<\/h2>\t\t\t\t<div class=\"time-event\">\n\t\t\t\t\t\t<div class=\"time equal-date\">\n\t\t<span class=\"icon-time\">\n\t\t\t<i class=\"far fa-clock icon_event\"><\/i>\n\t\t<\/span>\n\t\t\t\t\t<span class=\"time-date-child\">\n\t\t\t\t<span class=\"date-child\">\n\t\t\t\t\t3 de October de 2026 - \t\t\t\t<\/span>\n\t\t\t<\/span>\n\t\t\t<\/div>\n\t<div class=\"venue\">\n\t\t<i class=\"fas fa-map-marker-alt icon_event\"><\/i>\n\t\t<span class=\"number\">\n\t\t\tGimnasio Nacional Jos\u00e9 Adolfo Pineda\t\t<\/span>\n\t<\/div>\n\t<div class=\"social\" style=\"margin-top: 7px;\">\n\t\t<i class=\"fas fa-info-circle icon_event\"><\/i>\n\t\t<span class=\"number\">\n\t\t\t<a href=\"https:\/\/www.instagram.com\/p\/DVtgpajDipb\/\" target=\"_blank\">M\u00e1s informaci\u00f3n<\/a>\n\t\t<\/span>\n\t<\/div>\n\t\t\t\t<\/div>\n\t\t\t\t\n<div class=\"button_event\">\n\t<a class=\"view_detail second_font\" href=\"https:\/\/elsalvador.travel\/esp\/en\/event\/concierto-ricardo-montaner\/\">\n\t\tMore details\t<\/a>\n<\/div>\t\t\t<\/div>\n\t\t<\/div>\n\t<\/div>\n<\/div>\n<div class=\"ovaev-content\">\n\t<div class=\"type1\">\n\t\t\t<div class=\"date-event\">\n\t\t<span class=\"date second_font\">\n\t\t\t05\t\t<\/span>\n\t\t<span class=\"month-year second_font\">\n\t\t\t<span class=\"month\">\n\t\t\t\tOct\t\t\t<\/span>\n\t\t\t<span class=\"year\">\n\t\t\t\t2026\t\t\t<\/span>\n\t\t<\/span>\n\t<\/div>\n\t\t<div class=\"desc\">\n\t\t\t\n<div class=\"event-thumbnail\">\t\n\t<a href=\"https:\/\/elsalvador.travel\/esp\/en\/event\/iron-maiden\/\">\n\t\t\t<\/a>\n<\/div>\t\t\t<div class=\"event_post\">\n\t\t\t\t\t<div class=\"post_cat\">\n\t\t<a class=\"event_type\" href=\"https:\/\/elsalvador.travel\/esp\/en\/event_category\/agenda\/\">Agenda<\/a>, <a class=\"event_type\" href=\"https:\/\/elsalvador.travel\/esp\/en\/event_category\/san-salvador\/\">San Salvador<\/a>\t<\/div>\n\n<h2 class=\"second_font event_title\">\n\t<a href=\"https:\/\/elsalvador.travel\/esp\/en\/event\/iron-maiden\/\">\n\t\tConcierto Iron Maiden\t<\/a>\n<\/h2>\t\t\t\t<div class=\"time-event\">\n\t\t\t\t\t\t<div class=\"time equal-date\">\n\t\t<span class=\"icon-time\">\n\t\t\t<i class=\"far fa-clock icon_event\"><\/i>\n\t\t<\/span>\n\t\t\t\t\t<span class=\"time-date-child\">\n\t\t\t\t<span class=\"date-child\">\n\t\t\t\t\t5 de October de 2026 - \t\t\t\t<\/span>\n\t\t\t<\/span>\n\t\t\t<\/div>\n\t<div class=\"venue\">\n\t\t<i class=\"fas fa-map-marker-alt icon_event\"><\/i>\n\t\t<span class=\"number\">\n\t\t\tEstadio Jorge \u201cM\u00e1gico\u201d Gonz\u00e1lez\t\t<\/span>\n\t<\/div>\n\t<div class=\"social\" style=\"margin-top: 7px;\">\n\t\t<i class=\"fas fa-info-circle icon_event\"><\/i>\n\t\t<span class=\"number\">\n\t\t\t<a href=\"https:\/\/funcapital.com\/\" target=\"_blank\">M\u00e1s informaci\u00f3n<\/a>\n\t\t<\/span>\n\t<\/div>\n\t\t\t\t<\/div>\n\t\t\t\t\n<div class=\"button_event\">\n\t<a class=\"view_detail second_font\" href=\"https:\/\/elsalvador.travel\/esp\/en\/event\/iron-maiden\/\">\n\t\tMore details\t<\/a>\n<\/div>\t\t\t<\/div>\n\t\t<\/div>\n\t<\/div>\n<\/div>\n<div class=\"ovaev-content\">\n\t<div class=\"type1\">\n\t\t\t<div class=\"date-event\">\n\t\t<span class=\"date second_font\">\n\t\t\t16\t\t<\/span>\n\t\t<span class=\"month-year second_font\">\n\t\t\t<span class=\"month\">\n\t\t\t\tOct\t\t\t<\/span>\n\t\t\t<span class=\"year\">\n\t\t\t\t2026\t\t\t<\/span>\n\t\t<\/span>\n\t<\/div>\n\t\t<div class=\"desc\">\n\t\t\t\n<div class=\"event-thumbnail\">\t\n\t<a href=\"https:\/\/elsalvador.travel\/esp\/en\/event\/concierto-humbe\/\">\n\t\t\t<\/a>\n<\/div>\t\t\t<div class=\"event_post\">\n\t\t\t\t\t<div class=\"post_cat\">\n\t\t<a class=\"event_type\" href=\"https:\/\/elsalvador.travel\/esp\/en\/event_category\/agenda\/\">Agenda<\/a>, <a class=\"event_type\" href=\"https:\/\/elsalvador.travel\/esp\/en\/event_category\/san-salvador\/\">San Salvador<\/a>\t<\/div>\n\n<h2 class=\"second_font event_title\">\n\t<a href=\"https:\/\/elsalvador.travel\/esp\/en\/event\/concierto-humbe\/\">\n\t\tConcierto Humbe\t<\/a>\n<\/h2>\t\t\t\t<div class=\"time-event\">\n\t\t\t\t\t\t<div class=\"time equal-date\">\n\t\t<span class=\"icon-time\">\n\t\t\t<i class=\"far fa-clock icon_event\"><\/i>\n\t\t<\/span>\n\t\t\t\t\t<span class=\"time-date-child\">\n\t\t\t\t<span class=\"date-child\">\n\t\t\t\t\t16 de October de 2026 - \t\t\t\t<\/span>\n\t\t\t<\/span>\n\t\t\t<\/div>\n\t<div class=\"venue\">\n\t\t<i class=\"fas fa-map-marker-alt icon_event\"><\/i>\n\t\t<span class=\"number\">\n\t\t\tComplejo Estadio Cuscatl\u00e1n\t\t<\/span>\n\t<\/div>\n\t<div class=\"social\" style=\"margin-top: 7px;\">\n\t\t<i class=\"fas fa-info-circle icon_event\"><\/i>\n\t\t<span class=\"number\">\n\t\t\t<a href=\"https:\/\/www.instagram.com\/p\/DUixMD6Ec7F\/\" target=\"_blank\">M\u00e1s informaci\u00f3n<\/a>\n\t\t<\/span>\n\t<\/div>\n\t\t\t\t<\/div>\n\t\t\t\t\n<div class=\"button_event\">\n\t<a class=\"view_detail second_font\" href=\"https:\/\/elsalvador.travel\/esp\/en\/event\/concierto-humbe\/\">\n\t\tMore details\t<\/a>\n<\/div>\t\t\t<\/div>\n\t\t<\/div>\n\t<\/div>\n<\/div>\n<div class=\"ovaev-content\">\n\t<div class=\"type1\">\n\t\t\t<div class=\"date-event\">\n\t\t<span class=\"date second_font\">\n\t\t\t16\t\t<\/span>\n\t\t<span class=\"month-year second_font\">\n\t\t\t<span class=\"month\">\n\t\t\t\tOct\t\t\t<\/span>\n\t\t\t<span class=\"year\">\n\t\t\t\t2026\t\t\t<\/span>\n\t\t<\/span>\n\t<\/div>\n\t\t<div class=\"desc\">\n\t\t\t\n<div class=\"event-thumbnail\">\t\n\t<a href=\"https:\/\/elsalvador.travel\/esp\/en\/event\/oceanman-el-salvador\/\">\n\t\t\t<\/a>\n<\/div>\t\t\t<div class=\"event_post\">\n\t\t\t\t\t<div class=\"post_cat\">\n\t\t<a class=\"event_type\" href=\"https:\/\/elsalvador.travel\/esp\/en\/event_category\/agenda\/\">Agenda<\/a>, <a class=\"event_type\" href=\"https:\/\/elsalvador.travel\/esp\/en\/event_category\/san-salvador\/\">San Salvador<\/a>\t<\/div>\n\n<h2 class=\"second_font event_title\">\n\t<a href=\"https:\/\/elsalvador.travel\/esp\/en\/event\/oceanman-el-salvador\/\">\n\t\tOceanman El Salvador\t<\/a>\n<\/h2>\t\t\t\t<div class=\"time-event\">\n\t\t\t\t\t\t<div class=\"time equal-date\">\n\t\t<span class=\"icon-time\">\n\t\t\t<i class=\"far fa-clock icon_event\"><\/i>\n\t\t<\/span>\n\t\t\t\t\t<span class=\"time-date-child\">\n\t\t\t\t<span class=\"date-child\">\n\t\t\t\t\t16 de October de 2026 - 18 de October de 2026\t\t\t\t<\/span>\n\t\t\t<\/span>\n\t\t\t<\/div>\n\t<div class=\"venue\">\n\t\t<i class=\"fas fa-map-marker-alt icon_event\"><\/i>\n\t\t<span class=\"number\">\n\t\t\tLago de Ilopango\t\t<\/span>\n\t<\/div>\n\t<div class=\"social\" style=\"margin-top: 7px;\">\n\t\t<i class=\"fas fa-info-circle icon_event\"><\/i>\n\t\t<span class=\"number\">\n\t\t\t<a href=\"https:\/\/www.instagram.com\/oceanman_el_salvador\" target=\"_blank\">M\u00e1s informaci\u00f3n<\/a>\n\t\t<\/span>\n\t<\/div>\n\t\t\t\t<\/div>\n\t\t\t\t\n<div class=\"button_event\">\n\t<a class=\"view_detail second_font\" href=\"https:\/\/elsalvador.travel\/esp\/en\/event\/oceanman-el-salvador\/\">\n\t\tMore details\t<\/a>\n<\/div>\t\t\t<\/div>\n\t\t<\/div>\n\t<\/div>\n<\/div>\n<div class=\"ovaev-content\">\n\t<div class=\"type1\">\n\t\t\t<div class=\"date-event\">\n\t\t<span class=\"date second_font\">\n\t\t\t27\t\t<\/span>\n\t\t<span class=\"month-year second_font\">\n\t\t\t<span class=\"month\">\n\t\t\t\tOct\t\t\t<\/span>\n\t\t\t<span class=\"year\">\n\t\t\t\t2026\t\t\t<\/span>\n\t\t<\/span>\n\t<\/div>\n\t\t<div class=\"desc\">\n\t\t\t\n<div class=\"event-thumbnail\">\t\n\t<a href=\"https:\/\/elsalvador.travel\/esp\/en\/event\/lacqua-el-salvador-2026\/\">\n\t\t\t<\/a>\n<\/div>\t\t\t<div class=\"event_post\">\n\t\t\t\t\t<div class=\"post_cat\">\n\t\t<a class=\"event_type\" href=\"https:\/\/elsalvador.travel\/esp\/en\/event_category\/agenda\/\">Agenda<\/a>, <a class=\"event_type\" href=\"https:\/\/elsalvador.travel\/esp\/en\/event_category\/san-salvador\/\">San Salvador<\/a>\t<\/div>\n\n<h2 class=\"second_font event_title\">\n\t<a href=\"https:\/\/elsalvador.travel\/esp\/en\/event\/lacqua-el-salvador-2026\/\">\n\t\tLACQUA El Salvador 2026\t<\/a>\n<\/h2>\t\t\t\t<div class=\"time-event\">\n\t\t\t\t\t\t<div class=\"time equal-date\">\n\t\t<span class=\"icon-time\">\n\t\t\t<i class=\"far fa-clock icon_event\"><\/i>\n\t\t<\/span>\n\t\t\t\t\t<span class=\"time-date-child\">\n\t\t\t\t<span class=\"date-child\">\n\t\t\t\t\t27 de October de 2026 - 30 de October de 2026\t\t\t\t<\/span>\n\t\t\t<\/span>\n\t\t\t<\/div>\n\t<div class=\"social\" style=\"margin-top: 7px;\">\n\t\t<i class=\"fas fa-info-circle icon_event\"><\/i>\n\t\t<span class=\"number\">\n\t\t\t<a href=\"https:\/\/www.instagram.com\/p\/DWhz17NkiYg\/\" target=\"_blank\">M\u00e1s informaci\u00f3n<\/a>\n\t\t<\/span>\n\t<\/div>\n\t\t\t\t<\/div>\n\t\t\t\t\n<div class=\"button_event\">\n\t<a class=\"view_detail second_font\" href=\"https:\/\/elsalvador.travel\/esp\/en\/event\/lacqua-el-salvador-2026\/\">\n\t\tMore details\t<\/a>\n<\/div>\t\t\t<\/div>\n\t\t<\/div>\n\t<\/div>\n<\/div>\n<div class=\"ovaev-content\">\n\t<div class=\"type1\">\n\t\t\t<div class=\"date-event\">\n\t\t<span class=\"date second_font\">\n\t\t\t06\t\t<\/span>\n\t\t<span class=\"month-year second_font\">\n\t\t\t<span class=\"month\">\n\t\t\t\tNov\t\t\t<\/span>\n\t\t\t<span class=\"year\">\n\t\t\t\t2026\t\t\t<\/span>\n\t\t<\/span>\n\t<\/div>\n\t\t<div class=\"desc\">\n\t\t\t\n<div class=\"event-thumbnail\">\t\n\t<a href=\"https:\/\/elsalvador.travel\/esp\/en\/event\/surf-and-summit-run-series-la-cordillera-challenge\/\">\n\t\t\t<\/a>\n<\/div>\t\t\t<div class=\"event_post\">\n\t\t\t\t\t<div class=\"post_cat\">\n\t\t<a class=\"event_type\" href=\"https:\/\/elsalvador.travel\/esp\/en\/event_category\/agenda\/\">Agenda<\/a>, <a class=\"event_type\" href=\"https:\/\/elsalvador.travel\/esp\/en\/event_category\/santa-ana\/\">Santa Ana<\/a>, <a class=\"event_type\" href=\"https:\/\/elsalvador.travel\/esp\/en\/event_category\/sonsonate\/\">Sonsonate<\/a>\t<\/div>\n\n<h2 class=\"second_font event_title\">\n\t<a href=\"https:\/\/elsalvador.travel\/esp\/en\/event\/surf-and-summit-run-series-la-cordillera-challenge\/\">\n\t\tSurf and Summit Run Series: La Cordillera Challenge\t<\/a>\n<\/h2>\t\t\t\t<div class=\"time-event\">\n\t\t\t\t\t\t<div class=\"time equal-date\">\n\t\t<span class=\"icon-time\">\n\t\t\t<i class=\"far fa-clock icon_event\"><\/i>\n\t\t<\/span>\n\t\t\t\t\t<span class=\"time-date-child\">\n\t\t\t\t<span class=\"date-child\">\n\t\t\t\t\t6 de November de 2026 - 8 de November de 2026\t\t\t\t<\/span>\n\t\t\t<\/span>\n\t\t\t<\/div>\n\t<div class=\"venue\">\n\t\t<i class=\"fas fa-map-marker-alt icon_event\"><\/i>\n\t\t<span class=\"number\">\n\t\t\tVolc\u00e1n Izalco, Cerro Verde y Volc\u00e1n Ilamatepec\t\t<\/span>\n\t<\/div>\n\t<div class=\"social\" style=\"margin-top: 7px;\">\n\t\t<i class=\"fas fa-info-circle icon_event\"><\/i>\n\t\t<span class=\"number\">\n\t\t\t<a href=\"https:\/\/lacordillerachallenge.com\/\" target=\"_blank\">M\u00e1s informaci\u00f3n<\/a>\n\t\t<\/span>\n\t<\/div>\n\t\t\t\t<\/div>\n\t\t\t\t\n<div class=\"button_event\">\n\t<a class=\"view_detail second_font\" href=\"https:\/\/elsalvador.travel\/esp\/en\/event\/surf-and-summit-run-series-la-cordillera-challenge\/\">\n\t\tMore details\t<\/a>\n<\/div>\t\t\t<\/div>\n\t\t<\/div>\n\t<\/div>\n<\/div>\n<div class=\"ovaev-content\">\n\t<div class=\"type1\">\n\t\t\t<div class=\"date-event\">\n\t\t<span class=\"date second_font\">\n\t\t\t13\t\t<\/span>\n\t\t<span class=\"month-year second_font\">\n\t\t\t<span class=\"month\">\n\t\t\t\tNov\t\t\t<\/span>\n\t\t\t<span class=\"year\">\n\t\t\t\t2026\t\t\t<\/span>\n\t\t<\/span>\n\t<\/div>\n\t\t<div class=\"desc\">\n\t\t\t\n<div class=\"event-thumbnail\">\t\n\t<a href=\"https:\/\/elsalvador.travel\/esp\/en\/event\/surf-city-el-salvador-isa-world-longboard-championship\/\">\n\t\t\t<\/a>\n<\/div>\t\t\t<div class=\"event_post\">\n\t\t\t\t\t<div class=\"post_cat\">\n\t\t<a class=\"event_type\" href=\"https:\/\/elsalvador.travel\/esp\/en\/event_category\/agenda\/\">Agenda<\/a>, <a class=\"event_type\" href=\"https:\/\/elsalvador.travel\/esp\/en\/event_category\/la-libertad\/\">La Libertad<\/a>\t<\/div>\n\n<h2 class=\"second_font event_title\">\n\t<a href=\"https:\/\/elsalvador.travel\/esp\/en\/event\/surf-city-el-salvador-isa-world-longboard-championship\/\">\n\t\tSurf City El Salvador ISA World Longboard Championship\t<\/a>\n<\/h2>\t\t\t\t<div class=\"time-event\">\n\t\t\t\t\t\t<div class=\"time equal-date\">\n\t\t<span class=\"icon-time\">\n\t\t\t<i class=\"far fa-clock icon_event\"><\/i>\n\t\t<\/span>\n\t\t\t\t\t<span class=\"time-date-child\">\n\t\t\t\t<span class=\"date-child\">\n\t\t\t\t\t13 de November de 2026 - 19 de November de 2026\t\t\t\t<\/span>\n\t\t\t<\/span>\n\t\t\t<\/div>\n\t<div class=\"social\" style=\"margin-top: 7px;\">\n\t\t<i class=\"fas fa-info-circle icon_event\"><\/i>\n\t\t<span class=\"number\">\n\t\t\t<a href=\"https:\/\/www.instagram.com\/p\/DU03uUDDzPO\/\" target=\"_blank\">M\u00e1s informaci\u00f3n<\/a>\n\t\t<\/span>\n\t<\/div>\n\t\t\t\t<\/div>\n\t\t\t\t\n<div class=\"button_event\">\n\t<a class=\"view_detail second_font\" href=\"https:\/\/elsalvador.travel\/esp\/en\/event\/surf-city-el-salvador-isa-world-longboard-championship\/\">\n\t\tMore details\t<\/a>\n<\/div>\t\t\t<\/div>\n\t\t<\/div>\n\t<\/div>\n<\/div>\n<div class=\"ovaev-content\">\n\t<div class=\"type1\">\n\t\t\t<div class=\"date-event\">\n\t\t<span class=\"date second_font\">\n\t\t\t21\t\t<\/span>\n\t\t<span class=\"month-year second_font\">\n\t\t\t<span class=\"month\">\n\t\t\t\tNov\t\t\t<\/span>\n\t\t\t<span class=\"year\">\n\t\t\t\t2026\t\t\t<\/span>\n\t\t<\/span>\n\t<\/div>\n\t\t<div class=\"desc\">\n\t\t\t\n<div class=\"event-thumbnail\">\t\n\t<a href=\"https:\/\/elsalvador.travel\/esp\/en\/event\/3er-festival-smoda\/\">\n\t\t\t<\/a>\n<\/div>\t\t\t<div class=\"event_post\">\n\t\t\t\t\t<div class=\"post_cat\">\n\t\t<a class=\"event_type\" href=\"https:\/\/elsalvador.travel\/esp\/en\/event_category\/agenda\/\">Agenda<\/a>\t<\/div>\n\n<h2 class=\"second_font event_title\">\n\t<a href=\"https:\/\/elsalvador.travel\/esp\/en\/event\/3er-festival-smoda\/\">\n\t\t3er Festival Smoda\t<\/a>\n<\/h2>\t\t\t\t<div class=\"time-event\">\n\t\t\t\t\t\t<div class=\"time equal-date\">\n\t\t<span class=\"icon-time\">\n\t\t\t<i class=\"far fa-clock icon_event\"><\/i>\n\t\t<\/span>\n\t\t\t\t\t<span class=\"time-date-child\">\n\t\t\t\t<span class=\"date-child\">\n\t\t\t\t\t21 de November de 2026 - \t\t\t\t<\/span>\n\t\t\t<\/span>\n\t\t\t<\/div>\n\t<div class=\"social\" style=\"margin-top: 7px;\">\n\t\t<i class=\"fas fa-info-circle icon_event\"><\/i>\n\t\t<span class=\"number\">\n\t\t\t<a href=\"https:\/\/www.conamype.gob.sv\/\" target=\"_blank\">M\u00e1s informaci\u00f3n<\/a>\n\t\t<\/span>\n\t<\/div>\n\t\t\t\t<\/div>\n\t\t\t\t\n<div class=\"button_event\">\n\t<a class=\"view_detail second_font\" href=\"https:\/\/elsalvador.travel\/esp\/en\/event\/3er-festival-smoda\/\">\n\t\tMore details\t<\/a>\n<\/div>\t\t\t<\/div>\n\t\t<\/div>\n\t<\/div>\n<\/div>\n<div class=\"ovaev-content\">\n\t<div class=\"type1\">\n\t\t\t<div class=\"date-event\">\n\t\t<span class=\"date second_font\">\n\t\t\t04\t\t<\/span>\n\t\t<span class=\"month-year second_font\">\n\t\t\t<span class=\"month\">\n\t\t\t\tDec\t\t\t<\/span>\n\t\t\t<span class=\"year\">\n\t\t\t\t2026\t\t\t<\/span>\n\t\t<\/span>\n\t<\/div>\n\t\t<div class=\"desc\">\n\t\t\t\n<div class=\"event-thumbnail\">\t\n\t<a href=\"https:\/\/elsalvador.travel\/esp\/en\/event\/wds-championship\/\">\n\t\t\t<\/a>\n<\/div>\t\t\t<div class=\"event_post\">\n\t\t\t\t\t<div class=\"post_cat\">\n\t\t<a class=\"event_type\" href=\"https:\/\/elsalvador.travel\/esp\/en\/event_category\/agenda\/\">Agenda<\/a>, <a class=\"event_type\" href=\"https:\/\/elsalvador.travel\/esp\/en\/event_category\/la-libertad\/\">La Libertad<\/a>\t<\/div>\n\n<h2 class=\"second_font event_title\">\n\t<a href=\"https:\/\/elsalvador.travel\/esp\/en\/event\/wds-championship\/\">\n\t\tWDS Championship\t<\/a>\n<\/h2>\t\t\t\t<div class=\"time-event\">\n\t\t\t\t\t\t<div class=\"time equal-date\">\n\t\t<span class=\"icon-time\">\n\t\t\t<i class=\"far fa-clock icon_event\"><\/i>\n\t\t<\/span>\n\t\t\t\t\t<span class=\"time-date-child\">\n\t\t\t\t<span class=\"date-child\">\n\t\t\t\t\t4 de December de 2026 - 6 de December de 2026\t\t\t\t<\/span>\n\t\t\t<\/span>\n\t\t\t<\/div>\n\t<div class=\"venue\">\n\t\t<i class=\"fas fa-map-marker-alt icon_event\"><\/i>\n\t\t<span class=\"number\">\n\t\t\tTamanique\t\t<\/span>\n\t<\/div>\n\t<div class=\"social\" style=\"margin-top: 7px;\">\n\t\t<i class=\"fas fa-info-circle icon_event\"><\/i>\n\t\t<span class=\"number\">\n\t\t\t<a href=\"https:\/\/www.instagram.com\/p\/DUySNo7jT3u\" target=\"_blank\">M\u00e1s informaci\u00f3n<\/a>\n\t\t<\/span>\n\t<\/div>\n\t\t\t\t<\/div>\n\t\t\t\t\n<div class=\"button_event\">\n\t<a class=\"view_detail second_font\" href=\"https:\/\/elsalvador.travel\/esp\/en\/event\/wds-championship\/\">\n\t\tMore details\t<\/a>\n<\/div>\t\t\t<\/div>\n\t\t<\/div>\n\t<\/div>\n<\/div>\n<div class=\"ovaev-content\">\n\t<div class=\"type1\">\n\t\t\t<div class=\"date-event\">\n\t\t<span class=\"date second_font\">\n\t\t\t24\t\t<\/span>\n\t\t<span class=\"month-year second_font\">\n\t\t\t<span class=\"month\">\n\t\t\t\tDec\t\t\t<\/span>\n\t\t\t<span class=\"year\">\n\t\t\t\t2026\t\t\t<\/span>\n\t\t<\/span>\n\t<\/div>\n\t\t<div class=\"desc\">\n\t\t\t\n<div class=\"event-thumbnail\">\t\n\t<a href=\"https:\/\/elsalvador.travel\/esp\/en\/event\/navidad-2026\/\">\n\t\t\t<\/a>\n<\/div>\t\t\t<div class=\"event_post\">\n\t\t\t\t\t<div class=\"post_cat\">\n\t\t<a class=\"event_type\" href=\"https:\/\/elsalvador.travel\/esp\/en\/event_category\/agenda\/\">Agenda<\/a>, <a class=\"event_type\" href=\"https:\/\/elsalvador.travel\/esp\/en\/event_category\/san-salvador\/\">San Salvador<\/a>\t<\/div>\n\n<h2 class=\"second_font event_title\">\n\t<a href=\"https:\/\/elsalvador.travel\/esp\/en\/event\/navidad-2026\/\">\n\t\tNavidad 2026\t<\/a>\n<\/h2>\t\t\t\t<div class=\"time-event\">\n\t\t\t\t\t\t<div class=\"time equal-date\">\n\t\t<span class=\"icon-time\">\n\t\t\t<i class=\"far fa-clock icon_event\"><\/i>\n\t\t<\/span>\n\t\t\t\t\t<span class=\"time-date-child\">\n\t\t\t\t<span class=\"date-child\">\n\t\t\t\t\t24 de December de 2026 - 1 de January de 2027\t\t\t\t<\/span>\n\t\t\t<\/span>\n\t\t\t<\/div>\n\t<div class=\"social\" style=\"margin-top: 7px;\">\n\t\t<i class=\"fas fa-info-circle icon_event\"><\/i>\n\t\t<span class=\"number\">\n\t\t\t<a href=\"https:\/\/www.instagram.com\/elsalvadortravel\/\" target=\"_blank\">M\u00e1s informaci\u00f3n<\/a>\n\t\t<\/span>\n\t<\/div>\n\t\t\t\t<\/div>\n\t\t\t\t\n<div class=\"button_event\">\n\t<a class=\"view_detail second_font\" href=\"https:\/\/elsalvador.travel\/esp\/en\/event\/navidad-2026\/\">\n\t\tMore details\t<\/a>\n<\/div>\t\t\t<\/div>\n\t\t<\/div>\n\t<\/div>\n<\/div>\t\t\t<\/div>\n\t\t\t<div class=\"data-events\"\n\t\t\t\tdata-layout=\"\"\n\t\t\t\tdata-column=\"\"\n\t\t\t\tdata-per-page=\"\"\n\t\t\t\tdata-order=\"\"\n\t\t\t\tdata-orderby=\"\"\n\t\t\t\tdata-category-slug=\"\"\n\t\t\t\tdata-time-event=\"\">\n\t\t\t<\/div>\n\t\t<\/div>\n\t\t<div class=\"wrap_loader\">\n\t\t\t<svg class=\"loader\" width=\"50\" height=\"50\">\n\t\t\t\t<circle cx=\"25\" cy=\"25\" r=\"10\" stroke=\"#a1a1a1\"\/>\n\t\t\t\t<circle cx=\"25\" cy=\"25\" r=\"20\" stroke=\"#a1a1a1\"\/>\n\t\t\t<\/svg>\n\t\t<\/div>\n\t<\/div><!-- End events -->\n\n\t<!-- Pagination -->\n\t<div class=\"search-ajax-pagination-wrapper\">\n\t\t\t<\/div><!-- END pagination -->\n<\/div>\n\t\t\t\t<\/div>\n\t\t\t\t<\/div>\n\t\t\t\t\t<\/div>\n\t\t\t\t<\/div>\n\t\t<div class=\"elementor-element elementor-element-f7af08b elementor-hidden-desktop elementor-hidden-tablet elementor-hidden-mobile e-flex e-con-boxed e-con e-parent\" data-id=\"f7af08b\" data-element_type=\"container\" data-e-type=\"container\" data-settings=\"{&quot;background_background&quot;:&quot;gradient&quot;}\">\n\t\t\t\t\t<div class=\"e-con-inner\">\n\t\t\t\t<div class=\"elementor-element elementor-element-50727ac e-n-tabs-mobile elementor-widget elementor-widget-n-tabs\" data-id=\"50727ac\" data-element_type=\"widget\" data-e-type=\"widget\" data-settings=\"{&quot;horizontal_scroll&quot;:&quot;disable&quot;}\" data-widget_type=\"nested-tabs.default\">\n\t\t\t\t<div class=\"elementor-widget-container\">\n\t\t\t\t\t\t\t<div class=\"e-n-tabs\" data-widget-number=\"84354988\" aria-label=\"Pesta\u00f1as. Abre elementos con Intro o Espacio, ci\u00e9rralos con Escape y navega con las fechas.\">\n\t\t\t<div class=\"e-n-tabs-heading\" role=\"tablist\">\n\t\t\t\t\t<button id=\"e-n-tab-title-843549881\" data-tab-title-id=\"e-n-tab-title-843549881\" class=\"e-n-tab-title\" aria-selected=\"true\" data-tab-index=\"1\" role=\"tab\" tabindex=\"0\" aria-controls=\"e-n-tab-content-843549881\" style=\"--n-tabs-title-order: 1;\">\n\t\t\t\t\t\t<span class=\"e-n-tab-title-text\">\n\t\t\t\tActividades en destinos\t\t\t<\/span>\n\t\t<\/button>\n\t\t\t\t<button id=\"e-n-tab-title-843549882\" data-tab-title-id=\"e-n-tab-title-843549882\" class=\"e-n-tab-title\" aria-selected=\"false\" data-tab-index=\"2\" role=\"tab\" tabindex=\"-1\" aria-controls=\"e-n-tab-content-843549882\" style=\"--n-tabs-title-order: 2;\">\n\t\t\t\t\t\t<span class=\"e-n-tab-title-text\">\n\t\t\t\tPromociones tur\u00edsticas\t\t\t<\/span>\n\t\t<\/button>\n\t\t\t\t<button id=\"e-n-tab-title-843549883\" data-tab-title-id=\"e-n-tab-title-843549883\" class=\"e-n-tab-title\" aria-selected=\"false\" data-tab-index=\"3\" role=\"tab\" tabindex=\"-1\" aria-controls=\"e-n-tab-content-843549883\" style=\"--n-tabs-title-order: 3;\">\n\t\t\t\t\t\t<span class=\"e-n-tab-title-text\">\n\t\t\t\tISA World Surfing Games\t\t\t<\/span>\n\t\t<\/button>\n\t\t\t\t\t<\/div>\n\t\t\t<div class=\"e-n-tabs-content\">\n\t\t\t\t<div id=\"e-n-tab-content-843549881\" role=\"tabpanel\" aria-labelledby=\"e-n-tab-title-843549881\" data-tab-index=\"1\" style=\"--n-tabs-title-order: 1;\" class=\"e-active elementor-element elementor-element-89a5131 e-con-full e-flex e-con e-child\" data-id=\"89a5131\" data-element_type=\"container\" data-e-type=\"container\">\n\t\t<div class=\"elementor-element elementor-element-3586f57 e-flex e-con-boxed e-con e-child\" data-id=\"3586f57\" data-element_type=\"container\" data-e-type=\"container\">\n\t\t\t\t\t<div class=\"e-con-inner\">\n\t\t<div class=\"elementor-element elementor-element-3ec9963 e-con-full e-flex e-con e-child\" data-id=\"3ec9963\" data-element_type=\"container\" data-e-type=\"container\">\n\t\t\t\t<div class=\"elementor-element elementor-element-6152ded elementor-widget elementor-widget-heading\" data-id=\"6152ded\" data-element_type=\"widget\" data-e-type=\"widget\" data-widget_type=\"heading.default\">\n\t\t\t\t<div class=\"elementor-widget-container\">\n\t\t\t\t\t<h2 class=\"elementor-heading-title elementor-size-default\">29 al 31<\/h2>\t\t\t\t<\/div>\n\t\t\t\t<\/div>\n\t\t\t\t<div class=\"elementor-element elementor-element-5bf6820 elementor-widget elementor-widget-heading\" data-id=\"5bf6820\" data-element_type=\"widget\" data-e-type=\"widget\" data-widget_type=\"heading.default\">\n\t\t\t\t<div class=\"elementor-widget-container\">\n\t\t\t\t\t<h2 class=\"elementor-heading-title elementor-size-default\">agosto<\/h2>\t\t\t\t<\/div>\n\t\t\t\t<\/div>\n\t\t\t\t<\/div>\n\t\t<div class=\"elementor-element elementor-element-53902ad e-con-full e-flex e-con e-child\" data-id=\"53902ad\" data-element_type=\"container\" data-e-type=\"container\">\n\t\t\t\t<div class=\"elementor-element elementor-element-45d2d89 elementor-widget elementor-widget-heading\" data-id=\"45d2d89\" data-element_type=\"widget\" data-e-type=\"widget\" data-widget_type=\"heading.default\">\n\t\t\t\t<div class=\"elementor-widget-container\">\n\t\t\t\t\t<h2 class=\"elementor-heading-title elementor-size-default\">Festival Piezas Cabezas del jaguar\n<\/h2>\t\t\t\t<\/div>\n\t\t\t\t<\/div>\n\t\t\t\t<div class=\"elementor-element elementor-element-b530c56 elementor-position-inline-start elementor-view-default elementor-mobile-position-block-start elementor-widget elementor-widget-icon-box\" data-id=\"b530c56\" data-element_type=\"widget\" data-e-type=\"widget\" data-widget_type=\"icon-box.default\">\n\t\t\t\t<div class=\"elementor-widget-container\">\n\t\t\t\t\t\t\t<div class=\"elementor-icon-box-wrapper\">\n\n\t\t\t\t\t\t<div class=\"elementor-icon-box-icon\">\n\t\t\t\t<span  class=\"elementor-icon\">\n\t\t\t\t<svg aria-hidden=\"true\" class=\"e-font-icon-svg e-fas-map-pin\" viewBox=\"0 0 288 512\" xmlns=\"http:\/\/www.w3.org\/2000\/svg\"><path d=\"M112 316.94v156.69l22.02 33.02c4.75 7.12 15.22 7.12 19.97 0L176 473.63V316.94c-10.39 1.92-21.06 3.06-32 3.06s-21.61-1.14-32-3.06zM144 0C64.47 0 0 64.47 0 144s64.47 144 144 144 144-64.47 144-144S223.53 0 144 0zm0 76c-37.5 0-68 30.5-68 68 0 6.62-5.38 12-12 12s-12-5.38-12-12c0-50.73 41.28-92 92-92 6.62 0 12 5.38 12 12s-5.38 12-12 12z\"><\/path><\/svg>\t\t\t\t<\/span>\n\t\t\t<\/div>\n\t\t\t\n\t\t\t\t\t\t<div class=\"elementor-icon-box-content\">\n\n\t\t\t\t\t\t\t\t\t<h3 class=\"elementor-icon-box-title\">\n\t\t\t\t\t\t<span  >\n\t\t\t\t\t\t\tConcepci\u00f3n de Ataco\t\t\t\t\t\t<\/span>\n\t\t\t\t\t<\/h3>\n\t\t\t\t\n\t\t\t\t\n\t\t\t<\/div>\n\t\t\t\n\t\t<\/div>\n\t\t\t\t\t\t<\/div>\n\t\t\t\t<\/div>\n\t\t\t\t<div class=\"elementor-element elementor-element-9468a30 elementor-widget elementor-widget-heading\" data-id=\"9468a30\" data-element_type=\"widget\" data-e-type=\"widget\" data-widget_type=\"heading.default\">\n\t\t\t\t<div class=\"elementor-widget-container\">\n\t\t\t\t\t<h2 class=\"elementor-heading-title elementor-size-default\">Conocer y disfrutar de un viaje lleno de Cultura, Historia, Arte y Gastronom\u00eda.<\/h2>\t\t\t\t<\/div>\n\t\t\t\t<\/div>\n\t\t\t\t<div class=\"elementor-element elementor-element-8a9e7df elementor-widget elementor-widget-button\" data-id=\"8a9e7df\" data-element_type=\"widget\" data-e-type=\"widget\" data-widget_type=\"button.default\">\n\t\t\t\t<div class=\"elementor-widget-container\">\n\t\t\t\t\t\t\t\t\t<div class=\"elementor-button-wrapper\">\n\t\t\t\t\t<a class=\"elementor-button elementor-button-link elementor-size-sm\" href=\"https:\/\/maps.app.goo.gl\/McywPmgFT2u9TM8p6\" target=\"_blank\">\n\t\t\t\t\t\t<span class=\"elementor-button-content-wrapper\">\n\t\t\t\t\t\t\t\t\t<span class=\"elementor-button-text\">Ver en mapa<\/span>\n\t\t\t\t\t<\/span>\n\t\t\t\t\t<\/a>\n\t\t\t\t<\/div>\n\t\t\t\t\t\t\t\t<\/div>\n\t\t\t\t<\/div>\n\t\t\t\t<\/div>\n\t\t<div class=\"elementor-element elementor-element-ba0af0d e-con-full e-flex e-con e-child\" data-id=\"ba0af0d\" data-element_type=\"container\" data-e-type=\"container\">\n\t\t\t\t<div class=\"elementor-element elementor-element-3162d03 elementor-widget elementor-widget-image\" data-id=\"3162d03\" data-element_type=\"widget\" data-e-type=\"widget\" data-widget_type=\"image.default\">\n\t\t\t\t<div class=\"elementor-widget-container\">\n\t\t\t\t\t\t\t\t\t\t\t\t\t\t\t<img fetchpriority=\"high\" decoding=\"async\" width=\"800\" height=\"569\" src=\"https:\/\/elsalvador.travel\/esp\/wp-content\/uploads\/2025\/08\/pesca-1024x728.jpg\" class=\"attachment-large size-large wp-image-17392\" alt=\"\" srcset=\"https:\/\/elsalvador.travel\/esp\/wp-content\/uploads\/2025\/08\/pesca-1024x728.jpg 1024w, https:\/\/elsalvador.travel\/esp\/wp-content\/uploads\/2025\/08\/pesca-300x213.jpg 300w, https:\/\/elsalvador.travel\/esp\/wp-content\/uploads\/2025\/08\/pesca-768x546.jpg 768w, https:\/\/elsalvador.travel\/esp\/wp-content\/uploads\/2025\/08\/pesca-18x12.jpg 18w, https:\/\/elsalvador.travel\/esp\/wp-content\/uploads\/2025\/08\/pesca-24x17.jpg 24w, https:\/\/elsalvador.travel\/esp\/wp-content\/uploads\/2025\/08\/pesca.jpg 1080w\" sizes=\"(max-width: 800px) 100vw, 800px\" \/>\t\t\t\t\t\t\t\t\t\t\t\t\t\t\t<\/div>\n\t\t\t\t<\/div>\n\t\t\t\t<\/div>\n\t\t\t\t\t<\/div>\n\t\t\t\t<\/div>\n\t\t<div class=\"elementor-element elementor-element-090f92e e-flex e-con-boxed e-con e-child\" data-id=\"090f92e\" data-element_type=\"container\" data-e-type=\"container\" data-settings=\"{&quot;background_background&quot;:&quot;classic&quot;}\">\n\t\t\t\t\t<div class=\"e-con-inner\">\n\t\t<div class=\"elementor-element elementor-element-2bb6055 e-con-full e-flex e-con e-child\" data-id=\"2bb6055\" data-element_type=\"container\" data-e-type=\"container\">\n\t\t\t\t<div class=\"elementor-element elementor-element-217f498 elementor-widget elementor-widget-heading\" data-id=\"217f498\" data-element_type=\"widget\" data-e-type=\"widget\" data-widget_type=\"heading.default\">\n\t\t\t\t<div class=\"elementor-widget-container\">\n\t\t\t\t\t<h2 class=\"elementor-heading-title elementor-size-default\">6 y 7<\/h2>\t\t\t\t<\/div>\n\t\t\t\t<\/div>\n\t\t\t\t<div class=\"elementor-element elementor-element-1d4d4ff elementor-widget elementor-widget-heading\" data-id=\"1d4d4ff\" data-element_type=\"widget\" data-e-type=\"widget\" data-widget_type=\"heading.default\">\n\t\t\t\t<div class=\"elementor-widget-container\">\n\t\t\t\t\t<h2 class=\"elementor-heading-title elementor-size-default\">septiembre<\/h2>\t\t\t\t<\/div>\n\t\t\t\t<\/div>\n\t\t\t\t<\/div>\n\t\t<div class=\"elementor-element elementor-element-49ac36d e-con-full e-flex e-con e-child\" data-id=\"49ac36d\" data-element_type=\"container\" data-e-type=\"container\">\n\t\t\t\t<div class=\"elementor-element elementor-element-4bbce42 elementor-widget elementor-widget-heading\" data-id=\"4bbce42\" data-element_type=\"widget\" data-e-type=\"widget\" data-widget_type=\"heading.default\">\n\t\t\t\t<div class=\"elementor-widget-container\">\n\t\t\t\t\t<h2 class=\"elementor-heading-title elementor-size-default\">Dia de Los Farolitos<\/h2>\t\t\t\t<\/div>\n\t\t\t\t<\/div>\n\t\t\t\t<div class=\"elementor-element elementor-element-b117543 elementor-position-inline-start elementor-view-default elementor-mobile-position-block-start elementor-widget elementor-widget-icon-box\" data-id=\"b117543\" data-element_type=\"widget\" data-e-type=\"widget\" data-widget_type=\"icon-box.default\">\n\t\t\t\t<div class=\"elementor-widget-container\">\n\t\t\t\t\t\t\t<div class=\"elementor-icon-box-wrapper\">\n\n\t\t\t\t\t\t<div class=\"elementor-icon-box-icon\">\n\t\t\t\t<span  class=\"elementor-icon\">\n\t\t\t\t<svg aria-hidden=\"true\" class=\"e-font-icon-svg e-fas-map-pin\" viewBox=\"0 0 288 512\" xmlns=\"http:\/\/www.w3.org\/2000\/svg\"><path d=\"M112 316.94v156.69l22.02 33.02c4.75 7.12 15.22 7.12 19.97 0L176 473.63V316.94c-10.39 1.92-21.06 3.06-32 3.06s-21.61-1.14-32-3.06zM144 0C64.47 0 0 64.47 0 144s64.47 144 144 144 144-64.47 144-144S223.53 0 144 0zm0 76c-37.5 0-68 30.5-68 68 0 6.62-5.38 12-12 12s-12-5.38-12-12c0-50.73 41.28-92 92-92 6.62 0 12 5.38 12 12s-5.38 12-12 12z\"><\/path><\/svg>\t\t\t\t<\/span>\n\t\t\t<\/div>\n\t\t\t\n\t\t\t\t\t\t<div class=\"elementor-icon-box-content\">\n\n\t\t\t\t\t\t\t\t\t<h3 class=\"elementor-icon-box-title\">\n\t\t\t\t\t\t<span  >\n\t\t\t\t\t\t\tConcepci\u00f3n de Ataco\t\t\t\t\t\t<\/span>\n\t\t\t\t\t<\/h3>\n\t\t\t\t\n\t\t\t\t\n\t\t\t<\/div>\n\t\t\t\n\t\t<\/div>\n\t\t\t\t\t\t<\/div>\n\t\t\t\t<\/div>\n\t\t\t\t<div class=\"elementor-element elementor-element-4e4fc03 elementor-widget elementor-widget-heading\" data-id=\"4e4fc03\" data-element_type=\"widget\" data-e-type=\"widget\" data-widget_type=\"heading.default\">\n\t\t\t\t<div class=\"elementor-widget-container\">\n\t\t\t\t\t<h2 class=\"elementor-heading-title elementor-size-default\">Celebraci\u00f3n del d\u00eda de nacimiento de la virgen en el que se pueden realizar recorrido por las calles para ver las diferentes decoraciones con faroles.\n\n<\/h2>\t\t\t\t<\/div>\n\t\t\t\t<\/div>\n\t\t\t\t<div class=\"elementor-element elementor-element-2f126f3 elementor-widget elementor-widget-button\" data-id=\"2f126f3\" data-element_type=\"widget\" data-e-type=\"widget\" data-widget_type=\"button.default\">\n\t\t\t\t<div class=\"elementor-widget-container\">\n\t\t\t\t\t\t\t\t\t<div class=\"elementor-button-wrapper\">\n\t\t\t\t\t<a class=\"elementor-button elementor-button-link elementor-size-sm\" href=\"https:\/\/www.instagram.com\/p\/DN68hPgjms5\/?img_index=2&#038;igsh=bnB0cDBvb3l4aGdn\" target=\"_blank\">\n\t\t\t\t\t\t<span class=\"elementor-button-content-wrapper\">\n\t\t\t\t\t\t\t\t\t<span class=\"elementor-button-text\">M\u00e1s informaci\u00f3n<\/span>\n\t\t\t\t\t<\/span>\n\t\t\t\t\t<\/a>\n\t\t\t\t<\/div>\n\t\t\t\t\t\t\t\t<\/div>\n\t\t\t\t<\/div>\n\t\t\t\t<\/div>\n\t\t<div class=\"elementor-element elementor-element-b8b05ea e-con-full e-flex e-con e-child\" data-id=\"b8b05ea\" data-element_type=\"container\" data-e-type=\"container\">\n\t\t\t\t<div class=\"elementor-element elementor-element-b5d6183 elementor-widget elementor-widget-image\" data-id=\"b5d6183\" data-element_type=\"widget\" data-e-type=\"widget\" data-widget_type=\"image.default\">\n\t\t\t\t<div class=\"elementor-widget-container\">\n\t\t\t\t\t\t\t\t\t\t\t\t\t\t\t<img decoding=\"async\" width=\"800\" height=\"569\" src=\"https:\/\/elsalvador.travel\/esp\/wp-content\/uploads\/2025\/08\/farolitos-1024x728.jpg\" class=\"attachment-large size-large wp-image-17252\" alt=\"\" srcset=\"https:\/\/elsalvador.travel\/esp\/wp-content\/uploads\/2025\/08\/farolitos-1024x728.jpg 1024w, https:\/\/elsalvador.travel\/esp\/wp-content\/uploads\/2025\/08\/farolitos-300x213.jpg 300w, https:\/\/elsalvador.travel\/esp\/wp-content\/uploads\/2025\/08\/farolitos-768x546.jpg 768w, https:\/\/elsalvador.travel\/esp\/wp-content\/uploads\/2025\/08\/farolitos-18x12.jpg 18w, https:\/\/elsalvador.travel\/esp\/wp-content\/uploads\/2025\/08\/farolitos-24x17.jpg 24w, https:\/\/elsalvador.travel\/esp\/wp-content\/uploads\/2025\/08\/farolitos.jpg 1080w\" sizes=\"(max-width: 800px) 100vw, 800px\" \/>\t\t\t\t\t\t\t\t\t\t\t\t\t\t\t<\/div>\n\t\t\t\t<\/div>\n\t\t\t\t<\/div>\n\t\t\t\t\t<\/div>\n\t\t\t\t<\/div>\n\t\t<div class=\"elementor-element elementor-element-6c8ac48 e-flex e-con-boxed e-con e-child\" data-id=\"6c8ac48\" data-element_type=\"container\" data-e-type=\"container\">\n\t\t\t\t\t<div class=\"e-con-inner\">\n\t\t<div class=\"elementor-element elementor-element-15b931d e-con-full e-flex e-con e-child\" data-id=\"15b931d\" data-element_type=\"container\" data-e-type=\"container\">\n\t\t\t\t<div class=\"elementor-element elementor-element-4208707 elementor-widget elementor-widget-heading\" data-id=\"4208707\" data-element_type=\"widget\" data-e-type=\"widget\" data-widget_type=\"heading.default\">\n\t\t\t\t<div class=\"elementor-widget-container\">\n\t\t\t\t\t<h2 class=\"elementor-heading-title elementor-size-default\">26 al 28<\/h2>\t\t\t\t<\/div>\n\t\t\t\t<\/div>\n\t\t\t\t<div class=\"elementor-element elementor-element-e74e996 elementor-widget elementor-widget-heading\" data-id=\"e74e996\" data-element_type=\"widget\" data-e-type=\"widget\" data-widget_type=\"heading.default\">\n\t\t\t\t<div class=\"elementor-widget-container\">\n\t\t\t\t\t<h2 class=\"elementor-heading-title elementor-size-default\">septiembre<\/h2>\t\t\t\t<\/div>\n\t\t\t\t<\/div>\n\t\t\t\t<\/div>\n\t\t<div class=\"elementor-element elementor-element-0ca5415 e-con-full e-flex e-con e-child\" data-id=\"0ca5415\" data-element_type=\"container\" data-e-type=\"container\">\n\t\t\t\t<div class=\"elementor-element elementor-element-684f3d0 elementor-widget elementor-widget-heading\" data-id=\"684f3d0\" data-element_type=\"widget\" data-e-type=\"widget\" data-widget_type=\"heading.default\">\n\t\t\t\t<div class=\"elementor-widget-container\">\n\t\t\t\t\t<h2 class=\"elementor-heading-title elementor-size-default\">Festival del pescador\n<\/h2>\t\t\t\t<\/div>\n\t\t\t\t<\/div>\n\t\t\t\t<div class=\"elementor-element elementor-element-d0a4cd6 elementor-position-inline-start elementor-view-default elementor-mobile-position-block-start elementor-widget elementor-widget-icon-box\" data-id=\"d0a4cd6\" data-element_type=\"widget\" data-e-type=\"widget\" data-widget_type=\"icon-box.default\">\n\t\t\t\t<div class=\"elementor-widget-container\">\n\t\t\t\t\t\t\t<div class=\"elementor-icon-box-wrapper\">\n\n\t\t\t\t\t\t<div class=\"elementor-icon-box-icon\">\n\t\t\t\t<span  class=\"elementor-icon\">\n\t\t\t\t<svg aria-hidden=\"true\" class=\"e-font-icon-svg e-fas-map-pin\" viewBox=\"0 0 288 512\" xmlns=\"http:\/\/www.w3.org\/2000\/svg\"><path d=\"M112 316.94v156.69l22.02 33.02c4.75 7.12 15.22 7.12 19.97 0L176 473.63V316.94c-10.39 1.92-21.06 3.06-32 3.06s-21.61-1.14-32-3.06zM144 0C64.47 0 0 64.47 0 144s64.47 144 144 144 144-64.47 144-144S223.53 0 144 0zm0 76c-37.5 0-68 30.5-68 68 0 6.62-5.38 12-12 12s-12-5.38-12-12c0-50.73 41.28-92 92-92 6.62 0 12 5.38 12 12s-5.38 12-12 12z\"><\/path><\/svg>\t\t\t\t<\/span>\n\t\t\t<\/div>\n\t\t\t\n\t\t\t\t\t\t<div class=\"elementor-icon-box-content\">\n\n\t\t\t\t\t\t\t\t\t<h3 class=\"elementor-icon-box-title\">\n\t\t\t\t\t\t<span  >\n\t\t\t\t\t\t\tSan Luis La Herradura\t\t\t\t\t\t<\/span>\n\t\t\t\t\t<\/h3>\n\t\t\t\t\n\t\t\t\t\n\t\t\t<\/div>\n\t\t\t\n\t\t<\/div>\n\t\t\t\t\t\t<\/div>\n\t\t\t\t<\/div>\n\t\t\t\t<div class=\"elementor-element elementor-element-74436d9 elementor-widget elementor-widget-heading\" data-id=\"74436d9\" data-element_type=\"widget\" data-e-type=\"widget\" data-widget_type=\"heading.default\">\n\t\t\t\t<div class=\"elementor-widget-container\">\n\t\t\t\t\t<h2 class=\"elementor-heading-title elementor-size-default\">Como parte de la celebraci\u00f3n, se llevar\u00e1n a cabo diversas actividades tradicionales y recreativas, entre las que destacan: desfile con banda de paz, palo encebado, carreras de cayucos a remo y con motor, competencias de nataci\u00f3n, entre otras.\n<\/h2>\t\t\t\t<\/div>\n\t\t\t\t<\/div>\n\t\t\t\t<div class=\"elementor-element elementor-element-a46cba0 elementor-widget elementor-widget-button\" data-id=\"a46cba0\" data-element_type=\"widget\" data-e-type=\"widget\" data-widget_type=\"button.default\">\n\t\t\t\t<div class=\"elementor-widget-container\">\n\t\t\t\t\t\t\t\t\t<div class=\"elementor-button-wrapper\">\n\t\t\t\t\t<a class=\"elementor-button elementor-button-link elementor-size-sm\" href=\"https:\/\/maps.app.goo.gl\/SA6cBhEdJ6hSZ7W68\" target=\"_blank\">\n\t\t\t\t\t\t<span class=\"elementor-button-content-wrapper\">\n\t\t\t\t\t\t\t\t\t<span class=\"elementor-button-text\">Ver en mapa<\/span>\n\t\t\t\t\t<\/span>\n\t\t\t\t\t<\/a>\n\t\t\t\t<\/div>\n\t\t\t\t\t\t\t\t<\/div>\n\t\t\t\t<\/div>\n\t\t\t\t<\/div>\n\t\t<div class=\"elementor-element elementor-element-e7a6486 e-con-full e-flex e-con e-child\" data-id=\"e7a6486\" data-element_type=\"container\" data-e-type=\"container\">\n\t\t\t\t<div class=\"elementor-element elementor-element-e70e094 elementor-widget elementor-widget-image\" data-id=\"e70e094\" data-element_type=\"widget\" data-e-type=\"widget\" data-widget_type=\"image.default\">\n\t\t\t\t<div class=\"elementor-widget-container\">\n\t\t\t\t\t\t\t\t\t\t\t\t\t\t\t<img fetchpriority=\"high\" decoding=\"async\" width=\"800\" height=\"569\" src=\"https:\/\/elsalvador.travel\/esp\/wp-content\/uploads\/2025\/08\/pesca-1024x728.jpg\" class=\"attachment-large size-large wp-image-17392\" alt=\"\" srcset=\"https:\/\/elsalvador.travel\/esp\/wp-content\/uploads\/2025\/08\/pesca-1024x728.jpg 1024w, https:\/\/elsalvador.travel\/esp\/wp-content\/uploads\/2025\/08\/pesca-300x213.jpg 300w, https:\/\/elsalvador.travel\/esp\/wp-content\/uploads\/2025\/08\/pesca-768x546.jpg 768w, https:\/\/elsalvador.travel\/esp\/wp-content\/uploads\/2025\/08\/pesca-18x12.jpg 18w, https:\/\/elsalvador.travel\/esp\/wp-content\/uploads\/2025\/08\/pesca-24x17.jpg 24w, https:\/\/elsalvador.travel\/esp\/wp-content\/uploads\/2025\/08\/pesca.jpg 1080w\" sizes=\"(max-width: 800px) 100vw, 800px\" \/>\t\t\t\t\t\t\t\t\t\t\t\t\t\t\t<\/div>\n\t\t\t\t<\/div>\n\t\t\t\t<\/div>\n\t\t\t\t\t<\/div>\n\t\t\t\t<\/div>\n\t\t<div class=\"elementor-element elementor-element-3821f77 e-flex e-con-boxed e-con e-child\" data-id=\"3821f77\" data-element_type=\"container\" data-e-type=\"container\" data-settings=\"{&quot;background_background&quot;:&quot;classic&quot;}\">\n\t\t\t\t\t<div class=\"e-con-inner\">\n\t\t<div class=\"elementor-element elementor-element-e62e8f6 e-con-full e-flex e-con e-child\" data-id=\"e62e8f6\" data-element_type=\"container\" data-e-type=\"container\">\n\t\t\t\t<div class=\"elementor-element elementor-element-4a83252 elementor-widget elementor-widget-heading\" data-id=\"4a83252\" data-element_type=\"widget\" data-e-type=\"widget\" data-widget_type=\"heading.default\">\n\t\t\t\t<div class=\"elementor-widget-container\">\n\t\t\t\t\t<h2 class=\"elementor-heading-title elementor-size-default\">27 y 28<\/h2>\t\t\t\t<\/div>\n\t\t\t\t<\/div>\n\t\t\t\t<div class=\"elementor-element elementor-element-dd9566e elementor-widget elementor-widget-heading\" data-id=\"dd9566e\" data-element_type=\"widget\" data-e-type=\"widget\" data-widget_type=\"heading.default\">\n\t\t\t\t<div class=\"elementor-widget-container\">\n\t\t\t\t\t<h2 class=\"elementor-heading-title elementor-size-default\">septiembre<\/h2>\t\t\t\t<\/div>\n\t\t\t\t<\/div>\n\t\t\t\t<\/div>\n\t\t<div class=\"elementor-element elementor-element-5765d18 e-con-full e-flex e-con e-child\" data-id=\"5765d18\" data-element_type=\"container\" data-e-type=\"container\">\n\t\t\t\t<div class=\"elementor-element elementor-element-fdcb08e elementor-widget elementor-widget-heading\" data-id=\"fdcb08e\" data-element_type=\"widget\" data-e-type=\"widget\" data-widget_type=\"heading.default\">\n\t\t\t\t<div class=\"elementor-widget-container\">\n\t\t\t\t\t<h2 class=\"elementor-heading-title elementor-size-default\">Festival del a\u00f1il\n<\/h2>\t\t\t\t<\/div>\n\t\t\t\t<\/div>\n\t\t\t\t<div class=\"elementor-element elementor-element-7d6695e elementor-position-inline-start elementor-view-default elementor-mobile-position-block-start elementor-widget elementor-widget-icon-box\" data-id=\"7d6695e\" data-element_type=\"widget\" data-e-type=\"widget\" data-widget_type=\"icon-box.default\">\n\t\t\t\t<div class=\"elementor-widget-container\">\n\t\t\t\t\t\t\t<div class=\"elementor-icon-box-wrapper\">\n\n\t\t\t\t\t\t<div class=\"elementor-icon-box-icon\">\n\t\t\t\t<span  class=\"elementor-icon\">\n\t\t\t\t<svg aria-hidden=\"true\" class=\"e-font-icon-svg e-fas-map-pin\" viewBox=\"0 0 288 512\" xmlns=\"http:\/\/www.w3.org\/2000\/svg\"><path d=\"M112 316.94v156.69l22.02 33.02c4.75 7.12 15.22 7.12 19.97 0L176 473.63V316.94c-10.39 1.92-21.06 3.06-32 3.06s-21.61-1.14-32-3.06zM144 0C64.47 0 0 64.47 0 144s64.47 144 144 144 144-64.47 144-144S223.53 0 144 0zm0 76c-37.5 0-68 30.5-68 68 0 6.62-5.38 12-12 12s-12-5.38-12-12c0-50.73 41.28-92 92-92 6.62 0 12 5.38 12 12s-5.38 12-12 12z\"><\/path><\/svg>\t\t\t\t<\/span>\n\t\t\t<\/div>\n\t\t\t\n\t\t\t\t\t\t<div class=\"elementor-icon-box-content\">\n\n\t\t\t\t\t\t\t\t\t<h3 class=\"elementor-icon-box-title\">\n\t\t\t\t\t\t<span  >\n\t\t\t\t\t\t\tSuchitoto\t\t\t\t\t\t<\/span>\n\t\t\t\t\t<\/h3>\n\t\t\t\t\n\t\t\t\t\n\t\t\t<\/div>\n\t\t\t\n\t\t<\/div>\n\t\t\t\t\t\t<\/div>\n\t\t\t\t<\/div>\n\t\t\t\t<div class=\"elementor-element elementor-element-78dc0fa elementor-widget elementor-widget-heading\" data-id=\"78dc0fa\" data-element_type=\"widget\" data-e-type=\"widget\" data-widget_type=\"heading.default\">\n\t\t\t\t<div class=\"elementor-widget-container\">\n\t\t\t\t\t<h2 class=\"elementor-heading-title elementor-size-default\">Se realiza para destacar el oro azul, las t\u00e9cnicas de a\u00f1il y el proceso, adem\u00e1s de resaltar la importancia que ha tenido para Suchitoto y el valor cultural. En el evento se hacen presentaciones, experiencias de a\u00f1il y la venta de productos.\n\n\n<\/h2>\t\t\t\t<\/div>\n\t\t\t\t<\/div>\n\t\t\t\t<div class=\"elementor-element elementor-element-5f4c2df elementor-widget elementor-widget-button\" data-id=\"5f4c2df\" data-element_type=\"widget\" data-e-type=\"widget\" data-widget_type=\"button.default\">\n\t\t\t\t<div class=\"elementor-widget-container\">\n\t\t\t\t\t\t\t\t\t<div class=\"elementor-button-wrapper\">\n\t\t\t\t\t<a class=\"elementor-button elementor-button-link elementor-size-sm\" href=\"https:\/\/maps.app.goo.gl\/KCCuRUTGo7ENXdb99\" target=\"_blank\">\n\t\t\t\t\t\t<span class=\"elementor-button-content-wrapper\">\n\t\t\t\t\t\t\t\t\t<span class=\"elementor-button-text\">Ver en mapa<\/span>\n\t\t\t\t\t<\/span>\n\t\t\t\t\t<\/a>\n\t\t\t\t<\/div>\n\t\t\t\t\t\t\t\t<\/div>\n\t\t\t\t<\/div>\n\t\t\t\t<\/div>\n\t\t<div class=\"elementor-element elementor-element-d1b90aa e-con-full e-flex e-con e-child\" data-id=\"d1b90aa\" data-element_type=\"container\" data-e-type=\"container\">\n\t\t\t\t<div class=\"elementor-element elementor-element-c3a1ded elementor-widget elementor-widget-image\" data-id=\"c3a1ded\" data-element_type=\"widget\" data-e-type=\"widget\" data-widget_type=\"image.default\">\n\t\t\t\t<div class=\"elementor-widget-container\">\n\t\t\t\t\t\t\t\t\t\t\t\t\t\t\t<img decoding=\"async\" width=\"800\" height=\"569\" src=\"https:\/\/elsalvador.travel\/esp\/wp-content\/uploads\/2025\/08\/anil-1024x728.jpg\" class=\"attachment-large size-large wp-image-17255\" alt=\"\" srcset=\"https:\/\/elsalvador.travel\/esp\/wp-content\/uploads\/2025\/08\/anil-1024x728.jpg 1024w, https:\/\/elsalvador.travel\/esp\/wp-content\/uploads\/2025\/08\/anil-300x213.jpg 300w, https:\/\/elsalvador.travel\/esp\/wp-content\/uploads\/2025\/08\/anil-768x546.jpg 768w, https:\/\/elsalvador.travel\/esp\/wp-content\/uploads\/2025\/08\/anil-18x12.jpg 18w, https:\/\/elsalvador.travel\/esp\/wp-content\/uploads\/2025\/08\/anil-24x17.jpg 24w, https:\/\/elsalvador.travel\/esp\/wp-content\/uploads\/2025\/08\/anil.jpg 1080w\" sizes=\"(max-width: 800px) 100vw, 800px\" \/>\t\t\t\t\t\t\t\t\t\t\t\t\t\t\t<\/div>\n\t\t\t\t<\/div>\n\t\t\t\t<\/div>\n\t\t\t\t\t<\/div>\n\t\t\t\t<\/div>\n\t\t\t\t<\/div>\n\t\t<div id=\"e-n-tab-content-843549882\" role=\"tabpanel\" aria-labelledby=\"e-n-tab-title-843549882\" data-tab-index=\"2\" style=\"--n-tabs-title-order: 2;\" class=\" elementor-element elementor-element-d281a81 e-con-full e-flex e-con e-child\" data-id=\"d281a81\" data-element_type=\"container\" data-e-type=\"container\">\n\t\t<div class=\"elementor-element elementor-element-bf0d747 e-flex e-con-boxed e-con e-child\" data-id=\"bf0d747\" data-element_type=\"container\" data-e-type=\"container\">\n\t\t\t\t\t<div class=\"e-con-inner\">\n\t\t\t\t<div class=\"elementor-element elementor-element-46ba7e5 elementor-pagination-type-bullets elementor-arrows-position-inside elementor-pagination-position-outside elementor-widget elementor-widget-n-carousel\" data-id=\"46ba7e5\" data-element_type=\"widget\" data-e-type=\"widget\" data-settings=\"{&quot;carousel_items&quot;:[{&quot;slide_title&quot;:&quot;Slide #1&quot;,&quot;_id&quot;:&quot;ad46818&quot;},{&quot;slide_title&quot;:&quot;Slide #2&quot;,&quot;_id&quot;:&quot;95e8789&quot;},{&quot;slide_title&quot;:&quot;Slide #3&quot;,&quot;_id&quot;:&quot;0beea21&quot;},{&quot;slide_title&quot;:&quot;Slide #4&quot;,&quot;_id&quot;:&quot;2544232&quot;}],&quot;slides_to_show_tablet&quot;:&quot;2&quot;,&quot;slides_to_show_mobile&quot;:&quot;1&quot;,&quot;autoplay&quot;:&quot;yes&quot;,&quot;autoplay_speed&quot;:5000,&quot;pause_on_hover&quot;:&quot;yes&quot;,&quot;pause_on_interaction&quot;:&quot;yes&quot;,&quot;infinite&quot;:&quot;yes&quot;,&quot;speed&quot;:500,&quot;offset_sides&quot;:&quot;none&quot;,&quot;arrows&quot;:&quot;yes&quot;,&quot;pagination&quot;:&quot;bullets&quot;,&quot;image_spacing_custom&quot;:{&quot;unit&quot;:&quot;px&quot;,&quot;size&quot;:10,&quot;sizes&quot;:[]},&quot;image_spacing_custom_tablet&quot;:{&quot;unit&quot;:&quot;px&quot;,&quot;size&quot;:&quot;&quot;,&quot;sizes&quot;:[]},&quot;image_spacing_custom_mobile&quot;:{&quot;unit&quot;:&quot;px&quot;,&quot;size&quot;:&quot;&quot;,&quot;sizes&quot;:[]}}\" data-widget_type=\"nested-carousel.default\">\n\t\t\t\t<div class=\"elementor-widget-container\">\n\t\t\t\t\t\t\t<div class=\"e-n-carousel swiper\" role=\"region\" aria-roledescription=\"carousel\" aria-label=\"Carousel\" dir=\"ltr\">\n\t\t\t<div class=\"swiper-wrapper\" aria-live=\"off\">\n\t\t\t\t\t\t\t\t\t\t<div class=\"swiper-slide\" data-slide=\"1\" role=\"group\" aria-roledescription=\"slide\" aria-label=\"1 of 4\">\n\t\t\t\t\t\t\t<div class=\"elementor-element elementor-element-12771e2 e-flex e-con-boxed e-con e-child\" data-id=\"12771e2\" data-element_type=\"container\" data-e-type=\"container\" data-settings=\"{&quot;background_background&quot;:&quot;classic&quot;}\">\n\t\t\t\t\t<div class=\"e-con-inner\">\n\t\t<div class=\"elementor-element elementor-element-7e873f5 e-con-full e-flex e-con e-child\" data-id=\"7e873f5\" data-element_type=\"container\" data-e-type=\"container\">\n\t\t\t\t<div class=\"elementor-element elementor-element-42942cf elementor-widget elementor-widget-image\" data-id=\"42942cf\" data-element_type=\"widget\" data-e-type=\"widget\" data-widget_type=\"image.default\">\n\t\t\t\t<div class=\"elementor-widget-container\">\n\t\t\t\t\t\t\t\t\t\t\t\t\t\t\t\t<a href=\"https:\/\/elsalvador.travel\/esp\/wp-content\/uploads\/2025\/08\/Artes-Hotel-La-Palma.png\" data-elementor-open-lightbox=\"yes\" data-elementor-lightbox-title=\"Artes Hotel La Palma\" data-e-action-hash=\"#elementor-action%3Aaction%3Dlightbox%26settings%3DeyJpZCI6MTc0MDEsInVybCI6Imh0dHBzOlwvXC9lbHNhbHZhZG9yLnRyYXZlbFwvZXNwXC93cC1jb250ZW50XC91cGxvYWRzXC8yMDI1XC8wOFwvQXJ0ZXMtSG90ZWwtTGEtUGFsbWEucG5nIn0%3D\">\n\t\t\t\t\t\t\t<img loading=\"lazy\" decoding=\"async\" width=\"800\" height=\"1000\" src=\"https:\/\/elsalvador.travel\/esp\/wp-content\/uploads\/2025\/08\/Artes-Hotel-La-Palma-819x1024.png\" class=\"attachment-large size-large wp-image-17401\" alt=\"\" srcset=\"https:\/\/elsalvador.travel\/esp\/wp-content\/uploads\/2025\/08\/Artes-Hotel-La-Palma-819x1024.png 819w, https:\/\/elsalvador.travel\/esp\/wp-content\/uploads\/2025\/08\/Artes-Hotel-La-Palma-240x300.png 240w, https:\/\/elsalvador.travel\/esp\/wp-content\/uploads\/2025\/08\/Artes-Hotel-La-Palma-768x960.png 768w, https:\/\/elsalvador.travel\/esp\/wp-content\/uploads\/2025\/08\/Artes-Hotel-La-Palma-10x12.png 10w, https:\/\/elsalvador.travel\/esp\/wp-content\/uploads\/2025\/08\/Artes-Hotel-La-Palma-19x24.png 19w, https:\/\/elsalvador.travel\/esp\/wp-content\/uploads\/2025\/08\/Artes-Hotel-La-Palma.png 1080w\" sizes=\"(max-width: 800px) 100vw, 800px\" \/>\t\t\t\t\t\t\t\t<\/a>\n\t\t\t\t\t\t\t\t\t\t\t\t\t\t\t<\/div>\n\t\t\t\t<\/div>\n\t\t\t\t<div class=\"elementor-element elementor-element-9734115 elementor-widget elementor-widget-heading\" data-id=\"9734115\" data-element_type=\"widget\" data-e-type=\"widget\" data-widget_type=\"heading.default\">\n\t\t\t\t<div class=\"elementor-widget-container\">\n\t\t\t\t\t<h2 class=\"elementor-heading-title elementor-size-default\">Clases con barro<\/h2>\t\t\t\t<\/div>\n\t\t\t\t<\/div>\n\t\t\t\t<div class=\"elementor-element elementor-element-aa85a6f elementor-widget elementor-widget-heading\" data-id=\"aa85a6f\" data-element_type=\"widget\" data-e-type=\"widget\" data-widget_type=\"heading.default\">\n\t\t\t\t<div class=\"elementor-widget-container\">\n\t\t\t\t\t<h2 class=\"elementor-heading-title elementor-size-default\">Hotel Las Palmas<\/h2>\t\t\t\t<\/div>\n\t\t\t\t<\/div>\n\t\t\t\t<div class=\"elementor-element elementor-element-1691e65 elementor-widget elementor-widget-button\" data-id=\"1691e65\" data-element_type=\"widget\" data-e-type=\"widget\" data-widget_type=\"button.default\">\n\t\t\t\t<div class=\"elementor-widget-container\">\n\t\t\t\t\t\t\t\t\t<div class=\"elementor-button-wrapper\">\n\t\t\t\t\t<a class=\"elementor-button elementor-size-sm\" role=\"button\">\n\t\t\t\t\t\t<span class=\"elementor-button-content-wrapper\">\n\t\t\t\t\t\t\t\t\t<span class=\"elementor-button-text\">Info: +503 7010 0373<\/span>\n\t\t\t\t\t<\/span>\n\t\t\t\t\t<\/a>\n\t\t\t\t<\/div>\n\t\t\t\t\t\t\t\t<\/div>\n\t\t\t\t<\/div>\n\t\t\t\t<\/div>\n\t\t\t\t\t<\/div>\n\t\t\t\t<\/div>\n\t\t\t\t\t\t\t\t<\/div>\n\t\t\t\t\t\t\t\t\t\t\t<div class=\"swiper-slide\" data-slide=\"2\" role=\"group\" aria-roledescription=\"slide\" aria-label=\"2 of 4\">\n\t\t\t\t\t\t\t<div class=\"elementor-element elementor-element-1ab40a9 e-flex e-con-boxed e-con e-child\" data-id=\"1ab40a9\" data-element_type=\"container\" data-e-type=\"container\">\n\t\t\t\t\t<div class=\"e-con-inner\">\n\t\t<div class=\"elementor-element elementor-element-a64222f e-con-full e-flex e-con e-child\" data-id=\"a64222f\" data-element_type=\"container\" data-e-type=\"container\">\n\t\t\t\t<div class=\"elementor-element elementor-element-09838b4 elementor-widget elementor-widget-image\" data-id=\"09838b4\" data-element_type=\"widget\" data-e-type=\"widget\" data-widget_type=\"image.default\">\n\t\t\t\t<div class=\"elementor-widget-container\">\n\t\t\t\t\t\t\t\t\t\t\t\t\t\t\t\t<a href=\"https:\/\/elsalvador.travel\/esp\/wp-content\/uploads\/2025\/08\/WhatsApp-Image-2025-08-28-at-5.13.45-PM.jpeg\" data-elementor-open-lightbox=\"yes\" data-elementor-lightbox-title=\"WhatsApp Image 2025-08-28 at 5.13.45 PM\" data-e-action-hash=\"#elementor-action%3Aaction%3Dlightbox%26settings%3DeyJpZCI6MTc0MDUsInVybCI6Imh0dHBzOlwvXC9lbHNhbHZhZG9yLnRyYXZlbFwvZXNwXC93cC1jb250ZW50XC91cGxvYWRzXC8yMDI1XC8wOFwvV2hhdHNBcHAtSW1hZ2UtMjAyNS0wOC0yOC1hdC01LjEzLjQ1LVBNLmpwZWcifQ%3D%3D\">\n\t\t\t\t\t\t\t<img loading=\"lazy\" decoding=\"async\" width=\"800\" height=\"1000\" src=\"https:\/\/elsalvador.travel\/esp\/wp-content\/uploads\/2025\/08\/WhatsApp-Image-2025-08-28-at-5.13.45-PM-819x1024.jpeg\" class=\"attachment-large size-large wp-image-17405\" alt=\"\" srcset=\"https:\/\/elsalvador.travel\/esp\/wp-content\/uploads\/2025\/08\/WhatsApp-Image-2025-08-28-at-5.13.45-PM-819x1024.jpeg 819w, https:\/\/elsalvador.travel\/esp\/wp-content\/uploads\/2025\/08\/WhatsApp-Image-2025-08-28-at-5.13.45-PM-240x300.jpeg 240w, https:\/\/elsalvador.travel\/esp\/wp-content\/uploads\/2025\/08\/WhatsApp-Image-2025-08-28-at-5.13.45-PM-768x960.jpeg 768w, https:\/\/elsalvador.travel\/esp\/wp-content\/uploads\/2025\/08\/WhatsApp-Image-2025-08-28-at-5.13.45-PM-10x12.jpeg 10w, https:\/\/elsalvador.travel\/esp\/wp-content\/uploads\/2025\/08\/WhatsApp-Image-2025-08-28-at-5.13.45-PM-19x24.jpeg 19w, https:\/\/elsalvador.travel\/esp\/wp-content\/uploads\/2025\/08\/WhatsApp-Image-2025-08-28-at-5.13.45-PM.jpeg 1080w\" sizes=\"(max-width: 800px) 100vw, 800px\" \/>\t\t\t\t\t\t\t\t<\/a>\n\t\t\t\t\t\t\t\t\t\t\t\t\t\t\t<\/div>\n\t\t\t\t<\/div>\n\t\t\t\t<div class=\"elementor-element elementor-element-d86b90e elementor-widget elementor-widget-heading\" data-id=\"d86b90e\" data-element_type=\"widget\" data-e-type=\"widget\" data-widget_type=\"heading.default\">\n\t\t\t\t<div class=\"elementor-widget-container\">\n\t\t\t\t\t<h2 class=\"elementor-heading-title elementor-size-default\">Tour El Salvador<\/h2>\t\t\t\t<\/div>\n\t\t\t\t<\/div>\n\t\t\t\t<div class=\"elementor-element elementor-element-cfdfde3 elementor-widget elementor-widget-heading\" data-id=\"cfdfde3\" data-element_type=\"widget\" data-e-type=\"widget\" data-widget_type=\"heading.default\">\n\t\t\t\t<div class=\"elementor-widget-container\">\n\t\t\t\t\t<h2 class=\"elementor-heading-title elementor-size-default\">InterTour<\/h2>\t\t\t\t<\/div>\n\t\t\t\t<\/div>\n\t\t\t\t<div class=\"elementor-element elementor-element-c7e773a elementor-widget elementor-widget-button\" data-id=\"c7e773a\" data-element_type=\"widget\" data-e-type=\"widget\" data-widget_type=\"button.default\">\n\t\t\t\t<div class=\"elementor-widget-container\">\n\t\t\t\t\t\t\t\t\t<div class=\"elementor-button-wrapper\">\n\t\t\t\t\t<a class=\"elementor-button elementor-button-link elementor-size-sm\" href=\"mailto:info@intertours.com.sv\" target=\"_blank\">\n\t\t\t\t\t\t<span class=\"elementor-button-content-wrapper\">\n\t\t\t\t\t\t\t\t\t<span class=\"elementor-button-text\">Informaci\u00f3n<\/span>\n\t\t\t\t\t<\/span>\n\t\t\t\t\t<\/a>\n\t\t\t\t<\/div>\n\t\t\t\t\t\t\t\t<\/div>\n\t\t\t\t<\/div>\n\t\t\t\t<\/div>\n\t\t\t\t\t<\/div>\n\t\t\t\t<\/div>\n\t\t\t\t\t\t\t\t<\/div>\n\t\t\t\t\t\t\t\t\t\t\t<div class=\"swiper-slide\" data-slide=\"3\" role=\"group\" aria-roledescription=\"slide\" aria-label=\"3 of 4\">\n\t\t\t\t\t\t\t<div class=\"elementor-element elementor-element-0497584 e-flex e-con-boxed e-con e-child\" data-id=\"0497584\" data-element_type=\"container\" data-e-type=\"container\" data-settings=\"{&quot;background_background&quot;:&quot;classic&quot;}\">\n\t\t\t\t\t<div class=\"e-con-inner\">\n\t\t<div class=\"elementor-element elementor-element-b40a653 e-con-full e-flex e-con e-child\" data-id=\"b40a653\" data-element_type=\"container\" data-e-type=\"container\">\n\t\t\t\t<div class=\"elementor-element elementor-element-aa3eee3 elementor-widget elementor-widget-image\" data-id=\"aa3eee3\" data-element_type=\"widget\" data-e-type=\"widget\" data-widget_type=\"image.default\">\n\t\t\t\t<div class=\"elementor-widget-container\">\n\t\t\t\t\t\t\t\t\t\t\t\t\t\t\t\t<a href=\"https:\/\/elsalvador.travel\/esp\/wp-content\/uploads\/2025\/08\/WhatsApp-Image-2025-08-29-at-2.36.56-PM.jpeg\" data-elementor-open-lightbox=\"yes\" data-elementor-lightbox-title=\"WhatsApp Image 2025-08-29 at 2.36.56 PM\" data-e-action-hash=\"#elementor-action%3Aaction%3Dlightbox%26settings%3DeyJpZCI6MTc0NzgsInVybCI6Imh0dHBzOlwvXC9lbHNhbHZhZG9yLnRyYXZlbFwvZXNwXC93cC1jb250ZW50XC91cGxvYWRzXC8yMDI1XC8wOFwvV2hhdHNBcHAtSW1hZ2UtMjAyNS0wOC0yOS1hdC0yLjM2LjU2LVBNLmpwZWcifQ%3D%3D\">\n\t\t\t\t\t\t\t<img loading=\"lazy\" decoding=\"async\" width=\"800\" height=\"1000\" src=\"https:\/\/elsalvador.travel\/esp\/wp-content\/uploads\/2025\/08\/WhatsApp-Image-2025-08-29-at-2.36.56-PM-819x1024.jpeg\" class=\"attachment-large size-large wp-image-17478\" alt=\"\" srcset=\"https:\/\/elsalvador.travel\/esp\/wp-content\/uploads\/2025\/08\/WhatsApp-Image-2025-08-29-at-2.36.56-PM-819x1024.jpeg 819w, https:\/\/elsalvador.travel\/esp\/wp-content\/uploads\/2025\/08\/WhatsApp-Image-2025-08-29-at-2.36.56-PM-240x300.jpeg 240w, https:\/\/elsalvador.travel\/esp\/wp-content\/uploads\/2025\/08\/WhatsApp-Image-2025-08-29-at-2.36.56-PM-768x960.jpeg 768w, https:\/\/elsalvador.travel\/esp\/wp-content\/uploads\/2025\/08\/WhatsApp-Image-2025-08-29-at-2.36.56-PM-10x12.jpeg 10w, https:\/\/elsalvador.travel\/esp\/wp-content\/uploads\/2025\/08\/WhatsApp-Image-2025-08-29-at-2.36.56-PM-19x24.jpeg 19w, https:\/\/elsalvador.travel\/esp\/wp-content\/uploads\/2025\/08\/WhatsApp-Image-2025-08-29-at-2.36.56-PM.jpeg 1080w\" sizes=\"(max-width: 800px) 100vw, 800px\" \/>\t\t\t\t\t\t\t\t<\/a>\n\t\t\t\t\t\t\t\t\t\t\t\t\t\t\t<\/div>\n\t\t\t\t<\/div>\n\t\t\t\t<div class=\"elementor-element elementor-element-51bc2a9 elementor-widget elementor-widget-heading\" data-id=\"51bc2a9\" data-element_type=\"widget\" data-e-type=\"widget\" data-widget_type=\"heading.default\">\n\t\t\t\t<div class=\"elementor-widget-container\">\n\t\t\t\t\t<h2 class=\"elementor-heading-title elementor-size-default\">Alojamiento<\/h2>\t\t\t\t<\/div>\n\t\t\t\t<\/div>\n\t\t\t\t<div class=\"elementor-element elementor-element-c57f867 elementor-widget elementor-widget-heading\" data-id=\"c57f867\" data-element_type=\"widget\" data-e-type=\"widget\" data-widget_type=\"heading.default\">\n\t\t\t\t<div class=\"elementor-widget-container\">\n\t\t\t\t\t<h2 class=\"elementor-heading-title elementor-size-default\">Las Tilapias Hotel y Restaurante<\/h2>\t\t\t\t<\/div>\n\t\t\t\t<\/div>\n\t\t\t\t<div class=\"elementor-element elementor-element-9528ded elementor-widget elementor-widget-button\" data-id=\"9528ded\" data-element_type=\"widget\" data-e-type=\"widget\" data-widget_type=\"button.default\">\n\t\t\t\t<div class=\"elementor-widget-container\">\n\t\t\t\t\t\t\t\t\t<div class=\"elementor-button-wrapper\">\n\t\t\t\t\t<a class=\"elementor-button elementor-size-sm\" role=\"button\">\n\t\t\t\t\t\t<span class=\"elementor-button-content-wrapper\">\n\t\t\t\t\t\t\t\t\t<span class=\"elementor-button-text\">Info: +503 7852 9805<\/span>\n\t\t\t\t\t<\/span>\n\t\t\t\t\t<\/a>\n\t\t\t\t<\/div>\n\t\t\t\t\t\t\t\t<\/div>\n\t\t\t\t<\/div>\n\t\t\t\t<\/div>\n\t\t\t\t\t<\/div>\n\t\t\t\t<\/div>\n\t\t\t\t\t\t\t\t<\/div>\n\t\t\t\t\t\t\t\t\t\t\t<div class=\"swiper-slide\" data-slide=\"4\" role=\"group\" aria-roledescription=\"slide\" aria-label=\"4 of 4\">\n\t\t\t\t\t\t\t<div class=\"elementor-element elementor-element-6fca4d2 e-flex e-con-boxed e-con e-child\" data-id=\"6fca4d2\" data-element_type=\"container\" data-e-type=\"container\">\n\t\t\t\t\t<div class=\"e-con-inner\">\n\t\t<div class=\"elementor-element elementor-element-04cebf6 e-con-full e-flex e-con e-child\" data-id=\"04cebf6\" data-element_type=\"container\" data-e-type=\"container\">\n\t\t\t\t<div class=\"elementor-element elementor-element-e309591 elementor-widget elementor-widget-image\" data-id=\"e309591\" data-element_type=\"widget\" data-e-type=\"widget\" data-widget_type=\"image.default\">\n\t\t\t\t<div class=\"elementor-widget-container\">\n\t\t\t\t\t\t\t\t\t\t\t\t\t\t\t\t<a href=\"https:\/\/elsalvador.travel\/esp\/wp-content\/uploads\/2025\/08\/WhatsApp-Image-2025-08-29-at-3.06.43-PM.jpeg\" data-elementor-open-lightbox=\"yes\" data-elementor-lightbox-title=\"WhatsApp Image 2025-08-29 at 3.06.43 PM\" data-e-action-hash=\"#elementor-action%3Aaction%3Dlightbox%26settings%3DeyJpZCI6MTc1MTEsInVybCI6Imh0dHBzOlwvXC9lbHNhbHZhZG9yLnRyYXZlbFwvZXNwXC93cC1jb250ZW50XC91cGxvYWRzXC8yMDI1XC8wOFwvV2hhdHNBcHAtSW1hZ2UtMjAyNS0wOC0yOS1hdC0zLjA2LjQzLVBNLmpwZWcifQ%3D%3D\">\n\t\t\t\t\t\t\t<img loading=\"lazy\" decoding=\"async\" width=\"800\" height=\"1000\" src=\"https:\/\/elsalvador.travel\/esp\/wp-content\/uploads\/2025\/08\/WhatsApp-Image-2025-08-29-at-3.06.43-PM-819x1024.jpeg\" class=\"attachment-large size-large wp-image-17511\" alt=\"\" srcset=\"https:\/\/elsalvador.travel\/esp\/wp-content\/uploads\/2025\/08\/WhatsApp-Image-2025-08-29-at-3.06.43-PM-819x1024.jpeg 819w, https:\/\/elsalvador.travel\/esp\/wp-content\/uploads\/2025\/08\/WhatsApp-Image-2025-08-29-at-3.06.43-PM-240x300.jpeg 240w, https:\/\/elsalvador.travel\/esp\/wp-content\/uploads\/2025\/08\/WhatsApp-Image-2025-08-29-at-3.06.43-PM-768x960.jpeg 768w, https:\/\/elsalvador.travel\/esp\/wp-content\/uploads\/2025\/08\/WhatsApp-Image-2025-08-29-at-3.06.43-PM-10x12.jpeg 10w, https:\/\/elsalvador.travel\/esp\/wp-content\/uploads\/2025\/08\/WhatsApp-Image-2025-08-29-at-3.06.43-PM-19x24.jpeg 19w, https:\/\/elsalvador.travel\/esp\/wp-content\/uploads\/2025\/08\/WhatsApp-Image-2025-08-29-at-3.06.43-PM.jpeg 1080w\" sizes=\"(max-width: 800px) 100vw, 800px\" \/>\t\t\t\t\t\t\t\t<\/a>\n\t\t\t\t\t\t\t\t\t\t\t\t\t\t\t<\/div>\n\t\t\t\t<\/div>\n\t\t\t\t<div class=\"elementor-element elementor-element-e42e6c0 elementor-widget elementor-widget-heading\" data-id=\"e42e6c0\" data-element_type=\"widget\" data-e-type=\"widget\" data-widget_type=\"heading.default\">\n\t\t\t\t<div class=\"elementor-widget-container\">\n\t\t\t\t\t<h2 class=\"elementor-heading-title elementor-size-default\">Promo Independencia<\/h2>\t\t\t\t<\/div>\n\t\t\t\t<\/div>\n\t\t\t\t<div class=\"elementor-element elementor-element-8fcf331 elementor-widget elementor-widget-heading\" data-id=\"8fcf331\" data-element_type=\"widget\" data-e-type=\"widget\" data-widget_type=\"heading.default\">\n\t\t\t\t<div class=\"elementor-widget-container\">\n\t\t\t\t\t<h2 class=\"elementor-heading-title elementor-size-default\">All\u00e1Arriba<\/h2>\t\t\t\t<\/div>\n\t\t\t\t<\/div>\n\t\t\t\t<div class=\"elementor-element elementor-element-168134c elementor-widget elementor-widget-button\" data-id=\"168134c\" data-element_type=\"widget\" data-e-type=\"widget\" data-widget_type=\"button.default\">\n\t\t\t\t<div class=\"elementor-widget-container\">\n\t\t\t\t\t\t\t\t\t<div class=\"elementor-button-wrapper\">\n\t\t\t\t\t<a class=\"elementor-button elementor-size-sm\" role=\"button\">\n\t\t\t\t\t\t<span class=\"elementor-button-content-wrapper\">\n\t\t\t\t\t\t\t\t\t<span class=\"elementor-button-text\">Info: +503 7925 6157<\/span>\n\t\t\t\t\t<\/span>\n\t\t\t\t\t<\/a>\n\t\t\t\t<\/div>\n\t\t\t\t\t\t\t\t<\/div>\n\t\t\t\t<\/div>\n\t\t\t\t<\/div>\n\t\t\t\t\t<\/div>\n\t\t\t\t<\/div>\n\t\t\t\t\t\t\t\t<\/div>\n\t\t\t\t\t\t\t\t<\/div>\n\t\t<\/div>\n\t\t\t\t\t<div class=\"elementor-swiper-button elementor-swiper-button-prev\" role=\"button\" tabindex=\"0\" aria-label=\"Previous\">\n\t\t\t\t<svg aria-hidden=\"true\" class=\"e-font-icon-svg e-eicon-chevron-left\" viewBox=\"0 0 1000 1000\" xmlns=\"http:\/\/www.w3.org\/2000\/svg\"><path d=\"M646 125C629 125 613 133 604 142L308 442C296 454 292 471 292 487 292 504 296 521 308 533L604 854C617 867 629 875 646 875 663 875 679 871 692 858 704 846 713 829 713 812 713 796 708 779 692 767L438 487 692 225C700 217 708 204 708 187 708 171 704 154 692 142 675 129 663 125 646 125Z\"><\/path><\/svg>\t\t\t<\/div>\n\t\t\t<div class=\"elementor-swiper-button elementor-swiper-button-next\" role=\"button\" tabindex=\"0\" aria-label=\"Next\">\n\t\t\t\t<svg aria-hidden=\"true\" class=\"e-font-icon-svg e-eicon-chevron-right\" viewBox=\"0 0 1000 1000\" xmlns=\"http:\/\/www.w3.org\/2000\/svg\"><path d=\"M696 533C708 521 713 504 713 487 713 471 708 454 696 446L400 146C388 133 375 125 354 125 338 125 325 129 313 142 300 154 292 171 292 187 292 204 296 221 308 233L563 492 304 771C292 783 288 800 288 817 288 833 296 850 308 863 321 871 338 875 354 875 371 875 388 867 400 854L696 533Z\"><\/path><\/svg>\t\t\t<\/div>\n\t\t\t\t\t<div class=\"swiper-pagination\"><\/div>\n\t\t\t\t\t\t<\/div>\n\t\t\t\t<\/div>\n\t\t\t\t\t<\/div>\n\t\t\t\t<\/div>\n\t\t\t\t<\/div>\n\t\t<div id=\"e-n-tab-content-843549883\" role=\"tabpanel\" aria-labelledby=\"e-n-tab-title-843549883\" data-tab-index=\"3\" style=\"--n-tabs-title-order: 3;\" class=\" elementor-element elementor-element-4979182 e-con-full e-flex e-con e-child\" data-id=\"4979182\" data-element_type=\"container\" data-e-type=\"container\">\n\t\t<div class=\"elementor-element elementor-element-42658ff e-con-full e-flex e-con e-child\" data-id=\"42658ff\" data-element_type=\"container\" data-e-type=\"container\">\n\t\t<div class=\"elementor-element elementor-element-858805f e-con-full e-flex e-con e-child\" data-id=\"858805f\" data-element_type=\"container\" data-e-type=\"container\" data-settings=\"{&quot;background_background&quot;:&quot;classic&quot;}\">\n\t\t\t\t<div class=\"elementor-element elementor-element-0432ea7 elementor-widget elementor-widget-heading\" data-id=\"0432ea7\" data-element_type=\"widget\" data-e-type=\"widget\" data-widget_type=\"heading.default\">\n\t\t\t\t<div class=\"elementor-widget-container\">\n\t\t\t\t\t<h2 class=\"elementor-heading-title elementor-size-default\">El Sunzal<\/h2>\t\t\t\t<\/div>\n\t\t\t\t<\/div>\n\t\t\t\t<div class=\"elementor-element elementor-element-ff20c06 elementor-widget elementor-widget-heading\" data-id=\"ff20c06\" data-element_type=\"widget\" data-e-type=\"widget\" data-widget_type=\"heading.default\">\n\t\t\t\t<div class=\"elementor-widget-container\">\n\t\t\t\t\t<h2 class=\"elementor-heading-title elementor-size-default\">S\u00famate a las actividades abiertas para todo p\u00fablico durante el Surf City El Salvador ISA World Surfing Games en El Sunzal. \ud83c\udf34\ud83c\udf0a\u2600\ufe0f Inscr\u00edbete.<\/h2>\t\t\t\t<\/div>\n\t\t\t\t<\/div>\n\t\t\t\t<div class=\"elementor-element elementor-element-664458a elementor-widget elementor-widget-button\" data-id=\"664458a\" data-element_type=\"widget\" data-e-type=\"widget\" data-widget_type=\"button.default\">\n\t\t\t\t<div class=\"elementor-widget-container\">\n\t\t\t\t\t\t\t\t\t<div class=\"elementor-button-wrapper\">\n\t\t\t\t\t<a class=\"elementor-button elementor-button-link elementor-size-sm\" href=\"https:\/\/surfcity.org\/actividades-el-sunzal-wsg-2025\/\" target=\"_blank\">\n\t\t\t\t\t\t<span class=\"elementor-button-content-wrapper\">\n\t\t\t\t\t\t\t\t\t<span class=\"elementor-button-text\">Inscribirme<\/span>\n\t\t\t\t\t<\/span>\n\t\t\t\t\t<\/a>\n\t\t\t\t<\/div>\n\t\t\t\t\t\t\t\t<\/div>\n\t\t\t\t<\/div>\n\t\t\t\t<\/div>\n\t\t<div class=\"elementor-element elementor-element-87ee72d e-con-full e-flex e-con e-child\" data-id=\"87ee72d\" data-element_type=\"container\" data-e-type=\"container\">\n\t\t\t\t<div class=\"elementor-element elementor-element-5b26fd4 elementor-arrows-position-inside elementor-pagination-position-outside elementor-widget elementor-widget-image-carousel\" data-id=\"5b26fd4\" data-element_type=\"widget\" data-e-type=\"widget\" data-settings=\"{&quot;slides_to_show&quot;:&quot;1&quot;,&quot;navigation&quot;:&quot;both&quot;,&quot;autoplay&quot;:&quot;yes&quot;,&quot;pause_on_hover&quot;:&quot;yes&quot;,&quot;pause_on_interaction&quot;:&quot;yes&quot;,&quot;autoplay_speed&quot;:5000,&quot;infinite&quot;:&quot;yes&quot;,&quot;effect&quot;:&quot;slide&quot;,&quot;speed&quot;:500}\" data-widget_type=\"image-carousel.default\">\n\t\t\t\t<div class=\"elementor-widget-container\">\n\t\t\t\t\t\t\t<div class=\"elementor-image-carousel-wrapper swiper\" role=\"region\" aria-roledescription=\"carousel\" aria-label=\"Carrusel de im\u00e1genes\" dir=\"ltr\">\n\t\t\t<div class=\"elementor-image-carousel swiper-wrapper\" aria-live=\"off\">\n\t\t\t\t\t\t\t\t<div class=\"swiper-slide\" role=\"group\" aria-roledescription=\"slide\" aria-label=\"1 de 7\"><figure class=\"swiper-slide-inner\"><img decoding=\"async\" class=\"swiper-slide-image\" src=\"https:\/\/elsalvador.travel\/esp\/wp-content\/uploads\/2025\/08\/539373669_18078959371945206_6782864890213226335_n.jpg\" alt=\"539373669_18078959371945206_6782864890213226335_n\" \/><\/figure><\/div><div class=\"swiper-slide\" role=\"group\" aria-roledescription=\"slide\" aria-label=\"2 de 7\"><figure class=\"swiper-slide-inner\"><img decoding=\"async\" class=\"swiper-slide-image\" src=\"https:\/\/elsalvador.travel\/esp\/wp-content\/uploads\/2025\/08\/540084493_18078959386945206_6648283504144431773_n.jpg\" alt=\"540084493_18078959386945206_6648283504144431773_n\" \/><\/figure><\/div><div class=\"swiper-slide\" role=\"group\" aria-roledescription=\"slide\" aria-label=\"3 de 7\"><figure class=\"swiper-slide-inner\"><img decoding=\"async\" class=\"swiper-slide-image\" src=\"https:\/\/elsalvador.travel\/esp\/wp-content\/uploads\/2025\/08\/540628494_18078959395945206_2560153251794394120_n.jpg\" alt=\"540628494_18078959395945206_2560153251794394120_n\" \/><\/figure><\/div><div class=\"swiper-slide\" role=\"group\" aria-roledescription=\"slide\" aria-label=\"4 de 7\"><figure class=\"swiper-slide-inner\"><img decoding=\"async\" class=\"swiper-slide-image\" src=\"https:\/\/elsalvador.travel\/esp\/wp-content\/uploads\/2025\/08\/539264784_18078959410945206_3228146871940596550_n.jpg\" alt=\"539264784_18078959410945206_3228146871940596550_n\" \/><\/figure><\/div><div class=\"swiper-slide\" role=\"group\" aria-roledescription=\"slide\" aria-label=\"5 de 7\"><figure class=\"swiper-slide-inner\"><img decoding=\"async\" class=\"swiper-slide-image\" src=\"https:\/\/elsalvador.travel\/esp\/wp-content\/uploads\/2025\/08\/538958706_18078959425945206_9143618763744713698_n.jpg\" alt=\"538958706_18078959425945206_9143618763744713698_n\" \/><\/figure><\/div><div class=\"swiper-slide\" role=\"group\" aria-roledescription=\"slide\" aria-label=\"6 de 7\"><figure class=\"swiper-slide-inner\"><img decoding=\"async\" class=\"swiper-slide-image\" src=\"https:\/\/elsalvador.travel\/esp\/wp-content\/uploads\/2025\/08\/539425294_18078959443945206_9017251468489932629_n.jpg\" alt=\"539425294_18078959443945206_9017251468489932629_n\" \/><\/figure><\/div><div class=\"swiper-slide\" role=\"group\" aria-roledescription=\"slide\" aria-label=\"7 de 7\"><figure class=\"swiper-slide-inner\"><img decoding=\"async\" class=\"swiper-slide-image\" src=\"https:\/\/elsalvador.travel\/esp\/wp-content\/uploads\/2025\/08\/539387877_18078959446945206_7217308228286343805_n.jpg\" alt=\"539387877_18078959446945206_7217308228286343805_n\" \/><\/figure><\/div>\t\t\t<\/div>\n\t\t\t\t\t\t\t\t\t\t\t\t<div class=\"elementor-swiper-button elementor-swiper-button-prev\" role=\"button\" tabindex=\"0\">\n\t\t\t\t\t\t<svg aria-hidden=\"true\" class=\"e-font-icon-svg e-eicon-chevron-left\" viewBox=\"0 0 1000 1000\" xmlns=\"http:\/\/www.w3.org\/2000\/svg\"><path d=\"M646 125C629 125 613 133 604 142L308 442C296 454 292 471 292 487 292 504 296 521 308 533L604 854C617 867 629 875 646 875 663 875 679 871 692 858 704 846 713 829 713 812 713 796 708 779 692 767L438 487 692 225C700 217 708 204 708 187 708 171 704 154 692 142 675 129 663 125 646 125Z\"><\/path><\/svg>\t\t\t\t\t<\/div>\n\t\t\t\t\t<div class=\"elementor-swiper-button elementor-swiper-button-next\" role=\"button\" tabindex=\"0\">\n\t\t\t\t\t\t<svg aria-hidden=\"true\" class=\"e-font-icon-svg e-eicon-chevron-right\" viewBox=\"0 0 1000 1000\" xmlns=\"http:\/\/www.w3.org\/2000\/svg\"><path d=\"M696 533C708 521 713 504 713 487 713 471 708 454 696 446L400 146C388 133 375 125 354 125 338 125 325 129 313 142 300 154 292 171 292 187 292 204 296 221 308 233L563 492 304 771C292 783 288 800 288 817 288 833 296 850 308 863 321 871 338 875 354 875 371 875 388 867 400 854L696 533Z\"><\/path><\/svg>\t\t\t\t\t<\/div>\n\t\t\t\t\n\t\t\t\t\t\t\t\t\t<div class=\"swiper-pagination\"><\/div>\n\t\t\t\t\t\t\t\t\t<\/div>\n\t\t\t\t\t\t<\/div>\n\t\t\t\t<\/div>\n\t\t\t\t<\/div>\n\t\t\t\t<\/div>\n\t\t<div class=\"elementor-element elementor-element-66cff3b e-con-full e-flex e-con e-child\" data-id=\"66cff3b\" data-element_type=\"container\" data-e-type=\"container\">\n\t\t<div class=\"elementor-element elementor-element-5b47ca2 e-con-full e-flex e-con e-child\" data-id=\"5b47ca2\" data-element_type=\"container\" data-e-type=\"container\" data-settings=\"{&quot;background_background&quot;:&quot;classic&quot;}\">\n\t\t\t\t<div class=\"elementor-element elementor-element-da3441c elementor-widget elementor-widget-heading\" data-id=\"da3441c\" data-element_type=\"widget\" data-e-type=\"widget\" data-widget_type=\"heading.default\">\n\t\t\t\t<div class=\"elementor-widget-container\">\n\t\t\t\t\t<h2 class=\"elementor-heading-title elementor-size-default\">El Tunco<\/h2>\t\t\t\t<\/div>\n\t\t\t\t<\/div>\n\t\t\t\t<div class=\"elementor-element elementor-element-889c221 elementor-widget elementor-widget-heading\" data-id=\"889c221\" data-element_type=\"widget\" data-e-type=\"widget\" data-widget_type=\"heading.default\">\n\t\t\t\t<div class=\"elementor-widget-container\">\n\t\t\t\t\t<h2 class=\"elementor-heading-title elementor-size-default\">S\u00famate a las actividades abiertas para todo p\u00fablico durante el Surf City El Salvador ISA World Surfing Games en El Tunco. \ud83c\udf34\ud83c\udf0a\ud83d\udc37 Inscr\u00edbete.<\/h2>\t\t\t\t<\/div>\n\t\t\t\t<\/div>\n\t\t\t\t<div class=\"elementor-element elementor-element-8f066bb elementor-widget elementor-widget-button\" data-id=\"8f066bb\" data-element_type=\"widget\" data-e-type=\"widget\" data-widget_type=\"button.default\">\n\t\t\t\t<div class=\"elementor-widget-container\">\n\t\t\t\t\t\t\t\t\t<div class=\"elementor-button-wrapper\">\n\t\t\t\t\t<a class=\"elementor-button elementor-button-link elementor-size-sm\" href=\"https:\/\/surfcity.org\/actividades-el-tunco-wsg-2025\/\" target=\"_blank\">\n\t\t\t\t\t\t<span class=\"elementor-button-content-wrapper\">\n\t\t\t\t\t\t\t\t\t<span class=\"elementor-button-text\">Inscribirme<\/span>\n\t\t\t\t\t<\/span>\n\t\t\t\t\t<\/a>\n\t\t\t\t<\/div>\n\t\t\t\t\t\t\t\t<\/div>\n\t\t\t\t<\/div>\n\t\t\t\t<\/div>\n\t\t<div class=\"elementor-element elementor-element-64b2dec e-con-full e-flex e-con e-child\" data-id=\"64b2dec\" data-element_type=\"container\" data-e-type=\"container\">\n\t\t\t\t<div class=\"elementor-element elementor-element-5826c16 elementor-arrows-position-inside elementor-pagination-position-outside elementor-widget elementor-widget-image-carousel\" data-id=\"5826c16\" data-element_type=\"widget\" data-e-type=\"widget\" data-settings=\"{&quot;slides_to_show&quot;:&quot;1&quot;,&quot;navigation&quot;:&quot;both&quot;,&quot;autoplay&quot;:&quot;yes&quot;,&quot;pause_on_hover&quot;:&quot;yes&quot;,&quot;pause_on_interaction&quot;:&quot;yes&quot;,&quot;autoplay_speed&quot;:5000,&quot;infinite&quot;:&quot;yes&quot;,&quot;effect&quot;:&quot;slide&quot;,&quot;speed&quot;:500}\" data-widget_type=\"image-carousel.default\">\n\t\t\t\t<div class=\"elementor-widget-container\">\n\t\t\t\t\t\t\t<div class=\"elementor-image-carousel-wrapper swiper\" role=\"region\" aria-roledescription=\"carousel\" aria-label=\"Carrusel de im\u00e1genes\" dir=\"ltr\">\n\t\t\t<div class=\"elementor-image-carousel swiper-wrapper\" aria-live=\"off\">\n\t\t\t\t\t\t\t\t<div class=\"swiper-slide\" role=\"group\" aria-roledescription=\"slide\" aria-label=\"1 de 6\"><figure class=\"swiper-slide-inner\"><img decoding=\"async\" class=\"swiper-slide-image\" src=\"https:\/\/elsalvador.travel\/esp\/wp-content\/uploads\/2025\/08\/539569354_18078964711945206_3959037232443307415_n.jpg\" alt=\"539569354_18078964711945206_3959037232443307415_n\" \/><\/figure><\/div><div class=\"swiper-slide\" role=\"group\" aria-roledescription=\"slide\" aria-label=\"2 de 6\"><figure class=\"swiper-slide-inner\"><img decoding=\"async\" class=\"swiper-slide-image\" src=\"https:\/\/elsalvador.travel\/esp\/wp-content\/uploads\/2025\/08\/540160663_18078964726945206_6327608417116993964_n.jpg\" alt=\"540160663_18078964726945206_6327608417116993964_n\" \/><\/figure><\/div><div class=\"swiper-slide\" role=\"group\" aria-roledescription=\"slide\" aria-label=\"3 de 6\"><figure class=\"swiper-slide-inner\"><img decoding=\"async\" class=\"swiper-slide-image\" src=\"https:\/\/elsalvador.travel\/esp\/wp-content\/uploads\/2025\/08\/539490001_18078964729945206_4385361099798251244_n.jpg\" alt=\"539490001_18078964729945206_4385361099798251244_n\" \/><\/figure><\/div><div class=\"swiper-slide\" role=\"group\" aria-roledescription=\"slide\" aria-label=\"4 de 6\"><figure class=\"swiper-slide-inner\"><img decoding=\"async\" class=\"swiper-slide-image\" src=\"https:\/\/elsalvador.travel\/esp\/wp-content\/uploads\/2025\/08\/539995078_18078964738945206_6769869098784317364_n.jpg\" alt=\"539995078_18078964738945206_6769869098784317364_n\" \/><\/figure><\/div><div class=\"swiper-slide\" role=\"group\" aria-roledescription=\"slide\" aria-label=\"5 de 6\"><figure class=\"swiper-slide-inner\"><img decoding=\"async\" class=\"swiper-slide-image\" src=\"https:\/\/elsalvador.travel\/esp\/wp-content\/uploads\/2025\/08\/540496976_18078964747945206_7170649293714502185_n.jpg\" alt=\"540496976_18078964747945206_7170649293714502185_n\" \/><\/figure><\/div><div class=\"swiper-slide\" role=\"group\" aria-roledescription=\"slide\" aria-label=\"6 de 6\"><figure class=\"swiper-slide-inner\"><img decoding=\"async\" class=\"swiper-slide-image\" src=\"https:\/\/elsalvador.travel\/esp\/wp-content\/uploads\/2025\/08\/540576083_18078964756945206_246179475248863951_n.jpg\" alt=\"540576083_18078964756945206_246179475248863951_n\" \/><\/figure><\/div>\t\t\t<\/div>\n\t\t\t\t\t\t\t\t\t\t\t\t<div class=\"elementor-swiper-button elementor-swiper-button-prev\" role=\"button\" tabindex=\"0\">\n\t\t\t\t\t\t<svg aria-hidden=\"true\" class=\"e-font-icon-svg e-eicon-chevron-left\" viewBox=\"0 0 1000 1000\" xmlns=\"http:\/\/www.w3.org\/2000\/svg\"><path d=\"M646 125C629 125 613 133 604 142L308 442C296 454 292 471 292 487 292 504 296 521 308 533L604 854C617 867 629 875 646 875 663 875 679 871 692 858 704 846 713 829 713 812 713 796 708 779 692 767L438 487 692 225C700 217 708 204 708 187 708 171 704 154 692 142 675 129 663 125 646 125Z\"><\/path><\/svg>\t\t\t\t\t<\/div>\n\t\t\t\t\t<div class=\"elementor-swiper-button elementor-swiper-button-next\" role=\"button\" tabindex=\"0\">\n\t\t\t\t\t\t<svg aria-hidden=\"true\" class=\"e-font-icon-svg e-eicon-chevron-right\" viewBox=\"0 0 1000 1000\" xmlns=\"http:\/\/www.w3.org\/2000\/svg\"><path d=\"M696 533C708 521 713 504 713 487 713 471 708 454 696 446L400 146C388 133 375 125 354 125 338 125 325 129 313 142 300 154 292 171 292 187 292 204 296 221 308 233L563 492 304 771C292 783 288 800 288 817 288 833 296 850 308 863 321 871 338 875 354 875 371 875 388 867 400 854L696 533Z\"><\/path><\/svg>\t\t\t\t\t<\/div>\n\t\t\t\t\n\t\t\t\t\t\t\t\t\t<div class=\"swiper-pagination\"><\/div>\n\t\t\t\t\t\t\t\t\t<\/div>\n\t\t\t\t\t\t<\/div>\n\t\t\t\t<\/div>\n\t\t\t\t<\/div>\n\t\t\t\t<\/div>\n\t\t\t\t<\/div>\n\t\t\t\t\t<\/div>\n\t\t<\/div>\n\t\t\t\t\t\t<\/div>\n\t\t\t\t<\/div>\n\t\t\t\t\t<\/div>\n\t\t\t\t<\/div>\n\t\t\t\t<\/div>\n\t\t","protected":false},"excerpt":{"rendered":"<p>Agenda de actividades 2025 Inicio Fin Departamento All CategoriesSan SalvadorSanta AnaAhuachap\u00e1nSonsonateChalatenangoLa LibertadCuscatl\u00e1nSan VicenteLa PazMoraz\u00e1nLa Uni\u00f3nSan MiguelUsulut\u00e1nCaba\u00f1asDestacado 31 Oct 2025 La Libertad Sin City &#8211; Halloween 31 de octubre de 2025 Salamanca More details 31 Oct 2025 Santa Ana Feria del D\u00eda de Los Santos Difuntos 31 de octubre de 2025 Metap\u00e1n More details 31 Oct [&hellip;]<\/p>\n","protected":false},"author":1,"featured_media":0,"parent":0,"menu_order":0,"comment_status":"closed","ping_status":"closed","template":"","meta":{"_acf_changed":false,"footnotes":""},"class_list":["post-17272","page","type-page","status-publish","hentry"],"acf":[],"publishpress_future_action":{"enabled":false,"date":"2026-05-03 19:37:47","action":"change-status","newStatus":"draft","terms":[],"taxonomy":"","extraData":[]},"publishpress_future_workflow_manual_trigger":{"enabledWorkflows":[]},"_links":{"self":[{"href":"https:\/\/elsalvador.travel\/esp\/en\/wp-json\/wp\/v2\/pages\/17272","targetHints":{"allow":["GET"]}}],"collection":[{"href":"https:\/\/elsalvador.travel\/esp\/en\/wp-json\/wp\/v2\/pages"}],"about":[{"href":"https:\/\/elsalvador.travel\/esp\/en\/wp-json\/wp\/v2\/types\/page"}],"author":[{"embeddable":true,"href":"https:\/\/elsalvador.travel\/esp\/en\/wp-json\/wp\/v2\/users\/1"}],"replies":[{"embeddable":true,"href":"https:\/\/elsalvador.travel\/esp\/en\/wp-json\/wp\/v2\/comments?post=17272"}],"version-history":[{"count":243,"href":"https:\/\/elsalvador.travel\/esp\/en\/wp-json\/wp\/v2\/pages\/17272\/revisions"}],"predecessor-version":[{"id":18748,"href":"https:\/\/elsalvador.travel\/esp\/en\/wp-json\/wp\/v2\/pages\/17272\/revisions\/18748"}],"wp:attachment":[{"href":"https:\/\/elsalvador.travel\/esp\/en\/wp-json\/wp\/v2\/media?parent=17272"}],"curies":[{"name":"wp","href":"https:\/\/api.w.org\/{rel}","templated":true}]}}